{"id":10090,"date":"2026-06-03T18:00:12","date_gmt":"2026-06-03T16:00:12","guid":{"rendered":"https:\/\/rencontresdecalenzana.fr\/?page_id=10090"},"modified":"2026-08-05T13:48:23","modified_gmt":"2026-08-05T11:48:23","slug":"les-rencontres-de-calenzana-2026","status":"publish","type":"page","link":"https:\/\/rencontresdecalenzana.fr\/index.php\/les-rencontres-de-calenzana-2026\/","title":{"rendered":"Les rencontres de Calenzana 2026"},"content":{"rendered":"\t\t<div data-elementor-type=\"wp-page\" data-elementor-id=\"10090\" class=\"elementor elementor-10090\">\n\t\t\t\t\t\t<section class=\"elementor-section elementor-top-section elementor-element elementor-element-1efe4b2 elementor-section-full_width elementor-section-height-default elementor-section-height-default parallax_section_no qode_elementor_container_no\" data-id=\"1efe4b2\" data-element_type=\"section\" data-e-type=\"section\" data-settings=\"{&quot;background_background&quot;:&quot;classic&quot;}\">\n\t\t\t\t\t\t<div class=\"elementor-container elementor-column-gap-default\">\n\t\t\t\t\t<div class=\"elementor-column elementor-col-100 elementor-top-column elementor-element elementor-element-0749fc7\" data-id=\"0749fc7\" data-element_type=\"column\" data-e-type=\"column\">\n\t\t\t<div class=\"elementor-widget-wrap elementor-element-populated\">\n\t\t\t\t\t\t<section class=\"elementor-section elementor-inner-section elementor-element elementor-element-8f5369b qode_elementor_container_inner elementor-section-boxed elementor-section-height-default elementor-section-height-default parallax_section_no\" data-id=\"8f5369b\" data-element_type=\"section\" data-e-type=\"section\">\n\t\t\t\t\t\t<div class=\"elementor-container elementor-column-gap-default\">\n\t\t\t\t\t<div class=\"elementor-column elementor-col-50 elementor-inner-column elementor-element elementor-element-ef558a8\" data-id=\"ef558a8\" data-element_type=\"column\" data-e-type=\"column\">\n\t\t\t<div class=\"elementor-widget-wrap elementor-element-populated\">\n\t\t\t\t\t\t<div class=\"elementor-element elementor-element-3bff41e elementor-invisible elementor-widget elementor-widget-image\" data-id=\"3bff41e\" data-element_type=\"widget\" data-e-type=\"widget\" data-settings=\"{&quot;_animation&quot;:&quot;fadeInLeft&quot;}\" data-widget_type=\"image.default\">\n\t\t\t\t<div class=\"elementor-widget-container\">\n\t\t\t\t\t\t\t\t\t\t\t\t\t\t\t<img fetchpriority=\"high\" decoding=\"async\" width=\"1080\" height=\"1080\" src=\"https:\/\/rencontresdecalenzana.fr\/wp-content\/uploads\/2026\/08\/flyer-carre-reseaux.1080x1080.2026.webp\" class=\"attachment-full size-full wp-image-10454\" alt=\"\" srcset=\"https:\/\/rencontresdecalenzana.fr\/wp-content\/uploads\/2026\/08\/flyer-carre-reseaux.1080x1080.2026.webp 1080w, https:\/\/rencontresdecalenzana.fr\/wp-content\/uploads\/2026\/08\/flyer-carre-reseaux.1080x1080.2026-300x300.webp 300w, https:\/\/rencontresdecalenzana.fr\/wp-content\/uploads\/2026\/08\/flyer-carre-reseaux.1080x1080.2026-1024x1024.webp 1024w, https:\/\/rencontresdecalenzana.fr\/wp-content\/uploads\/2026\/08\/flyer-carre-reseaux.1080x1080.2026-150x150.webp 150w, https:\/\/rencontresdecalenzana.fr\/wp-content\/uploads\/2026\/08\/flyer-carre-reseaux.1080x1080.2026-768x768.webp 768w, https:\/\/rencontresdecalenzana.fr\/wp-content\/uploads\/2026\/08\/flyer-carre-reseaux.1080x1080.2026-200x200.webp 200w, https:\/\/rencontresdecalenzana.fr\/wp-content\/uploads\/2026\/08\/flyer-carre-reseaux.1080x1080.2026-80x80.webp 80w, https:\/\/rencontresdecalenzana.fr\/wp-content\/uploads\/2026\/08\/flyer-carre-reseaux.1080x1080.2026-570x570.webp 570w, https:\/\/rencontresdecalenzana.fr\/wp-content\/uploads\/2026\/08\/flyer-carre-reseaux.1080x1080.2026-500x500.webp 500w, https:\/\/rencontresdecalenzana.fr\/wp-content\/uploads\/2026\/08\/flyer-carre-reseaux.1080x1080.2026-1000x1000.webp 1000w, https:\/\/rencontresdecalenzana.fr\/wp-content\/uploads\/2026\/08\/flyer-carre-reseaux.1080x1080.2026-700x700.webp 700w\" sizes=\"(max-width: 1080px) 100vw, 1080px\" \/>\t\t\t\t\t\t\t\t\t\t\t\t\t\t\t<\/div>\n\t\t\t\t<\/div>\n\t\t\t\t\t<\/div>\n\t\t<\/div>\n\t\t\t\t<div class=\"elementor-column elementor-col-50 elementor-inner-column elementor-element elementor-element-d3b071c\" data-id=\"d3b071c\" data-element_type=\"column\" data-e-type=\"column\">\n\t\t\t<div class=\"elementor-widget-wrap elementor-element-populated\">\n\t\t\t\t\t\t<div class=\"elementor-element elementor-element-268e58a elementor-widget elementor-widget-text-editor\" data-id=\"268e58a\" data-element_type=\"widget\" data-e-type=\"widget\" data-widget_type=\"text-editor.default\">\n\t\t\t\t<div class=\"elementor-widget-container\">\n\t\t\t\t\t\t\t\t\t<h1 id=\"i-scontri\">I Scontri<\/h1><h1 id=\"di-calinzana\">di Calinzana<\/h1>\t\t\t\t\t\t\t\t<\/div>\n\t\t\t\t<\/div>\n\t\t\t\t<div class=\"elementor-element elementor-element-0f254f6 elementor-widget__width-initial elementor-widget elementor-widget-text-editor\" data-id=\"0f254f6\" data-element_type=\"widget\" data-e-type=\"widget\" data-widget_type=\"text-editor.default\">\n\t\t\t\t<div class=\"elementor-widget-container\">\n\t\t\t\t\t\t\t\t\t<p><strong>Da u 17 sin\u2019\u00e0 u 24 d\u2019aostu 2026, u festivale accoglie 41 artisti per 30 cuncerti in 23 loci sfarenti, in senu \u00e0 19 paesi balanini\u2026<\/strong><\/p><p><strong>\u00a0<\/strong><\/p><p><b><em>D\u00e9couvrez la brochure de la 26\u00e8me \u00e9dition des<\/em> <i>Rencontres de Calenzana, en cliquant sur le lien ci-dessous.<\/i><\/b><\/p>\t\t\t\t\t\t\t\t<\/div>\n\t\t\t\t<\/div>\n\t\t\t\t<div class=\"elementor-element elementor-element-f49d621 elementor-align-center elementor-widget elementor-widget-button\" data-id=\"f49d621\" data-element_type=\"widget\" data-e-type=\"widget\" data-widget_type=\"button.default\">\n\t\t\t\t<div class=\"elementor-widget-container\">\n\t\t\t\t\t\t\t\t\t<div class=\"elementor-button-wrapper\">\n\t\t\t\t\t<a class=\"elementor-button elementor-button-link elementor-size-sm\" href=\"https:\/\/www.calameo.com\/read\/007146884a9d6ea89e495\" target=\"_blank\">\n\t\t\t\t\t\t<span class=\"elementor-button-content-wrapper\">\n\t\t\t\t\t\t\t\t\t<span class=\"elementor-button-text\">Livret 2026<\/span>\n\t\t\t\t\t<\/span>\n\t\t\t\t\t<\/a>\n\t\t\t\t<\/div>\n\t\t\t\t\t\t\t\t<\/div>\n\t\t\t\t<\/div>\n\t\t\t\t\t<\/div>\n\t\t<\/div>\n\t\t\t\t\t<\/div>\n\t\t<\/section>\n\t\t\t\t\t<\/div>\n\t\t<\/div>\n\t\t\t\t\t<\/div>\n\t\t<\/section>\n\t\t\t\t<section class=\"elementor-section elementor-top-section elementor-element elementor-element-871e851 elementor-section-full_width elementor-section-height-default elementor-section-height-default parallax_section_no qode_elementor_container_no\" data-id=\"871e851\" data-element_type=\"section\" data-e-type=\"section\" data-settings=\"{&quot;background_background&quot;:&quot;classic&quot;}\">\n\t\t\t\t\t\t<div class=\"elementor-container elementor-column-gap-default\">\n\t\t\t\t\t<div class=\"elementor-column elementor-col-100 elementor-top-column elementor-element elementor-element-453bbdc\" data-id=\"453bbdc\" data-element_type=\"column\" data-e-type=\"column\">\n\t\t\t<div class=\"elementor-widget-wrap elementor-element-populated\">\n\t\t\t\t\t\t<section class=\"elementor-section elementor-inner-section elementor-element elementor-element-a031eda qode_elementor_container_inner elementor-section-boxed elementor-section-height-default elementor-section-height-default parallax_section_no\" data-id=\"a031eda\" data-element_type=\"section\" data-e-type=\"section\">\n\t\t\t\t\t\t<div class=\"elementor-container elementor-column-gap-default\">\n\t\t\t\t\t<div class=\"elementor-column elementor-col-50 elementor-inner-column elementor-element elementor-element-2271536\" data-id=\"2271536\" data-element_type=\"column\" data-e-type=\"column\">\n\t\t\t<div class=\"elementor-widget-wrap elementor-element-populated\">\n\t\t\t\t\t\t<div class=\"elementor-element elementor-element-6008778 elementor-widget elementor-widget-text-editor\" data-id=\"6008778\" data-element_type=\"widget\" data-e-type=\"widget\" data-widget_type=\"text-editor.default\">\n\t\t\t\t<div class=\"elementor-widget-container\">\n\t\t\t\t\t\t\t\t\t<h2 id=\"presentazione\">Presentazione :<\/h2>\t\t\t\t\t\t\t\t<\/div>\n\t\t\t\t<\/div>\n\t\t\t\t<div class=\"elementor-element elementor-element-e4050bc elementor-widget elementor-widget-text-editor\" data-id=\"e4050bc\" data-element_type=\"widget\" data-e-type=\"widget\" data-widget_type=\"text-editor.default\">\n\t\t\t\t<div class=\"elementor-widget-container\">\n\t\t\t\t\t\t\t\t\t<p>Pendant 8 jours, des concerts de 11h \u00e0 <span style=\"letter-spacing: var( --e-global-typography-text-letter-spacing );\">21h30\u00a0<\/span>sur les<\/p><p>places des villages ou au coeur de la nature.<\/p><p>U festivale accoglie cust&rsquo;annu 15 artisti residenti, prisenti tuttu \u00e0 settimana \u00e8 23 artisti invitati<\/p><p><span style=\"letter-spacing: var( --e-global-typography-text-letter-spacing );\">\u00a0<\/span><\/p><p>\u00a0<\/p>\t\t\t\t\t\t\t\t<\/div>\n\t\t\t\t<\/div>\n\t\t\t\t\t<\/div>\n\t\t<\/div>\n\t\t\t\t<div class=\"elementor-column elementor-col-50 elementor-inner-column elementor-element elementor-element-7a003f3\" data-id=\"7a003f3\" data-element_type=\"column\" data-e-type=\"column\">\n\t\t\t<div class=\"elementor-widget-wrap elementor-element-populated\">\n\t\t\t\t\t\t<div class=\"elementor-element elementor-element-dde750f elementor-widget elementor-widget-spacer\" data-id=\"dde750f\" data-element_type=\"widget\" data-e-type=\"widget\" data-widget_type=\"spacer.default\">\n\t\t\t\t<div class=\"elementor-widget-container\">\n\t\t\t\t\t\t\t<div class=\"elementor-spacer\">\n\t\t\t<div class=\"elementor-spacer-inner\"><\/div>\n\t\t<\/div>\n\t\t\t\t\t\t<\/div>\n\t\t\t\t<\/div>\n\t\t\t\t<div class=\"elementor-element elementor-element-ed32ca6 elementor-invisible elementor-widget elementor-widget-image\" data-id=\"ed32ca6\" data-element_type=\"widget\" data-e-type=\"widget\" data-settings=\"{&quot;_animation&quot;:&quot;fadeInRight&quot;}\" data-widget_type=\"image.default\">\n\t\t\t\t<div class=\"elementor-widget-container\">\n\t\t\t\t\t\t\t\t\t\t\t\t\t\t\t<img decoding=\"async\" width=\"2238\" height=\"2560\" src=\"https:\/\/rencontresdecalenzana.fr\/wp-content\/uploads\/2024\/06\/clocher2-scaled.jpg\" class=\"attachment-full size-full wp-image-8056\" alt=\"\" srcset=\"https:\/\/rencontresdecalenzana.fr\/wp-content\/uploads\/2024\/06\/clocher2-scaled.jpg 2238w, https:\/\/rencontresdecalenzana.fr\/wp-content\/uploads\/2024\/06\/clocher2-262x300.jpg 262w, https:\/\/rencontresdecalenzana.fr\/wp-content\/uploads\/2024\/06\/clocher2-895x1024.jpg 895w, https:\/\/rencontresdecalenzana.fr\/wp-content\/uploads\/2024\/06\/clocher2-768x879.jpg 768w, https:\/\/rencontresdecalenzana.fr\/wp-content\/uploads\/2024\/06\/clocher2-1343x1536.jpg 1343w, https:\/\/rencontresdecalenzana.fr\/wp-content\/uploads\/2024\/06\/clocher2-1790x2048.jpg 1790w, https:\/\/rencontresdecalenzana.fr\/wp-content\/uploads\/2024\/06\/clocher2-200x229.jpg 200w, https:\/\/rencontresdecalenzana.fr\/wp-content\/uploads\/2024\/06\/clocher2-700x801.jpg 700w\" sizes=\"(max-width: 2238px) 100vw, 2238px\" \/>\t\t\t\t\t\t\t\t\t\t\t\t\t\t\t<\/div>\n\t\t\t\t<\/div>\n\t\t\t\t\t<\/div>\n\t\t<\/div>\n\t\t\t\t\t<\/div>\n\t\t<\/section>\n\t\t\t\t\t<\/div>\n\t\t<\/div>\n\t\t\t\t\t<\/div>\n\t\t<\/section>\n\t\t\t\t<section class=\"elementor-section elementor-top-section elementor-element elementor-element-e353da1 elementor-section-boxed elementor-section-height-default elementor-section-height-default parallax_section_no qode_elementor_container_no\" data-id=\"e353da1\" data-element_type=\"section\" data-e-type=\"section\">\n\t\t\t\t\t\t<div class=\"elementor-container elementor-column-gap-default\">\n\t\t\t\t\t<div class=\"elementor-column elementor-col-100 elementor-top-column elementor-element elementor-element-05b2a30\" data-id=\"05b2a30\" data-element_type=\"column\" data-e-type=\"column\">\n\t\t\t<div class=\"elementor-widget-wrap elementor-element-populated\">\n\t\t\t\t\t\t<div class=\"elementor-element elementor-element-ee3142a elementor-widget elementor-widget-spacer\" data-id=\"ee3142a\" data-element_type=\"widget\" data-e-type=\"widget\" data-widget_type=\"spacer.default\">\n\t\t\t\t<div class=\"elementor-widget-container\">\n\t\t\t\t\t\t\t<div class=\"elementor-spacer\">\n\t\t\t<div class=\"elementor-spacer-inner\"><\/div>\n\t\t<\/div>\n\t\t\t\t\t\t<\/div>\n\t\t\t\t<\/div>\n\t\t\t\t\t<\/div>\n\t\t<\/div>\n\t\t\t\t\t<\/div>\n\t\t<\/section>\n\t\t\t\t<section class=\"elementor-section elementor-top-section elementor-element elementor-element-0d706e1 elementor-section-boxed elementor-section-height-default elementor-section-height-default parallax_section_no qode_elementor_container_no\" data-id=\"0d706e1\" data-element_type=\"section\" data-e-type=\"section\">\n\t\t\t\t\t\t<div class=\"elementor-container elementor-column-gap-default\">\n\t\t\t\t\t<div class=\"elementor-column elementor-col-50 elementor-top-column elementor-element elementor-element-f788b4f\" data-id=\"f788b4f\" data-element_type=\"column\" data-e-type=\"column\">\n\t\t\t<div class=\"elementor-widget-wrap elementor-element-populated\">\n\t\t\t\t\t\t<div class=\"elementor-element elementor-element-ec3f841 elementor-invisible elementor-widget elementor-widget-image\" data-id=\"ec3f841\" data-element_type=\"widget\" data-e-type=\"widget\" data-settings=\"{&quot;_animation&quot;:&quot;fadeInLeft&quot;}\" data-widget_type=\"image.default\">\n\t\t\t\t<div class=\"elementor-widget-container\">\n\t\t\t\t\t\t\t\t\t\t\t\t\t\t\t\t<a href=\"https:\/\/www.corsebillet.co\/I-Scontri-di-Calinzana-26esima-edizione_a1854.html\" target=\"_blank\">\n\t\t\t\t\t\t\t<img decoding=\"async\" width=\"799\" height=\"1024\" src=\"https:\/\/rencontresdecalenzana.fr\/wp-content\/uploads\/2024\/07\/tickets-3238747_1280-799x1024.png\" class=\"attachment-large size-large wp-image-8274\" alt=\"\" \/>\t\t\t\t\t\t\t\t<\/a>\n\t\t\t\t\t\t\t\t\t\t\t\t\t\t\t<\/div>\n\t\t\t\t<\/div>\n\t\t\t\t\t<\/div>\n\t\t<\/div>\n\t\t\t\t<div class=\"elementor-column elementor-col-50 elementor-top-column elementor-element elementor-element-bbb7ebb\" data-id=\"bbb7ebb\" data-element_type=\"column\" data-e-type=\"column\">\n\t\t\t<div class=\"elementor-widget-wrap elementor-element-populated\">\n\t\t\t\t\t\t<div class=\"elementor-element elementor-element-00015a6 elementor-widget elementor-widget-text-editor\" data-id=\"00015a6\" data-element_type=\"widget\" data-e-type=\"widget\" data-widget_type=\"text-editor.default\">\n\t\t\t\t<div class=\"elementor-widget-container\">\n\t\t\t\t\t\t\t\t\t<h2 id=\"\">\u00a0<\/h2><h2 id=\"infos-tarifs\" style=\"text-align: center;\">Infos &amp; Tarifs<\/h2><p style=\"text-align: center;\"><strong>RESERVATIONS :\u00a0<\/strong><\/p><p style=\"text-align: center;\"><strong>\u00a0<\/strong><\/p><p style=\"text-align: center;\"><strong>\u00a0<\/strong><\/p><p><strong>\u00d7<\/strong> <strong>EN LIGNE :<\/strong> depuis le site internet et sur\u00a0<a style=\"font-family: Roboto, sans-serif;\" href=\"https:\/\/www.corsebillet.co\/\" target=\"_blank\" rel=\"noopener\">www.corsebillet.co<\/a><\/p><p><strong>\u00d7 OFFICE DE TOURISME DE CALVI<\/strong> du lundi au samedi de 9h \u00e0 18h<\/p><p><strong style=\"background-color: #ffffff;\">\u00d7 CALENZANA, Maison St Michel<\/strong><span style=\"background-color: #ffffff;\"> de 10h \u00e0 16h le lundi, mardi et jeudi<\/span><\/p><p style=\"text-align: left;\"><strong>\u00d7 SUR PLACE<\/strong> avant chaque concert payant<\/p><p style=\"text-align: left;\">\u00a0<\/p><p style=\"text-align: left;\"><strong>PASS :<\/strong><\/p><ul><li style=\"text-align: left;\"><strong>PASS \u00ab\u00a0Moderato\u00a0\u00bb :<\/strong> 150 \u20ac, donne acc\u00e8s \u00e0 l\u2019ensemble des concerts de 21h30.<\/li><li style=\"text-align: left;\"><strong>PASS \u00ab\u00a0Furioso\u00a0\u00bb :<\/strong> 200\u00a0\u20ac , donne acc\u00e8s \u00e0 tous les concerts du festival<\/li><\/ul><p style=\"text-align: left;\">\u00a0<\/p><p style=\"text-align: left;\">\u00a0<\/p><p style=\"text-align: left;\">* Ch\u00e8ques PASS CULTURA accept\u00e9s<\/p>\t\t\t\t\t\t\t\t<\/div>\n\t\t\t\t<\/div>\n\t\t\t\t<div class=\"elementor-element elementor-element-c22bea2 elementor-align-center elementor-widget elementor-widget-button\" data-id=\"c22bea2\" data-element_type=\"widget\" data-e-type=\"widget\" data-widget_type=\"button.default\">\n\t\t\t\t<div class=\"elementor-widget-container\">\n\t\t\t\t\t\t\t\t\t<div class=\"elementor-button-wrapper\">\n\t\t\t\t\t<a class=\"elementor-button elementor-button-link elementor-size-sm\" href=\"https:\/\/www.corsebillet.co\/I-Scontri-di-Calinzana-26esima-edizione_a1854.html\" target=\"_blank\">\n\t\t\t\t\t\t<span class=\"elementor-button-content-wrapper\">\n\t\t\t\t\t\t\t\t\t<span class=\"elementor-button-text\">BILLETTERIE<\/span>\n\t\t\t\t\t<\/span>\n\t\t\t\t\t<\/a>\n\t\t\t\t<\/div>\n\t\t\t\t\t\t\t\t<\/div>\n\t\t\t\t<\/div>\n\t\t\t\t\t<\/div>\n\t\t<\/div>\n\t\t\t\t\t<\/div>\n\t\t<\/section>\n\t\t\t\t<section class=\"elementor-section elementor-top-section elementor-element elementor-element-80442f2 elementor-section-boxed elementor-section-height-default elementor-section-height-default parallax_section_no qode_elementor_container_no\" data-id=\"80442f2\" data-element_type=\"section\" data-e-type=\"section\">\n\t\t\t\t\t\t<div class=\"elementor-container elementor-column-gap-default\">\n\t\t\t\t\t<div class=\"elementor-column elementor-col-100 elementor-top-column elementor-element elementor-element-28dcb5d\" data-id=\"28dcb5d\" data-element_type=\"column\" data-e-type=\"column\">\n\t\t\t<div class=\"elementor-widget-wrap elementor-element-populated\">\n\t\t\t\t\t\t<div class=\"elementor-element elementor-element-76bdf7c elementor-widget elementor-widget-spacer\" data-id=\"76bdf7c\" data-element_type=\"widget\" data-e-type=\"widget\" data-widget_type=\"spacer.default\">\n\t\t\t\t<div class=\"elementor-widget-container\">\n\t\t\t\t\t\t\t<div class=\"elementor-spacer\">\n\t\t\t<div class=\"elementor-spacer-inner\"><\/div>\n\t\t<\/div>\n\t\t\t\t\t\t<\/div>\n\t\t\t\t<\/div>\n\t\t\t\t\t<\/div>\n\t\t<\/div>\n\t\t\t\t\t<\/div>\n\t\t<\/section>\n\t\t\t\t<section class=\"elementor-section elementor-top-section elementor-element elementor-element-e1feef1 elementor-section-boxed elementor-section-height-default elementor-section-height-default parallax_section_no qode_elementor_container_no\" data-id=\"e1feef1\" data-element_type=\"section\" data-e-type=\"section\">\n\t\t\t\t\t\t<div class=\"elementor-container elementor-column-gap-default\">\n\t\t\t\t\t<div class=\"elementor-column elementor-col-100 elementor-top-column elementor-element elementor-element-ef916f7\" data-id=\"ef916f7\" data-element_type=\"column\" data-e-type=\"column\">\n\t\t\t<div class=\"elementor-widget-wrap elementor-element-populated\">\n\t\t\t\t\t\t<div class=\"elementor-element elementor-element-ee0571c elementor-cta--layout-image-right elementor-cta--skin-classic elementor-animated-content elementor-bg-transform elementor-bg-transform-zoom-in elementor-widget elementor-widget-call-to-action\" data-id=\"ee0571c\" data-element_type=\"widget\" data-e-type=\"widget\" data-widget_type=\"call-to-action.default\">\n\t\t\t\t<div class=\"elementor-widget-container\">\n\t\t\t\t\t\t\t<div class=\"elementor-cta\">\n\t\t\t\t\t<div class=\"elementor-cta__bg-wrapper\">\n\t\t\t\t<div class=\"elementor-cta__bg elementor-bg\" style=\"background-image: url(https:\/\/rencontresdecalenzana.fr\/wp-content\/uploads\/2025\/07\/Design-sans-titre-1000x817.png);\"><\/div>\n\t\t\t\t<div class=\"elementor-cta__bg-overlay\"><\/div>\n\t\t\t<\/div>\n\t\t\t\t\t\t\t<div class=\"elementor-cta__content\">\n\t\t\t\t\n\t\t\t\t<h2 id=\"programmation-jour-par-jour\" class=\"elementor-cta__title elementor-cta__content-item elementor-content-item\">Programmation jour par jour<\/h2>\n\t\t\t\t\n\t\t\t\t\t\t\t\t\t<div class=\"elementor-cta__button-wrapper elementor-cta__content-item elementor-content-item \">\n\t\t\t\t\t<a class=\"elementor-cta__button elementor-button elementor-size-sm\" href=\"https:\/\/rencontresdecalenzana.fr\/index.php\/les-rencontres-de-calenzana-2026-programmation\/\" target=\"_blank\">\n\t\t\t\t\t\tCliquer ici\t\t\t\t\t<\/a>\n\t\t\t\t\t<\/div>\n\t\t\t\t\t\t\t<\/div>\n\t\t\t\t\t\t<\/div>\n\t\t\t\t\t\t<\/div>\n\t\t\t\t<\/div>\n\t\t\t\t\t<\/div>\n\t\t<\/div>\n\t\t\t\t\t<\/div>\n\t\t<\/section>\n\t\t\t\t<section class=\"elementor-section elementor-top-section elementor-element elementor-element-3ab447c elementor-section-boxed elementor-section-height-default elementor-section-height-default parallax_section_no qode_elementor_container_no\" data-id=\"3ab447c\" data-element_type=\"section\" data-e-type=\"section\">\n\t\t\t\t\t\t<div class=\"elementor-container elementor-column-gap-default\">\n\t\t\t\t\t<div class=\"elementor-column elementor-col-100 elementor-top-column elementor-element elementor-element-fadffdf\" data-id=\"fadffdf\" data-element_type=\"column\" data-e-type=\"column\">\n\t\t\t<div class=\"elementor-widget-wrap elementor-element-populated\">\n\t\t\t\t\t\t<div class=\"elementor-element elementor-element-d20cf35 elementor-widget elementor-widget-spacer\" data-id=\"d20cf35\" data-element_type=\"widget\" data-e-type=\"widget\" data-widget_type=\"spacer.default\">\n\t\t\t\t<div class=\"elementor-widget-container\">\n\t\t\t\t\t\t\t<div class=\"elementor-spacer\">\n\t\t\t<div class=\"elementor-spacer-inner\"><\/div>\n\t\t<\/div>\n\t\t\t\t\t\t<\/div>\n\t\t\t\t<\/div>\n\t\t\t\t<div class=\"elementor-element elementor-element-6901115 elementor-widget elementor-widget-text-editor\" data-id=\"6901115\" data-element_type=\"widget\" data-e-type=\"widget\" data-widget_type=\"text-editor.default\">\n\t\t\t\t<div class=\"elementor-widget-container\">\n\t\t\t\t\t\t\t\t\t<h2 id=\"lartisti-invitati\">L&rsquo;Artisti Invitati :<\/h2>\t\t\t\t\t\t\t\t<\/div>\n\t\t\t\t<\/div>\n\t\t\t\t<div class=\"elementor-element elementor-element-3923b39 elementor-widget elementor-widget-spacer\" data-id=\"3923b39\" data-element_type=\"widget\" data-e-type=\"widget\" data-widget_type=\"spacer.default\">\n\t\t\t\t<div class=\"elementor-widget-container\">\n\t\t\t\t\t\t\t<div class=\"elementor-spacer\">\n\t\t\t<div class=\"elementor-spacer-inner\"><\/div>\n\t\t<\/div>\n\t\t\t\t\t\t<\/div>\n\t\t\t\t<\/div>\n\t\t\t\t\t<\/div>\n\t\t<\/div>\n\t\t\t\t\t<\/div>\n\t\t<\/section>\n\t\t\t\t<section class=\"elementor-section elementor-top-section elementor-element elementor-element-a0911aa elementor-section-boxed elementor-section-height-default elementor-section-height-default parallax_section_no qode_elementor_container_no\" data-id=\"a0911aa\" data-element_type=\"section\" data-e-type=\"section\">\n\t\t\t\t\t\t<div class=\"elementor-container elementor-column-gap-default\">\n\t\t\t\t\t<div class=\"elementor-column elementor-col-33 elementor-top-column elementor-element elementor-element-8e95006\" data-id=\"8e95006\" data-element_type=\"column\" data-e-type=\"column\">\n\t\t\t<div class=\"elementor-widget-wrap elementor-element-populated\">\n\t\t\t\t\t\t<div class=\"elementor-element elementor-element-be92a0d elementor-widget elementor-widget-image\" data-id=\"be92a0d\" data-element_type=\"widget\" data-e-type=\"widget\" data-widget_type=\"image.default\">\n\t\t\t\t<div class=\"elementor-widget-container\">\n\t\t\t\t\t\t\t\t\t\t\t\t<figure class=\"wp-caption\">\n\t\t\t\t\t\t\t\t\t\t\t<a href=\"https:\/\/www.youtube.com\/watch?v=cQZc6KPZdzI&#038;list=RDcQZc6KPZdzI&#038;start_radio=1\" target=\"_blank\">\n\t\t\t\t\t\t\t<img loading=\"lazy\" decoding=\"async\" width=\"1024\" height=\"1024\" src=\"https:\/\/rencontresdecalenzana.fr\/wp-content\/uploads\/2026\/06\/ChatGPT-Image-3-juin-2026-14_18_20-1024x1024.png\" class=\"elementor-animation-grow attachment-large size-large wp-image-9942\" alt=\"\" srcset=\"https:\/\/rencontresdecalenzana.fr\/wp-content\/uploads\/2026\/06\/ChatGPT-Image-3-juin-2026-14_18_20-1024x1024.png 1024w, https:\/\/rencontresdecalenzana.fr\/wp-content\/uploads\/2026\/06\/ChatGPT-Image-3-juin-2026-14_18_20-300x300.png 300w, https:\/\/rencontresdecalenzana.fr\/wp-content\/uploads\/2026\/06\/ChatGPT-Image-3-juin-2026-14_18_20-150x150.png 150w, https:\/\/rencontresdecalenzana.fr\/wp-content\/uploads\/2026\/06\/ChatGPT-Image-3-juin-2026-14_18_20-768x768.png 768w, https:\/\/rencontresdecalenzana.fr\/wp-content\/uploads\/2026\/06\/ChatGPT-Image-3-juin-2026-14_18_20-200x200.png 200w, https:\/\/rencontresdecalenzana.fr\/wp-content\/uploads\/2026\/06\/ChatGPT-Image-3-juin-2026-14_18_20-80x80.png 80w, https:\/\/rencontresdecalenzana.fr\/wp-content\/uploads\/2026\/06\/ChatGPT-Image-3-juin-2026-14_18_20-570x570.png 570w, https:\/\/rencontresdecalenzana.fr\/wp-content\/uploads\/2026\/06\/ChatGPT-Image-3-juin-2026-14_18_20-500x500.png 500w, https:\/\/rencontresdecalenzana.fr\/wp-content\/uploads\/2026\/06\/ChatGPT-Image-3-juin-2026-14_18_20-1000x1000.png 1000w, https:\/\/rencontresdecalenzana.fr\/wp-content\/uploads\/2026\/06\/ChatGPT-Image-3-juin-2026-14_18_20-700x700.png 700w, https:\/\/rencontresdecalenzana.fr\/wp-content\/uploads\/2026\/06\/ChatGPT-Image-3-juin-2026-14_18_20.png 1254w\" sizes=\"(max-width: 1024px) 100vw, 1024px\" \/>\t\t\t\t\t\t\t\t<\/a>\n\t\t\t\t\t\t\t\t\t\t\t<figcaption class=\"widget-image-caption wp-caption-text\">Renaud Capu\u00e7on &amp; Guillaume Bellom<\/figcaption>\n\t\t\t\t\t\t\t\t\t\t<\/figure>\n\t\t\t\t\t\t\t\t\t<\/div>\n\t\t\t\t<\/div>\n\t\t\t\t\t<\/div>\n\t\t<\/div>\n\t\t\t\t<div class=\"elementor-column elementor-col-33 elementor-top-column elementor-element elementor-element-ee166f5\" data-id=\"ee166f5\" data-element_type=\"column\" data-e-type=\"column\">\n\t\t\t<div class=\"elementor-widget-wrap elementor-element-populated\">\n\t\t\t\t\t\t<div class=\"elementor-element elementor-element-b74ae16 elementor-widget elementor-widget-image\" data-id=\"b74ae16\" data-element_type=\"widget\" data-e-type=\"widget\" data-widget_type=\"image.default\">\n\t\t\t\t<div class=\"elementor-widget-container\">\n\t\t\t\t\t\t\t\t\t\t\t\t<figure class=\"wp-caption\">\n\t\t\t\t\t\t\t\t\t\t\t<a href=\"https:\/\/www.youtube.com\/shorts\/s6eYeCa0CV8\" target=\"_blank\">\n\t\t\t\t\t\t\t<img loading=\"lazy\" decoding=\"async\" width=\"1024\" height=\"1024\" src=\"https:\/\/rencontresdecalenzana.fr\/wp-content\/uploads\/2026\/06\/ChatGPT-Image-3-juin-2026-12_09_23-1024x1024.png\" class=\"elementor-animation-grow attachment-large size-large wp-image-9927\" alt=\"\" srcset=\"https:\/\/rencontresdecalenzana.fr\/wp-content\/uploads\/2026\/06\/ChatGPT-Image-3-juin-2026-12_09_23-1024x1024.png 1024w, https:\/\/rencontresdecalenzana.fr\/wp-content\/uploads\/2026\/06\/ChatGPT-Image-3-juin-2026-12_09_23-300x300.png 300w, https:\/\/rencontresdecalenzana.fr\/wp-content\/uploads\/2026\/06\/ChatGPT-Image-3-juin-2026-12_09_23-150x150.png 150w, https:\/\/rencontresdecalenzana.fr\/wp-content\/uploads\/2026\/06\/ChatGPT-Image-3-juin-2026-12_09_23-768x768.png 768w, https:\/\/rencontresdecalenzana.fr\/wp-content\/uploads\/2026\/06\/ChatGPT-Image-3-juin-2026-12_09_23-200x200.png 200w, https:\/\/rencontresdecalenzana.fr\/wp-content\/uploads\/2026\/06\/ChatGPT-Image-3-juin-2026-12_09_23-80x80.png 80w, https:\/\/rencontresdecalenzana.fr\/wp-content\/uploads\/2026\/06\/ChatGPT-Image-3-juin-2026-12_09_23-570x570.png 570w, https:\/\/rencontresdecalenzana.fr\/wp-content\/uploads\/2026\/06\/ChatGPT-Image-3-juin-2026-12_09_23-500x500.png 500w, https:\/\/rencontresdecalenzana.fr\/wp-content\/uploads\/2026\/06\/ChatGPT-Image-3-juin-2026-12_09_23-1000x1000.png 1000w, https:\/\/rencontresdecalenzana.fr\/wp-content\/uploads\/2026\/06\/ChatGPT-Image-3-juin-2026-12_09_23-700x700.png 700w, https:\/\/rencontresdecalenzana.fr\/wp-content\/uploads\/2026\/06\/ChatGPT-Image-3-juin-2026-12_09_23.png 1254w\" sizes=\"(max-width: 1024px) 100vw, 1024px\" \/>\t\t\t\t\t\t\t\t<\/a>\n\t\t\t\t\t\t\t\t\t\t\t<figcaption class=\"widget-image-caption wp-caption-text\">Jeremy Hababou<\/figcaption>\n\t\t\t\t\t\t\t\t\t\t<\/figure>\n\t\t\t\t\t\t\t\t\t<\/div>\n\t\t\t\t<\/div>\n\t\t\t\t\t<\/div>\n\t\t<\/div>\n\t\t\t\t<div class=\"elementor-column elementor-col-33 elementor-top-column elementor-element elementor-element-bf4bdc6\" data-id=\"bf4bdc6\" data-element_type=\"column\" data-e-type=\"column\">\n\t\t\t<div class=\"elementor-widget-wrap elementor-element-populated\">\n\t\t\t\t\t\t<div class=\"elementor-element elementor-element-c993627 elementor-widget elementor-widget-image\" data-id=\"c993627\" data-element_type=\"widget\" data-e-type=\"widget\" data-widget_type=\"image.default\">\n\t\t\t\t<div class=\"elementor-widget-container\">\n\t\t\t\t\t\t\t\t\t\t\t\t<figure class=\"wp-caption\">\n\t\t\t\t\t\t\t\t\t\t\t<a href=\"https:\/\/www.youtube.com\/watch?v=0Rb4H6BLb9w&#038;list=RD0Rb4H6BLb9w&#038;start_radio=1\" target=\"_blank\">\n\t\t\t\t\t\t\t<img loading=\"lazy\" decoding=\"async\" width=\"1024\" height=\"1024\" src=\"https:\/\/rencontresdecalenzana.fr\/wp-content\/uploads\/2026\/06\/ChatGPT-Image-3-juin-2026-11_10_19-1024x1024.png\" class=\"elementor-animation-grow attachment-large size-large wp-image-9901\" alt=\"\" srcset=\"https:\/\/rencontresdecalenzana.fr\/wp-content\/uploads\/2026\/06\/ChatGPT-Image-3-juin-2026-11_10_19-1024x1024.png 1024w, https:\/\/rencontresdecalenzana.fr\/wp-content\/uploads\/2026\/06\/ChatGPT-Image-3-juin-2026-11_10_19-300x300.png 300w, https:\/\/rencontresdecalenzana.fr\/wp-content\/uploads\/2026\/06\/ChatGPT-Image-3-juin-2026-11_10_19-150x150.png 150w, https:\/\/rencontresdecalenzana.fr\/wp-content\/uploads\/2026\/06\/ChatGPT-Image-3-juin-2026-11_10_19-768x768.png 768w, https:\/\/rencontresdecalenzana.fr\/wp-content\/uploads\/2026\/06\/ChatGPT-Image-3-juin-2026-11_10_19-200x200.png 200w, https:\/\/rencontresdecalenzana.fr\/wp-content\/uploads\/2026\/06\/ChatGPT-Image-3-juin-2026-11_10_19-80x80.png 80w, https:\/\/rencontresdecalenzana.fr\/wp-content\/uploads\/2026\/06\/ChatGPT-Image-3-juin-2026-11_10_19-570x570.png 570w, https:\/\/rencontresdecalenzana.fr\/wp-content\/uploads\/2026\/06\/ChatGPT-Image-3-juin-2026-11_10_19-500x500.png 500w, https:\/\/rencontresdecalenzana.fr\/wp-content\/uploads\/2026\/06\/ChatGPT-Image-3-juin-2026-11_10_19-1000x1000.png 1000w, https:\/\/rencontresdecalenzana.fr\/wp-content\/uploads\/2026\/06\/ChatGPT-Image-3-juin-2026-11_10_19-700x700.png 700w, https:\/\/rencontresdecalenzana.fr\/wp-content\/uploads\/2026\/06\/ChatGPT-Image-3-juin-2026-11_10_19.png 1254w\" sizes=\"(max-width: 1024px) 100vw, 1024px\" \/>\t\t\t\t\t\t\t\t<\/a>\n\t\t\t\t\t\t\t\t\t\t\t<figcaption class=\"widget-image-caption wp-caption-text\">Am\u00e9lie Tatti<\/figcaption>\n\t\t\t\t\t\t\t\t\t\t<\/figure>\n\t\t\t\t\t\t\t\t\t<\/div>\n\t\t\t\t<\/div>\n\t\t\t\t\t<\/div>\n\t\t<\/div>\n\t\t\t\t\t<\/div>\n\t\t<\/section>\n\t\t\t\t<section class=\"elementor-section elementor-top-section elementor-element elementor-element-7d62988 elementor-section-boxed elementor-section-height-default elementor-section-height-default parallax_section_no qode_elementor_container_no\" data-id=\"7d62988\" data-element_type=\"section\" data-e-type=\"section\">\n\t\t\t\t\t\t<div class=\"elementor-container elementor-column-gap-default\">\n\t\t\t\t\t<div class=\"elementor-column elementor-col-33 elementor-top-column elementor-element elementor-element-d29ab95\" data-id=\"d29ab95\" data-element_type=\"column\" data-e-type=\"column\">\n\t\t\t<div class=\"elementor-widget-wrap elementor-element-populated\">\n\t\t\t\t\t\t<div class=\"elementor-element elementor-element-707a43c elementor-widget elementor-widget-image\" data-id=\"707a43c\" data-element_type=\"widget\" data-e-type=\"widget\" data-widget_type=\"image.default\">\n\t\t\t\t<div class=\"elementor-widget-container\">\n\t\t\t\t\t\t\t\t\t\t\t\t<figure class=\"wp-caption\">\n\t\t\t\t\t\t\t\t\t\t\t<a href=\"https:\/\/www.youtube.com\/watch?v=6iMH48hy6qQ\">\n\t\t\t\t\t\t\t<img loading=\"lazy\" decoding=\"async\" width=\"1024\" height=\"1024\" src=\"https:\/\/rencontresdecalenzana.fr\/wp-content\/uploads\/2026\/06\/ChatGPT-Image-3-juin-2026-14_30_30-1024x1024.png\" class=\"elementor-animation-grow attachment-large size-large wp-image-9948\" alt=\"\" srcset=\"https:\/\/rencontresdecalenzana.fr\/wp-content\/uploads\/2026\/06\/ChatGPT-Image-3-juin-2026-14_30_30-1024x1024.png 1024w, https:\/\/rencontresdecalenzana.fr\/wp-content\/uploads\/2026\/06\/ChatGPT-Image-3-juin-2026-14_30_30-300x300.png 300w, https:\/\/rencontresdecalenzana.fr\/wp-content\/uploads\/2026\/06\/ChatGPT-Image-3-juin-2026-14_30_30-150x150.png 150w, https:\/\/rencontresdecalenzana.fr\/wp-content\/uploads\/2026\/06\/ChatGPT-Image-3-juin-2026-14_30_30-768x768.png 768w, https:\/\/rencontresdecalenzana.fr\/wp-content\/uploads\/2026\/06\/ChatGPT-Image-3-juin-2026-14_30_30-200x200.png 200w, https:\/\/rencontresdecalenzana.fr\/wp-content\/uploads\/2026\/06\/ChatGPT-Image-3-juin-2026-14_30_30-80x80.png 80w, https:\/\/rencontresdecalenzana.fr\/wp-content\/uploads\/2026\/06\/ChatGPT-Image-3-juin-2026-14_30_30-570x570.png 570w, https:\/\/rencontresdecalenzana.fr\/wp-content\/uploads\/2026\/06\/ChatGPT-Image-3-juin-2026-14_30_30-500x500.png 500w, https:\/\/rencontresdecalenzana.fr\/wp-content\/uploads\/2026\/06\/ChatGPT-Image-3-juin-2026-14_30_30-1000x1000.png 1000w, https:\/\/rencontresdecalenzana.fr\/wp-content\/uploads\/2026\/06\/ChatGPT-Image-3-juin-2026-14_30_30-700x700.png 700w, https:\/\/rencontresdecalenzana.fr\/wp-content\/uploads\/2026\/06\/ChatGPT-Image-3-juin-2026-14_30_30.png 1254w\" sizes=\"(max-width: 1024px) 100vw, 1024px\" \/>\t\t\t\t\t\t\t\t<\/a>\n\t\t\t\t\t\t\t\t\t\t\t<figcaption class=\"widget-image-caption wp-caption-text\">Trio L'Onda<\/figcaption>\n\t\t\t\t\t\t\t\t\t\t<\/figure>\n\t\t\t\t\t\t\t\t\t<\/div>\n\t\t\t\t<\/div>\n\t\t\t\t\t<\/div>\n\t\t<\/div>\n\t\t\t\t<div class=\"elementor-column elementor-col-33 elementor-top-column elementor-element elementor-element-b64c21d\" data-id=\"b64c21d\" data-element_type=\"column\" data-e-type=\"column\">\n\t\t\t<div class=\"elementor-widget-wrap elementor-element-populated\">\n\t\t\t\t\t\t<div class=\"elementor-element elementor-element-1d9d339 elementor-widget elementor-widget-image\" data-id=\"1d9d339\" data-element_type=\"widget\" data-e-type=\"widget\" data-widget_type=\"image.default\">\n\t\t\t\t<div class=\"elementor-widget-container\">\n\t\t\t\t\t\t\t\t\t\t\t\t<figure class=\"wp-caption\">\n\t\t\t\t\t\t\t\t\t\t\t<a href=\"https:\/\/www.instagram.com\/anne_laure_allegre_ogliastro\/?__d=dist\">\n\t\t\t\t\t\t\t<img loading=\"lazy\" decoding=\"async\" width=\"1024\" height=\"1024\" src=\"https:\/\/rencontresdecalenzana.fr\/wp-content\/uploads\/2026\/06\/ChatGPT-Image-3-juin-2026-12_20_48-1024x1024.png\" class=\"elementor-animation-grow attachment-large size-large wp-image-9933\" alt=\"\" srcset=\"https:\/\/rencontresdecalenzana.fr\/wp-content\/uploads\/2026\/06\/ChatGPT-Image-3-juin-2026-12_20_48-1024x1024.png 1024w, https:\/\/rencontresdecalenzana.fr\/wp-content\/uploads\/2026\/06\/ChatGPT-Image-3-juin-2026-12_20_48-300x300.png 300w, https:\/\/rencontresdecalenzana.fr\/wp-content\/uploads\/2026\/06\/ChatGPT-Image-3-juin-2026-12_20_48-150x150.png 150w, https:\/\/rencontresdecalenzana.fr\/wp-content\/uploads\/2026\/06\/ChatGPT-Image-3-juin-2026-12_20_48-768x768.png 768w, https:\/\/rencontresdecalenzana.fr\/wp-content\/uploads\/2026\/06\/ChatGPT-Image-3-juin-2026-12_20_48-200x200.png 200w, https:\/\/rencontresdecalenzana.fr\/wp-content\/uploads\/2026\/06\/ChatGPT-Image-3-juin-2026-12_20_48-80x80.png 80w, https:\/\/rencontresdecalenzana.fr\/wp-content\/uploads\/2026\/06\/ChatGPT-Image-3-juin-2026-12_20_48-570x570.png 570w, https:\/\/rencontresdecalenzana.fr\/wp-content\/uploads\/2026\/06\/ChatGPT-Image-3-juin-2026-12_20_48-500x500.png 500w, https:\/\/rencontresdecalenzana.fr\/wp-content\/uploads\/2026\/06\/ChatGPT-Image-3-juin-2026-12_20_48-1000x1000.png 1000w, https:\/\/rencontresdecalenzana.fr\/wp-content\/uploads\/2026\/06\/ChatGPT-Image-3-juin-2026-12_20_48-700x700.png 700w, https:\/\/rencontresdecalenzana.fr\/wp-content\/uploads\/2026\/06\/ChatGPT-Image-3-juin-2026-12_20_48.png 1254w\" sizes=\"(max-width: 1024px) 100vw, 1024px\" \/>\t\t\t\t\t\t\t\t<\/a>\n\t\t\t\t\t\t\t\t\t\t\t<figcaption class=\"widget-image-caption wp-caption-text\"> Anne-Laure Allegre-Ogliastro<\/figcaption>\n\t\t\t\t\t\t\t\t\t\t<\/figure>\n\t\t\t\t\t\t\t\t\t<\/div>\n\t\t\t\t<\/div>\n\t\t\t\t\t<\/div>\n\t\t<\/div>\n\t\t\t\t<div class=\"elementor-column elementor-col-33 elementor-top-column elementor-element elementor-element-b1bfc04\" data-id=\"b1bfc04\" data-element_type=\"column\" data-e-type=\"column\">\n\t\t\t<div class=\"elementor-widget-wrap elementor-element-populated\">\n\t\t\t\t\t\t<div class=\"elementor-element elementor-element-6797ab3 elementor-widget__width-initial elementor-widget elementor-widget-image\" data-id=\"6797ab3\" data-element_type=\"widget\" data-e-type=\"widget\" data-widget_type=\"image.default\">\n\t\t\t\t<div class=\"elementor-widget-container\">\n\t\t\t\t\t\t\t\t\t\t\t\t<figure class=\"wp-caption\">\n\t\t\t\t\t\t\t\t\t\t\t<a href=\"https:\/\/www.youtube.com\/watch?v=Fh7kGTJC62Q\" target=\"_blank\">\n\t\t\t\t\t\t\t<img loading=\"lazy\" decoding=\"async\" width=\"1024\" height=\"1024\" src=\"https:\/\/rencontresdecalenzana.fr\/wp-content\/uploads\/2026\/06\/1266_2021-12-07-Quatuor-Leonis-A.jpg\" class=\"elementor-animation-grow attachment-large size-large wp-image-9931\" alt=\"\" srcset=\"https:\/\/rencontresdecalenzana.fr\/wp-content\/uploads\/2026\/06\/1266_2021-12-07-Quatuor-Leonis-A.jpg 1024w, https:\/\/rencontresdecalenzana.fr\/wp-content\/uploads\/2026\/06\/1266_2021-12-07-Quatuor-Leonis-A-300x300.jpg 300w, https:\/\/rencontresdecalenzana.fr\/wp-content\/uploads\/2026\/06\/1266_2021-12-07-Quatuor-Leonis-A-150x150.jpg 150w, https:\/\/rencontresdecalenzana.fr\/wp-content\/uploads\/2026\/06\/1266_2021-12-07-Quatuor-Leonis-A-768x768.jpg 768w, https:\/\/rencontresdecalenzana.fr\/wp-content\/uploads\/2026\/06\/1266_2021-12-07-Quatuor-Leonis-A-200x200.jpg 200w, https:\/\/rencontresdecalenzana.fr\/wp-content\/uploads\/2026\/06\/1266_2021-12-07-Quatuor-Leonis-A-80x80.jpg 80w, https:\/\/rencontresdecalenzana.fr\/wp-content\/uploads\/2026\/06\/1266_2021-12-07-Quatuor-Leonis-A-570x570.jpg 570w, https:\/\/rencontresdecalenzana.fr\/wp-content\/uploads\/2026\/06\/1266_2021-12-07-Quatuor-Leonis-A-500x500.jpg 500w, https:\/\/rencontresdecalenzana.fr\/wp-content\/uploads\/2026\/06\/1266_2021-12-07-Quatuor-Leonis-A-1000x1000.jpg 1000w, https:\/\/rencontresdecalenzana.fr\/wp-content\/uploads\/2026\/06\/1266_2021-12-07-Quatuor-Leonis-A-700x700.jpg 700w\" sizes=\"(max-width: 1024px) 100vw, 1024px\" \/>\t\t\t\t\t\t\t\t<\/a>\n\t\t\t\t\t\t\t\t\t\t\t<figcaption class=\"widget-image-caption wp-caption-text\">Quatuor Leonis<\/figcaption>\n\t\t\t\t\t\t\t\t\t\t<\/figure>\n\t\t\t\t\t\t\t\t\t<\/div>\n\t\t\t\t<\/div>\n\t\t\t\t\t<\/div>\n\t\t<\/div>\n\t\t\t\t\t<\/div>\n\t\t<\/section>\n\t\t\t\t<section class=\"elementor-section elementor-top-section elementor-element elementor-element-acc838c elementor-section-boxed elementor-section-height-default elementor-section-height-default parallax_section_no qode_elementor_container_no\" data-id=\"acc838c\" data-element_type=\"section\" data-e-type=\"section\">\n\t\t\t\t\t\t<div class=\"elementor-container elementor-column-gap-default\">\n\t\t\t\t\t<div class=\"elementor-column elementor-col-33 elementor-top-column elementor-element elementor-element-85335ad\" data-id=\"85335ad\" data-element_type=\"column\" data-e-type=\"column\">\n\t\t\t<div class=\"elementor-widget-wrap elementor-element-populated\">\n\t\t\t\t\t\t<div class=\"elementor-element elementor-element-08b2404 elementor-widget elementor-widget-image\" data-id=\"08b2404\" data-element_type=\"widget\" data-e-type=\"widget\" data-widget_type=\"image.default\">\n\t\t\t\t<div class=\"elementor-widget-container\">\n\t\t\t\t\t\t\t\t\t\t\t\t<figure class=\"wp-caption\">\n\t\t\t\t\t\t\t\t\t\t\t<a href=\"https:\/\/www.radiofrance.fr\/francebleu\/podcasts\/le-cabaret\/doria-ousset-lesia-leoncini-d-oghji-e-d-umani-hacienda-4862617\">\n\t\t\t\t\t\t\t<img loading=\"lazy\" decoding=\"async\" width=\"1024\" height=\"1024\" src=\"https:\/\/rencontresdecalenzana.fr\/wp-content\/uploads\/2026\/07\/OK_DORIA-et-LESIA-OK-GN2A7761-_1.webp\" class=\"elementor-animation-grow attachment-large size-large wp-image-10422\" alt=\"\" srcset=\"https:\/\/rencontresdecalenzana.fr\/wp-content\/uploads\/2026\/07\/OK_DORIA-et-LESIA-OK-GN2A7761-_1.webp 1024w, https:\/\/rencontresdecalenzana.fr\/wp-content\/uploads\/2026\/07\/OK_DORIA-et-LESIA-OK-GN2A7761-_1-300x300.webp 300w, https:\/\/rencontresdecalenzana.fr\/wp-content\/uploads\/2026\/07\/OK_DORIA-et-LESIA-OK-GN2A7761-_1-150x150.webp 150w, https:\/\/rencontresdecalenzana.fr\/wp-content\/uploads\/2026\/07\/OK_DORIA-et-LESIA-OK-GN2A7761-_1-768x768.webp 768w, https:\/\/rencontresdecalenzana.fr\/wp-content\/uploads\/2026\/07\/OK_DORIA-et-LESIA-OK-GN2A7761-_1-200x200.webp 200w, https:\/\/rencontresdecalenzana.fr\/wp-content\/uploads\/2026\/07\/OK_DORIA-et-LESIA-OK-GN2A7761-_1-80x80.webp 80w, https:\/\/rencontresdecalenzana.fr\/wp-content\/uploads\/2026\/07\/OK_DORIA-et-LESIA-OK-GN2A7761-_1-570x570.webp 570w, https:\/\/rencontresdecalenzana.fr\/wp-content\/uploads\/2026\/07\/OK_DORIA-et-LESIA-OK-GN2A7761-_1-500x500.webp 500w, https:\/\/rencontresdecalenzana.fr\/wp-content\/uploads\/2026\/07\/OK_DORIA-et-LESIA-OK-GN2A7761-_1-1000x1000.webp 1000w, https:\/\/rencontresdecalenzana.fr\/wp-content\/uploads\/2026\/07\/OK_DORIA-et-LESIA-OK-GN2A7761-_1-700x700.webp 700w\" sizes=\"(max-width: 1024px) 100vw, 1024px\" \/>\t\t\t\t\t\t\t\t<\/a>\n\t\t\t\t\t\t\t\t\t\t\t<figcaption class=\"widget-image-caption wp-caption-text\">Cori - Sponde<\/figcaption>\n\t\t\t\t\t\t\t\t\t\t<\/figure>\n\t\t\t\t\t\t\t\t\t<\/div>\n\t\t\t\t<\/div>\n\t\t\t\t\t<\/div>\n\t\t<\/div>\n\t\t\t\t<div class=\"elementor-column elementor-col-33 elementor-top-column elementor-element elementor-element-0ba0030\" data-id=\"0ba0030\" data-element_type=\"column\" data-e-type=\"column\">\n\t\t\t<div class=\"elementor-widget-wrap elementor-element-populated\">\n\t\t\t\t\t\t<div class=\"elementor-element elementor-element-18ecda3 elementor-widget elementor-widget-image\" data-id=\"18ecda3\" data-element_type=\"widget\" data-e-type=\"widget\" data-widget_type=\"image.default\">\n\t\t\t\t<div class=\"elementor-widget-container\">\n\t\t\t\t\t\t\t\t\t\t\t\t<figure class=\"wp-caption\">\n\t\t\t\t\t\t\t\t\t\t\t<a href=\"https:\/\/www.youtube.com\/watch?v=2P3jcGGarF8&#038;list=RD2P3jcGGarF8&#038;start_radio=1\" target=\"_blank\">\n\t\t\t\t\t\t\t<img loading=\"lazy\" decoding=\"async\" width=\"1024\" height=\"1024\" src=\"https:\/\/rencontresdecalenzana.fr\/wp-content\/uploads\/2026\/06\/504380530_1862390531227221_74771.jpg\" class=\"elementor-animation-grow attachment-large size-large wp-image-10167\" alt=\"\" srcset=\"https:\/\/rencontresdecalenzana.fr\/wp-content\/uploads\/2026\/06\/504380530_1862390531227221_74771.jpg 1024w, https:\/\/rencontresdecalenzana.fr\/wp-content\/uploads\/2026\/06\/504380530_1862390531227221_74771-300x300.jpg 300w, https:\/\/rencontresdecalenzana.fr\/wp-content\/uploads\/2026\/06\/504380530_1862390531227221_74771-150x150.jpg 150w, https:\/\/rencontresdecalenzana.fr\/wp-content\/uploads\/2026\/06\/504380530_1862390531227221_74771-768x768.jpg 768w, https:\/\/rencontresdecalenzana.fr\/wp-content\/uploads\/2026\/06\/504380530_1862390531227221_74771-200x200.jpg 200w, https:\/\/rencontresdecalenzana.fr\/wp-content\/uploads\/2026\/06\/504380530_1862390531227221_74771-80x80.jpg 80w, https:\/\/rencontresdecalenzana.fr\/wp-content\/uploads\/2026\/06\/504380530_1862390531227221_74771-570x570.jpg 570w, https:\/\/rencontresdecalenzana.fr\/wp-content\/uploads\/2026\/06\/504380530_1862390531227221_74771-500x500.jpg 500w, https:\/\/rencontresdecalenzana.fr\/wp-content\/uploads\/2026\/06\/504380530_1862390531227221_74771-1000x1000.jpg 1000w, https:\/\/rencontresdecalenzana.fr\/wp-content\/uploads\/2026\/06\/504380530_1862390531227221_74771-700x700.jpg 700w\" sizes=\"(max-width: 1024px) 100vw, 1024px\" \/>\t\t\t\t\t\t\t\t<\/a>\n\t\t\t\t\t\t\t\t\t\t\t<figcaption class=\"widget-image-caption wp-caption-text\">Cant'in Celli<\/figcaption>\n\t\t\t\t\t\t\t\t\t\t<\/figure>\n\t\t\t\t\t\t\t\t\t<\/div>\n\t\t\t\t<\/div>\n\t\t\t\t\t<\/div>\n\t\t<\/div>\n\t\t\t\t<div class=\"elementor-column elementor-col-33 elementor-top-column elementor-element elementor-element-54836a8\" data-id=\"54836a8\" data-element_type=\"column\" data-e-type=\"column\">\n\t\t\t<div class=\"elementor-widget-wrap elementor-element-populated\">\n\t\t\t\t\t\t<div class=\"elementor-element elementor-element-8ba37f8 elementor-widget__width-initial elementor-widget elementor-widget-image\" data-id=\"8ba37f8\" data-element_type=\"widget\" data-e-type=\"widget\" data-widget_type=\"image.default\">\n\t\t\t\t<div class=\"elementor-widget-container\">\n\t\t\t\t\t\t\t\t\t\t\t\t<figure class=\"wp-caption\">\n\t\t\t\t\t\t\t\t\t\t\t<a href=\"https:\/\/www.youtube.com\/watch?v=wRb_j4xQV3c&#038;list=RDwRb_j4xQV3c&#038;start_radio=1\" target=\"_blank\">\n\t\t\t\t\t\t\t<img loading=\"lazy\" decoding=\"async\" width=\"1024\" height=\"1024\" src=\"https:\/\/rencontresdecalenzana.fr\/wp-content\/uploads\/2025\/06\/BLRDCJULIA-1-24082022-1.jpg\" class=\"elementor-animation-grow attachment-large size-large wp-image-9318\" alt=\"\" srcset=\"https:\/\/rencontresdecalenzana.fr\/wp-content\/uploads\/2025\/06\/BLRDCJULIA-1-24082022-1.jpg 1024w, https:\/\/rencontresdecalenzana.fr\/wp-content\/uploads\/2025\/06\/BLRDCJULIA-1-24082022-1-300x300.jpg 300w, https:\/\/rencontresdecalenzana.fr\/wp-content\/uploads\/2025\/06\/BLRDCJULIA-1-24082022-1-150x150.jpg 150w, https:\/\/rencontresdecalenzana.fr\/wp-content\/uploads\/2025\/06\/BLRDCJULIA-1-24082022-1-768x768.jpg 768w, https:\/\/rencontresdecalenzana.fr\/wp-content\/uploads\/2025\/06\/BLRDCJULIA-1-24082022-1-200x200.jpg 200w, https:\/\/rencontresdecalenzana.fr\/wp-content\/uploads\/2025\/06\/BLRDCJULIA-1-24082022-1-80x80.jpg 80w, https:\/\/rencontresdecalenzana.fr\/wp-content\/uploads\/2025\/06\/BLRDCJULIA-1-24082022-1-570x570.jpg 570w, https:\/\/rencontresdecalenzana.fr\/wp-content\/uploads\/2025\/06\/BLRDCJULIA-1-24082022-1-500x500.jpg 500w, https:\/\/rencontresdecalenzana.fr\/wp-content\/uploads\/2025\/06\/BLRDCJULIA-1-24082022-1-1000x1000.jpg 1000w, https:\/\/rencontresdecalenzana.fr\/wp-content\/uploads\/2025\/06\/BLRDCJULIA-1-24082022-1-700x700.jpg 700w\" sizes=\"(max-width: 1024px) 100vw, 1024px\" \/>\t\t\t\t\t\t\t\t<\/a>\n\t\t\t\t\t\t\t\t\t\t\t<figcaption class=\"widget-image-caption wp-caption-text\">Julia Knecht &amp; Olivier Cangelosi<\/figcaption>\n\t\t\t\t\t\t\t\t\t\t<\/figure>\n\t\t\t\t\t\t\t\t\t<\/div>\n\t\t\t\t<\/div>\n\t\t\t\t\t<\/div>\n\t\t<\/div>\n\t\t\t\t\t<\/div>\n\t\t<\/section>\n\t\t\t\t<section class=\"elementor-section elementor-top-section elementor-element elementor-element-65e8e21 elementor-section-boxed elementor-section-height-default elementor-section-height-default parallax_section_no qode_elementor_container_no\" data-id=\"65e8e21\" data-element_type=\"section\" data-e-type=\"section\">\n\t\t\t\t\t\t<div class=\"elementor-container elementor-column-gap-default\">\n\t\t\t\t\t<div class=\"elementor-column elementor-col-33 elementor-top-column elementor-element elementor-element-754620c\" data-id=\"754620c\" data-element_type=\"column\" data-e-type=\"column\">\n\t\t\t<div class=\"elementor-widget-wrap elementor-element-populated\">\n\t\t\t\t\t\t<div class=\"elementor-element elementor-element-af758cc elementor-widget elementor-widget-image\" data-id=\"af758cc\" data-element_type=\"widget\" data-e-type=\"widget\" data-widget_type=\"image.default\">\n\t\t\t\t<div class=\"elementor-widget-container\">\n\t\t\t\t\t\t\t\t\t\t\t\t<figure class=\"wp-caption\">\n\t\t\t\t\t\t\t\t\t\t\t<a href=\"https:\/\/rencontresdecalenzana.fr\/index.php\/portfolio_page\/yves-sottin\/\" target=\"_blank\">\n\t\t\t\t\t\t\t<img loading=\"lazy\" decoding=\"async\" width=\"824\" height=\"824\" src=\"https:\/\/rencontresdecalenzana.fr\/wp-content\/uploads\/2025\/04\/aangepast-2.jpg\" class=\"elementor-animation-grow attachment-large size-large wp-image-8910\" alt=\"\" srcset=\"https:\/\/rencontresdecalenzana.fr\/wp-content\/uploads\/2025\/04\/aangepast-2.jpg 824w, https:\/\/rencontresdecalenzana.fr\/wp-content\/uploads\/2025\/04\/aangepast-2-300x300.jpg 300w, https:\/\/rencontresdecalenzana.fr\/wp-content\/uploads\/2025\/04\/aangepast-2-150x150.jpg 150w, https:\/\/rencontresdecalenzana.fr\/wp-content\/uploads\/2025\/04\/aangepast-2-768x768.jpg 768w, https:\/\/rencontresdecalenzana.fr\/wp-content\/uploads\/2025\/04\/aangepast-2-200x200.jpg 200w, https:\/\/rencontresdecalenzana.fr\/wp-content\/uploads\/2025\/04\/aangepast-2-80x80.jpg 80w, https:\/\/rencontresdecalenzana.fr\/wp-content\/uploads\/2025\/04\/aangepast-2-570x570.jpg 570w, https:\/\/rencontresdecalenzana.fr\/wp-content\/uploads\/2025\/04\/aangepast-2-500x500.jpg 500w, https:\/\/rencontresdecalenzana.fr\/wp-content\/uploads\/2025\/04\/aangepast-2-700x700.jpg 700w\" sizes=\"(max-width: 824px) 100vw, 824px\" \/>\t\t\t\t\t\t\t\t<\/a>\n\t\t\t\t\t\t\t\t\t\t\t<figcaption class=\"widget-image-caption wp-caption-text\">Yves Sotin<\/figcaption>\n\t\t\t\t\t\t\t\t\t\t<\/figure>\n\t\t\t\t\t\t\t\t\t<\/div>\n\t\t\t\t<\/div>\n\t\t\t\t\t<\/div>\n\t\t<\/div>\n\t\t\t\t<div class=\"elementor-column elementor-col-33 elementor-top-column elementor-element elementor-element-6909f06\" data-id=\"6909f06\" data-element_type=\"column\" data-e-type=\"column\">\n\t\t\t<div class=\"elementor-widget-wrap elementor-element-populated\">\n\t\t\t\t\t\t<div class=\"elementor-element elementor-element-a1cd878 elementor-widget elementor-widget-image\" data-id=\"a1cd878\" data-element_type=\"widget\" data-e-type=\"widget\" data-widget_type=\"image.default\">\n\t\t\t\t<div class=\"elementor-widget-container\">\n\t\t\t\t\t\t\t\t\t\t\t\t<figure class=\"wp-caption\">\n\t\t\t\t\t\t\t\t\t\t\t<a href=\"https:\/\/rencontresdecalenzana.fr\/index.php\/portfolio_page\/margaux-poguet\/\" target=\"_blank\">\n\t\t\t\t\t\t\t<img loading=\"lazy\" decoding=\"async\" width=\"1024\" height=\"1024\" src=\"https:\/\/rencontresdecalenzana.fr\/wp-content\/uploads\/2026\/06\/credit-Marie-Louise-Le-Goff-M-Poguet.jpg\" class=\"elementor-animation-grow attachment-large size-large wp-image-10328\" alt=\"\" srcset=\"https:\/\/rencontresdecalenzana.fr\/wp-content\/uploads\/2026\/06\/credit-Marie-Louise-Le-Goff-M-Poguet.jpg 1024w, https:\/\/rencontresdecalenzana.fr\/wp-content\/uploads\/2026\/06\/credit-Marie-Louise-Le-Goff-M-Poguet-300x300.jpg 300w, https:\/\/rencontresdecalenzana.fr\/wp-content\/uploads\/2026\/06\/credit-Marie-Louise-Le-Goff-M-Poguet-150x150.jpg 150w, https:\/\/rencontresdecalenzana.fr\/wp-content\/uploads\/2026\/06\/credit-Marie-Louise-Le-Goff-M-Poguet-768x768.jpg 768w, https:\/\/rencontresdecalenzana.fr\/wp-content\/uploads\/2026\/06\/credit-Marie-Louise-Le-Goff-M-Poguet-200x200.jpg 200w, https:\/\/rencontresdecalenzana.fr\/wp-content\/uploads\/2026\/06\/credit-Marie-Louise-Le-Goff-M-Poguet-80x80.jpg 80w, https:\/\/rencontresdecalenzana.fr\/wp-content\/uploads\/2026\/06\/credit-Marie-Louise-Le-Goff-M-Poguet-570x570.jpg 570w, https:\/\/rencontresdecalenzana.fr\/wp-content\/uploads\/2026\/06\/credit-Marie-Louise-Le-Goff-M-Poguet-500x500.jpg 500w, https:\/\/rencontresdecalenzana.fr\/wp-content\/uploads\/2026\/06\/credit-Marie-Louise-Le-Goff-M-Poguet-1000x1000.jpg 1000w, https:\/\/rencontresdecalenzana.fr\/wp-content\/uploads\/2026\/06\/credit-Marie-Louise-Le-Goff-M-Poguet-700x700.jpg 700w\" sizes=\"(max-width: 1024px) 100vw, 1024px\" \/>\t\t\t\t\t\t\t\t<\/a>\n\t\t\t\t\t\t\t\t\t\t\t<figcaption class=\"widget-image-caption wp-caption-text\">Margaux Poguet<\/figcaption>\n\t\t\t\t\t\t\t\t\t\t<\/figure>\n\t\t\t\t\t\t\t\t\t<\/div>\n\t\t\t\t<\/div>\n\t\t\t\t\t<\/div>\n\t\t<\/div>\n\t\t\t\t<div class=\"elementor-column elementor-col-33 elementor-top-column elementor-element elementor-element-c40628e\" data-id=\"c40628e\" data-element_type=\"column\" data-e-type=\"column\">\n\t\t\t<div class=\"elementor-widget-wrap elementor-element-populated\">\n\t\t\t\t\t\t<div class=\"elementor-element elementor-element-9278991 elementor-widget__width-initial elementor-widget elementor-widget-image\" data-id=\"9278991\" data-element_type=\"widget\" data-e-type=\"widget\" data-widget_type=\"image.default\">\n\t\t\t\t<div class=\"elementor-widget-container\">\n\t\t\t\t\t\t\t\t\t\t\t\t<figure class=\"wp-caption\">\n\t\t\t\t\t\t\t\t\t\t\t<a href=\"https:\/\/rencontresdecalenzana.fr\/index.php\/portfolio_page\/george-seymour\/\" target=\"_blank\">\n\t\t\t\t\t\t\t<img loading=\"lazy\" decoding=\"async\" width=\"1024\" height=\"1024\" src=\"https:\/\/rencontresdecalenzana.fr\/wp-content\/uploads\/2026\/06\/Seymour-pic-carre.jpg\" class=\"elementor-animation-grow attachment-large size-large wp-image-10321\" alt=\"\" srcset=\"https:\/\/rencontresdecalenzana.fr\/wp-content\/uploads\/2026\/06\/Seymour-pic-carre.jpg 1024w, https:\/\/rencontresdecalenzana.fr\/wp-content\/uploads\/2026\/06\/Seymour-pic-carre-300x300.jpg 300w, https:\/\/rencontresdecalenzana.fr\/wp-content\/uploads\/2026\/06\/Seymour-pic-carre-150x150.jpg 150w, https:\/\/rencontresdecalenzana.fr\/wp-content\/uploads\/2026\/06\/Seymour-pic-carre-768x768.jpg 768w, https:\/\/rencontresdecalenzana.fr\/wp-content\/uploads\/2026\/06\/Seymour-pic-carre-200x200.jpg 200w, https:\/\/rencontresdecalenzana.fr\/wp-content\/uploads\/2026\/06\/Seymour-pic-carre-80x80.jpg 80w, https:\/\/rencontresdecalenzana.fr\/wp-content\/uploads\/2026\/06\/Seymour-pic-carre-570x570.jpg 570w, https:\/\/rencontresdecalenzana.fr\/wp-content\/uploads\/2026\/06\/Seymour-pic-carre-500x500.jpg 500w, https:\/\/rencontresdecalenzana.fr\/wp-content\/uploads\/2026\/06\/Seymour-pic-carre-1000x1000.jpg 1000w, https:\/\/rencontresdecalenzana.fr\/wp-content\/uploads\/2026\/06\/Seymour-pic-carre-700x700.jpg 700w\" sizes=\"(max-width: 1024px) 100vw, 1024px\" \/>\t\t\t\t\t\t\t\t<\/a>\n\t\t\t\t\t\t\t\t\t\t\t<figcaption class=\"widget-image-caption wp-caption-text\">George Seymour<\/figcaption>\n\t\t\t\t\t\t\t\t\t\t<\/figure>\n\t\t\t\t\t\t\t\t\t<\/div>\n\t\t\t\t<\/div>\n\t\t\t\t\t<\/div>\n\t\t<\/div>\n\t\t\t\t\t<\/div>\n\t\t<\/section>\n\t\t\t\t<section class=\"elementor-section elementor-top-section elementor-element elementor-element-0156180 elementor-section-boxed elementor-section-height-default elementor-section-height-default parallax_section_no qode_elementor_container_no\" data-id=\"0156180\" data-element_type=\"section\" data-e-type=\"section\">\n\t\t\t\t\t\t<div class=\"elementor-container elementor-column-gap-default\">\n\t\t\t\t\t<div class=\"elementor-column elementor-col-33 elementor-top-column elementor-element elementor-element-2f288c3\" data-id=\"2f288c3\" data-element_type=\"column\" data-e-type=\"column\">\n\t\t\t<div class=\"elementor-widget-wrap elementor-element-populated\">\n\t\t\t\t\t\t<div class=\"elementor-element elementor-element-6007d4e elementor-widget elementor-widget-image\" data-id=\"6007d4e\" data-element_type=\"widget\" data-e-type=\"widget\" data-widget_type=\"image.default\">\n\t\t\t\t<div class=\"elementor-widget-container\">\n\t\t\t\t\t\t\t\t\t\t\t\t<figure class=\"wp-caption\">\n\t\t\t\t\t\t\t\t\t\t\t<a href=\"https:\/\/rencontresdecalenzana.fr\/index.php\/portfolio_page\/jean-christophe-laniece\" target=\"_blank\">\n\t\t\t\t\t\t\t<img loading=\"lazy\" decoding=\"async\" width=\"1024\" height=\"1024\" src=\"https:\/\/rencontresdecalenzana.fr\/wp-content\/uploads\/2026\/06\/Laniece-HS1A9101-c-Souffle-1.jpg\" class=\"elementor-animation-grow attachment-large size-large wp-image-10362\" alt=\"\" srcset=\"https:\/\/rencontresdecalenzana.fr\/wp-content\/uploads\/2026\/06\/Laniece-HS1A9101-c-Souffle-1.jpg 1024w, https:\/\/rencontresdecalenzana.fr\/wp-content\/uploads\/2026\/06\/Laniece-HS1A9101-c-Souffle-1-300x300.jpg 300w, https:\/\/rencontresdecalenzana.fr\/wp-content\/uploads\/2026\/06\/Laniece-HS1A9101-c-Souffle-1-150x150.jpg 150w, https:\/\/rencontresdecalenzana.fr\/wp-content\/uploads\/2026\/06\/Laniece-HS1A9101-c-Souffle-1-768x768.jpg 768w, https:\/\/rencontresdecalenzana.fr\/wp-content\/uploads\/2026\/06\/Laniece-HS1A9101-c-Souffle-1-200x200.jpg 200w, https:\/\/rencontresdecalenzana.fr\/wp-content\/uploads\/2026\/06\/Laniece-HS1A9101-c-Souffle-1-80x80.jpg 80w, https:\/\/rencontresdecalenzana.fr\/wp-content\/uploads\/2026\/06\/Laniece-HS1A9101-c-Souffle-1-570x570.jpg 570w, https:\/\/rencontresdecalenzana.fr\/wp-content\/uploads\/2026\/06\/Laniece-HS1A9101-c-Souffle-1-500x500.jpg 500w, https:\/\/rencontresdecalenzana.fr\/wp-content\/uploads\/2026\/06\/Laniece-HS1A9101-c-Souffle-1-1000x1000.jpg 1000w, https:\/\/rencontresdecalenzana.fr\/wp-content\/uploads\/2026\/06\/Laniece-HS1A9101-c-Souffle-1-700x700.jpg 700w\" sizes=\"(max-width: 1024px) 100vw, 1024px\" \/>\t\t\t\t\t\t\t\t<\/a>\n\t\t\t\t\t\t\t\t\t\t\t<figcaption class=\"widget-image-caption wp-caption-text\">Jean-Christophe Lani\u00e8ce<\/figcaption>\n\t\t\t\t\t\t\t\t\t\t<\/figure>\n\t\t\t\t\t\t\t\t\t<\/div>\n\t\t\t\t<\/div>\n\t\t\t\t\t<\/div>\n\t\t<\/div>\n\t\t\t\t<div class=\"elementor-column elementor-col-33 elementor-top-column elementor-element elementor-element-1500963\" data-id=\"1500963\" data-element_type=\"column\" data-e-type=\"column\">\n\t\t\t<div class=\"elementor-widget-wrap elementor-element-populated\">\n\t\t\t\t\t\t<div class=\"elementor-element elementor-element-e44d429 elementor-widget elementor-widget-image\" data-id=\"e44d429\" data-element_type=\"widget\" data-e-type=\"widget\" data-widget_type=\"image.default\">\n\t\t\t\t<div class=\"elementor-widget-container\">\n\t\t\t\t\t\t\t\t\t\t\t\t<figure class=\"wp-caption\">\n\t\t\t\t\t\t\t\t\t\t\t<a href=\"https:\/\/rencontresdecalenzana.fr\/index.php\/portfolio_page\/estelle-nadau\/\" target=\"_blank\">\n\t\t\t\t\t\t\t<img loading=\"lazy\" decoding=\"async\" width=\"1024\" height=\"1024\" src=\"https:\/\/rencontresdecalenzana.fr\/wp-content\/uploads\/2026\/07\/Estelle-Nadau-carre.webp\" class=\"elementor-animation-grow attachment-large size-large wp-image-10415\" alt=\"\" srcset=\"https:\/\/rencontresdecalenzana.fr\/wp-content\/uploads\/2026\/07\/Estelle-Nadau-carre.webp 1024w, https:\/\/rencontresdecalenzana.fr\/wp-content\/uploads\/2026\/07\/Estelle-Nadau-carre-300x300.webp 300w, https:\/\/rencontresdecalenzana.fr\/wp-content\/uploads\/2026\/07\/Estelle-Nadau-carre-150x150.webp 150w, https:\/\/rencontresdecalenzana.fr\/wp-content\/uploads\/2026\/07\/Estelle-Nadau-carre-768x768.webp 768w, https:\/\/rencontresdecalenzana.fr\/wp-content\/uploads\/2026\/07\/Estelle-Nadau-carre-200x200.webp 200w, https:\/\/rencontresdecalenzana.fr\/wp-content\/uploads\/2026\/07\/Estelle-Nadau-carre-80x80.webp 80w, https:\/\/rencontresdecalenzana.fr\/wp-content\/uploads\/2026\/07\/Estelle-Nadau-carre-570x570.webp 570w, https:\/\/rencontresdecalenzana.fr\/wp-content\/uploads\/2026\/07\/Estelle-Nadau-carre-500x500.webp 500w, https:\/\/rencontresdecalenzana.fr\/wp-content\/uploads\/2026\/07\/Estelle-Nadau-carre-1000x1000.webp 1000w, https:\/\/rencontresdecalenzana.fr\/wp-content\/uploads\/2026\/07\/Estelle-Nadau-carre-700x700.webp 700w\" sizes=\"(max-width: 1024px) 100vw, 1024px\" \/>\t\t\t\t\t\t\t\t<\/a>\n\t\t\t\t\t\t\t\t\t\t\t<figcaption class=\"widget-image-caption wp-caption-text\">Estelle Nadau<\/figcaption>\n\t\t\t\t\t\t\t\t\t\t<\/figure>\n\t\t\t\t\t\t\t\t\t<\/div>\n\t\t\t\t<\/div>\n\t\t\t\t\t<\/div>\n\t\t<\/div>\n\t\t\t\t<div class=\"elementor-column elementor-col-33 elementor-top-column elementor-element elementor-element-48186ee\" data-id=\"48186ee\" data-element_type=\"column\" data-e-type=\"column\">\n\t\t\t<div class=\"elementor-widget-wrap elementor-element-populated\">\n\t\t\t\t\t\t<div class=\"elementor-element elementor-element-7138022 elementor-widget__width-initial elementor-widget elementor-widget-image\" data-id=\"7138022\" data-element_type=\"widget\" data-e-type=\"widget\" data-widget_type=\"image.default\">\n\t\t\t\t<div class=\"elementor-widget-container\">\n\t\t\t\t\t\t\t\t\t\t\t\t<figure class=\"wp-caption\">\n\t\t\t\t\t\t\t\t\t\t\t<a href=\"https:\/\/rencontresdecalenzana.fr\/index.php\/portfolio_page\/francois-colin\/\" target=\"_blank\">\n\t\t\t\t\t\t\t<img loading=\"lazy\" decoding=\"async\" width=\"1024\" height=\"1024\" src=\"https:\/\/rencontresdecalenzana.fr\/wp-content\/uploads\/2026\/03\/Francois-Colin-couleurs-format-carre_250kb.webp\" class=\"elementor-animation-grow attachment-large size-large wp-image-10445\" alt=\"\" srcset=\"https:\/\/rencontresdecalenzana.fr\/wp-content\/uploads\/2026\/03\/Francois-Colin-couleurs-format-carre_250kb.webp 1024w, https:\/\/rencontresdecalenzana.fr\/wp-content\/uploads\/2026\/03\/Francois-Colin-couleurs-format-carre_250kb-300x300.webp 300w, https:\/\/rencontresdecalenzana.fr\/wp-content\/uploads\/2026\/03\/Francois-Colin-couleurs-format-carre_250kb-150x150.webp 150w, https:\/\/rencontresdecalenzana.fr\/wp-content\/uploads\/2026\/03\/Francois-Colin-couleurs-format-carre_250kb-768x768.webp 768w, https:\/\/rencontresdecalenzana.fr\/wp-content\/uploads\/2026\/03\/Francois-Colin-couleurs-format-carre_250kb-200x200.webp 200w, https:\/\/rencontresdecalenzana.fr\/wp-content\/uploads\/2026\/03\/Francois-Colin-couleurs-format-carre_250kb-80x80.webp 80w, https:\/\/rencontresdecalenzana.fr\/wp-content\/uploads\/2026\/03\/Francois-Colin-couleurs-format-carre_250kb-570x570.webp 570w, https:\/\/rencontresdecalenzana.fr\/wp-content\/uploads\/2026\/03\/Francois-Colin-couleurs-format-carre_250kb-500x500.webp 500w, https:\/\/rencontresdecalenzana.fr\/wp-content\/uploads\/2026\/03\/Francois-Colin-couleurs-format-carre_250kb-1000x1000.webp 1000w, https:\/\/rencontresdecalenzana.fr\/wp-content\/uploads\/2026\/03\/Francois-Colin-couleurs-format-carre_250kb-700x700.webp 700w\" sizes=\"(max-width: 1024px) 100vw, 1024px\" \/>\t\t\t\t\t\t\t\t<\/a>\n\t\t\t\t\t\t\t\t\t\t\t<figcaption class=\"widget-image-caption wp-caption-text\">Fran\u00e7ois Colin<\/figcaption>\n\t\t\t\t\t\t\t\t\t\t<\/figure>\n\t\t\t\t\t\t\t\t\t<\/div>\n\t\t\t\t<\/div>\n\t\t\t\t\t<\/div>\n\t\t<\/div>\n\t\t\t\t\t<\/div>\n\t\t<\/section>\n\t\t\t\t<section class=\"elementor-section elementor-top-section elementor-element elementor-element-18fab18 elementor-section-boxed elementor-section-height-default elementor-section-height-default parallax_section_no qode_elementor_container_no\" data-id=\"18fab18\" data-element_type=\"section\" data-e-type=\"section\">\n\t\t\t\t\t\t<div class=\"elementor-container elementor-column-gap-default\">\n\t\t\t\t\t<div class=\"elementor-column elementor-col-100 elementor-top-column elementor-element elementor-element-efc8a33\" data-id=\"efc8a33\" data-element_type=\"column\" data-e-type=\"column\">\n\t\t\t<div class=\"elementor-widget-wrap elementor-element-populated\">\n\t\t\t\t\t\t<div class=\"elementor-element elementor-element-3e04e56 elementor-widget elementor-widget-text-editor\" data-id=\"3e04e56\" data-element_type=\"widget\" data-e-type=\"widget\" data-widget_type=\"text-editor.default\">\n\t\t\t\t<div class=\"elementor-widget-container\">\n\t\t\t\t\t\t\t\t\t<h1 id=\"lartisti-residenti\" style=\"text-align: center;\">L&rsquo;Artisti Residenti<\/h1>\t\t\t\t\t\t\t\t<\/div>\n\t\t\t\t<\/div>\n\t\t\t\t\t<\/div>\n\t\t<\/div>\n\t\t\t\t\t<\/div>\n\t\t<\/section>\n\t\t\t\t<section class=\"elementor-section elementor-top-section elementor-element elementor-element-5f55883 elementor-section-boxed elementor-section-height-default elementor-section-height-default parallax_section_no qode_elementor_container_no\" data-id=\"5f55883\" data-element_type=\"section\" data-e-type=\"section\">\n\t\t\t\t\t\t<div class=\"elementor-container elementor-column-gap-default\">\n\t\t\t\t\t<div class=\"elementor-column elementor-col-33 elementor-top-column elementor-element elementor-element-32e0add\" data-id=\"32e0add\" data-element_type=\"column\" data-e-type=\"column\">\n\t\t\t<div class=\"elementor-widget-wrap elementor-element-populated\">\n\t\t\t\t\t\t<div class=\"elementor-element elementor-element-20eb882 elementor-widget elementor-widget-image\" data-id=\"20eb882\" data-element_type=\"widget\" data-e-type=\"widget\" data-widget_type=\"image.default\">\n\t\t\t\t<div class=\"elementor-widget-container\">\n\t\t\t\t\t\t\t\t\t\t\t\t<figure class=\"wp-caption\">\n\t\t\t\t\t\t\t\t\t\t\t<a href=\"https:\/\/rencontresdecalenzana.fr\/index.php\/portfolio_page\/denis-pascal\/\" target=\"_blank\">\n\t\t\t\t\t\t\t<img loading=\"lazy\" decoding=\"async\" width=\"1024\" height=\"1024\" src=\"https:\/\/rencontresdecalenzana.fr\/wp-content\/uploads\/2025\/04\/Denis-Pascal-1.jpg\" class=\"elementor-animation-grow attachment-large size-large wp-image-8797\" alt=\"\" srcset=\"https:\/\/rencontresdecalenzana.fr\/wp-content\/uploads\/2025\/04\/Denis-Pascal-1.jpg 1024w, https:\/\/rencontresdecalenzana.fr\/wp-content\/uploads\/2025\/04\/Denis-Pascal-1-300x300.jpg 300w, https:\/\/rencontresdecalenzana.fr\/wp-content\/uploads\/2025\/04\/Denis-Pascal-1-150x150.jpg 150w, https:\/\/rencontresdecalenzana.fr\/wp-content\/uploads\/2025\/04\/Denis-Pascal-1-768x768.jpg 768w, https:\/\/rencontresdecalenzana.fr\/wp-content\/uploads\/2025\/04\/Denis-Pascal-1-200x200.jpg 200w, https:\/\/rencontresdecalenzana.fr\/wp-content\/uploads\/2025\/04\/Denis-Pascal-1-80x80.jpg 80w, https:\/\/rencontresdecalenzana.fr\/wp-content\/uploads\/2025\/04\/Denis-Pascal-1-570x570.jpg 570w, https:\/\/rencontresdecalenzana.fr\/wp-content\/uploads\/2025\/04\/Denis-Pascal-1-500x500.jpg 500w, https:\/\/rencontresdecalenzana.fr\/wp-content\/uploads\/2025\/04\/Denis-Pascal-1-1000x1000.jpg 1000w, https:\/\/rencontresdecalenzana.fr\/wp-content\/uploads\/2025\/04\/Denis-Pascal-1-700x700.jpg 700w\" sizes=\"(max-width: 1024px) 100vw, 1024px\" \/>\t\t\t\t\t\t\t\t<\/a>\n\t\t\t\t\t\t\t\t\t\t\t<figcaption class=\"widget-image-caption wp-caption-text\">Denis Pascal<\/figcaption>\n\t\t\t\t\t\t\t\t\t\t<\/figure>\n\t\t\t\t\t\t\t\t\t<\/div>\n\t\t\t\t<\/div>\n\t\t\t\t\t<\/div>\n\t\t<\/div>\n\t\t\t\t<div class=\"elementor-column elementor-col-33 elementor-top-column elementor-element elementor-element-fdff9ef\" data-id=\"fdff9ef\" data-element_type=\"column\" data-e-type=\"column\">\n\t\t\t<div class=\"elementor-widget-wrap elementor-element-populated\">\n\t\t\t\t\t\t<div class=\"elementor-element elementor-element-ca9cc41 elementor-widget elementor-widget-image\" data-id=\"ca9cc41\" data-element_type=\"widget\" data-e-type=\"widget\" data-widget_type=\"image.default\">\n\t\t\t\t<div class=\"elementor-widget-container\">\n\t\t\t\t\t\t\t\t\t\t\t\t<figure class=\"wp-caption\">\n\t\t\t\t\t\t\t\t\t\t\t<a href=\"https:\/\/rencontresdecalenzana.fr\/index.php\/portfolio_page\/marie-paule-milone\/\" target=\"_blank\">\n\t\t\t\t\t\t\t<img loading=\"lazy\" decoding=\"async\" width=\"900\" height=\"900\" src=\"https:\/\/rencontresdecalenzana.fr\/wp-content\/uploads\/2023\/03\/marie-paule-milone-1.jpg\" class=\"elementor-animation-grow attachment-large size-large wp-image-6445\" alt=\"\" srcset=\"https:\/\/rencontresdecalenzana.fr\/wp-content\/uploads\/2023\/03\/marie-paule-milone-1.jpg 900w, https:\/\/rencontresdecalenzana.fr\/wp-content\/uploads\/2023\/03\/marie-paule-milone-1-300x300.jpg 300w, https:\/\/rencontresdecalenzana.fr\/wp-content\/uploads\/2023\/03\/marie-paule-milone-1-150x150.jpg 150w, https:\/\/rencontresdecalenzana.fr\/wp-content\/uploads\/2023\/03\/marie-paule-milone-1-768x768.jpg 768w, https:\/\/rencontresdecalenzana.fr\/wp-content\/uploads\/2023\/03\/marie-paule-milone-1-80x80.jpg 80w, https:\/\/rencontresdecalenzana.fr\/wp-content\/uploads\/2023\/03\/marie-paule-milone-1-570x570.jpg 570w, https:\/\/rencontresdecalenzana.fr\/wp-content\/uploads\/2023\/03\/marie-paule-milone-1-500x500.jpg 500w, https:\/\/rencontresdecalenzana.fr\/wp-content\/uploads\/2023\/03\/marie-paule-milone-1-700x700.jpg 700w\" sizes=\"(max-width: 900px) 100vw, 900px\" \/>\t\t\t\t\t\t\t\t<\/a>\n\t\t\t\t\t\t\t\t\t\t\t<figcaption class=\"widget-image-caption wp-caption-text\">Marie-Paule Milone<\/figcaption>\n\t\t\t\t\t\t\t\t\t\t<\/figure>\n\t\t\t\t\t\t\t\t\t<\/div>\n\t\t\t\t<\/div>\n\t\t\t\t\t<\/div>\n\t\t<\/div>\n\t\t\t\t<div class=\"elementor-column elementor-col-33 elementor-top-column elementor-element elementor-element-d4dfcdc\" data-id=\"d4dfcdc\" data-element_type=\"column\" data-e-type=\"column\">\n\t\t\t<div class=\"elementor-widget-wrap elementor-element-populated\">\n\t\t\t\t\t\t<div class=\"elementor-element elementor-element-11e218e elementor-widget elementor-widget-image\" data-id=\"11e218e\" data-element_type=\"widget\" data-e-type=\"widget\" data-widget_type=\"image.default\">\n\t\t\t\t<div class=\"elementor-widget-container\">\n\t\t\t\t\t\t\t\t\t\t\t\t<figure class=\"wp-caption\">\n\t\t\t\t\t\t\t\t\t\t\t<a href=\"https:\/\/rencontresdecalenzana.fr\/index.php\/portfolio_page\/alexandre-pascal\/\">\n\t\t\t\t\t\t\t<img loading=\"lazy\" decoding=\"async\" width=\"1024\" height=\"1024\" src=\"https:\/\/rencontresdecalenzana.fr\/wp-content\/uploads\/2025\/03\/Alexandre-pascal-photo-adami.jpg\" class=\"elementor-animation-grow attachment-large size-large wp-image-8927\" alt=\"\" srcset=\"https:\/\/rencontresdecalenzana.fr\/wp-content\/uploads\/2025\/03\/Alexandre-pascal-photo-adami.jpg 1024w, https:\/\/rencontresdecalenzana.fr\/wp-content\/uploads\/2025\/03\/Alexandre-pascal-photo-adami-300x300.jpg 300w, https:\/\/rencontresdecalenzana.fr\/wp-content\/uploads\/2025\/03\/Alexandre-pascal-photo-adami-150x150.jpg 150w, https:\/\/rencontresdecalenzana.fr\/wp-content\/uploads\/2025\/03\/Alexandre-pascal-photo-adami-768x768.jpg 768w, https:\/\/rencontresdecalenzana.fr\/wp-content\/uploads\/2025\/03\/Alexandre-pascal-photo-adami-200x200.jpg 200w, https:\/\/rencontresdecalenzana.fr\/wp-content\/uploads\/2025\/03\/Alexandre-pascal-photo-adami-80x80.jpg 80w, https:\/\/rencontresdecalenzana.fr\/wp-content\/uploads\/2025\/03\/Alexandre-pascal-photo-adami-570x570.jpg 570w, https:\/\/rencontresdecalenzana.fr\/wp-content\/uploads\/2025\/03\/Alexandre-pascal-photo-adami-500x500.jpg 500w, https:\/\/rencontresdecalenzana.fr\/wp-content\/uploads\/2025\/03\/Alexandre-pascal-photo-adami-1000x1000.jpg 1000w, https:\/\/rencontresdecalenzana.fr\/wp-content\/uploads\/2025\/03\/Alexandre-pascal-photo-adami-700x700.jpg 700w\" sizes=\"(max-width: 1024px) 100vw, 1024px\" \/>\t\t\t\t\t\t\t\t<\/a>\n\t\t\t\t\t\t\t\t\t\t\t<figcaption class=\"widget-image-caption wp-caption-text\">Alexandre Pascal<\/figcaption>\n\t\t\t\t\t\t\t\t\t\t<\/figure>\n\t\t\t\t\t\t\t\t\t<\/div>\n\t\t\t\t<\/div>\n\t\t\t\t\t<\/div>\n\t\t<\/div>\n\t\t\t\t\t<\/div>\n\t\t<\/section>\n\t\t\t\t<section class=\"elementor-section elementor-top-section elementor-element elementor-element-0d0a3eb elementor-section-boxed elementor-section-height-default elementor-section-height-default parallax_section_no qode_elementor_container_no\" data-id=\"0d0a3eb\" data-element_type=\"section\" data-e-type=\"section\">\n\t\t\t\t\t\t<div class=\"elementor-container elementor-column-gap-default\">\n\t\t\t\t\t<div class=\"elementor-column elementor-col-33 elementor-top-column elementor-element elementor-element-7bc14b0\" data-id=\"7bc14b0\" data-element_type=\"column\" data-e-type=\"column\">\n\t\t\t<div class=\"elementor-widget-wrap elementor-element-populated\">\n\t\t\t\t\t\t<div class=\"elementor-element elementor-element-463bbc6 elementor-widget elementor-widget-image\" data-id=\"463bbc6\" data-element_type=\"widget\" data-e-type=\"widget\" data-widget_type=\"image.default\">\n\t\t\t\t<div class=\"elementor-widget-container\">\n\t\t\t\t\t\t\t\t\t\t\t\t<figure class=\"wp-caption\">\n\t\t\t\t\t\t\t\t\t\t\t<a href=\"https:\/\/rencontresdecalenzana.fr\/index.php\/portfolio_page\/guillaume-latour\" target=\"_blank\">\n\t\t\t\t\t\t\t<img loading=\"lazy\" decoding=\"async\" width=\"1024\" height=\"1024\" src=\"https:\/\/rencontresdecalenzana.fr\/wp-content\/uploads\/2025\/04\/Guillaume-Latour.jpg\" class=\"elementor-animation-grow attachment-large size-large wp-image-8801\" alt=\"\" srcset=\"https:\/\/rencontresdecalenzana.fr\/wp-content\/uploads\/2025\/04\/Guillaume-Latour.jpg 1024w, https:\/\/rencontresdecalenzana.fr\/wp-content\/uploads\/2025\/04\/Guillaume-Latour-300x300.jpg 300w, https:\/\/rencontresdecalenzana.fr\/wp-content\/uploads\/2025\/04\/Guillaume-Latour-150x150.jpg 150w, https:\/\/rencontresdecalenzana.fr\/wp-content\/uploads\/2025\/04\/Guillaume-Latour-768x768.jpg 768w, https:\/\/rencontresdecalenzana.fr\/wp-content\/uploads\/2025\/04\/Guillaume-Latour-200x200.jpg 200w, https:\/\/rencontresdecalenzana.fr\/wp-content\/uploads\/2025\/04\/Guillaume-Latour-80x80.jpg 80w, https:\/\/rencontresdecalenzana.fr\/wp-content\/uploads\/2025\/04\/Guillaume-Latour-570x570.jpg 570w, https:\/\/rencontresdecalenzana.fr\/wp-content\/uploads\/2025\/04\/Guillaume-Latour-500x500.jpg 500w, https:\/\/rencontresdecalenzana.fr\/wp-content\/uploads\/2025\/04\/Guillaume-Latour-1000x1000.jpg 1000w, https:\/\/rencontresdecalenzana.fr\/wp-content\/uploads\/2025\/04\/Guillaume-Latour-700x700.jpg 700w\" sizes=\"(max-width: 1024px) 100vw, 1024px\" \/>\t\t\t\t\t\t\t\t<\/a>\n\t\t\t\t\t\t\t\t\t\t\t<figcaption class=\"widget-image-caption wp-caption-text\">Guillaume Latour<\/figcaption>\n\t\t\t\t\t\t\t\t\t\t<\/figure>\n\t\t\t\t\t\t\t\t\t<\/div>\n\t\t\t\t<\/div>\n\t\t\t\t\t<\/div>\n\t\t<\/div>\n\t\t\t\t<div class=\"elementor-column elementor-col-33 elementor-top-column elementor-element elementor-element-0f15b86\" data-id=\"0f15b86\" data-element_type=\"column\" data-e-type=\"column\">\n\t\t\t<div class=\"elementor-widget-wrap elementor-element-populated\">\n\t\t\t\t\t\t<div class=\"elementor-element elementor-element-3a75d0e elementor-widget elementor-widget-image\" data-id=\"3a75d0e\" data-element_type=\"widget\" data-e-type=\"widget\" data-widget_type=\"image.default\">\n\t\t\t\t<div class=\"elementor-widget-container\">\n\t\t\t\t\t\t\t\t\t\t\t\t<figure class=\"wp-caption\">\n\t\t\t\t\t\t\t\t\t\t\t<a href=\"https:\/\/rencontresdecalenzana.fr\/index.php\/portfolio_page\/jeroen-suys-2\/\" target=\"_blank\">\n\t\t\t\t\t\t\t<img loading=\"lazy\" decoding=\"async\" width=\"1024\" height=\"1024\" src=\"https:\/\/rencontresdecalenzana.fr\/wp-content\/uploads\/2026\/06\/Jeroen-credit-Jeroen-Suys-1.jpg\" class=\"elementor-animation-grow attachment-large size-large wp-image-10159\" alt=\"\" srcset=\"https:\/\/rencontresdecalenzana.fr\/wp-content\/uploads\/2026\/06\/Jeroen-credit-Jeroen-Suys-1.jpg 1024w, https:\/\/rencontresdecalenzana.fr\/wp-content\/uploads\/2026\/06\/Jeroen-credit-Jeroen-Suys-1-300x300.jpg 300w, https:\/\/rencontresdecalenzana.fr\/wp-content\/uploads\/2026\/06\/Jeroen-credit-Jeroen-Suys-1-150x150.jpg 150w, https:\/\/rencontresdecalenzana.fr\/wp-content\/uploads\/2026\/06\/Jeroen-credit-Jeroen-Suys-1-768x768.jpg 768w, https:\/\/rencontresdecalenzana.fr\/wp-content\/uploads\/2026\/06\/Jeroen-credit-Jeroen-Suys-1-200x200.jpg 200w, https:\/\/rencontresdecalenzana.fr\/wp-content\/uploads\/2026\/06\/Jeroen-credit-Jeroen-Suys-1-80x80.jpg 80w, https:\/\/rencontresdecalenzana.fr\/wp-content\/uploads\/2026\/06\/Jeroen-credit-Jeroen-Suys-1-570x570.jpg 570w, https:\/\/rencontresdecalenzana.fr\/wp-content\/uploads\/2026\/06\/Jeroen-credit-Jeroen-Suys-1-500x500.jpg 500w, https:\/\/rencontresdecalenzana.fr\/wp-content\/uploads\/2026\/06\/Jeroen-credit-Jeroen-Suys-1-1000x1000.jpg 1000w, https:\/\/rencontresdecalenzana.fr\/wp-content\/uploads\/2026\/06\/Jeroen-credit-Jeroen-Suys-1-700x700.jpg 700w\" sizes=\"(max-width: 1024px) 100vw, 1024px\" \/>\t\t\t\t\t\t\t\t<\/a>\n\t\t\t\t\t\t\t\t\t\t\t<figcaption class=\"widget-image-caption wp-caption-text\">J\u00e9roen Suys<\/figcaption>\n\t\t\t\t\t\t\t\t\t\t<\/figure>\n\t\t\t\t\t\t\t\t\t<\/div>\n\t\t\t\t<\/div>\n\t\t\t\t\t<\/div>\n\t\t<\/div>\n\t\t\t\t<div class=\"elementor-column elementor-col-33 elementor-top-column elementor-element elementor-element-53b126c\" data-id=\"53b126c\" data-element_type=\"column\" data-e-type=\"column\">\n\t\t\t<div class=\"elementor-widget-wrap elementor-element-populated\">\n\t\t\t\t\t\t<div class=\"elementor-element elementor-element-9bc635e elementor-widget elementor-widget-image\" data-id=\"9bc635e\" data-element_type=\"widget\" data-e-type=\"widget\" data-widget_type=\"image.default\">\n\t\t\t\t<div class=\"elementor-widget-container\">\n\t\t\t\t\t\t\t\t\t\t\t\t<figure class=\"wp-caption\">\n\t\t\t\t\t\t\t\t\t\t\t<a href=\"https:\/\/rencontresdecalenzana.fr\/index.php\/portfolio_page\/charlotte-saluste-bridoux\/\" target=\"_blank\">\n\t\t\t\t\t\t\t<img loading=\"lazy\" decoding=\"async\" width=\"1024\" height=\"1024\" src=\"https:\/\/rencontresdecalenzana.fr\/wp-content\/uploads\/2026\/06\/Copy-of-Charlotte-Saluste-Bridou-\u00a9-Kaupo-Kikkas.jpg\" class=\"elementor-animation-grow attachment-large size-large wp-image-10161\" alt=\"\" srcset=\"https:\/\/rencontresdecalenzana.fr\/wp-content\/uploads\/2026\/06\/Copy-of-Charlotte-Saluste-Bridou-\u00a9-Kaupo-Kikkas.jpg 1024w, https:\/\/rencontresdecalenzana.fr\/wp-content\/uploads\/2026\/06\/Copy-of-Charlotte-Saluste-Bridou-\u00a9-Kaupo-Kikkas-300x300.jpg 300w, https:\/\/rencontresdecalenzana.fr\/wp-content\/uploads\/2026\/06\/Copy-of-Charlotte-Saluste-Bridou-\u00a9-Kaupo-Kikkas-150x150.jpg 150w, https:\/\/rencontresdecalenzana.fr\/wp-content\/uploads\/2026\/06\/Copy-of-Charlotte-Saluste-Bridou-\u00a9-Kaupo-Kikkas-768x768.jpg 768w, https:\/\/rencontresdecalenzana.fr\/wp-content\/uploads\/2026\/06\/Copy-of-Charlotte-Saluste-Bridou-\u00a9-Kaupo-Kikkas-200x200.jpg 200w, https:\/\/rencontresdecalenzana.fr\/wp-content\/uploads\/2026\/06\/Copy-of-Charlotte-Saluste-Bridou-\u00a9-Kaupo-Kikkas-80x80.jpg 80w, https:\/\/rencontresdecalenzana.fr\/wp-content\/uploads\/2026\/06\/Copy-of-Charlotte-Saluste-Bridou-\u00a9-Kaupo-Kikkas-570x570.jpg 570w, https:\/\/rencontresdecalenzana.fr\/wp-content\/uploads\/2026\/06\/Copy-of-Charlotte-Saluste-Bridou-\u00a9-Kaupo-Kikkas-500x500.jpg 500w, https:\/\/rencontresdecalenzana.fr\/wp-content\/uploads\/2026\/06\/Copy-of-Charlotte-Saluste-Bridou-\u00a9-Kaupo-Kikkas-1000x1000.jpg 1000w, https:\/\/rencontresdecalenzana.fr\/wp-content\/uploads\/2026\/06\/Copy-of-Charlotte-Saluste-Bridou-\u00a9-Kaupo-Kikkas-700x700.jpg 700w\" sizes=\"(max-width: 1024px) 100vw, 1024px\" \/>\t\t\t\t\t\t\t\t<\/a>\n\t\t\t\t\t\t\t\t\t\t\t<figcaption class=\"widget-image-caption wp-caption-text\">Charlotte Saluste-Bridou<\/figcaption>\n\t\t\t\t\t\t\t\t\t\t<\/figure>\n\t\t\t\t\t\t\t\t\t<\/div>\n\t\t\t\t<\/div>\n\t\t\t\t\t<\/div>\n\t\t<\/div>\n\t\t\t\t\t<\/div>\n\t\t<\/section>\n\t\t\t\t<section class=\"elementor-section elementor-top-section elementor-element elementor-element-b7571bd elementor-section-boxed elementor-section-height-default elementor-section-height-default parallax_section_no qode_elementor_container_no\" data-id=\"b7571bd\" data-element_type=\"section\" data-e-type=\"section\">\n\t\t\t\t\t\t<div class=\"elementor-container elementor-column-gap-default\">\n\t\t\t\t\t<div class=\"elementor-column elementor-col-33 elementor-top-column elementor-element elementor-element-eedfcd6\" data-id=\"eedfcd6\" data-element_type=\"column\" data-e-type=\"column\">\n\t\t\t<div class=\"elementor-widget-wrap elementor-element-populated\">\n\t\t\t\t\t\t<div class=\"elementor-element elementor-element-134e569 elementor-widget elementor-widget-image\" data-id=\"134e569\" data-element_type=\"widget\" data-e-type=\"widget\" data-widget_type=\"image.default\">\n\t\t\t\t<div class=\"elementor-widget-container\">\n\t\t\t\t\t\t\t\t\t\t\t\t<figure class=\"wp-caption\">\n\t\t\t\t\t\t\t\t\t\t\t<a href=\"https:\/\/rencontresdecalenzana.fr\/index.php\/portfolio_page\/noe-natorp\/\" target=\"_blank\">\n\t\t\t\t\t\t\t<img loading=\"lazy\" decoding=\"async\" width=\"1024\" height=\"1024\" src=\"https:\/\/rencontresdecalenzana.fr\/wp-content\/uploads\/2026\/06\/Noe-Natrop-1.png\" class=\"elementor-animation-grow attachment-large size-large wp-image-10156\" alt=\"\" srcset=\"https:\/\/rencontresdecalenzana.fr\/wp-content\/uploads\/2026\/06\/Noe-Natrop-1.png 1024w, https:\/\/rencontresdecalenzana.fr\/wp-content\/uploads\/2026\/06\/Noe-Natrop-1-300x300.png 300w, https:\/\/rencontresdecalenzana.fr\/wp-content\/uploads\/2026\/06\/Noe-Natrop-1-150x150.png 150w, https:\/\/rencontresdecalenzana.fr\/wp-content\/uploads\/2026\/06\/Noe-Natrop-1-768x768.png 768w, https:\/\/rencontresdecalenzana.fr\/wp-content\/uploads\/2026\/06\/Noe-Natrop-1-200x200.png 200w, https:\/\/rencontresdecalenzana.fr\/wp-content\/uploads\/2026\/06\/Noe-Natrop-1-80x80.png 80w, https:\/\/rencontresdecalenzana.fr\/wp-content\/uploads\/2026\/06\/Noe-Natrop-1-570x570.png 570w, https:\/\/rencontresdecalenzana.fr\/wp-content\/uploads\/2026\/06\/Noe-Natrop-1-500x500.png 500w, https:\/\/rencontresdecalenzana.fr\/wp-content\/uploads\/2026\/06\/Noe-Natrop-1-1000x1000.png 1000w, https:\/\/rencontresdecalenzana.fr\/wp-content\/uploads\/2026\/06\/Noe-Natrop-1-700x700.png 700w\" sizes=\"(max-width: 1024px) 100vw, 1024px\" \/>\t\t\t\t\t\t\t\t<\/a>\n\t\t\t\t\t\t\t\t\t\t\t<figcaption class=\"widget-image-caption wp-caption-text\">No\u00e9 Natorp<\/figcaption>\n\t\t\t\t\t\t\t\t\t\t<\/figure>\n\t\t\t\t\t\t\t\t\t<\/div>\n\t\t\t\t<\/div>\n\t\t\t\t\t<\/div>\n\t\t<\/div>\n\t\t\t\t<div class=\"elementor-column elementor-col-33 elementor-top-column elementor-element elementor-element-0c39a5e\" data-id=\"0c39a5e\" data-element_type=\"column\" data-e-type=\"column\">\n\t\t\t<div class=\"elementor-widget-wrap elementor-element-populated\">\n\t\t\t\t\t\t<div class=\"elementor-element elementor-element-e22d17f elementor-widget elementor-widget-image\" data-id=\"e22d17f\" data-element_type=\"widget\" data-e-type=\"widget\" data-widget_type=\"image.default\">\n\t\t\t\t<div class=\"elementor-widget-container\">\n\t\t\t\t\t\t\t\t\t\t\t\t<figure class=\"wp-caption\">\n\t\t\t\t\t\t\t\t\t\t\t<a href=\"https:\/\/rencontresdecalenzana.fr\/index.php\/portfolio_page\/jeanne-bonnet\/\" target=\"_blank\">\n\t\t\t\t\t\t\t<img loading=\"lazy\" decoding=\"async\" width=\"1024\" height=\"1024\" src=\"https:\/\/rencontresdecalenzana.fr\/wp-content\/uploads\/2025\/04\/Jeanne-Bonnet.jpg\" class=\"elementor-animation-grow attachment-large size-large wp-image-8799\" alt=\"\" srcset=\"https:\/\/rencontresdecalenzana.fr\/wp-content\/uploads\/2025\/04\/Jeanne-Bonnet.jpg 1024w, https:\/\/rencontresdecalenzana.fr\/wp-content\/uploads\/2025\/04\/Jeanne-Bonnet-300x300.jpg 300w, https:\/\/rencontresdecalenzana.fr\/wp-content\/uploads\/2025\/04\/Jeanne-Bonnet-150x150.jpg 150w, https:\/\/rencontresdecalenzana.fr\/wp-content\/uploads\/2025\/04\/Jeanne-Bonnet-768x768.jpg 768w, https:\/\/rencontresdecalenzana.fr\/wp-content\/uploads\/2025\/04\/Jeanne-Bonnet-200x200.jpg 200w, https:\/\/rencontresdecalenzana.fr\/wp-content\/uploads\/2025\/04\/Jeanne-Bonnet-80x80.jpg 80w, https:\/\/rencontresdecalenzana.fr\/wp-content\/uploads\/2025\/04\/Jeanne-Bonnet-570x570.jpg 570w, https:\/\/rencontresdecalenzana.fr\/wp-content\/uploads\/2025\/04\/Jeanne-Bonnet-500x500.jpg 500w, https:\/\/rencontresdecalenzana.fr\/wp-content\/uploads\/2025\/04\/Jeanne-Bonnet-1000x1000.jpg 1000w, https:\/\/rencontresdecalenzana.fr\/wp-content\/uploads\/2025\/04\/Jeanne-Bonnet-700x700.jpg 700w\" sizes=\"(max-width: 1024px) 100vw, 1024px\" \/>\t\t\t\t\t\t\t\t<\/a>\n\t\t\t\t\t\t\t\t\t\t\t<figcaption class=\"widget-image-caption wp-caption-text\">Jeanne Bonnet<\/figcaption>\n\t\t\t\t\t\t\t\t\t\t<\/figure>\n\t\t\t\t\t\t\t\t\t<\/div>\n\t\t\t\t<\/div>\n\t\t\t\t\t<\/div>\n\t\t<\/div>\n\t\t\t\t<div class=\"elementor-column elementor-col-33 elementor-top-column elementor-element elementor-element-91adc6f\" data-id=\"91adc6f\" data-element_type=\"column\" data-e-type=\"column\">\n\t\t\t<div class=\"elementor-widget-wrap elementor-element-populated\">\n\t\t\t\t\t\t<div class=\"elementor-element elementor-element-27f2c0a elementor-widget elementor-widget-image\" data-id=\"27f2c0a\" data-element_type=\"widget\" data-e-type=\"widget\" data-widget_type=\"image.default\">\n\t\t\t\t<div class=\"elementor-widget-container\">\n\t\t\t\t\t\t\t\t\t\t\t\t<figure class=\"wp-caption\">\n\t\t\t\t\t\t\t\t\t\t\t<a href=\"https:\/\/rencontresdecalenzana.fr\/index.php\/portfolio_page\/david-moreau\/\" target=\"_blank\">\n\t\t\t\t\t\t\t<img loading=\"lazy\" decoding=\"async\" width=\"1000\" height=\"1000\" src=\"https:\/\/rencontresdecalenzana.fr\/wp-content\/uploads\/2026\/06\/David-Moreau-copyright-Jacky-Azoulai.png\" class=\"elementor-animation-grow attachment-large size-large wp-image-10157\" alt=\"\" srcset=\"https:\/\/rencontresdecalenzana.fr\/wp-content\/uploads\/2026\/06\/David-Moreau-copyright-Jacky-Azoulai.png 1000w, https:\/\/rencontresdecalenzana.fr\/wp-content\/uploads\/2026\/06\/David-Moreau-copyright-Jacky-Azoulai-300x300.png 300w, https:\/\/rencontresdecalenzana.fr\/wp-content\/uploads\/2026\/06\/David-Moreau-copyright-Jacky-Azoulai-150x150.png 150w, https:\/\/rencontresdecalenzana.fr\/wp-content\/uploads\/2026\/06\/David-Moreau-copyright-Jacky-Azoulai-768x768.png 768w, https:\/\/rencontresdecalenzana.fr\/wp-content\/uploads\/2026\/06\/David-Moreau-copyright-Jacky-Azoulai-200x200.png 200w, https:\/\/rencontresdecalenzana.fr\/wp-content\/uploads\/2026\/06\/David-Moreau-copyright-Jacky-Azoulai-80x80.png 80w, https:\/\/rencontresdecalenzana.fr\/wp-content\/uploads\/2026\/06\/David-Moreau-copyright-Jacky-Azoulai-570x570.png 570w, https:\/\/rencontresdecalenzana.fr\/wp-content\/uploads\/2026\/06\/David-Moreau-copyright-Jacky-Azoulai-500x500.png 500w, https:\/\/rencontresdecalenzana.fr\/wp-content\/uploads\/2026\/06\/David-Moreau-copyright-Jacky-Azoulai-700x700.png 700w\" sizes=\"(max-width: 1000px) 100vw, 1000px\" \/>\t\t\t\t\t\t\t\t<\/a>\n\t\t\t\t\t\t\t\t\t\t\t<figcaption class=\"widget-image-caption wp-caption-text\">David Moreau<\/figcaption>\n\t\t\t\t\t\t\t\t\t\t<\/figure>\n\t\t\t\t\t\t\t\t\t<\/div>\n\t\t\t\t<\/div>\n\t\t\t\t\t<\/div>\n\t\t<\/div>\n\t\t\t\t\t<\/div>\n\t\t<\/section>\n\t\t\t\t<section class=\"elementor-section elementor-top-section elementor-element elementor-element-e3a1fd8 elementor-section-boxed elementor-section-height-default elementor-section-height-default parallax_section_no qode_elementor_container_no\" data-id=\"e3a1fd8\" data-element_type=\"section\" data-e-type=\"section\">\n\t\t\t\t\t\t<div class=\"elementor-container elementor-column-gap-default\">\n\t\t\t\t\t<div class=\"elementor-column elementor-col-33 elementor-top-column elementor-element elementor-element-84bc323\" data-id=\"84bc323\" data-element_type=\"column\" data-e-type=\"column\">\n\t\t\t<div class=\"elementor-widget-wrap elementor-element-populated\">\n\t\t\t\t\t\t<div class=\"elementor-element elementor-element-df47186 elementor-widget elementor-widget-image\" data-id=\"df47186\" data-element_type=\"widget\" data-e-type=\"widget\" data-widget_type=\"image.default\">\n\t\t\t\t<div class=\"elementor-widget-container\">\n\t\t\t\t\t\t\t\t\t\t\t\t<figure class=\"wp-caption\">\n\t\t\t\t\t\t\t\t\t\t\t<a href=\"https:\/\/rencontresdecalenzana.fr\/index.php\/portfolio_page\/manuel-escauriaza-2\/\" target=\"_blank\">\n\t\t\t\t\t\t\t<img loading=\"lazy\" decoding=\"async\" width=\"500\" height=\"500\" src=\"https:\/\/rencontresdecalenzana.fr\/wp-content\/uploads\/2025\/04\/Manuel-Escauriaza.jpg\" class=\"elementor-animation-grow attachment-large size-large wp-image-8795\" alt=\"\" srcset=\"https:\/\/rencontresdecalenzana.fr\/wp-content\/uploads\/2025\/04\/Manuel-Escauriaza.jpg 500w, https:\/\/rencontresdecalenzana.fr\/wp-content\/uploads\/2025\/04\/Manuel-Escauriaza-300x300.jpg 300w, https:\/\/rencontresdecalenzana.fr\/wp-content\/uploads\/2025\/04\/Manuel-Escauriaza-150x150.jpg 150w, https:\/\/rencontresdecalenzana.fr\/wp-content\/uploads\/2025\/04\/Manuel-Escauriaza-200x200.jpg 200w, https:\/\/rencontresdecalenzana.fr\/wp-content\/uploads\/2025\/04\/Manuel-Escauriaza-80x80.jpg 80w\" sizes=\"(max-width: 500px) 100vw, 500px\" \/>\t\t\t\t\t\t\t\t<\/a>\n\t\t\t\t\t\t\t\t\t\t\t<figcaption class=\"widget-image-caption wp-caption-text\">Manuel Escauriaza<\/figcaption>\n\t\t\t\t\t\t\t\t\t\t<\/figure>\n\t\t\t\t\t\t\t\t\t<\/div>\n\t\t\t\t<\/div>\n\t\t\t\t\t<\/div>\n\t\t<\/div>\n\t\t\t\t<div class=\"elementor-column elementor-col-33 elementor-top-column elementor-element elementor-element-fcbbafd\" data-id=\"fcbbafd\" data-element_type=\"column\" data-e-type=\"column\">\n\t\t\t<div class=\"elementor-widget-wrap elementor-element-populated\">\n\t\t\t\t\t\t<div class=\"elementor-element elementor-element-1b07d10 elementor-widget elementor-widget-image\" data-id=\"1b07d10\" data-element_type=\"widget\" data-e-type=\"widget\" data-widget_type=\"image.default\">\n\t\t\t\t<div class=\"elementor-widget-container\">\n\t\t\t\t\t\t\t\t\t\t\t\t<figure class=\"wp-caption\">\n\t\t\t\t\t\t\t\t\t\t\t<a href=\"https:\/\/rencontresdecalenzana.fr\/index.php\/portfolio_page\/eva-nina-kozmus\" target=\"_blank\">\n\t\t\t\t\t\t\t<img loading=\"lazy\" decoding=\"async\" width=\"1024\" height=\"1024\" src=\"https:\/\/rencontresdecalenzana.fr\/wp-content\/uploads\/2022\/06\/eva-nina-kozmus-2-1024x1024.png\" class=\"elementor-animation-grow attachment-large size-large wp-image-5060\" alt=\"\" srcset=\"https:\/\/rencontresdecalenzana.fr\/wp-content\/uploads\/2022\/06\/eva-nina-kozmus-2-1024x1024.png 1024w, https:\/\/rencontresdecalenzana.fr\/wp-content\/uploads\/2022\/06\/eva-nina-kozmus-2-300x300.png 300w, https:\/\/rencontresdecalenzana.fr\/wp-content\/uploads\/2022\/06\/eva-nina-kozmus-2-150x150.png 150w, https:\/\/rencontresdecalenzana.fr\/wp-content\/uploads\/2022\/06\/eva-nina-kozmus-2-768x768.png 768w, https:\/\/rencontresdecalenzana.fr\/wp-content\/uploads\/2022\/06\/eva-nina-kozmus-2-80x80.png 80w, https:\/\/rencontresdecalenzana.fr\/wp-content\/uploads\/2022\/06\/eva-nina-kozmus-2-570x570.png 570w, https:\/\/rencontresdecalenzana.fr\/wp-content\/uploads\/2022\/06\/eva-nina-kozmus-2-500x500.png 500w, https:\/\/rencontresdecalenzana.fr\/wp-content\/uploads\/2022\/06\/eva-nina-kozmus-2-1000x1000.png 1000w, https:\/\/rencontresdecalenzana.fr\/wp-content\/uploads\/2022\/06\/eva-nina-kozmus-2-700x700.png 700w, https:\/\/rencontresdecalenzana.fr\/wp-content\/uploads\/2022\/06\/eva-nina-kozmus-2.png 1080w\" sizes=\"(max-width: 1024px) 100vw, 1024px\" \/>\t\t\t\t\t\t\t\t<\/a>\n\t\t\t\t\t\t\t\t\t\t\t<figcaption class=\"widget-image-caption wp-caption-text\">Eva-Nina Kozmus<\/figcaption>\n\t\t\t\t\t\t\t\t\t\t<\/figure>\n\t\t\t\t\t\t\t\t\t<\/div>\n\t\t\t\t<\/div>\n\t\t\t\t\t<\/div>\n\t\t<\/div>\n\t\t\t\t<div class=\"elementor-column elementor-col-33 elementor-top-column elementor-element elementor-element-a6495c0\" data-id=\"a6495c0\" data-element_type=\"column\" data-e-type=\"column\">\n\t\t\t<div class=\"elementor-widget-wrap elementor-element-populated\">\n\t\t\t\t\t\t<div class=\"elementor-element elementor-element-9669434 elementor-widget elementor-widget-image\" data-id=\"9669434\" data-element_type=\"widget\" data-e-type=\"widget\" data-widget_type=\"image.default\">\n\t\t\t\t<div class=\"elementor-widget-container\">\n\t\t\t\t\t\t\t\t\t\t\t\t<figure class=\"wp-caption\">\n\t\t\t\t\t\t\t\t\t\t\t<a href=\"https:\/\/rencontresdecalenzana.fr\/index.php\/portfolio_page\/gabriel-pidoux\" target=\"_blank\">\n\t\t\t\t\t\t\t<img loading=\"lazy\" decoding=\"async\" width=\"1024\" height=\"1024\" src=\"https:\/\/rencontresdecalenzana.fr\/wp-content\/uploads\/2025\/05\/\u00a9Jean-Baptiste-Millot-1.jpg\" class=\"elementor-animation-grow attachment-large size-large wp-image-9084\" alt=\"\" srcset=\"https:\/\/rencontresdecalenzana.fr\/wp-content\/uploads\/2025\/05\/\u00a9Jean-Baptiste-Millot-1.jpg 1024w, https:\/\/rencontresdecalenzana.fr\/wp-content\/uploads\/2025\/05\/\u00a9Jean-Baptiste-Millot-1-300x300.jpg 300w, https:\/\/rencontresdecalenzana.fr\/wp-content\/uploads\/2025\/05\/\u00a9Jean-Baptiste-Millot-1-150x150.jpg 150w, https:\/\/rencontresdecalenzana.fr\/wp-content\/uploads\/2025\/05\/\u00a9Jean-Baptiste-Millot-1-768x768.jpg 768w, https:\/\/rencontresdecalenzana.fr\/wp-content\/uploads\/2025\/05\/\u00a9Jean-Baptiste-Millot-1-200x200.jpg 200w, https:\/\/rencontresdecalenzana.fr\/wp-content\/uploads\/2025\/05\/\u00a9Jean-Baptiste-Millot-1-80x80.jpg 80w, https:\/\/rencontresdecalenzana.fr\/wp-content\/uploads\/2025\/05\/\u00a9Jean-Baptiste-Millot-1-570x570.jpg 570w, https:\/\/rencontresdecalenzana.fr\/wp-content\/uploads\/2025\/05\/\u00a9Jean-Baptiste-Millot-1-500x500.jpg 500w, https:\/\/rencontresdecalenzana.fr\/wp-content\/uploads\/2025\/05\/\u00a9Jean-Baptiste-Millot-1-1000x1000.jpg 1000w, https:\/\/rencontresdecalenzana.fr\/wp-content\/uploads\/2025\/05\/\u00a9Jean-Baptiste-Millot-1-700x700.jpg 700w\" sizes=\"(max-width: 1024px) 100vw, 1024px\" \/>\t\t\t\t\t\t\t\t<\/a>\n\t\t\t\t\t\t\t\t\t\t\t<figcaption class=\"widget-image-caption wp-caption-text\">Gabriel Pidoux<\/figcaption>\n\t\t\t\t\t\t\t\t\t\t<\/figure>\n\t\t\t\t\t\t\t\t\t<\/div>\n\t\t\t\t<\/div>\n\t\t\t\t\t<\/div>\n\t\t<\/div>\n\t\t\t\t\t<\/div>\n\t\t<\/section>\n\t\t\t\t<section class=\"elementor-section elementor-top-section elementor-element elementor-element-a8523fe elementor-section-boxed elementor-section-height-default elementor-section-height-default parallax_section_no qode_elementor_container_no\" data-id=\"a8523fe\" data-element_type=\"section\" data-e-type=\"section\">\n\t\t\t\t\t\t<div class=\"elementor-container elementor-column-gap-default\">\n\t\t\t\t\t<div class=\"elementor-column elementor-col-33 elementor-top-column elementor-element elementor-element-5d39c2b\" data-id=\"5d39c2b\" data-element_type=\"column\" data-e-type=\"column\">\n\t\t\t<div class=\"elementor-widget-wrap elementor-element-populated\">\n\t\t\t\t\t\t<div class=\"elementor-element elementor-element-fefc4e1 elementor-widget elementor-widget-image\" data-id=\"fefc4e1\" data-element_type=\"widget\" data-e-type=\"widget\" data-widget_type=\"image.default\">\n\t\t\t\t<div class=\"elementor-widget-container\">\n\t\t\t\t\t\t\t\t\t\t\t\t<figure class=\"wp-caption\">\n\t\t\t\t\t\t\t\t\t\t\t<a href=\"https:\/\/rencontresdecalenzana.fr\/index.php\/portfolio_page\/maria-jose-rielo-blanco\/\" target=\"_blank\">\n\t\t\t\t\t\t\t<img loading=\"lazy\" decoding=\"async\" width=\"1024\" height=\"1024\" src=\"https:\/\/rencontresdecalenzana.fr\/wp-content\/uploads\/2026\/05\/Maria-format-carre.jpg\" class=\"elementor-animation-grow attachment-large size-large wp-image-10244\" alt=\"\" srcset=\"https:\/\/rencontresdecalenzana.fr\/wp-content\/uploads\/2026\/05\/Maria-format-carre.jpg 1024w, https:\/\/rencontresdecalenzana.fr\/wp-content\/uploads\/2026\/05\/Maria-format-carre-300x300.jpg 300w, https:\/\/rencontresdecalenzana.fr\/wp-content\/uploads\/2026\/05\/Maria-format-carre-150x150.jpg 150w, https:\/\/rencontresdecalenzana.fr\/wp-content\/uploads\/2026\/05\/Maria-format-carre-768x768.jpg 768w, https:\/\/rencontresdecalenzana.fr\/wp-content\/uploads\/2026\/05\/Maria-format-carre-200x200.jpg 200w, https:\/\/rencontresdecalenzana.fr\/wp-content\/uploads\/2026\/05\/Maria-format-carre-80x80.jpg 80w, https:\/\/rencontresdecalenzana.fr\/wp-content\/uploads\/2026\/05\/Maria-format-carre-570x570.jpg 570w, https:\/\/rencontresdecalenzana.fr\/wp-content\/uploads\/2026\/05\/Maria-format-carre-500x500.jpg 500w, https:\/\/rencontresdecalenzana.fr\/wp-content\/uploads\/2026\/05\/Maria-format-carre-1000x1000.jpg 1000w, https:\/\/rencontresdecalenzana.fr\/wp-content\/uploads\/2026\/05\/Maria-format-carre-700x700.jpg 700w\" sizes=\"(max-width: 1024px) 100vw, 1024px\" \/>\t\t\t\t\t\t\t\t<\/a>\n\t\t\t\t\t\t\t\t\t\t\t<figcaption class=\"widget-image-caption wp-caption-text\">Maria Jos\u00e9 Rielo Blanco<\/figcaption>\n\t\t\t\t\t\t\t\t\t\t<\/figure>\n\t\t\t\t\t\t\t\t\t<\/div>\n\t\t\t\t<\/div>\n\t\t\t\t\t<\/div>\n\t\t<\/div>\n\t\t\t\t<div class=\"elementor-column elementor-col-33 elementor-top-column elementor-element elementor-element-41d961c\" data-id=\"41d961c\" data-element_type=\"column\" data-e-type=\"column\">\n\t\t\t<div class=\"elementor-widget-wrap elementor-element-populated\">\n\t\t\t\t\t\t<div class=\"elementor-element elementor-element-1dd1fd4 elementor-widget elementor-widget-image\" data-id=\"1dd1fd4\" data-element_type=\"widget\" data-e-type=\"widget\" data-widget_type=\"image.default\">\n\t\t\t\t<div class=\"elementor-widget-container\">\n\t\t\t\t\t\t\t\t\t\t\t\t<figure class=\"wp-caption\">\n\t\t\t\t\t\t\t\t\t\t\t<a href=\"https:\/\/rencontresdecalenzana.fr\/index.php\/portfolio_page\/pierre-antoine-codron\/\" target=\"_blank\">\n\t\t\t\t\t\t\t<img loading=\"lazy\" decoding=\"async\" width=\"1024\" height=\"1024\" src=\"https:\/\/rencontresdecalenzana.fr\/wp-content\/uploads\/2026\/06\/Codron-Pierre-Antoine-credit-ph.jpg\" class=\"elementor-animation-grow attachment-large size-large wp-image-10160\" alt=\"\" srcset=\"https:\/\/rencontresdecalenzana.fr\/wp-content\/uploads\/2026\/06\/Codron-Pierre-Antoine-credit-ph.jpg 1024w, https:\/\/rencontresdecalenzana.fr\/wp-content\/uploads\/2026\/06\/Codron-Pierre-Antoine-credit-ph-300x300.jpg 300w, https:\/\/rencontresdecalenzana.fr\/wp-content\/uploads\/2026\/06\/Codron-Pierre-Antoine-credit-ph-150x150.jpg 150w, https:\/\/rencontresdecalenzana.fr\/wp-content\/uploads\/2026\/06\/Codron-Pierre-Antoine-credit-ph-768x768.jpg 768w, https:\/\/rencontresdecalenzana.fr\/wp-content\/uploads\/2026\/06\/Codron-Pierre-Antoine-credit-ph-200x200.jpg 200w, https:\/\/rencontresdecalenzana.fr\/wp-content\/uploads\/2026\/06\/Codron-Pierre-Antoine-credit-ph-80x80.jpg 80w, https:\/\/rencontresdecalenzana.fr\/wp-content\/uploads\/2026\/06\/Codron-Pierre-Antoine-credit-ph-570x570.jpg 570w, https:\/\/rencontresdecalenzana.fr\/wp-content\/uploads\/2026\/06\/Codron-Pierre-Antoine-credit-ph-500x500.jpg 500w, https:\/\/rencontresdecalenzana.fr\/wp-content\/uploads\/2026\/06\/Codron-Pierre-Antoine-credit-ph-1000x1000.jpg 1000w, https:\/\/rencontresdecalenzana.fr\/wp-content\/uploads\/2026\/06\/Codron-Pierre-Antoine-credit-ph-700x700.jpg 700w\" sizes=\"(max-width: 1024px) 100vw, 1024px\" \/>\t\t\t\t\t\t\t\t<\/a>\n\t\t\t\t\t\t\t\t\t\t\t<figcaption class=\"widget-image-caption wp-caption-text\">Pierre - Antoine Codron<\/figcaption>\n\t\t\t\t\t\t\t\t\t\t<\/figure>\n\t\t\t\t\t\t\t\t\t<\/div>\n\t\t\t\t<\/div>\n\t\t\t\t\t<\/div>\n\t\t<\/div>\n\t\t\t\t<div class=\"elementor-column elementor-col-33 elementor-top-column elementor-element elementor-element-09cef12\" data-id=\"09cef12\" data-element_type=\"column\" data-e-type=\"column\">\n\t\t\t<div class=\"elementor-widget-wrap elementor-element-populated\">\n\t\t\t\t\t\t<div class=\"elementor-element elementor-element-9a4fdb2 elementor-widget elementor-widget-image\" data-id=\"9a4fdb2\" data-element_type=\"widget\" data-e-type=\"widget\" data-widget_type=\"image.default\">\n\t\t\t\t<div class=\"elementor-widget-container\">\n\t\t\t\t\t\t\t\t\t\t\t\t<figure class=\"wp-caption\">\n\t\t\t\t\t\t\t\t\t\t\t<a href=\"https:\/\/rencontresdecalenzana.fr\/index.php\/portfolio_page\/raphael-severe\/\" target=\"_blank\">\n\t\t\t\t\t\t\t<img loading=\"lazy\" decoding=\"async\" width=\"1024\" height=\"1024\" src=\"https:\/\/rencontresdecalenzana.fr\/wp-content\/uploads\/2026\/06\/R-Severe-credit-photo-copyright-Julien-Julien-Benhamou-.jpg\" class=\"elementor-animation-grow attachment-large size-large wp-image-10162\" alt=\"\" srcset=\"https:\/\/rencontresdecalenzana.fr\/wp-content\/uploads\/2026\/06\/R-Severe-credit-photo-copyright-Julien-Julien-Benhamou-.jpg 1024w, https:\/\/rencontresdecalenzana.fr\/wp-content\/uploads\/2026\/06\/R-Severe-credit-photo-copyright-Julien-Julien-Benhamou--300x300.jpg 300w, https:\/\/rencontresdecalenzana.fr\/wp-content\/uploads\/2026\/06\/R-Severe-credit-photo-copyright-Julien-Julien-Benhamou--150x150.jpg 150w, https:\/\/rencontresdecalenzana.fr\/wp-content\/uploads\/2026\/06\/R-Severe-credit-photo-copyright-Julien-Julien-Benhamou--768x768.jpg 768w, https:\/\/rencontresdecalenzana.fr\/wp-content\/uploads\/2026\/06\/R-Severe-credit-photo-copyright-Julien-Julien-Benhamou--200x200.jpg 200w, https:\/\/rencontresdecalenzana.fr\/wp-content\/uploads\/2026\/06\/R-Severe-credit-photo-copyright-Julien-Julien-Benhamou--80x80.jpg 80w, https:\/\/rencontresdecalenzana.fr\/wp-content\/uploads\/2026\/06\/R-Severe-credit-photo-copyright-Julien-Julien-Benhamou--570x570.jpg 570w, https:\/\/rencontresdecalenzana.fr\/wp-content\/uploads\/2026\/06\/R-Severe-credit-photo-copyright-Julien-Julien-Benhamou--500x500.jpg 500w, https:\/\/rencontresdecalenzana.fr\/wp-content\/uploads\/2026\/06\/R-Severe-credit-photo-copyright-Julien-Julien-Benhamou--1000x1000.jpg 1000w, https:\/\/rencontresdecalenzana.fr\/wp-content\/uploads\/2026\/06\/R-Severe-credit-photo-copyright-Julien-Julien-Benhamou--700x700.jpg 700w\" sizes=\"(max-width: 1024px) 100vw, 1024px\" \/>\t\t\t\t\t\t\t\t<\/a>\n\t\t\t\t\t\t\t\t\t\t\t<figcaption class=\"widget-image-caption wp-caption-text\"> Rapha\u00ebl S\u00e9v\u00e8re<\/figcaption>\n\t\t\t\t\t\t\t\t\t\t<\/figure>\n\t\t\t\t\t\t\t\t\t<\/div>\n\t\t\t\t<\/div>\n\t\t\t\t\t<\/div>\n\t\t<\/div>\n\t\t\t\t\t<\/div>\n\t\t<\/section>\n\t\t\t\t<section class=\"elementor-section elementor-top-section elementor-element elementor-element-8d76740 elementor-section-boxed elementor-section-height-default elementor-section-height-default parallax_section_no qode_elementor_container_no\" data-id=\"8d76740\" data-element_type=\"section\" data-e-type=\"section\">\n\t\t\t\t\t\t<div class=\"elementor-container elementor-column-gap-default\">\n\t\t\t\t\t<div class=\"elementor-column elementor-col-100 elementor-top-column elementor-element elementor-element-6fdf548\" data-id=\"6fdf548\" data-element_type=\"column\" data-e-type=\"column\">\n\t\t\t<div class=\"elementor-widget-wrap elementor-element-populated\">\n\t\t\t\t\t\t<div class=\"elementor-element elementor-element-d2cb356 elementor-widget elementor-widget-text-editor\" data-id=\"d2cb356\" data-element_type=\"widget\" data-e-type=\"widget\" data-widget_type=\"text-editor.default\">\n\t\t\t\t<div class=\"elementor-widget-container\">\n\t\t\t\t\t\t\t\t\t<h1 id=\"les-rencontres-de-calenzana\" style=\"text-align: center;\">Les rencontres de calenzana<\/h1>\t\t\t\t\t\t\t\t<\/div>\n\t\t\t\t<\/div>\n\t\t\t\t\t<\/div>\n\t\t<\/div>\n\t\t\t\t\t<\/div>\n\t\t<\/section>\n\t\t\t\t<\/div>\n\t\t","protected":false},"excerpt":{"rendered":"<p>I Scontri di Calinzana Da u 17 sin\u2019\u00e0 u 24 d\u2019aostu 2026, u festivale accoglie 41 artisti per 30 cuncerti in 23 loci sfarenti, in senu \u00e0 19 paesi balanini\u2026 \u00a0 D\u00e9couvrez la brochure de la 26\u00e8me \u00e9dition des Rencontres de Calenzana, en cliquant sur&#8230;<\/p>\n","protected":false},"author":2,"featured_media":0,"parent":0,"menu_order":0,"comment_status":"closed","ping_status":"closed","template":"","meta":{"_eb_attr":"","_monsterinsights_skip_tracking":false,"footnotes":""},"class_list":["post-10090","page","type-page","status-publish","hentry"],"yoast_head":"<!-- This site is optimized with the Yoast SEO plugin v28.4 - https:\/\/yoast.com\/product\/yoast-seo-wordpress\/ -->\n<title>Les rencontres de Calenzana 2026 - Rencontres de Calenzana<\/title>\n<meta name=\"description\" content=\"I SCONTRI DI CALINZANA : Depuis 2000 Musical RMCC organise les Rencontres de Calenzana festival de musiques classique &amp; contemporaine.\" \/>\n<meta name=\"robots\" content=\"index, follow, max-snippet:-1, max-image-preview:large, max-video-preview:-1\" \/>\n<link rel=\"canonical\" href=\"https:\/\/rencontresdecalenzana.fr\/index.php\/les-rencontres-de-calenzana-2026\/\" \/>\n<meta property=\"og:locale\" content=\"fr_FR\" \/>\n<meta property=\"og:type\" content=\"article\" \/>\n<meta property=\"og:title\" content=\"Les rencontres de Calenzana 2026 - Rencontres de Calenzana\" \/>\n<meta property=\"og:description\" content=\"I SCONTRI DI CALINZANA : Depuis 2000 Musical RMCC organise les Rencontres de Calenzana festival de musiques classique &amp; contemporaine.\" \/>\n<meta property=\"og:url\" content=\"https:\/\/rencontresdecalenzana.fr\/index.php\/les-rencontres-de-calenzana-2026\/\" \/>\n<meta property=\"og:site_name\" content=\"Rencontres de Calenzana\" \/>\n<meta property=\"article:modified_time\" content=\"2026-08-05T11:48:23+00:00\" \/>\n<meta property=\"og:image\" content=\"https:\/\/rencontresdecalenzana.fr\/wp-content\/uploads\/2026\/08\/flyer-carre-reseaux.1080x1080.2026.webp\" \/>\n\t<meta property=\"og:image:width\" content=\"1080\" \/>\n\t<meta property=\"og:image:height\" content=\"1080\" \/>\n\t<meta property=\"og:image:type\" content=\"image\/webp\" \/>\n<meta name=\"twitter:card\" content=\"summary_large_image\" \/>\n<meta name=\"twitter:label1\" content=\"Dur\u00e9e de lecture estim\u00e9e\" \/>\n\t<meta name=\"twitter:data1\" content=\"8 minutes\" \/>\n<script type=\"application\/ld+json\" class=\"yoast-schema-graph\">{\"@context\":\"https:\\\/\\\/schema.org\",\"@graph\":[{\"@type\":\"WebPage\",\"@id\":\"https:\\\/\\\/rencontresdecalenzana.fr\\\/index.php\\\/les-rencontres-de-calenzana-2026\\\/\",\"url\":\"https:\\\/\\\/rencontresdecalenzana.fr\\\/index.php\\\/les-rencontres-de-calenzana-2026\\\/\",\"name\":\"Les rencontres de Calenzana 2026 - Rencontres de Calenzana\",\"isPartOf\":{\"@id\":\"https:\\\/\\\/rencontresdecalenzana.fr\\\/#website\"},\"primaryImageOfPage\":{\"@id\":\"https:\\\/\\\/rencontresdecalenzana.fr\\\/index.php\\\/les-rencontres-de-calenzana-2026\\\/#primaryimage\"},\"image\":{\"@id\":\"https:\\\/\\\/rencontresdecalenzana.fr\\\/index.php\\\/les-rencontres-de-calenzana-2026\\\/#primaryimage\"},\"thumbnailUrl\":\"https:\\\/\\\/rencontresdecalenzana.fr\\\/wp-content\\\/uploads\\\/2026\\\/08\\\/flyer-carre-reseaux.1080x1080.2026.webp\",\"datePublished\":\"2026-06-03T16:00:12+00:00\",\"dateModified\":\"2026-08-05T11:48:23+00:00\",\"description\":\"I SCONTRI DI CALINZANA : Depuis 2000 Musical RMCC organise les Rencontres de Calenzana festival de musiques classique & contemporaine.\",\"breadcrumb\":{\"@id\":\"https:\\\/\\\/rencontresdecalenzana.fr\\\/index.php\\\/les-rencontres-de-calenzana-2026\\\/#breadcrumb\"},\"inLanguage\":\"fr-FR\",\"potentialAction\":[{\"@type\":\"ReadAction\",\"target\":[\"https:\\\/\\\/rencontresdecalenzana.fr\\\/index.php\\\/les-rencontres-de-calenzana-2026\\\/\"]}]},{\"@type\":\"ImageObject\",\"inLanguage\":\"fr-FR\",\"@id\":\"https:\\\/\\\/rencontresdecalenzana.fr\\\/index.php\\\/les-rencontres-de-calenzana-2026\\\/#primaryimage\",\"url\":\"https:\\\/\\\/rencontresdecalenzana.fr\\\/wp-content\\\/uploads\\\/2026\\\/08\\\/flyer-carre-reseaux.1080x1080.2026.webp\",\"contentUrl\":\"https:\\\/\\\/rencontresdecalenzana.fr\\\/wp-content\\\/uploads\\\/2026\\\/08\\\/flyer-carre-reseaux.1080x1080.2026.webp\",\"width\":1080,\"height\":1080},{\"@type\":\"BreadcrumbList\",\"@id\":\"https:\\\/\\\/rencontresdecalenzana.fr\\\/index.php\\\/les-rencontres-de-calenzana-2026\\\/#breadcrumb\",\"itemListElement\":[{\"@type\":\"ListItem\",\"position\":1,\"name\":\"Accueil\",\"item\":\"https:\\\/\\\/rencontresdecalenzana.fr\\\/\"},{\"@type\":\"ListItem\",\"position\":2,\"name\":\"Les rencontres de Calenzana 2026\"}]},{\"@type\":\"WebSite\",\"@id\":\"https:\\\/\\\/rencontresdecalenzana.fr\\\/#website\",\"url\":\"https:\\\/\\\/rencontresdecalenzana.fr\\\/\",\"name\":\"Rencontres de Calenzana\",\"description\":\"Musique classiques et contemporaine\",\"publisher\":{\"@id\":\"https:\\\/\\\/rencontresdecalenzana.fr\\\/#organization\"},\"potentialAction\":[{\"@type\":\"SearchAction\",\"target\":{\"@type\":\"EntryPoint\",\"urlTemplate\":\"https:\\\/\\\/rencontresdecalenzana.fr\\\/?s={search_term_string}\"},\"query-input\":{\"@type\":\"PropertyValueSpecification\",\"valueRequired\":true,\"valueName\":\"search_term_string\"}}],\"inLanguage\":\"fr-FR\"},{\"@type\":\"Organization\",\"@id\":\"https:\\\/\\\/rencontresdecalenzana.fr\\\/#organization\",\"name\":\"Musical RMCC\",\"url\":\"https:\\\/\\\/rencontresdecalenzana.fr\\\/\",\"logo\":{\"@type\":\"ImageObject\",\"inLanguage\":\"fr-FR\",\"@id\":\"https:\\\/\\\/rencontresdecalenzana.fr\\\/#\\\/schema\\\/logo\\\/image\\\/\",\"url\":\"https:\\\/\\\/rencontresdecalenzana.fr\\\/wp-content\\\/uploads\\\/2020\\\/10\\\/Logo_RMCC_black.png\",\"contentUrl\":\"https:\\\/\\\/rencontresdecalenzana.fr\\\/wp-content\\\/uploads\\\/2020\\\/10\\\/Logo_RMCC_black.png\",\"width\":526,\"height\":178,\"caption\":\"Musical RMCC\"},\"image\":{\"@id\":\"https:\\\/\\\/rencontresdecalenzana.fr\\\/#\\\/schema\\\/logo\\\/image\\\/\"}}]}<\/script>\n<!-- \/ Yoast SEO plugin. -->","yoast_head_json":{"title":"Les rencontres de Calenzana 2026 - Rencontres de Calenzana","description":"I SCONTRI DI CALINZANA : Depuis 2000 Musical RMCC organise les Rencontres de Calenzana festival de musiques classique & contemporaine.","robots":{"index":"index","follow":"follow","max-snippet":"max-snippet:-1","max-image-preview":"max-image-preview:large","max-video-preview":"max-video-preview:-1"},"canonical":"https:\/\/rencontresdecalenzana.fr\/index.php\/les-rencontres-de-calenzana-2026\/","og_locale":"fr_FR","og_type":"article","og_title":"Les rencontres de Calenzana 2026 - Rencontres de Calenzana","og_description":"I SCONTRI DI CALINZANA : Depuis 2000 Musical RMCC organise les Rencontres de Calenzana festival de musiques classique & contemporaine.","og_url":"https:\/\/rencontresdecalenzana.fr\/index.php\/les-rencontres-de-calenzana-2026\/","og_site_name":"Rencontres de Calenzana","article_modified_time":"2026-08-05T11:48:23+00:00","og_image":[{"width":1080,"height":1080,"url":"https:\/\/rencontresdecalenzana.fr\/wp-content\/uploads\/2026\/08\/flyer-carre-reseaux.1080x1080.2026.webp","type":"image\/webp"}],"twitter_card":"summary_large_image","twitter_misc":{"Dur\u00e9e de lecture estim\u00e9e":"8 minutes"},"schema":{"@context":"https:\/\/schema.org","@graph":[{"@type":"WebPage","@id":"https:\/\/rencontresdecalenzana.fr\/index.php\/les-rencontres-de-calenzana-2026\/","url":"https:\/\/rencontresdecalenzana.fr\/index.php\/les-rencontres-de-calenzana-2026\/","name":"Les rencontres de Calenzana 2026 - Rencontres de Calenzana","isPartOf":{"@id":"https:\/\/rencontresdecalenzana.fr\/#website"},"primaryImageOfPage":{"@id":"https:\/\/rencontresdecalenzana.fr\/index.php\/les-rencontres-de-calenzana-2026\/#primaryimage"},"image":{"@id":"https:\/\/rencontresdecalenzana.fr\/index.php\/les-rencontres-de-calenzana-2026\/#primaryimage"},"thumbnailUrl":"https:\/\/rencontresdecalenzana.fr\/wp-content\/uploads\/2026\/08\/flyer-carre-reseaux.1080x1080.2026.webp","datePublished":"2026-06-03T16:00:12+00:00","dateModified":"2026-08-05T11:48:23+00:00","description":"I SCONTRI DI CALINZANA : Depuis 2000 Musical RMCC organise les Rencontres de Calenzana festival de musiques classique & contemporaine.","breadcrumb":{"@id":"https:\/\/rencontresdecalenzana.fr\/index.php\/les-rencontres-de-calenzana-2026\/#breadcrumb"},"inLanguage":"fr-FR","potentialAction":[{"@type":"ReadAction","target":["https:\/\/rencontresdecalenzana.fr\/index.php\/les-rencontres-de-calenzana-2026\/"]}]},{"@type":"ImageObject","inLanguage":"fr-FR","@id":"https:\/\/rencontresdecalenzana.fr\/index.php\/les-rencontres-de-calenzana-2026\/#primaryimage","url":"https:\/\/rencontresdecalenzana.fr\/wp-content\/uploads\/2026\/08\/flyer-carre-reseaux.1080x1080.2026.webp","contentUrl":"https:\/\/rencontresdecalenzana.fr\/wp-content\/uploads\/2026\/08\/flyer-carre-reseaux.1080x1080.2026.webp","width":1080,"height":1080},{"@type":"BreadcrumbList","@id":"https:\/\/rencontresdecalenzana.fr\/index.php\/les-rencontres-de-calenzana-2026\/#breadcrumb","itemListElement":[{"@type":"ListItem","position":1,"name":"Accueil","item":"https:\/\/rencontresdecalenzana.fr\/"},{"@type":"ListItem","position":2,"name":"Les rencontres de Calenzana 2026"}]},{"@type":"WebSite","@id":"https:\/\/rencontresdecalenzana.fr\/#website","url":"https:\/\/rencontresdecalenzana.fr\/","name":"Rencontres de Calenzana","description":"Musique classiques et contemporaine","publisher":{"@id":"https:\/\/rencontresdecalenzana.fr\/#organization"},"potentialAction":[{"@type":"SearchAction","target":{"@type":"EntryPoint","urlTemplate":"https:\/\/rencontresdecalenzana.fr\/?s={search_term_string}"},"query-input":{"@type":"PropertyValueSpecification","valueRequired":true,"valueName":"search_term_string"}}],"inLanguage":"fr-FR"},{"@type":"Organization","@id":"https:\/\/rencontresdecalenzana.fr\/#organization","name":"Musical RMCC","url":"https:\/\/rencontresdecalenzana.fr\/","logo":{"@type":"ImageObject","inLanguage":"fr-FR","@id":"https:\/\/rencontresdecalenzana.fr\/#\/schema\/logo\/image\/","url":"https:\/\/rencontresdecalenzana.fr\/wp-content\/uploads\/2020\/10\/Logo_RMCC_black.png","contentUrl":"https:\/\/rencontresdecalenzana.fr\/wp-content\/uploads\/2020\/10\/Logo_RMCC_black.png","width":526,"height":178,"caption":"Musical RMCC"},"image":{"@id":"https:\/\/rencontresdecalenzana.fr\/#\/schema\/logo\/image\/"}}]}},"_links":{"self":[{"href":"https:\/\/rencontresdecalenzana.fr\/index.php\/wp-json\/wp\/v2\/pages\/10090","targetHints":{"allow":["GET"]}}],"collection":[{"href":"https:\/\/rencontresdecalenzana.fr\/index.php\/wp-json\/wp\/v2\/pages"}],"about":[{"href":"https:\/\/rencontresdecalenzana.fr\/index.php\/wp-json\/wp\/v2\/types\/page"}],"author":[{"embeddable":true,"href":"https:\/\/rencontresdecalenzana.fr\/index.php\/wp-json\/wp\/v2\/users\/2"}],"replies":[{"embeddable":true,"href":"https:\/\/rencontresdecalenzana.fr\/index.php\/wp-json\/wp\/v2\/comments?post=10090"}],"version-history":[{"count":52,"href":"https:\/\/rencontresdecalenzana.fr\/index.php\/wp-json\/wp\/v2\/pages\/10090\/revisions"}],"predecessor-version":[{"id":10463,"href":"https:\/\/rencontresdecalenzana.fr\/index.php\/wp-json\/wp\/v2\/pages\/10090\/revisions\/10463"}],"wp:attachment":[{"href":"https:\/\/rencontresdecalenzana.fr\/index.php\/wp-json\/wp\/v2\/media?parent=10090"}],"curies":[{"name":"wp","href":"https:\/\/api.w.org\/{rel}","templated":true}]}}