{"id":8360,"date":"2024-09-13T16:35:49","date_gmt":"2024-09-13T14:35:49","guid":{"rendered":"https:\/\/rencontresdecalenzana.fr\/?page_id=8360"},"modified":"2025-03-06T10:47:38","modified_gmt":"2025-03-06T09:47:38","slug":"accademia-di-musica-classica","status":"publish","type":"page","link":"https:\/\/rencontresdecalenzana.fr\/index.php\/accademia-di-musica-classica\/","title":{"rendered":"ACCADEMIA DI MUSICA CLASSICA"},"content":{"rendered":"\t\t<div data-elementor-type=\"wp-page\" data-elementor-id=\"8360\" class=\"elementor elementor-8360\">\n\t\t\t\t\t\t<section class=\"elementor-section elementor-top-section elementor-element elementor-element-ecdbbf2 elementor-section-boxed elementor-section-height-default elementor-section-height-default parallax_section_no qode_elementor_container_no\" data-id=\"ecdbbf2\" data-element_type=\"section\" data-e-type=\"section\">\n\t\t\t\t\t\t<div class=\"elementor-container elementor-column-gap-default\">\n\t\t\t\t\t<div class=\"elementor-column elementor-col-100 elementor-top-column elementor-element elementor-element-251af6d\" data-id=\"251af6d\" data-element_type=\"column\" data-e-type=\"column\">\n\t\t\t<div class=\"elementor-widget-wrap elementor-element-populated\">\n\t\t\t\t\t\t<div class=\"elementor-element elementor-element-1147437 elementor-widget elementor-widget-heading\" data-id=\"1147437\" data-element_type=\"widget\" data-e-type=\"widget\" data-widget_type=\"heading.default\">\n\t\t\t\t<div class=\"elementor-widget-container\">\n\t\t\t\t\t<h2 id=\"furmazione-pe-a-musica-classica\" class=\"elementor-heading-title elementor-size-default\">FURMAZIONE p\u00e8 a musica classica<\/h2>\t\t\t\t<\/div>\n\t\t\t\t<\/div>\n\t\t\t\t<div class=\"elementor-element elementor-element-a1d6362 elementor-widget elementor-widget-text-editor\" data-id=\"a1d6362\" data-element_type=\"widget\" data-e-type=\"widget\" data-widget_type=\"text-editor.default\">\n\t\t\t\t<div class=\"elementor-widget-container\">\n\t\t\t\t\t\t\t\t\t<p>\u00a0<\/p><p>L\u2019Acad\u00e9mie de Musique Classique des Rencontres de Calenzana offre un cadre unique d\u2019apprentissage et de perfectionnement pour les jeunes apprentis prometteurs. Chaque ann\u00e9e, une s\u00e9lection rigoureuse permet \u00e0 de jeunes musiciens d\u2019acc\u00e9der \u00e0 une formation intensive, avec des p\u00e9dagogues de renomm\u00e9e internationale.<\/p><p>Cette acad\u00e9mie s\u2019adresse principalement aux \u00e9tudiants d\u00e9sireux de se pr\u00e9parer aux concours d\u2019entr\u00e9e des plus prestigieuses institutions, telles que le Conservatoire National Sup\u00e9rieur de Musique (CNSM) de Paris et de Lyon. Les stagiaires b\u00e9n\u00e9ficient d\u2019un encadrement personnalis\u00e9, d\u2019une immersion dans un environnement musical exigeant, et d\u2019une exp\u00e9rience formatrice qui les aide \u00e0 d\u00e9velopper les comp\u00e9tences artistiques et techniques n\u00e9cessaires pour exceller dans leur discipline.<\/p><p>En plein c\u0153ur de la Corse, ce programme offre une opportunit\u00e9 rare d\u2019allier passion, rigueur et inspiration dans un cadre naturel propice \u00e0 l\u2019\u00e9panouissement artistique.<\/p><p>Prochaine session : <strong>Du 21 au 26 avril 2025<\/strong><\/p>\t\t\t\t\t\t\t\t<\/div>\n\t\t\t\t<\/div>\n\t\t\t\t\t<\/div>\n\t\t<\/div>\n\t\t\t\t\t<\/div>\n\t\t<\/section>\n\t\t\t\t<section class=\"elementor-section elementor-top-section elementor-element elementor-element-382d477 elementor-section-boxed elementor-section-height-default elementor-section-height-default parallax_section_no qode_elementor_container_no\" data-id=\"382d477\" data-element_type=\"section\" data-e-type=\"section\">\n\t\t\t\t\t\t<div class=\"elementor-container elementor-column-gap-default\">\n\t\t\t\t\t<div class=\"elementor-column elementor-col-100 elementor-top-column elementor-element elementor-element-a044ef8\" data-id=\"a044ef8\" data-element_type=\"column\" data-e-type=\"column\">\n\t\t\t<div class=\"elementor-widget-wrap elementor-element-populated\">\n\t\t\t\t\t\t<div class=\"elementor-element elementor-element-be25ed2 elementor-widget elementor-widget-image\" data-id=\"be25ed2\" data-element_type=\"widget\" data-e-type=\"widget\" data-widget_type=\"image.default\">\n\t\t\t\t<div class=\"elementor-widget-container\">\n\t\t\t\t\t\t\t\t\t\t\t\t\t\t\t<img fetchpriority=\"high\" decoding=\"async\" width=\"768\" height=\"549\" src=\"https:\/\/rencontresdecalenzana.fr\/wp-content\/uploads\/2024\/06\/Photo2_-Denis-Pascal-768x549.jpg\" class=\"attachment-medium_large size-medium_large wp-image-8067\" alt=\"\" srcset=\"https:\/\/rencontresdecalenzana.fr\/wp-content\/uploads\/2024\/06\/Photo2_-Denis-Pascal-768x549.jpg 768w, https:\/\/rencontresdecalenzana.fr\/wp-content\/uploads\/2024\/06\/Photo2_-Denis-Pascal-300x214.jpg 300w, https:\/\/rencontresdecalenzana.fr\/wp-content\/uploads\/2024\/06\/Photo2_-Denis-Pascal-1024x731.jpg 1024w, https:\/\/rencontresdecalenzana.fr\/wp-content\/uploads\/2024\/06\/Photo2_-Denis-Pascal-1536x1097.jpg 1536w, https:\/\/rencontresdecalenzana.fr\/wp-content\/uploads\/2024\/06\/Photo2_-Denis-Pascal-2048x1463.jpg 2048w, https:\/\/rencontresdecalenzana.fr\/wp-content\/uploads\/2024\/06\/Photo2_-Denis-Pascal-200x143.jpg 200w, https:\/\/rencontresdecalenzana.fr\/wp-content\/uploads\/2024\/06\/Photo2_-Denis-Pascal-700x500.jpg 700w\" sizes=\"(max-width: 768px) 100vw, 768px\" \/>\t\t\t\t\t\t\t\t\t\t\t\t\t\t\t<\/div>\n\t\t\t\t<\/div>\n\t\t\t\t\t<\/div>\n\t\t<\/div>\n\t\t\t\t\t<\/div>\n\t\t<\/section>\n\t\t\t\t<section class=\"elementor-section elementor-top-section elementor-element elementor-element-4e1ea29 elementor-section-boxed elementor-section-height-default elementor-section-height-default parallax_section_no qode_elementor_container_no\" data-id=\"4e1ea29\" data-element_type=\"section\" data-e-type=\"section\">\n\t\t\t\t\t\t<div class=\"elementor-container elementor-column-gap-default\">\n\t\t\t\t\t<div class=\"elementor-column elementor-col-100 elementor-top-column elementor-element elementor-element-4d430df\" data-id=\"4d430df\" data-element_type=\"column\" data-e-type=\"column\">\n\t\t\t<div class=\"elementor-widget-wrap elementor-element-populated\">\n\t\t\t\t\t\t<div class=\"elementor-element elementor-element-45298e5 elementor-widget elementor-widget-text-editor\" data-id=\"45298e5\" data-element_type=\"widget\" data-e-type=\"widget\" data-widget_type=\"text-editor.default\">\n\t\t\t\t<div class=\"elementor-widget-container\">\n\t\t\t\t\t\t\t\t\t<p>\u00a0 Acad\u00e9mie avril 2024 :\u00a0<\/p>\n<p>\u2013 taux de satisfaction : 100%*<\/p>\n<p>\u2013 taux d assiduit\u00e9 : 100%*<\/p>\n<p>\u2013 nombre de formations dispens\u00e9es : 1*<\/p>\n<p>\u2013 nombre de stagiaires : 19*<\/p>\n<p>\u2013 Taux de r\u00e9ussite aux \u00e9valuations des acquis : 100%*<\/p>\n<p>* donn\u00e9es mises \u00e0 jour en ao\u00fbt 2024<\/p>\n<p><\/p>\t\t\t\t\t\t\t\t<\/div>\n\t\t\t\t<\/div>\n\t\t\t\t\t<\/div>\n\t\t<\/div>\n\t\t\t\t\t<\/div>\n\t\t<\/section>\n\t\t\t\t<section class=\"elementor-section elementor-top-section elementor-element elementor-element-3b0e13e elementor-section-boxed elementor-section-height-default elementor-section-height-default parallax_section_no qode_elementor_container_no\" data-id=\"3b0e13e\" data-element_type=\"section\" data-e-type=\"section\">\n\t\t\t\t\t\t<div class=\"elementor-container elementor-column-gap-default\">\n\t\t\t\t\t<div class=\"elementor-column elementor-col-50 elementor-top-column elementor-element elementor-element-a8cf02a\" data-id=\"a8cf02a\" data-element_type=\"column\" data-e-type=\"column\">\n\t\t\t<div class=\"elementor-widget-wrap elementor-element-populated\">\n\t\t\t\t\t\t<div class=\"elementor-element elementor-element-959af2b elementor-view-default elementor-widget elementor-widget-icon\" data-id=\"959af2b\" data-element_type=\"widget\" data-e-type=\"widget\" data-widget_type=\"icon.default\">\n\t\t\t\t<div class=\"elementor-widget-container\">\n\t\t\t\t\t\t\t<div class=\"elementor-icon-wrapper\">\n\t\t\t<a class=\"elementor-icon\" href=\"https:\/\/www.calameo.com\/read\/007146884f4fb143b9d44\" target=\"_blank\">\n\t\t\t<i aria-hidden=\"true\" class=\"fas fa-upload\"><\/i>\t\t\t<\/a>\n\t\t<\/div>\n\t\t\t\t\t\t<\/div>\n\t\t\t\t<\/div>\n\t\t\t\t<div class=\"elementor-element elementor-element-4caed89 elementor-view-default elementor-widget elementor-widget-icon\" data-id=\"4caed89\" data-element_type=\"widget\" data-e-type=\"widget\" data-widget_type=\"icon.default\">\n\t\t\t\t<div class=\"elementor-widget-container\">\n\t\t\t\t\t\t\t<div class=\"elementor-icon-wrapper\">\n\t\t\t<a class=\"elementor-icon\" href=\"https:\/\/www.calameo.com\/read\/0071468842631c09a742f\" target=\"_blank\">\n\t\t\t<i aria-hidden=\"true\" class=\"fas fa-upload\"><\/i>\t\t\t<\/a>\n\t\t<\/div>\n\t\t\t\t\t\t<\/div>\n\t\t\t\t<\/div>\n\t\t\t\t\t<\/div>\n\t\t<\/div>\n\t\t\t\t<div class=\"elementor-column elementor-col-50 elementor-top-column elementor-element elementor-element-9386c5c\" data-id=\"9386c5c\" data-element_type=\"column\" data-e-type=\"column\">\n\t\t\t<div class=\"elementor-widget-wrap elementor-element-populated\">\n\t\t\t\t\t\t<div class=\"elementor-element elementor-element-ef0abfb elementor-widget elementor-widget-text-editor\" data-id=\"ef0abfb\" data-element_type=\"widget\" data-e-type=\"widget\" data-widget_type=\"text-editor.default\">\n\t\t\t\t<div class=\"elementor-widget-container\">\n\t\t\t\t\t\t\t\t\t<p>1. Certificat QUALIOPI MUSICAL RMCC<\/p>\t\t\t\t\t\t\t\t<\/div>\n\t\t\t\t<\/div>\n\t\t\t\t<div class=\"elementor-element elementor-element-5f68bd7 elementor-widget elementor-widget-text-editor\" data-id=\"5f68bd7\" data-element_type=\"widget\" data-e-type=\"widget\" data-widget_type=\"text-editor.default\">\n\t\t\t\t<div class=\"elementor-widget-container\">\n\t\t\t\t\t\t\t\t\t<p>2. Politique d\u2019accessibilit\u00e9 \u2013 conditions d\u2019acc\u00e8s<\/p>\t\t\t\t\t\t\t\t<\/div>\n\t\t\t\t<\/div>\n\t\t\t\t\t<\/div>\n\t\t<\/div>\n\t\t\t\t\t<\/div>\n\t\t<\/section>\n\t\t\t\t<section class=\"elementor-section elementor-top-section elementor-element elementor-element-c9bc007 elementor-section-boxed elementor-section-height-default elementor-section-height-default parallax_section_no qode_elementor_container_no\" data-id=\"c9bc007\" data-element_type=\"section\" data-e-type=\"section\">\n\t\t\t\t\t\t<div class=\"elementor-container elementor-column-gap-default\">\n\t\t\t\t\t<div class=\"elementor-column elementor-col-50 elementor-top-column elementor-element elementor-element-edc9af9\" data-id=\"edc9af9\" data-element_type=\"column\" data-e-type=\"column\">\n\t\t\t<div class=\"elementor-widget-wrap elementor-element-populated\">\n\t\t\t\t\t\t<div class=\"elementor-element elementor-element-f639f3f elementor-view-default elementor-widget elementor-widget-icon\" data-id=\"f639f3f\" data-element_type=\"widget\" data-e-type=\"widget\" data-widget_type=\"icon.default\">\n\t\t\t\t<div class=\"elementor-widget-container\">\n\t\t\t\t\t\t\t<div class=\"elementor-icon-wrapper\">\n\t\t\t<a class=\"elementor-icon\" href=\"https:\/\/www.calameo.com\/read\/007146884274c2f7d0544\" target=\"_blank\">\n\t\t\t<i aria-hidden=\"true\" class=\"fas fa-upload\"><\/i>\t\t\t<\/a>\n\t\t<\/div>\n\t\t\t\t\t\t<\/div>\n\t\t\t\t<\/div>\n\t\t\t\t\t<\/div>\n\t\t<\/div>\n\t\t\t\t<div class=\"elementor-column elementor-col-50 elementor-top-column elementor-element elementor-element-cad3471\" data-id=\"cad3471\" data-element_type=\"column\" data-e-type=\"column\">\n\t\t\t<div class=\"elementor-widget-wrap elementor-element-populated\">\n\t\t\t\t\t\t<div class=\"elementor-element elementor-element-17868a4 elementor-widget elementor-widget-text-editor\" data-id=\"17868a4\" data-element_type=\"widget\" data-e-type=\"widget\" data-widget_type=\"text-editor.default\">\n\t\t\t\t<div class=\"elementor-widget-container\">\n\t\t\t\t\t\t\t\t\t<p>3. CGV (particulier)<\/p>\t\t\t\t\t\t\t\t<\/div>\n\t\t\t\t<\/div>\n\t\t\t\t\t<\/div>\n\t\t<\/div>\n\t\t\t\t\t<\/div>\n\t\t<\/section>\n\t\t\t\t<section class=\"elementor-section elementor-top-section elementor-element elementor-element-ec16079 elementor-section-boxed elementor-section-height-default elementor-section-height-default parallax_section_no qode_elementor_container_no\" data-id=\"ec16079\" data-element_type=\"section\" data-e-type=\"section\">\n\t\t\t\t\t\t<div class=\"elementor-container elementor-column-gap-default\">\n\t\t\t\t\t<div class=\"elementor-column elementor-col-50 elementor-top-column elementor-element elementor-element-483d65d\" data-id=\"483d65d\" data-element_type=\"column\" data-e-type=\"column\">\n\t\t\t<div class=\"elementor-widget-wrap elementor-element-populated\">\n\t\t\t\t\t\t<div class=\"elementor-element elementor-element-3830a8f elementor-view-default elementor-widget elementor-widget-icon\" data-id=\"3830a8f\" data-element_type=\"widget\" data-e-type=\"widget\" data-widget_type=\"icon.default\">\n\t\t\t\t<div class=\"elementor-widget-container\">\n\t\t\t\t\t\t\t<div class=\"elementor-icon-wrapper\">\n\t\t\t<a class=\"elementor-icon\" href=\"https:\/\/www.calameo.com\/read\/007146884508d2430c117\" target=\"_blank\">\n\t\t\t<i aria-hidden=\"true\" class=\"fas fa-upload\"><\/i>\t\t\t<\/a>\n\t\t<\/div>\n\t\t\t\t\t\t<\/div>\n\t\t\t\t<\/div>\n\t\t\t\t\t<\/div>\n\t\t<\/div>\n\t\t\t\t<div class=\"elementor-column elementor-col-50 elementor-top-column elementor-element elementor-element-c795190\" data-id=\"c795190\" data-element_type=\"column\" data-e-type=\"column\">\n\t\t\t<div class=\"elementor-widget-wrap elementor-element-populated\">\n\t\t\t\t\t\t<div class=\"elementor-element elementor-element-ababda8 elementor-widget__width-initial elementor-widget elementor-widget-text-editor\" data-id=\"ababda8\" data-element_type=\"widget\" data-e-type=\"widget\" data-widget_type=\"text-editor.default\">\n\t\t\t\t<div class=\"elementor-widget-container\">\n\t\t\t\t\t\t\t\t\t<p>4. CGV (Professionnel)<\/p>\t\t\t\t\t\t\t\t<\/div>\n\t\t\t\t<\/div>\n\t\t\t\t\t<\/div>\n\t\t<\/div>\n\t\t\t\t\t<\/div>\n\t\t<\/section>\n\t\t\t\t<section class=\"elementor-section elementor-top-section elementor-element elementor-element-fa94dfc elementor-section-boxed elementor-section-height-default elementor-section-height-default parallax_section_no qode_elementor_container_no\" data-id=\"fa94dfc\" data-element_type=\"section\" data-e-type=\"section\">\n\t\t\t\t\t\t<div class=\"elementor-container elementor-column-gap-default\">\n\t\t\t\t\t<div class=\"elementor-column elementor-col-50 elementor-top-column elementor-element elementor-element-a37e1f2\" data-id=\"a37e1f2\" data-element_type=\"column\" data-e-type=\"column\">\n\t\t\t<div class=\"elementor-widget-wrap elementor-element-populated\">\n\t\t\t\t\t\t<div class=\"elementor-element elementor-element-ed958cc elementor-view-default elementor-widget elementor-widget-icon\" data-id=\"ed958cc\" data-element_type=\"widget\" data-e-type=\"widget\" data-widget_type=\"icon.default\">\n\t\t\t\t<div class=\"elementor-widget-container\">\n\t\t\t\t\t\t\t<div class=\"elementor-icon-wrapper\">\n\t\t\t<a class=\"elementor-icon\" href=\"https:\/\/www.calameo.com\/read\/0071468843d37ee3feb00\" target=\"_blank\">\n\t\t\t<i aria-hidden=\"true\" class=\"fas fa-upload\"><\/i>\t\t\t<\/a>\n\t\t<\/div>\n\t\t\t\t\t\t<\/div>\n\t\t\t\t<\/div>\n\t\t\t\t\t<\/div>\n\t\t<\/div>\n\t\t\t\t<div class=\"elementor-column elementor-col-50 elementor-top-column elementor-element elementor-element-fb7c7db\" data-id=\"fb7c7db\" data-element_type=\"column\" data-e-type=\"column\">\n\t\t\t<div class=\"elementor-widget-wrap elementor-element-populated\">\n\t\t\t\t\t\t<div class=\"elementor-element elementor-element-9273c23 elementor-widget elementor-widget-text-editor\" data-id=\"9273c23\" data-element_type=\"widget\" data-e-type=\"widget\" data-widget_type=\"text-editor.default\">\n\t\t\t\t<div class=\"elementor-widget-container\">\n\t\t\t\t\t\t\t\t\t<p>5. Programme de formation<\/p>\t\t\t\t\t\t\t\t<\/div>\n\t\t\t\t<\/div>\n\t\t\t\t\t<\/div>\n\t\t<\/div>\n\t\t\t\t\t<\/div>\n\t\t<\/section>\n\t\t\t\t<section class=\"elementor-section elementor-top-section elementor-element elementor-element-eb671c4 elementor-section-boxed elementor-section-height-default elementor-section-height-default parallax_section_no qode_elementor_container_no\" data-id=\"eb671c4\" data-element_type=\"section\" data-e-type=\"section\">\n\t\t\t\t\t\t<div class=\"elementor-container elementor-column-gap-default\">\n\t\t\t\t\t<div class=\"elementor-column elementor-col-50 elementor-top-column elementor-element elementor-element-789b147\" data-id=\"789b147\" data-element_type=\"column\" data-e-type=\"column\">\n\t\t\t<div class=\"elementor-widget-wrap elementor-element-populated\">\n\t\t\t\t\t\t<div class=\"elementor-element elementor-element-cd4369a elementor-view-default elementor-widget elementor-widget-icon\" data-id=\"cd4369a\" data-element_type=\"widget\" data-e-type=\"widget\" data-widget_type=\"icon.default\">\n\t\t\t\t<div class=\"elementor-widget-container\">\n\t\t\t\t\t\t\t<div class=\"elementor-icon-wrapper\">\n\t\t\t<a class=\"elementor-icon\" href=\"https:\/\/www.calameo.com\/read\/00714688426e21a012bfe\" target=\"_blank\">\n\t\t\t<i aria-hidden=\"true\" class=\"fas fa-upload\"><\/i>\t\t\t<\/a>\n\t\t<\/div>\n\t\t\t\t\t\t<\/div>\n\t\t\t\t<\/div>\n\t\t\t\t\t<\/div>\n\t\t<\/div>\n\t\t\t\t<div class=\"elementor-column elementor-col-50 elementor-top-column elementor-element elementor-element-f454ad4\" data-id=\"f454ad4\" data-element_type=\"column\" data-e-type=\"column\">\n\t\t\t<div class=\"elementor-widget-wrap elementor-element-populated\">\n\t\t\t\t\t\t<div class=\"elementor-element elementor-element-60aead4 elementor-widget elementor-widget-text-editor\" data-id=\"60aead4\" data-element_type=\"widget\" data-e-type=\"widget\" data-widget_type=\"text-editor.default\">\n\t\t\t\t<div class=\"elementor-widget-container\">\n\t\t\t\t\t\t\t\t\t<p>6. R\u00e8glement int\u00e9rieur<\/p>\t\t\t\t\t\t\t\t<\/div>\n\t\t\t\t<\/div>\n\t\t\t\t\t<\/div>\n\t\t<\/div>\n\t\t\t\t\t<\/div>\n\t\t<\/section>\n\t\t\t\t<section class=\"elementor-section elementor-top-section elementor-element elementor-element-c910f16 elementor-section-boxed elementor-section-height-default elementor-section-height-default parallax_section_no qode_elementor_container_no\" data-id=\"c910f16\" data-element_type=\"section\" data-e-type=\"section\">\n\t\t\t\t\t\t<div class=\"elementor-container elementor-column-gap-default\">\n\t\t\t\t\t<div class=\"elementor-column elementor-col-100 elementor-top-column elementor-element elementor-element-72097b1\" data-id=\"72097b1\" data-element_type=\"column\" data-e-type=\"column\">\n\t\t\t<div class=\"elementor-widget-wrap elementor-element-populated\">\n\t\t\t\t\t\t<div class=\"elementor-element elementor-element-d55c1f0 elementor-widget elementor-widget-text-editor\" data-id=\"d55c1f0\" data-element_type=\"widget\" data-e-type=\"widget\" data-widget_type=\"text-editor.default\">\n\t\t\t\t<div class=\"elementor-widget-container\">\n\t\t\t\t\t\t\t\t\t<p>\u00ab\u00a0Num\u00e9ro de D\u00e9claration d\u2019Activit\u00e9 de formation : 94202134220 enregistr\u00e9 aupr\u00e8s du pr\u00e9fet de r\u00e9gion Corse . Cet enregistrement ne vaut pas agr\u00e9ment d\u2019Etat\u00a0\u00bb<\/p>\t\t\t\t\t\t\t\t<\/div>\n\t\t\t\t<\/div>\n\t\t\t\t\t<\/div>\n\t\t<\/div>\n\t\t\t\t\t<\/div>\n\t\t<\/section>\n\t\t\t\t<section class=\"elementor-section elementor-top-section elementor-element elementor-element-3687c9a elementor-section-boxed elementor-section-height-default elementor-section-height-default parallax_section_no qode_elementor_container_no\" data-id=\"3687c9a\" data-element_type=\"section\" data-e-type=\"section\">\n\t\t\t\t\t\t<div class=\"elementor-container elementor-column-gap-default\">\n\t\t\t\t\t<div class=\"elementor-column elementor-col-33 elementor-top-column elementor-element elementor-element-fa2b105\" data-id=\"fa2b105\" data-element_type=\"column\" data-e-type=\"column\">\n\t\t\t<div class=\"elementor-widget-wrap elementor-element-populated\">\n\t\t\t\t\t\t<div class=\"elementor-element elementor-element-58ae518 elementor-widget elementor-widget-image\" data-id=\"58ae518\" data-element_type=\"widget\" data-e-type=\"widget\" data-widget_type=\"image.default\">\n\t\t\t\t<div class=\"elementor-widget-container\">\n\t\t\t\t\t\t\t\t\t\t\t\t\t\t\t<img decoding=\"async\" width=\"1024\" height=\"570\" src=\"https:\/\/rencontresdecalenzana.fr\/wp-content\/uploads\/2024\/11\/Qualiopi-HD-formation-1024x570.png\" class=\"attachment-large size-large wp-image-8542\" alt=\"\" srcset=\"https:\/\/rencontresdecalenzana.fr\/wp-content\/uploads\/2024\/11\/Qualiopi-HD-formation-1024x570.png 1024w, https:\/\/rencontresdecalenzana.fr\/wp-content\/uploads\/2024\/11\/Qualiopi-HD-formation-300x167.png 300w, https:\/\/rencontresdecalenzana.fr\/wp-content\/uploads\/2024\/11\/Qualiopi-HD-formation-768x428.png 768w, https:\/\/rencontresdecalenzana.fr\/wp-content\/uploads\/2024\/11\/Qualiopi-HD-formation-1536x855.png 1536w, https:\/\/rencontresdecalenzana.fr\/wp-content\/uploads\/2024\/11\/Qualiopi-HD-formation-2048x1140.png 2048w, https:\/\/rencontresdecalenzana.fr\/wp-content\/uploads\/2024\/11\/Qualiopi-HD-formation-200x111.png 200w, https:\/\/rencontresdecalenzana.fr\/wp-content\/uploads\/2024\/11\/Qualiopi-HD-formation-700x390.png 700w\" sizes=\"(max-width: 1024px) 100vw, 1024px\" \/>\t\t\t\t\t\t\t\t\t\t\t\t\t\t\t<\/div>\n\t\t\t\t<\/div>\n\t\t\t\t\t<\/div>\n\t\t<\/div>\n\t\t\t\t<div class=\"elementor-column elementor-col-66 elementor-top-column elementor-element elementor-element-b5b7acc\" data-id=\"b5b7acc\" data-element_type=\"column\" data-e-type=\"column\">\n\t\t\t<div class=\"elementor-widget-wrap elementor-element-populated\">\n\t\t\t\t\t\t<div class=\"elementor-element elementor-element-2adc5a9 elementor-widget elementor-widget-text-editor\" data-id=\"2adc5a9\" data-element_type=\"widget\" data-e-type=\"widget\" data-widget_type=\"text-editor.default\">\n\t\t\t\t<div class=\"elementor-widget-container\">\n\t\t\t\t\t\t\t\t\t<p style=\"text-align: left;\"><span style=\"background-color: #ffffff;\">La certification Qualiopi obtenue par l\u2019association Musicale RMCC garantit la qualit\u00e9 de ses actions de formation et leur conformit\u00e9 aux exigences nationales. Elle permet \u00e0 RMCC d\u2019offrir des formations professionnalisantes reconnues et \u00e9ligibles aux programmes d\u2019aides publics\u00a0 (CFP, VAE, etc\u2026).<\/span><\/p>\t\t\t\t\t\t\t\t<\/div>\n\t\t\t\t<\/div>\n\t\t\t\t\t<\/div>\n\t\t<\/div>\n\t\t\t\t\t<\/div>\n\t\t<\/section>\n\t\t\t\t<section class=\"elementor-section elementor-top-section elementor-element elementor-element-0e96dab elementor-section-boxed elementor-section-height-default elementor-section-height-default parallax_section_no qode_elementor_container_no\" data-id=\"0e96dab\" data-element_type=\"section\" data-e-type=\"section\">\n\t\t\t\t\t\t<div class=\"elementor-container elementor-column-gap-default\">\n\t\t\t\t\t<div class=\"elementor-column elementor-col-100 elementor-top-column elementor-element elementor-element-09d8361\" data-id=\"09d8361\" data-element_type=\"column\" data-e-type=\"column\">\n\t\t\t<div class=\"elementor-widget-wrap elementor-element-populated\">\n\t\t\t\t\t\t<div class=\"elementor-element elementor-element-af3754d elementor-widget elementor-widget-spacer\" data-id=\"af3754d\" data-element_type=\"widget\" data-e-type=\"widget\" data-widget_type=\"spacer.default\">\n\t\t\t\t<div class=\"elementor-widget-container\">\n\t\t\t\t\t\t\t<div class=\"elementor-spacer\">\n\t\t\t<div class=\"elementor-spacer-inner\"><\/div>\n\t\t<\/div>\n\t\t\t\t\t\t<\/div>\n\t\t\t\t<\/div>\n\t\t\t\t\t<\/div>\n\t\t<\/div>\n\t\t\t\t\t<\/div>\n\t\t<\/section>\n\t\t\t\t<\/div>\n\t\t","protected":false},"excerpt":{"rendered":"<p>FURMAZIONE p\u00e8 a musica classica \u00a0 L\u2019Acad\u00e9mie de Musique Classique des Rencontres de Calenzana offre un cadre unique d\u2019apprentissage et de perfectionnement pour les jeunes apprentis prometteurs. Chaque ann\u00e9e, une s\u00e9lection rigoureuse permet \u00e0 de jeunes musiciens d\u2019acc\u00e9der \u00e0 une formation intensive, avec des p\u00e9dagogues&#8230;<\/p>\n","protected":false},"author":3,"featured_media":0,"parent":0,"menu_order":0,"comment_status":"closed","ping_status":"closed","template":"","meta":{"_eb_attr":"","_monsterinsights_skip_tracking":false,"_monsterinsights_sitenote_active":false,"_monsterinsights_sitenote_note":"","_monsterinsights_sitenote_category":0,"footnotes":""},"class_list":["post-8360","page","type-page","status-publish","hentry"],"yoast_head":"<!-- This site is optimized with the Yoast SEO plugin v27.5 - https:\/\/yoast.com\/product\/yoast-seo-wordpress\/ -->\n<title>ACCADEMIA DI MUSICA CLASSICA - Rencontres de Calenzana<\/title>\n<meta name=\"description\" content=\"Inscrivez vous \u00e0 l&#039;acad\u00e9mie de musique classique des rencontres de calenzana. Profitez d&#039;une formation d&#039;excellence avec des grands noms et professeurs professionnels pour d\u00e9velopper vos comp\u00e9tences musicales dans le plus beau cadre qui soit : la Corse\" \/>\n<meta name=\"robots\" content=\"index, follow, max-snippet:-1, max-image-preview:large, max-video-preview:-1\" \/>\n<link rel=\"canonical\" href=\"https:\/\/rencontresdecalenzana.fr\/index.php\/accademia-di-musica-classica\/\" \/>\n<meta property=\"og:locale\" content=\"fr_FR\" \/>\n<meta property=\"og:type\" content=\"article\" \/>\n<meta property=\"og:title\" content=\"ACCADEMIA DI MUSICA CLASSICA - Rencontres de Calenzana\" \/>\n<meta property=\"og:description\" content=\"Inscrivez vous \u00e0 l&#039;acad\u00e9mie de musique classique des rencontres de calenzana. Profitez d&#039;une formation d&#039;excellence avec des grands noms et professeurs professionnels pour d\u00e9velopper vos comp\u00e9tences musicales dans le plus beau cadre qui soit : la Corse\" \/>\n<meta property=\"og:url\" content=\"https:\/\/rencontresdecalenzana.fr\/index.php\/accademia-di-musica-classica\/\" \/>\n<meta property=\"og:site_name\" content=\"Rencontres de Calenzana\" \/>\n<meta property=\"article:modified_time\" content=\"2025-03-06T09:47:38+00:00\" \/>\n<meta property=\"og:image\" content=\"https:\/\/rencontresdecalenzana.fr\/wp-content\/uploads\/2024\/06\/Photo2_-Denis-Pascal-scaled.jpg\" \/>\n\t<meta property=\"og:image:width\" content=\"2560\" \/>\n\t<meta property=\"og:image:height\" content=\"1829\" \/>\n\t<meta property=\"og:image:type\" content=\"image\/jpeg\" \/>\n<meta name=\"twitter:card\" content=\"summary_large_image\" \/>\n<meta name=\"twitter:label1\" content=\"Dur\u00e9e de lecture estim\u00e9e\" \/>\n\t<meta name=\"twitter:data1\" content=\"2 minutes\" \/>\n<script type=\"application\/ld+json\" class=\"yoast-schema-graph\">{\"@context\":\"https:\\\/\\\/schema.org\",\"@graph\":[{\"@type\":\"WebPage\",\"@id\":\"https:\\\/\\\/rencontresdecalenzana.fr\\\/index.php\\\/accademia-di-musica-classica\\\/\",\"url\":\"https:\\\/\\\/rencontresdecalenzana.fr\\\/index.php\\\/accademia-di-musica-classica\\\/\",\"name\":\"ACCADEMIA DI MUSICA CLASSICA - Rencontres de Calenzana\",\"isPartOf\":{\"@id\":\"https:\\\/\\\/rencontresdecalenzana.fr\\\/#website\"},\"primaryImageOfPage\":{\"@id\":\"https:\\\/\\\/rencontresdecalenzana.fr\\\/index.php\\\/accademia-di-musica-classica\\\/#primaryimage\"},\"image\":{\"@id\":\"https:\\\/\\\/rencontresdecalenzana.fr\\\/index.php\\\/accademia-di-musica-classica\\\/#primaryimage\"},\"thumbnailUrl\":\"https:\\\/\\\/rencontresdecalenzana.fr\\\/wp-content\\\/uploads\\\/2024\\\/06\\\/Photo2_-Denis-Pascal-768x549.jpg\",\"datePublished\":\"2024-09-13T14:35:49+00:00\",\"dateModified\":\"2025-03-06T09:47:38+00:00\",\"description\":\"Inscrivez vous \u00e0 l'acad\u00e9mie de musique classique des rencontres de calenzana. Profitez d'une formation d'excellence avec des grands noms et professeurs professionnels pour d\u00e9velopper vos comp\u00e9tences musicales dans le plus beau cadre qui soit : la Corse\",\"breadcrumb\":{\"@id\":\"https:\\\/\\\/rencontresdecalenzana.fr\\\/index.php\\\/accademia-di-musica-classica\\\/#breadcrumb\"},\"inLanguage\":\"fr-FR\",\"potentialAction\":[{\"@type\":\"ReadAction\",\"target\":[\"https:\\\/\\\/rencontresdecalenzana.fr\\\/index.php\\\/accademia-di-musica-classica\\\/\"]}]},{\"@type\":\"ImageObject\",\"inLanguage\":\"fr-FR\",\"@id\":\"https:\\\/\\\/rencontresdecalenzana.fr\\\/index.php\\\/accademia-di-musica-classica\\\/#primaryimage\",\"url\":\"https:\\\/\\\/rencontresdecalenzana.fr\\\/wp-content\\\/uploads\\\/2024\\\/06\\\/Photo2_-Denis-Pascal-scaled.jpg\",\"contentUrl\":\"https:\\\/\\\/rencontresdecalenzana.fr\\\/wp-content\\\/uploads\\\/2024\\\/06\\\/Photo2_-Denis-Pascal-scaled.jpg\",\"width\":2560,\"height\":1829},{\"@type\":\"BreadcrumbList\",\"@id\":\"https:\\\/\\\/rencontresdecalenzana.fr\\\/index.php\\\/accademia-di-musica-classica\\\/#breadcrumb\",\"itemListElement\":[{\"@type\":\"ListItem\",\"position\":1,\"name\":\"Accueil\",\"item\":\"https:\\\/\\\/rencontresdecalenzana.fr\\\/\"},{\"@type\":\"ListItem\",\"position\":2,\"name\":\"ACCADEMIA DI MUSICA CLASSICA\"}]},{\"@type\":\"WebSite\",\"@id\":\"https:\\\/\\\/rencontresdecalenzana.fr\\\/#website\",\"url\":\"https:\\\/\\\/rencontresdecalenzana.fr\\\/\",\"name\":\"Rencontres de Calenzana\",\"description\":\"Musique classiques et contemporaine\",\"publisher\":{\"@id\":\"https:\\\/\\\/rencontresdecalenzana.fr\\\/#organization\"},\"potentialAction\":[{\"@type\":\"SearchAction\",\"target\":{\"@type\":\"EntryPoint\",\"urlTemplate\":\"https:\\\/\\\/rencontresdecalenzana.fr\\\/?s={search_term_string}\"},\"query-input\":{\"@type\":\"PropertyValueSpecification\",\"valueRequired\":true,\"valueName\":\"search_term_string\"}}],\"inLanguage\":\"fr-FR\"},{\"@type\":\"Organization\",\"@id\":\"https:\\\/\\\/rencontresdecalenzana.fr\\\/#organization\",\"name\":\"Musical RMCC\",\"url\":\"https:\\\/\\\/rencontresdecalenzana.fr\\\/\",\"logo\":{\"@type\":\"ImageObject\",\"inLanguage\":\"fr-FR\",\"@id\":\"https:\\\/\\\/rencontresdecalenzana.fr\\\/#\\\/schema\\\/logo\\\/image\\\/\",\"url\":\"https:\\\/\\\/rencontresdecalenzana.fr\\\/wp-content\\\/uploads\\\/2020\\\/10\\\/Logo_RMCC_black.png\",\"contentUrl\":\"https:\\\/\\\/rencontresdecalenzana.fr\\\/wp-content\\\/uploads\\\/2020\\\/10\\\/Logo_RMCC_black.png\",\"width\":526,\"height\":178,\"caption\":\"Musical RMCC\"},\"image\":{\"@id\":\"https:\\\/\\\/rencontresdecalenzana.fr\\\/#\\\/schema\\\/logo\\\/image\\\/\"}}]}<\/script>\n<!-- \/ Yoast SEO plugin. -->","yoast_head_json":{"title":"ACCADEMIA DI MUSICA CLASSICA - Rencontres de Calenzana","description":"Inscrivez vous \u00e0 l'acad\u00e9mie de musique classique des rencontres de calenzana. Profitez d'une formation d'excellence avec des grands noms et professeurs professionnels pour d\u00e9velopper vos comp\u00e9tences musicales dans le plus beau cadre qui soit : la Corse","robots":{"index":"index","follow":"follow","max-snippet":"max-snippet:-1","max-image-preview":"max-image-preview:large","max-video-preview":"max-video-preview:-1"},"canonical":"https:\/\/rencontresdecalenzana.fr\/index.php\/accademia-di-musica-classica\/","og_locale":"fr_FR","og_type":"article","og_title":"ACCADEMIA DI MUSICA CLASSICA - Rencontres de Calenzana","og_description":"Inscrivez vous \u00e0 l'acad\u00e9mie de musique classique des rencontres de calenzana. Profitez d'une formation d'excellence avec des grands noms et professeurs professionnels pour d\u00e9velopper vos comp\u00e9tences musicales dans le plus beau cadre qui soit : la Corse","og_url":"https:\/\/rencontresdecalenzana.fr\/index.php\/accademia-di-musica-classica\/","og_site_name":"Rencontres de Calenzana","article_modified_time":"2025-03-06T09:47:38+00:00","og_image":[{"width":2560,"height":1829,"url":"https:\/\/rencontresdecalenzana.fr\/wp-content\/uploads\/2024\/06\/Photo2_-Denis-Pascal-scaled.jpg","type":"image\/jpeg"}],"twitter_card":"summary_large_image","twitter_misc":{"Dur\u00e9e de lecture estim\u00e9e":"2 minutes"},"schema":{"@context":"https:\/\/schema.org","@graph":[{"@type":"WebPage","@id":"https:\/\/rencontresdecalenzana.fr\/index.php\/accademia-di-musica-classica\/","url":"https:\/\/rencontresdecalenzana.fr\/index.php\/accademia-di-musica-classica\/","name":"ACCADEMIA DI MUSICA CLASSICA - Rencontres de Calenzana","isPartOf":{"@id":"https:\/\/rencontresdecalenzana.fr\/#website"},"primaryImageOfPage":{"@id":"https:\/\/rencontresdecalenzana.fr\/index.php\/accademia-di-musica-classica\/#primaryimage"},"image":{"@id":"https:\/\/rencontresdecalenzana.fr\/index.php\/accademia-di-musica-classica\/#primaryimage"},"thumbnailUrl":"https:\/\/rencontresdecalenzana.fr\/wp-content\/uploads\/2024\/06\/Photo2_-Denis-Pascal-768x549.jpg","datePublished":"2024-09-13T14:35:49+00:00","dateModified":"2025-03-06T09:47:38+00:00","description":"Inscrivez vous \u00e0 l'acad\u00e9mie de musique classique des rencontres de calenzana. Profitez d'une formation d'excellence avec des grands noms et professeurs professionnels pour d\u00e9velopper vos comp\u00e9tences musicales dans le plus beau cadre qui soit : la Corse","breadcrumb":{"@id":"https:\/\/rencontresdecalenzana.fr\/index.php\/accademia-di-musica-classica\/#breadcrumb"},"inLanguage":"fr-FR","potentialAction":[{"@type":"ReadAction","target":["https:\/\/rencontresdecalenzana.fr\/index.php\/accademia-di-musica-classica\/"]}]},{"@type":"ImageObject","inLanguage":"fr-FR","@id":"https:\/\/rencontresdecalenzana.fr\/index.php\/accademia-di-musica-classica\/#primaryimage","url":"https:\/\/rencontresdecalenzana.fr\/wp-content\/uploads\/2024\/06\/Photo2_-Denis-Pascal-scaled.jpg","contentUrl":"https:\/\/rencontresdecalenzana.fr\/wp-content\/uploads\/2024\/06\/Photo2_-Denis-Pascal-scaled.jpg","width":2560,"height":1829},{"@type":"BreadcrumbList","@id":"https:\/\/rencontresdecalenzana.fr\/index.php\/accademia-di-musica-classica\/#breadcrumb","itemListElement":[{"@type":"ListItem","position":1,"name":"Accueil","item":"https:\/\/rencontresdecalenzana.fr\/"},{"@type":"ListItem","position":2,"name":"ACCADEMIA DI MUSICA CLASSICA"}]},{"@type":"WebSite","@id":"https:\/\/rencontresdecalenzana.fr\/#website","url":"https:\/\/rencontresdecalenzana.fr\/","name":"Rencontres de Calenzana","description":"Musique classiques et contemporaine","publisher":{"@id":"https:\/\/rencontresdecalenzana.fr\/#organization"},"potentialAction":[{"@type":"SearchAction","target":{"@type":"EntryPoint","urlTemplate":"https:\/\/rencontresdecalenzana.fr\/?s={search_term_string}"},"query-input":{"@type":"PropertyValueSpecification","valueRequired":true,"valueName":"search_term_string"}}],"inLanguage":"fr-FR"},{"@type":"Organization","@id":"https:\/\/rencontresdecalenzana.fr\/#organization","name":"Musical RMCC","url":"https:\/\/rencontresdecalenzana.fr\/","logo":{"@type":"ImageObject","inLanguage":"fr-FR","@id":"https:\/\/rencontresdecalenzana.fr\/#\/schema\/logo\/image\/","url":"https:\/\/rencontresdecalenzana.fr\/wp-content\/uploads\/2020\/10\/Logo_RMCC_black.png","contentUrl":"https:\/\/rencontresdecalenzana.fr\/wp-content\/uploads\/2020\/10\/Logo_RMCC_black.png","width":526,"height":178,"caption":"Musical RMCC"},"image":{"@id":"https:\/\/rencontresdecalenzana.fr\/#\/schema\/logo\/image\/"}}]}},"_links":{"self":[{"href":"https:\/\/rencontresdecalenzana.fr\/index.php\/wp-json\/wp\/v2\/pages\/8360","targetHints":{"allow":["GET"]}}],"collection":[{"href":"https:\/\/rencontresdecalenzana.fr\/index.php\/wp-json\/wp\/v2\/pages"}],"about":[{"href":"https:\/\/rencontresdecalenzana.fr\/index.php\/wp-json\/wp\/v2\/types\/page"}],"author":[{"embeddable":true,"href":"https:\/\/rencontresdecalenzana.fr\/index.php\/wp-json\/wp\/v2\/users\/3"}],"replies":[{"embeddable":true,"href":"https:\/\/rencontresdecalenzana.fr\/index.php\/wp-json\/wp\/v2\/comments?post=8360"}],"version-history":[{"count":76,"href":"https:\/\/rencontresdecalenzana.fr\/index.php\/wp-json\/wp\/v2\/pages\/8360\/revisions"}],"predecessor-version":[{"id":8746,"href":"https:\/\/rencontresdecalenzana.fr\/index.php\/wp-json\/wp\/v2\/pages\/8360\/revisions\/8746"}],"wp:attachment":[{"href":"https:\/\/rencontresdecalenzana.fr\/index.php\/wp-json\/wp\/v2\/media?parent=8360"}],"curies":[{"name":"wp","href":"https:\/\/api.w.org\/{rel}","templated":true}]}}