{"id":9199,"date":"2025-05-15T12:43:18","date_gmt":"2025-05-15T10:43:18","guid":{"rendered":"https:\/\/rencontresdecalenzana.fr\/?page_id=9199"},"modified":"2025-08-22T16:20:05","modified_gmt":"2025-08-22T14:20:05","slug":"les-rencontres-de-calenzana-2025-programmation","status":"publish","type":"page","link":"https:\/\/rencontresdecalenzana.fr\/index.php\/les-rencontres-de-calenzana-2025-programmation\/","title":{"rendered":"Les rencontres de calenzana 2025 Programmation"},"content":{"rendered":"\t\t<div data-elementor-type=\"wp-page\" data-elementor-id=\"9199\" class=\"elementor elementor-9199\">\n\t\t\t\t\t\t<section class=\"elementor-section elementor-top-section elementor-element elementor-element-1efe4b2 elementor-section-full_width elementor-section-height-default elementor-section-height-default parallax_section_no qode_elementor_container_no\" data-id=\"1efe4b2\" data-element_type=\"section\" data-e-type=\"section\" data-settings=\"{&quot;background_background&quot;:&quot;classic&quot;}\">\n\t\t\t\t\t\t<div class=\"elementor-container elementor-column-gap-default\">\n\t\t\t\t\t<div class=\"elementor-column elementor-col-100 elementor-top-column elementor-element elementor-element-9eb64f7\" data-id=\"9eb64f7\" data-element_type=\"column\" data-e-type=\"column\">\n\t\t\t<div class=\"elementor-widget-wrap\">\n\t\t\t\t\t\t\t<\/div>\n\t\t<\/div>\n\t\t\t\t\t<\/div>\n\t\t<\/section>\n\t\t\t\t<section class=\"elementor-section elementor-top-section elementor-element elementor-element-a995843 elementor-section-boxed elementor-section-height-default elementor-section-height-default parallax_section_no qode_elementor_container_no\" data-id=\"a995843\" data-element_type=\"section\" data-e-type=\"section\">\n\t\t\t\t\t\t<div class=\"elementor-container elementor-column-gap-default\">\n\t\t\t\t\t<div class=\"elementor-column elementor-col-100 elementor-top-column elementor-element elementor-element-12606e8\" data-id=\"12606e8\" data-element_type=\"column\" data-e-type=\"column\">\n\t\t\t<div class=\"elementor-widget-wrap elementor-element-populated\">\n\t\t\t\t\t\t<div class=\"elementor-element elementor-element-8049f67 elementor-widget elementor-widget-spacer\" data-id=\"8049f67\" data-element_type=\"widget\" data-e-type=\"widget\" data-widget_type=\"spacer.default\">\n\t\t\t\t<div class=\"elementor-widget-container\">\n\t\t\t\t\t\t\t<div class=\"elementor-spacer\">\n\t\t\t<div class=\"elementor-spacer-inner\"><\/div>\n\t\t<\/div>\n\t\t\t\t\t\t<\/div>\n\t\t\t\t<\/div>\n\t\t\t\t<div class=\"elementor-element elementor-element-736bef2 elementor-widget elementor-widget-text-editor\" data-id=\"736bef2\" data-element_type=\"widget\" data-e-type=\"widget\" data-widget_type=\"text-editor.default\">\n\t\t\t\t<div class=\"elementor-widget-container\">\n\t\t\t\t\t\t\t\t\t<h1 id=\"a-pugrammazione\" style=\"text-align: center;\">A Pugrammazione<\/h1>\t\t\t\t\t\t\t\t<\/div>\n\t\t\t\t<\/div>\n\t\t\t\t<div class=\"elementor-element elementor-element-fd259fb elementor-widget elementor-widget-text-editor\" data-id=\"fd259fb\" data-element_type=\"widget\" data-e-type=\"widget\" data-widget_type=\"text-editor.default\">\n\t\t\t\t<div class=\"elementor-widget-container\">\n\t\t\t\t\t\t\t\t\t<p style=\"text-align: center;\">17 \u00e0 u 24 d&rsquo;Aostu 2025<\/p>\t\t\t\t\t\t\t\t<\/div>\n\t\t\t\t<\/div>\n\t\t\t\t<div class=\"elementor-element elementor-element-0865286 elementor-widget elementor-widget-spacer\" data-id=\"0865286\" data-element_type=\"widget\" data-e-type=\"widget\" data-widget_type=\"spacer.default\">\n\t\t\t\t<div class=\"elementor-widget-container\">\n\t\t\t\t\t\t\t<div class=\"elementor-spacer\">\n\t\t\t<div class=\"elementor-spacer-inner\"><\/div>\n\t\t<\/div>\n\t\t\t\t\t\t<\/div>\n\t\t\t\t<\/div>\n\t\t\t\t\t<\/div>\n\t\t<\/div>\n\t\t\t\t\t<\/div>\n\t\t<\/section>\n\t\t\t\t<section class=\"elementor-section elementor-top-section elementor-element elementor-element-8ef0d9c elementor-section-boxed elementor-section-height-default elementor-section-height-default parallax_section_no qode_elementor_container_no\" data-id=\"8ef0d9c\" data-element_type=\"section\" data-e-type=\"section\">\n\t\t\t\t\t\t<div class=\"elementor-container elementor-column-gap-default\">\n\t\t\t\t\t<div class=\"elementor-column elementor-col-100 elementor-top-column elementor-element elementor-element-829dcf3\" data-id=\"829dcf3\" data-element_type=\"column\" data-e-type=\"column\">\n\t\t\t<div class=\"elementor-widget-wrap elementor-element-populated\">\n\t\t\t\t\t\t<div class=\"elementor-element elementor-element-2eac96a elementor-align-center elementor-widget elementor-widget-button\" data-id=\"2eac96a\" data-element_type=\"widget\" data-e-type=\"widget\" data-widget_type=\"button.default\">\n\t\t\t\t<div class=\"elementor-widget-container\">\n\t\t\t\t\t\t\t\t\t<div class=\"elementor-button-wrapper\">\n\t\t\t\t\t<a class=\"elementor-button elementor-button-link elementor-size-sm elementor-animation-grow\" href=\"https:\/\/www.corsebillet.co\/I-Scontri-di-Calinzana-25esima-edizione_a1743.html\" target=\"_blank\">\n\t\t\t\t\t\t<span class=\"elementor-button-content-wrapper\">\n\t\t\t\t\t\t\t\t\t<span class=\"elementor-button-text\">Lien vers la billetterie<\/span>\n\t\t\t\t\t<\/span>\n\t\t\t\t\t<\/a>\n\t\t\t\t<\/div>\n\t\t\t\t\t\t\t\t<\/div>\n\t\t\t\t<\/div>\n\t\t\t\t\t<\/div>\n\t\t<\/div>\n\t\t\t\t\t<\/div>\n\t\t<\/section>\n\t\t\t\t<section class=\"elementor-section elementor-top-section elementor-element elementor-element-0cb3446 elementor-section-boxed elementor-section-height-default elementor-section-height-default parallax_section_no qode_elementor_container_no\" data-id=\"0cb3446\" data-element_type=\"section\" data-e-type=\"section\">\n\t\t\t\t\t\t<div class=\"elementor-container elementor-column-gap-default\">\n\t\t\t\t\t<div class=\"elementor-column elementor-col-50 elementor-top-column elementor-element elementor-element-16ce790\" data-id=\"16ce790\" data-element_type=\"column\" data-e-type=\"column\">\n\t\t\t<div class=\"elementor-widget-wrap elementor-element-populated\">\n\t\t\t\t\t\t<div class=\"elementor-element elementor-element-83240f3 elementor-widget elementor-widget-image\" data-id=\"83240f3\" data-element_type=\"widget\" data-e-type=\"widget\" data-widget_type=\"image.default\">\n\t\t\t\t<div class=\"elementor-widget-container\">\n\t\t\t\t\t\t\t\t\t\t\t\t\t\t\t<img fetchpriority=\"high\" decoding=\"async\" width=\"1024\" height=\"1024\" src=\"https:\/\/rencontresdecalenzana.fr\/wp-content\/uploads\/2025\/05\/arencontresdecalenzanaconcertstb.jpg\" class=\"attachment-large size-large wp-image-9206\" alt=\"\" srcset=\"https:\/\/rencontresdecalenzana.fr\/wp-content\/uploads\/2025\/05\/arencontresdecalenzanaconcertstb.jpg 1024w, https:\/\/rencontresdecalenzana.fr\/wp-content\/uploads\/2025\/05\/arencontresdecalenzanaconcertstb-300x300.jpg 300w, https:\/\/rencontresdecalenzana.fr\/wp-content\/uploads\/2025\/05\/arencontresdecalenzanaconcertstb-150x150.jpg 150w, https:\/\/rencontresdecalenzana.fr\/wp-content\/uploads\/2025\/05\/arencontresdecalenzanaconcertstb-768x768.jpg 768w, https:\/\/rencontresdecalenzana.fr\/wp-content\/uploads\/2025\/05\/arencontresdecalenzanaconcertstb-200x200.jpg 200w, https:\/\/rencontresdecalenzana.fr\/wp-content\/uploads\/2025\/05\/arencontresdecalenzanaconcertstb-80x80.jpg 80w, https:\/\/rencontresdecalenzana.fr\/wp-content\/uploads\/2025\/05\/arencontresdecalenzanaconcertstb-570x570.jpg 570w, https:\/\/rencontresdecalenzana.fr\/wp-content\/uploads\/2025\/05\/arencontresdecalenzanaconcertstb-500x500.jpg 500w, https:\/\/rencontresdecalenzana.fr\/wp-content\/uploads\/2025\/05\/arencontresdecalenzanaconcertstb-1000x1000.jpg 1000w, https:\/\/rencontresdecalenzana.fr\/wp-content\/uploads\/2025\/05\/arencontresdecalenzanaconcertstb-700x700.jpg 700w\" sizes=\"(max-width: 1024px) 100vw, 1024px\" \/>\t\t\t\t\t\t\t\t\t\t\t\t\t\t\t<\/div>\n\t\t\t\t<\/div>\n\t\t\t\t\t<\/div>\n\t\t<\/div>\n\t\t\t\t<div class=\"elementor-column elementor-col-50 elementor-top-column elementor-element elementor-element-7f0751d\" data-id=\"7f0751d\" data-element_type=\"column\" data-e-type=\"column\">\n\t\t\t<div class=\"elementor-widget-wrap elementor-element-populated\">\n\t\t\t\t\t\t<div class=\"elementor-element elementor-element-9ab022c elementor-widget elementor-widget-text-editor\" data-id=\"9ab022c\" data-element_type=\"widget\" data-e-type=\"widget\" data-widget_type=\"text-editor.default\">\n\t\t\t\t<div class=\"elementor-widget-container\">\n\t\t\t\t\t\t\t\t\t<h5 id=\"21h30-jardini-di-santa-restituta-calinzana\" style=\"text-align: center;\">21h30 &#8211; Jardini di Santa Restituta, Calinzana\u00a0<\/h5><h4 id=\"concert-douverture\" style=\"text-align: center;\"><strong>\u00ab\u00a0Concert d&rsquo;ouverture<\/strong><\/h4><h4 id=\"les-4-saisons\" style=\"text-align: center;\"><strong>les 4 saisons\u00a0\u00bb<\/strong><\/h4><p style=\"text-align: center;\"><strong>(Vivaldi, Marcello, Rebel)<\/strong><\/p><p data-start=\"78\" data-end=\"359\">Pour ses 25 ans, le festival Les Rencontres de Calenzana ouvre son \u00e9dition par un concert exceptionnel port\u00e9 par ses artistes r\u00e9sidents. Ce moment inaugural rend hommage aux 300 ans de la naissance de Pascal Paoli, figure embl\u00e9matique de l\u2019histoire corse et du si\u00e8cle des Lumi\u00e8res.<\/p><p data-start=\"361\" data-end=\"895\">Le programme fait \u00e9cho \u00e0 cette m\u00e9moire en explorant les musiques europ\u00e9ennes de son \u00e9poque, entre baroque flamboyant et classicisme raffin\u00e9. En ouverture, \u00ab\u00a0Le Chaos\u00a0\u00bb extrait de <em data-start=\"538\" data-end=\"552\">Les \u00c9l\u00e9ments<\/em> de Jean-F\u00e9ry Rebel d\u00e9ploie une vision sonore saisissante de la cr\u00e9ation du monde. Suivent le lyrisme du Concerto pour hautbois d\u2019Alessandro Marcello et l\u2019\u00e9nergie des c\u00e9l\u00e8bres <em data-start=\"728\" data-end=\"744\">Quatre Saisons<\/em> de Vivaldi, fresque musicale du cycle naturel. En cl\u00f4ture, le Concerto RV 576 pour hautbois et violon r\u00e9v\u00e8le l\u2019harmonie entre deux solistes complices.<\/p><p data-start=\"897\" data-end=\"1057\">Sous la voute \u00e9toil\u00e9e d\u2019un lieu charg\u00e9 d\u2019histoire, ce concert vibrant m\u00eale puissance \u00e9vocatrice et \u00e9l\u00e9gance musicale pour ouvrir en beaut\u00e9 cette \u00e9dition anniversaire.<\/p><p><strong><span class=\"TextRun SCXW104020499 BCX0\" lang=\"FR-FR\" xml:lang=\"FR-FR\" data-contrast=\"none\"><span class=\"NormalTextRun SCXW104020499 BCX0\">Alexandre Pascal (violon), Gabriel Pidoux (hautbois), <\/span><span class=\"NormalTextRun SCXW104020499 BCX0\">Marie-Paule <\/span><span class=\"NormalTextRun SCXW104020499 BCX0\">Milone<\/span><span class=\"NormalTextRun SCXW104020499 BCX0\"> (violoncelle), Juliette Roos (violon), Guillaume Latour (violon), Ad\u00e8le Ginestet (alto), <\/span><span class=\"NormalTextRun SCXW104020499 BCX0\">Yume<\/span> <span class=\"NormalTextRun SCXW104020499 BCX0\">Fujise<\/span><span class=\"NormalTextRun SCXW104020499 BCX0\"> (<\/span><span class=\"NormalTextRun SCXW104020499 BCX0\">alto), Jeanne Bonnet (contrebasse), Cath<\/span><span class=\"NormalTextRun SCXW104020499 BCX0\">e<\/span><span class=\"NormalTextRun SCXW104020499 BCX0\">rine Imbert (clavier)<\/span><\/span><span class=\"EOP SCXW104020499 BCX0\" data-ccp-props=\"{&quot;201341983&quot;:0,&quot;335551550&quot;:6,&quot;335551620&quot;:6,&quot;335559739&quot;:160,&quot;335559740&quot;:259}\">\u00a0<\/span><\/strong><\/p>\t\t\t\t\t\t\t\t<\/div>\n\t\t\t\t<\/div>\n\t\t\t\t<div class=\"elementor-element elementor-element-6618d52 elementor-widget elementor-widget-button\" data-id=\"6618d52\" data-element_type=\"widget\" data-e-type=\"widget\" data-widget_type=\"button.default\">\n\t\t\t\t<div class=\"elementor-widget-container\">\n\t\t\t\t\t\t\t\t\t<div class=\"elementor-button-wrapper\">\n\t\t\t\t\t<a class=\"elementor-button elementor-button-link elementor-size-sm\" href=\"https:\/\/billetterie-corsebillet.tickandlive.com\/reserver\/25deg-scontri-di-calinzana-17-08-concert-douverture\/127329\" target=\"_blank\">\n\t\t\t\t\t\t<span class=\"elementor-button-content-wrapper\">\n\t\t\t\t\t\t\t\t\t<span class=\"elementor-button-text\">Acheter vos places<\/span>\n\t\t\t\t\t<\/span>\n\t\t\t\t\t<\/a>\n\t\t\t\t<\/div>\n\t\t\t\t\t\t\t\t<\/div>\n\t\t\t\t<\/div>\n\t\t\t\t\t<\/div>\n\t\t<\/div>\n\t\t\t\t\t<\/div>\n\t\t<\/section>\n\t\t\t\t<section class=\"elementor-section elementor-top-section elementor-element elementor-element-fcc49f5 elementor-section-boxed elementor-section-height-default elementor-section-height-default parallax_section_no qode_elementor_container_no\" data-id=\"fcc49f5\" data-element_type=\"section\" data-e-type=\"section\">\n\t\t\t\t\t\t<div class=\"elementor-container elementor-column-gap-default\">\n\t\t\t\t\t<div class=\"elementor-column elementor-col-100 elementor-top-column elementor-element elementor-element-e666c3e\" data-id=\"e666c3e\" data-element_type=\"column\" data-e-type=\"column\">\n\t\t\t<div class=\"elementor-widget-wrap\">\n\t\t\t\t\t\t\t<\/div>\n\t\t<\/div>\n\t\t\t\t\t<\/div>\n\t\t<\/section>\n\t\t\t\t<section class=\"elementor-section elementor-top-section elementor-element elementor-element-2f0ef0b elementor-section-boxed elementor-section-height-default elementor-section-height-default parallax_section_no qode_elementor_container_no\" data-id=\"2f0ef0b\" data-element_type=\"section\" data-e-type=\"section\">\n\t\t\t\t\t\t<div class=\"elementor-container elementor-column-gap-default\">\n\t\t\t\t\t<div class=\"elementor-column elementor-col-100 elementor-top-column elementor-element elementor-element-52de604\" data-id=\"52de604\" data-element_type=\"column\" data-e-type=\"column\">\n\t\t\t<div class=\"elementor-widget-wrap elementor-element-populated\">\n\t\t\t\t\t\t<div class=\"elementor-element elementor-element-a02e99f elementor-widget elementor-widget-text-editor\" data-id=\"a02e99f\" data-element_type=\"widget\" data-e-type=\"widget\" data-widget_type=\"text-editor.default\">\n\t\t\t\t<div class=\"elementor-widget-container\">\n\t\t\t\t\t\t\t\t\t<h1 id=\"lundi-18-aout\" style=\"text-align: center;\">lundi 18 Ao\u00fbt<\/h1>\t\t\t\t\t\t\t\t<\/div>\n\t\t\t\t<\/div>\n\t\t\t\t\t<\/div>\n\t\t<\/div>\n\t\t\t\t\t<\/div>\n\t\t<\/section>\n\t\t\t\t<section class=\"elementor-section elementor-top-section elementor-element elementor-element-aa8a85b elementor-section-boxed elementor-section-height-default elementor-section-height-default parallax_section_no qode_elementor_container_no\" data-id=\"aa8a85b\" data-element_type=\"section\" data-e-type=\"section\">\n\t\t\t\t\t\t<div class=\"elementor-container elementor-column-gap-default\">\n\t\t\t\t\t<div class=\"elementor-column elementor-col-50 elementor-top-column elementor-element elementor-element-6b3f0de\" data-id=\"6b3f0de\" data-element_type=\"column\" data-e-type=\"column\">\n\t\t\t<div class=\"elementor-widget-wrap elementor-element-populated\">\n\t\t\t\t\t\t<div class=\"elementor-element elementor-element-ae374d5 elementor-widget elementor-widget-text-editor\" data-id=\"ae374d5\" data-element_type=\"widget\" data-e-type=\"widget\" data-widget_type=\"text-editor.default\">\n\t\t\t\t<div class=\"elementor-widget-container\">\n\t\t\t\t\t\t\t\t\t<h5 id=\"11h00-u-mulinu-plaine-de-montemaggiore\" style=\"text-align: center;\">11h00 &#8211; U Mulinu, plaine de Montemaggiore<\/h5><p>\u00a0<\/p><p>\u00a0<\/p><h4 id=\"elegance-romantique\" style=\"text-align: center;\"><strong>\u00ab\u00a0\u00e9l\u00e9gance romantique\u00a0\u00bb<\/strong><strong><br \/><\/strong><\/h4><p style=\"text-align: center;\"><strong>(Cramer, Beethoven, Chopin)<\/strong><\/p><p>\u00a0<\/p><p>\u00a0<\/p><p>\u00a0<\/p><p>Ce concert met \u00e0 l\u2019honneur la virtuosit\u00e9 et l\u2019\u00e9lan expressif du r\u00e9pertoire pour piano et violoncelle, entre classicisme tardif et \u00e9clats romantiques.<\/p><p>\u00a0<\/p><p>La Sonate n\u00b02 op.50 de Wilhelm Cramer, compositeur londonien de la fin du XVIIIe si\u00e8cle, ouvre le programme avec une \u00e9criture brillante et joyeuse, typique du style galant. Elle laisse place \u00e0 l\u2019intensit\u00e9 dramatique de la Sonate op.5 n\u00b02 de Beethoven, chef-d\u2019\u0153uvre de jeunesse marqu\u00e9 par le contraste et l\u2019\u00e9nergie. Enfin, la c\u00e9l\u00e8bre Polonaise brillante op.3 de Chopin cl\u00f4ture le concert avec panache, m\u00ealant \u00e9l\u00e9gance, lyrisme et virtuosit\u00e9 slave.<\/p><p>\u00a0<\/p><p>Denis Pascal et Marie-Paule Milone donnent vie \u00e0 ces pages avec complicit\u00e9 et raffinement.<\/p><p>\u00a0<\/p><p>\u00a0<\/p><p><strong>Denis Pascal (piano), Marie-Paule Milone (violoncelle)<\/strong><\/p>\t\t\t\t\t\t\t\t<\/div>\n\t\t\t\t<\/div>\n\t\t\t\t\t<\/div>\n\t\t<\/div>\n\t\t\t\t<div class=\"elementor-column elementor-col-50 elementor-top-column elementor-element elementor-element-f36367a\" data-id=\"f36367a\" data-element_type=\"column\" data-e-type=\"column\">\n\t\t\t<div class=\"elementor-widget-wrap elementor-element-populated\">\n\t\t\t\t\t\t<div class=\"elementor-element elementor-element-6922ec6 elementor-widget elementor-widget-image\" data-id=\"6922ec6\" data-element_type=\"widget\" data-e-type=\"widget\" data-widget_type=\"image.default\">\n\t\t\t\t<div class=\"elementor-widget-container\">\n\t\t\t\t\t\t\t\t\t\t\t\t\t\t\t<img decoding=\"async\" width=\"1024\" height=\"1024\" src=\"https:\/\/rencontresdecalenzana.fr\/wp-content\/uploads\/2025\/04\/Denis-Pascal-1.jpg\" class=\"attachment-large size-large wp-image-8797\" alt=\"\" srcset=\"https:\/\/rencontresdecalenzana.fr\/wp-content\/uploads\/2025\/04\/Denis-Pascal-1.jpg 1024w, https:\/\/rencontresdecalenzana.fr\/wp-content\/uploads\/2025\/04\/Denis-Pascal-1-300x300.jpg 300w, https:\/\/rencontresdecalenzana.fr\/wp-content\/uploads\/2025\/04\/Denis-Pascal-1-150x150.jpg 150w, https:\/\/rencontresdecalenzana.fr\/wp-content\/uploads\/2025\/04\/Denis-Pascal-1-768x768.jpg 768w, https:\/\/rencontresdecalenzana.fr\/wp-content\/uploads\/2025\/04\/Denis-Pascal-1-200x200.jpg 200w, https:\/\/rencontresdecalenzana.fr\/wp-content\/uploads\/2025\/04\/Denis-Pascal-1-80x80.jpg 80w, https:\/\/rencontresdecalenzana.fr\/wp-content\/uploads\/2025\/04\/Denis-Pascal-1-570x570.jpg 570w, https:\/\/rencontresdecalenzana.fr\/wp-content\/uploads\/2025\/04\/Denis-Pascal-1-500x500.jpg 500w, https:\/\/rencontresdecalenzana.fr\/wp-content\/uploads\/2025\/04\/Denis-Pascal-1-1000x1000.jpg 1000w, https:\/\/rencontresdecalenzana.fr\/wp-content\/uploads\/2025\/04\/Denis-Pascal-1-700x700.jpg 700w\" sizes=\"(max-width: 1024px) 100vw, 1024px\" \/>\t\t\t\t\t\t\t\t\t\t\t\t\t\t\t<\/div>\n\t\t\t\t<\/div>\n\t\t\t\t\t<\/div>\n\t\t<\/div>\n\t\t\t\t\t<\/div>\n\t\t<\/section>\n\t\t\t\t<section class=\"elementor-section elementor-top-section elementor-element elementor-element-b602e8c elementor-section-boxed elementor-section-height-default elementor-section-height-default parallax_section_no qode_elementor_container_no\" data-id=\"b602e8c\" data-element_type=\"section\" data-e-type=\"section\">\n\t\t\t\t\t\t<div class=\"elementor-container elementor-column-gap-default\">\n\t\t\t\t\t<div class=\"elementor-column elementor-col-100 elementor-top-column elementor-element elementor-element-82b32e0\" data-id=\"82b32e0\" data-element_type=\"column\" data-e-type=\"column\">\n\t\t\t<div class=\"elementor-widget-wrap elementor-element-populated\">\n\t\t\t\t\t\t<div class=\"elementor-element elementor-element-ecebbb4 elementor-widget-divider--view-line elementor-widget elementor-widget-divider\" data-id=\"ecebbb4\" data-element_type=\"widget\" data-e-type=\"widget\" data-widget_type=\"divider.default\">\n\t\t\t\t<div class=\"elementor-widget-container\">\n\t\t\t\t\t\t\t<div class=\"elementor-divider\">\n\t\t\t<span class=\"elementor-divider-separator\">\n\t\t\t\t\t\t<\/span>\n\t\t<\/div>\n\t\t\t\t\t\t<\/div>\n\t\t\t\t<\/div>\n\t\t\t\t\t<\/div>\n\t\t<\/div>\n\t\t\t\t\t<\/div>\n\t\t<\/section>\n\t\t\t\t<section class=\"elementor-section elementor-top-section elementor-element elementor-element-6ade945 elementor-section-boxed elementor-section-height-default elementor-section-height-default parallax_section_no qode_elementor_container_no\" data-id=\"6ade945\" data-element_type=\"section\" data-e-type=\"section\">\n\t\t\t\t\t\t<div class=\"elementor-container elementor-column-gap-default\">\n\t\t\t\t\t<div class=\"elementor-column elementor-col-50 elementor-top-column elementor-element elementor-element-22fcf7a\" data-id=\"22fcf7a\" data-element_type=\"column\" data-e-type=\"column\">\n\t\t\t<div class=\"elementor-widget-wrap elementor-element-populated\">\n\t\t\t\t\t\t<div class=\"elementor-element elementor-element-6c45904 elementor-widget elementor-widget-image\" data-id=\"6c45904\" data-element_type=\"widget\" data-e-type=\"widget\" data-widget_type=\"image.default\">\n\t\t\t\t<div class=\"elementor-widget-container\">\n\t\t\t\t\t\t\t\t\t\t\t\t\t\t\t<img decoding=\"async\" width=\"1024\" height=\"1024\" src=\"https:\/\/rencontresdecalenzana.fr\/wp-content\/uploads\/2025\/05\/Visuel-Programme-MJSCRIBBLES-Dessin-original-de-Melanie-Juvany-1024x1024.jpg\" class=\"attachment-large size-large wp-image-9222\" alt=\"\" srcset=\"https:\/\/rencontresdecalenzana.fr\/wp-content\/uploads\/2025\/05\/Visuel-Programme-MJSCRIBBLES-Dessin-original-de-Melanie-Juvany-1024x1024.jpg 1024w, https:\/\/rencontresdecalenzana.fr\/wp-content\/uploads\/2025\/05\/Visuel-Programme-MJSCRIBBLES-Dessin-original-de-Melanie-Juvany-300x300.jpg 300w, https:\/\/rencontresdecalenzana.fr\/wp-content\/uploads\/2025\/05\/Visuel-Programme-MJSCRIBBLES-Dessin-original-de-Melanie-Juvany-150x150.jpg 150w, https:\/\/rencontresdecalenzana.fr\/wp-content\/uploads\/2025\/05\/Visuel-Programme-MJSCRIBBLES-Dessin-original-de-Melanie-Juvany-768x768.jpg 768w, https:\/\/rencontresdecalenzana.fr\/wp-content\/uploads\/2025\/05\/Visuel-Programme-MJSCRIBBLES-Dessin-original-de-Melanie-Juvany-1536x1536.jpg 1536w, https:\/\/rencontresdecalenzana.fr\/wp-content\/uploads\/2025\/05\/Visuel-Programme-MJSCRIBBLES-Dessin-original-de-Melanie-Juvany-200x200.jpg 200w, https:\/\/rencontresdecalenzana.fr\/wp-content\/uploads\/2025\/05\/Visuel-Programme-MJSCRIBBLES-Dessin-original-de-Melanie-Juvany-80x80.jpg 80w, https:\/\/rencontresdecalenzana.fr\/wp-content\/uploads\/2025\/05\/Visuel-Programme-MJSCRIBBLES-Dessin-original-de-Melanie-Juvany-570x570.jpg 570w, https:\/\/rencontresdecalenzana.fr\/wp-content\/uploads\/2025\/05\/Visuel-Programme-MJSCRIBBLES-Dessin-original-de-Melanie-Juvany-500x500.jpg 500w, https:\/\/rencontresdecalenzana.fr\/wp-content\/uploads\/2025\/05\/Visuel-Programme-MJSCRIBBLES-Dessin-original-de-Melanie-Juvany-1000x1000.jpg 1000w, https:\/\/rencontresdecalenzana.fr\/wp-content\/uploads\/2025\/05\/Visuel-Programme-MJSCRIBBLES-Dessin-original-de-Melanie-Juvany-700x700.jpg 700w, https:\/\/rencontresdecalenzana.fr\/wp-content\/uploads\/2025\/05\/Visuel-Programme-MJSCRIBBLES-Dessin-original-de-Melanie-Juvany.jpg 1920w\" sizes=\"(max-width: 1024px) 100vw, 1024px\" \/>\t\t\t\t\t\t\t\t\t\t\t\t\t\t\t<\/div>\n\t\t\t\t<\/div>\n\t\t\t\t\t<\/div>\n\t\t<\/div>\n\t\t\t\t<div class=\"elementor-column elementor-col-50 elementor-top-column elementor-element elementor-element-77479e7\" data-id=\"77479e7\" data-element_type=\"column\" data-e-type=\"column\">\n\t\t\t<div class=\"elementor-widget-wrap elementor-element-populated\">\n\t\t\t\t\t\t<div class=\"elementor-element elementor-element-683b10e elementor-widget elementor-widget-text-editor\" data-id=\"683b10e\" data-element_type=\"widget\" data-e-type=\"widget\" data-widget_type=\"text-editor.default\">\n\t\t\t\t<div class=\"elementor-widget-container\">\n\t\t\t\t\t\t\t\t\t<h4 id=\"\">\u00a0<\/h4><h5 id=\"-2\">\u00a0<\/h5><h5 id=\"18h00-casazza-calenzana\" style=\"text-align: center;\">18h00 &#8211; Casazza, Calenzana<\/h5><h5 id=\"-3\" style=\"text-align: center;\"><strong>\u00a0<\/strong><\/h5><h4 id=\"chouchou-au-royaume-de-babar\" style=\"text-align: center;\"><strong>\u00ab\u00a0Chouchou au royaume de Babar\u00a0\u00bb<\/strong><\/h4><p style=\"text-align: center;\"><strong>(Debussy, Poulenc)<\/strong><\/p><p>\u00a0<\/p><p>\u00c0 travers ce conte musical onirique et p\u00e9dagogique, la pianiste Catherine Imbert et le com\u00e9dien Alexandre Martin-Varroy \u00e9merveilleront petits et grands.<\/p><p>\u00a0<\/p><p>Les deux interpr\u00e8tes nous emm\u00e8nent d\u2019abord dans le \u00ab Children\u2019s Corner \u00bb de la fille bien-aim\u00e9e du compositeur Claude Debussy, surnomm\u00e9e Chouchou, et de son petit \u00e9l\u00e9phant en peluche Jimbo. Six petites pi\u00e8ces pour piano qui sont des concentr\u00e9s d\u2019espi\u00e8glerie et de d\u00e9licatesse\u2026<\/p><p>Puis ils relateront les p\u00e9rip\u00e9ties de cet autre \u00e9l\u00e9phant c\u00e9l\u00e8bre, Babar, d\u2019apr\u00e8s un conte de Jean de Brunhoff. Son adaptation en musique par Francis Poulenc a nourri l\u2019imaginaire de g\u00e9n\u00e9rations d\u2019enfants.<\/p><p>\u00a0<\/p><p>Venez \u00e9couter les belles oeuvres de Debussy et Poulenc accompagn\u00e9es par un r\u00e9citant qui nous contera avec sensibilit\u00e9 ces deux charmantes histoires.<\/p><p>\u00a0<\/p><p><strong>Catherine Imbert (Piano), Alexandre Martin-Varroy (com\u00e9dien), Monica FEDERIGHI (fabrication des peluches)<\/strong><\/p><h5 id=\"-4\">\u00a0<\/h5>\t\t\t\t\t\t\t\t<\/div>\n\t\t\t\t<\/div>\n\t\t\t\t<div class=\"elementor-element elementor-element-89eda85 elementor-widget elementor-widget-button\" data-id=\"89eda85\" data-element_type=\"widget\" data-e-type=\"widget\" data-widget_type=\"button.default\">\n\t\t\t\t<div class=\"elementor-widget-container\">\n\t\t\t\t\t\t\t\t\t<div class=\"elementor-button-wrapper\">\n\t\t\t\t\t<a class=\"elementor-button elementor-button-link elementor-size-sm\" href=\"https:\/\/billetterie-corsebillet.tickandlive.com\/reserver\/25deg-scontri-di-calinzana-18-08-a-casazza\/127330\" target=\"_blank\">\n\t\t\t\t\t\t<span class=\"elementor-button-content-wrapper\">\n\t\t\t\t\t\t\t\t\t<span class=\"elementor-button-text\">Acheter vos places<\/span>\n\t\t\t\t\t<\/span>\n\t\t\t\t\t<\/a>\n\t\t\t\t<\/div>\n\t\t\t\t\t\t\t\t<\/div>\n\t\t\t\t<\/div>\n\t\t\t\t\t<\/div>\n\t\t<\/div>\n\t\t\t\t\t<\/div>\n\t\t<\/section>\n\t\t\t\t<section class=\"elementor-section elementor-top-section elementor-element elementor-element-ea2d078 elementor-section-boxed elementor-section-height-default elementor-section-height-default parallax_section_no qode_elementor_container_no\" data-id=\"ea2d078\" data-element_type=\"section\" data-e-type=\"section\">\n\t\t\t\t\t\t<div class=\"elementor-container elementor-column-gap-default\">\n\t\t\t\t\t<div class=\"elementor-column elementor-col-100 elementor-top-column elementor-element elementor-element-2707ff3\" data-id=\"2707ff3\" data-element_type=\"column\" data-e-type=\"column\">\n\t\t\t<div class=\"elementor-widget-wrap elementor-element-populated\">\n\t\t\t\t\t\t<div class=\"elementor-element elementor-element-bd37153 elementor-widget-divider--view-line elementor-widget elementor-widget-divider\" data-id=\"bd37153\" data-element_type=\"widget\" data-e-type=\"widget\" data-widget_type=\"divider.default\">\n\t\t\t\t<div class=\"elementor-widget-container\">\n\t\t\t\t\t\t\t<div class=\"elementor-divider\">\n\t\t\t<span class=\"elementor-divider-separator\">\n\t\t\t\t\t\t<\/span>\n\t\t<\/div>\n\t\t\t\t\t\t<\/div>\n\t\t\t\t<\/div>\n\t\t\t\t\t<\/div>\n\t\t<\/div>\n\t\t\t\t\t<\/div>\n\t\t<\/section>\n\t\t\t\t<section class=\"elementor-section elementor-top-section elementor-element elementor-element-a21c950 elementor-section-boxed elementor-section-height-default elementor-section-height-default parallax_section_no qode_elementor_container_no\" data-id=\"a21c950\" data-element_type=\"section\" data-e-type=\"section\">\n\t\t\t\t\t\t<div class=\"elementor-container elementor-column-gap-default\">\n\t\t\t\t\t<div class=\"elementor-column elementor-col-50 elementor-top-column elementor-element elementor-element-3abd1a7\" data-id=\"3abd1a7\" data-element_type=\"column\" data-e-type=\"column\">\n\t\t\t<div class=\"elementor-widget-wrap elementor-element-populated\">\n\t\t\t\t\t\t<div class=\"elementor-element elementor-element-af5999f elementor-widget elementor-widget-text-editor\" data-id=\"af5999f\" data-element_type=\"widget\" data-e-type=\"widget\" data-widget_type=\"text-editor.default\">\n\t\t\t\t<div class=\"elementor-widget-container\">\n\t\t\t\t\t\t\t\t\t<h5 id=\"-5\">\u00a0<\/h5><h5 id=\"18h00-galeria\" style=\"text-align: center;\">18h00 &#8211; Galeria<strong>\u00a0<\/strong><\/h5><p>\u00a0<\/p><p>\u00a0<\/p><h4 id=\"ciaccona\" style=\"text-align: center;\"><strong>\u00a0\u00ab\u00a0Ciaccona\u00a0\u00bb\u00a0<\/strong><\/h4><p style=\"text-align: center;\"><strong>(Bach)<\/strong><\/p><p style=\"text-align: center;\"><strong>\u00a0<\/strong><\/p><p>\u00a0<\/p><p>Monument de la musique pour violon seul, l\u2019\u0153uvre de Jean-S\u00e9bastien Bach r\u00e9sonne ici dans toute sa profondeur, entre rigueur architecturale et intensit\u00e9 spirituelle.<\/p><p>\u00a0<\/p><p>Le violoniste Alexandre Pascal propose un parcours personnel \u00e0 travers les Sonates et Partitas, entre mouvements embl\u00e9matiques et tr\u00e9sors plus intimes. Points d\u2019orgue de ce voyage : la Fugue en do majeur, le Grave en La mineur, et bien s\u00fbr la Chaconne en r\u00e9 mineur, sommet expressif du r\u00e9pertoire.<\/p><p>\u00a0<\/p><p>Un face-\u00e0-face avec l\u2019essence m\u00eame de la musique, port\u00e9 par un seul instrument et une ma\u00eetrise absolue de la forme.<\/p><p>\u00a0<\/p><p>\u00a0<\/p><p><strong>Alexandre Pascal (violon)<\/strong><strong>\u00a0<\/strong><\/p>\t\t\t\t\t\t\t\t<\/div>\n\t\t\t\t<\/div>\n\t\t\t\t\t<\/div>\n\t\t<\/div>\n\t\t\t\t<div class=\"elementor-column elementor-col-50 elementor-top-column elementor-element elementor-element-6b65334\" data-id=\"6b65334\" data-element_type=\"column\" data-e-type=\"column\">\n\t\t\t<div class=\"elementor-widget-wrap elementor-element-populated\">\n\t\t\t\t\t\t<div class=\"elementor-element elementor-element-6a77b54 elementor-widget elementor-widget-image\" data-id=\"6a77b54\" data-element_type=\"widget\" data-e-type=\"widget\" data-widget_type=\"image.default\">\n\t\t\t\t<div class=\"elementor-widget-container\">\n\t\t\t\t\t\t\t\t\t\t\t\t\t\t\t<img loading=\"lazy\" decoding=\"async\" width=\"1024\" height=\"1024\" src=\"https:\/\/rencontresdecalenzana.fr\/wp-content\/uploads\/2025\/03\/Alexandre-pascal-photo-adami.jpg\" class=\"attachment-large size-large wp-image-8927\" alt=\"\" srcset=\"https:\/\/rencontresdecalenzana.fr\/wp-content\/uploads\/2025\/03\/Alexandre-pascal-photo-adami.jpg 1024w, https:\/\/rencontresdecalenzana.fr\/wp-content\/uploads\/2025\/03\/Alexandre-pascal-photo-adami-300x300.jpg 300w, https:\/\/rencontresdecalenzana.fr\/wp-content\/uploads\/2025\/03\/Alexandre-pascal-photo-adami-150x150.jpg 150w, https:\/\/rencontresdecalenzana.fr\/wp-content\/uploads\/2025\/03\/Alexandre-pascal-photo-adami-768x768.jpg 768w, https:\/\/rencontresdecalenzana.fr\/wp-content\/uploads\/2025\/03\/Alexandre-pascal-photo-adami-200x200.jpg 200w, https:\/\/rencontresdecalenzana.fr\/wp-content\/uploads\/2025\/03\/Alexandre-pascal-photo-adami-80x80.jpg 80w, https:\/\/rencontresdecalenzana.fr\/wp-content\/uploads\/2025\/03\/Alexandre-pascal-photo-adami-570x570.jpg 570w, https:\/\/rencontresdecalenzana.fr\/wp-content\/uploads\/2025\/03\/Alexandre-pascal-photo-adami-500x500.jpg 500w, https:\/\/rencontresdecalenzana.fr\/wp-content\/uploads\/2025\/03\/Alexandre-pascal-photo-adami-1000x1000.jpg 1000w, https:\/\/rencontresdecalenzana.fr\/wp-content\/uploads\/2025\/03\/Alexandre-pascal-photo-adami-700x700.jpg 700w\" sizes=\"(max-width: 1024px) 100vw, 1024px\" \/>\t\t\t\t\t\t\t\t\t\t\t\t\t\t\t<\/div>\n\t\t\t\t<\/div>\n\t\t\t\t\t<\/div>\n\t\t<\/div>\n\t\t\t\t\t<\/div>\n\t\t<\/section>\n\t\t\t\t<section class=\"elementor-section elementor-top-section elementor-element elementor-element-60fe5d2 elementor-section-boxed elementor-section-height-default elementor-section-height-default parallax_section_no qode_elementor_container_no\" data-id=\"60fe5d2\" data-element_type=\"section\" data-e-type=\"section\">\n\t\t\t\t\t\t<div class=\"elementor-container elementor-column-gap-default\">\n\t\t\t\t\t<div class=\"elementor-column elementor-col-100 elementor-top-column elementor-element elementor-element-9d46ec7\" data-id=\"9d46ec7\" data-element_type=\"column\" data-e-type=\"column\">\n\t\t\t<div class=\"elementor-widget-wrap elementor-element-populated\">\n\t\t\t\t\t\t<div class=\"elementor-element elementor-element-42d87b2 elementor-widget-divider--view-line elementor-widget elementor-widget-divider\" data-id=\"42d87b2\" data-element_type=\"widget\" data-e-type=\"widget\" data-widget_type=\"divider.default\">\n\t\t\t\t<div class=\"elementor-widget-container\">\n\t\t\t\t\t\t\t<div class=\"elementor-divider\">\n\t\t\t<span class=\"elementor-divider-separator\">\n\t\t\t\t\t\t<\/span>\n\t\t<\/div>\n\t\t\t\t\t\t<\/div>\n\t\t\t\t<\/div>\n\t\t\t\t\t<\/div>\n\t\t<\/div>\n\t\t\t\t\t<\/div>\n\t\t<\/section>\n\t\t\t\t<section class=\"elementor-section elementor-top-section elementor-element elementor-element-e34b298 elementor-section-boxed elementor-section-height-default elementor-section-height-default parallax_section_no qode_elementor_container_no\" data-id=\"e34b298\" data-element_type=\"section\" data-e-type=\"section\">\n\t\t\t\t\t\t<div class=\"elementor-container elementor-column-gap-default\">\n\t\t\t\t\t<div class=\"elementor-column elementor-col-50 elementor-top-column elementor-element elementor-element-038275c\" data-id=\"038275c\" data-element_type=\"column\" data-e-type=\"column\">\n\t\t\t<div class=\"elementor-widget-wrap elementor-element-populated\">\n\t\t\t\t\t\t<div class=\"elementor-element elementor-element-0062d1a elementor-widget elementor-widget-image\" data-id=\"0062d1a\" data-element_type=\"widget\" data-e-type=\"widget\" data-widget_type=\"image.default\">\n\t\t\t\t<div class=\"elementor-widget-container\">\n\t\t\t\t\t\t\t\t\t\t\t\t\t\t\t<img loading=\"lazy\" decoding=\"async\" width=\"1024\" height=\"1024\" src=\"https:\/\/rencontresdecalenzana.fr\/wp-content\/uploads\/2025\/04\/Benedetto-Lupo-piano-1.jpg\" class=\"attachment-large size-large wp-image-8813\" alt=\"\" srcset=\"https:\/\/rencontresdecalenzana.fr\/wp-content\/uploads\/2025\/04\/Benedetto-Lupo-piano-1.jpg 1024w, https:\/\/rencontresdecalenzana.fr\/wp-content\/uploads\/2025\/04\/Benedetto-Lupo-piano-1-300x300.jpg 300w, https:\/\/rencontresdecalenzana.fr\/wp-content\/uploads\/2025\/04\/Benedetto-Lupo-piano-1-150x150.jpg 150w, https:\/\/rencontresdecalenzana.fr\/wp-content\/uploads\/2025\/04\/Benedetto-Lupo-piano-1-768x768.jpg 768w, https:\/\/rencontresdecalenzana.fr\/wp-content\/uploads\/2025\/04\/Benedetto-Lupo-piano-1-200x200.jpg 200w, https:\/\/rencontresdecalenzana.fr\/wp-content\/uploads\/2025\/04\/Benedetto-Lupo-piano-1-80x80.jpg 80w, https:\/\/rencontresdecalenzana.fr\/wp-content\/uploads\/2025\/04\/Benedetto-Lupo-piano-1-570x570.jpg 570w, https:\/\/rencontresdecalenzana.fr\/wp-content\/uploads\/2025\/04\/Benedetto-Lupo-piano-1-500x500.jpg 500w, https:\/\/rencontresdecalenzana.fr\/wp-content\/uploads\/2025\/04\/Benedetto-Lupo-piano-1-1000x1000.jpg 1000w, https:\/\/rencontresdecalenzana.fr\/wp-content\/uploads\/2025\/04\/Benedetto-Lupo-piano-1-700x700.jpg 700w\" sizes=\"(max-width: 1024px) 100vw, 1024px\" \/>\t\t\t\t\t\t\t\t\t\t\t\t\t\t\t<\/div>\n\t\t\t\t<\/div>\n\t\t\t\t\t<\/div>\n\t\t<\/div>\n\t\t\t\t<div class=\"elementor-column elementor-col-50 elementor-top-column elementor-element elementor-element-eabc102\" data-id=\"eabc102\" data-element_type=\"column\" data-e-type=\"column\">\n\t\t\t<div class=\"elementor-widget-wrap elementor-element-populated\">\n\t\t\t\t\t\t<div class=\"elementor-element elementor-element-6fbb14a elementor-widget elementor-widget-text-editor\" data-id=\"6fbb14a\" data-element_type=\"widget\" data-e-type=\"widget\" data-widget_type=\"text-editor.default\">\n\t\t\t\t<div class=\"elementor-widget-container\">\n\t\t\t\t\t\t\t\t\t<h5 id=\"-6\">\u00a0<\/h5><h5 id=\"-7\">\u00a0<\/h5><h5 id=\"-8\">\u00a0<\/h5><h5 id=\"-9\">\u00a0<\/h5><h5 id=\"21h30-jardini-di-santa-restituta-calinzana-2\" style=\"text-align: center;\">21h30 &#8211; Jardini di\u00a0 Santa Restituta, Calinzana<\/h5><h4 id=\"-10\">\u00a0<\/h4><h4 id=\"ravel-et-la-danse\" style=\"text-align: center;\"><strong>\u00ab\u00a0Ravel et la danse !\u00a0\u00bb<\/strong><\/h4><div><strong>\u00a0<\/strong><\/div><p>Ce r\u00e9cital au piano, a \u00e9t\u00e9 con\u00e7u comme un hommage au compositeur pour le 150e anniversaire de sa naissance Ce programme met en lumi\u00e8re l\u2019importance de la danse dans l\u2019\u0153uvre de Maurice Ravel.<\/p><p>\u00c0 travers des pi\u00e8ces compos\u00e9es \u00e0 l\u2019origine pour le piano, il r\u00e9v\u00e8le la richesse rythmique, la finesse d\u2019\u00e9criture et l\u2019\u00e9l\u00e9gance propre au compositeur.<\/p><p>Pens\u00e9 comme un voyage sans interruption, chaque partie du concert permet d\u2019explorer un encha\u00eenement de couleurs, de styles et de tonalit\u00e9s, invitant l\u2019auditeur \u00e0 une \u00e9coute fluide et immersive.<\/p><p>\u00a0<\/p><p style=\"text-align: center;\"><strong>Benedetto Lupo (piano)<\/strong><\/p><p style=\"text-align: center;\"><strong>\u00a0<\/strong><\/p><p style=\"text-align: center;\"><strong>\u00a0<\/strong><\/p>\t\t\t\t\t\t\t\t<\/div>\n\t\t\t\t<\/div>\n\t\t\t\t<div class=\"elementor-element elementor-element-4f5dd65 elementor-widget elementor-widget-button\" data-id=\"4f5dd65\" data-element_type=\"widget\" data-e-type=\"widget\" data-widget_type=\"button.default\">\n\t\t\t\t<div class=\"elementor-widget-container\">\n\t\t\t\t\t\t\t\t\t<div class=\"elementor-button-wrapper\">\n\t\t\t\t\t<a class=\"elementor-button elementor-button-link elementor-size-sm\" href=\"https:\/\/billetterie-corsebillet.tickandlive.com\/reserver\/25deg-scontri-di-calinzana-18-08-ravel-et-la-danse\/127331\" target=\"_blank\">\n\t\t\t\t\t\t<span class=\"elementor-button-content-wrapper\">\n\t\t\t\t\t\t\t\t\t<span class=\"elementor-button-text\">Acheter vos places<\/span>\n\t\t\t\t\t<\/span>\n\t\t\t\t\t<\/a>\n\t\t\t\t<\/div>\n\t\t\t\t\t\t\t\t<\/div>\n\t\t\t\t<\/div>\n\t\t\t\t\t<\/div>\n\t\t<\/div>\n\t\t\t\t\t<\/div>\n\t\t<\/section>\n\t\t\t\t<section class=\"elementor-section elementor-top-section elementor-element elementor-element-697301e elementor-section-boxed elementor-section-height-default elementor-section-height-default parallax_section_no qode_elementor_container_no\" data-id=\"697301e\" data-element_type=\"section\" data-e-type=\"section\">\n\t\t\t\t\t\t<div class=\"elementor-container elementor-column-gap-default\">\n\t\t\t\t\t<div class=\"elementor-column elementor-col-100 elementor-top-column elementor-element elementor-element-aed1774\" data-id=\"aed1774\" data-element_type=\"column\" data-e-type=\"column\">\n\t\t\t<div class=\"elementor-widget-wrap elementor-element-populated\">\n\t\t\t\t\t\t<div class=\"elementor-element elementor-element-3a1967d elementor-widget elementor-widget-text-editor\" data-id=\"3a1967d\" data-element_type=\"widget\" data-e-type=\"widget\" data-widget_type=\"text-editor.default\">\n\t\t\t\t<div class=\"elementor-widget-container\">\n\t\t\t\t\t\t\t\t\t<h1 id=\"mardi-19-aout\" style=\"text-align: center;\">MARDI 19 Ao\u00fbt\u00a0<\/h1>\t\t\t\t\t\t\t\t<\/div>\n\t\t\t\t<\/div>\n\t\t\t\t\t<\/div>\n\t\t<\/div>\n\t\t\t\t\t<\/div>\n\t\t<\/section>\n\t\t\t\t<section class=\"elementor-section elementor-top-section elementor-element elementor-element-adcda93 elementor-section-boxed elementor-section-height-default elementor-section-height-default parallax_section_no qode_elementor_container_no\" data-id=\"adcda93\" data-element_type=\"section\" data-e-type=\"section\">\n\t\t\t\t\t\t<div class=\"elementor-container elementor-column-gap-default\">\n\t\t\t\t\t<div class=\"elementor-column elementor-col-50 elementor-top-column elementor-element elementor-element-7a37415\" data-id=\"7a37415\" data-element_type=\"column\" data-e-type=\"column\">\n\t\t\t<div class=\"elementor-widget-wrap elementor-element-populated\">\n\t\t\t\t\t\t<div class=\"elementor-element elementor-element-2be2125 elementor-widget elementor-widget-text-editor\" data-id=\"2be2125\" data-element_type=\"widget\" data-e-type=\"widget\" data-widget_type=\"text-editor.default\">\n\t\t\t\t<div class=\"elementor-widget-container\">\n\t\t\t\t\t\t\t\t\t<h5 id=\"-11\">\u00a0<\/h5><h5 id=\"-12\">\u00a0<\/h5><h5 id=\"-13\">\u00a0<\/h5><h5 id=\"11h00-eglise-spuncatu\" style=\"text-align: center;\">11h00 &#8211;\u00a0 Eglise, Spuncatu<\/h5><h4 id=\"-14\">\u00a0<\/h4><h4 id=\"in-memoriam-anton-stadler\" style=\"text-align: center;\"><strong>\u00ab\u00a0In memoriam Anton Stadler\u00a0\u00bb<\/strong><\/h4><p style=\"text-align: center;\"><strong>(Mozart, Hermann)<\/strong><\/p><p><strong>\u00a0<\/strong><\/p><p>\u00a0<\/p><p>Hommage \u00e0 <strong>Anton Stadler<\/strong>, clarinettiste virtuose et ami proche de <strong>Mozart<\/strong>, ce concert met en lumi\u00e8re l\u2019un des joyaux de la musique de chambre du XVIIIe si\u00e8cle : le <strong>Quintette pour clarinette et cordes K.581<\/strong>.<\/p><p>\u00a0<\/p><p>\u00c9crit en 1789 pour Stadler, cet ouvrage d\u2019une rare tendresse m\u00eale gr\u00e2ce m\u00e9lodique, complicit\u00e9 instrumentale et profondeur expressive. De l\u2019<strong>\u00e9l\u00e9gance fluide de l\u2019Allegro<\/strong>, \u00e0 la <strong>po\u00e9sie suspendue du Larghetto<\/strong>, en passant par le <strong>raffinement du Menuet<\/strong> et le <strong>jeu des variations finales<\/strong>, Mozart y r\u00e9v\u00e8le toute la palette de la clarinette et son art in\u00e9gal\u00e9 de la conversation musicale.<\/p><p>\u00a0<\/p><p>Un moment suspendu, tout en nuances, \u00e0 la m\u00e9moire d\u2019une amiti\u00e9 inspirante.<\/p><p>\u00a0<\/p><p>\u00a0<\/p><p><strong>Jo\u00eb Christophe (clarinette), Ad\u00e8le Ginestet (alto), Shuichi Okada (violon), Guillaume Latour (violon), Marie Paule Milone (violoncelle)<\/strong><\/p>\t\t\t\t\t\t\t\t<\/div>\n\t\t\t\t<\/div>\n\t\t\t\t\t<\/div>\n\t\t<\/div>\n\t\t\t\t<div class=\"elementor-column elementor-col-50 elementor-top-column elementor-element elementor-element-a838a40\" data-id=\"a838a40\" data-element_type=\"column\" data-e-type=\"column\">\n\t\t\t<div class=\"elementor-widget-wrap elementor-element-populated\">\n\t\t\t\t\t\t<div class=\"elementor-element elementor-element-7816d0f elementor-widget elementor-widget-image\" data-id=\"7816d0f\" data-element_type=\"widget\" data-e-type=\"widget\" data-widget_type=\"image.default\">\n\t\t\t\t<div class=\"elementor-widget-container\">\n\t\t\t\t\t\t\t\t\t\t\t\t\t\t\t<img loading=\"lazy\" decoding=\"async\" width=\"1024\" height=\"1023\" src=\"https:\/\/rencontresdecalenzana.fr\/wp-content\/uploads\/2025\/06\/Mozart-Stadler.png\" class=\"attachment-large size-large wp-image-9285\" alt=\"\" srcset=\"https:\/\/rencontresdecalenzana.fr\/wp-content\/uploads\/2025\/06\/Mozart-Stadler.png 1024w, https:\/\/rencontresdecalenzana.fr\/wp-content\/uploads\/2025\/06\/Mozart-Stadler-300x300.png 300w, https:\/\/rencontresdecalenzana.fr\/wp-content\/uploads\/2025\/06\/Mozart-Stadler-150x150.png 150w, https:\/\/rencontresdecalenzana.fr\/wp-content\/uploads\/2025\/06\/Mozart-Stadler-768x767.png 768w, https:\/\/rencontresdecalenzana.fr\/wp-content\/uploads\/2025\/06\/Mozart-Stadler-200x200.png 200w, https:\/\/rencontresdecalenzana.fr\/wp-content\/uploads\/2025\/06\/Mozart-Stadler-80x80.png 80w, https:\/\/rencontresdecalenzana.fr\/wp-content\/uploads\/2025\/06\/Mozart-Stadler-570x570.png 570w, https:\/\/rencontresdecalenzana.fr\/wp-content\/uploads\/2025\/06\/Mozart-Stadler-500x500.png 500w, https:\/\/rencontresdecalenzana.fr\/wp-content\/uploads\/2025\/06\/Mozart-Stadler-1000x1000.png 1000w, https:\/\/rencontresdecalenzana.fr\/wp-content\/uploads\/2025\/06\/Mozart-Stadler-700x699.png 700w\" sizes=\"(max-width: 1024px) 100vw, 1024px\" \/>\t\t\t\t\t\t\t\t\t\t\t\t\t\t\t<\/div>\n\t\t\t\t<\/div>\n\t\t\t\t\t<\/div>\n\t\t<\/div>\n\t\t\t\t\t<\/div>\n\t\t<\/section>\n\t\t\t\t<section class=\"elementor-section elementor-top-section elementor-element elementor-element-8592116 elementor-section-boxed elementor-section-height-default elementor-section-height-default parallax_section_no qode_elementor_container_no\" data-id=\"8592116\" data-element_type=\"section\" data-e-type=\"section\">\n\t\t\t\t\t\t<div class=\"elementor-container elementor-column-gap-default\">\n\t\t\t\t\t<div class=\"elementor-column elementor-col-100 elementor-top-column elementor-element elementor-element-16b4d58\" data-id=\"16b4d58\" data-element_type=\"column\" data-e-type=\"column\">\n\t\t\t<div class=\"elementor-widget-wrap elementor-element-populated\">\n\t\t\t\t\t\t<div class=\"elementor-element elementor-element-9ba169e elementor-widget-divider--view-line elementor-widget elementor-widget-divider\" data-id=\"9ba169e\" data-element_type=\"widget\" data-e-type=\"widget\" data-widget_type=\"divider.default\">\n\t\t\t\t<div class=\"elementor-widget-container\">\n\t\t\t\t\t\t\t<div class=\"elementor-divider\">\n\t\t\t<span class=\"elementor-divider-separator\">\n\t\t\t\t\t\t<\/span>\n\t\t<\/div>\n\t\t\t\t\t\t<\/div>\n\t\t\t\t<\/div>\n\t\t\t\t\t<\/div>\n\t\t<\/div>\n\t\t\t\t\t<\/div>\n\t\t<\/section>\n\t\t\t\t<section class=\"elementor-section elementor-top-section elementor-element elementor-element-eb8bb7a elementor-section-boxed elementor-section-height-default elementor-section-height-default parallax_section_no qode_elementor_container_no\" data-id=\"eb8bb7a\" data-element_type=\"section\" data-e-type=\"section\">\n\t\t\t\t\t\t<div class=\"elementor-container elementor-column-gap-default\">\n\t\t\t\t\t<div class=\"elementor-column elementor-col-50 elementor-top-column elementor-element elementor-element-26e0f59\" data-id=\"26e0f59\" data-element_type=\"column\" data-e-type=\"column\">\n\t\t\t<div class=\"elementor-widget-wrap elementor-element-populated\">\n\t\t\t\t\t\t<div class=\"elementor-element elementor-element-bd04025 elementor-widget elementor-widget-image\" data-id=\"bd04025\" data-element_type=\"widget\" data-e-type=\"widget\" data-widget_type=\"image.default\">\n\t\t\t\t<div class=\"elementor-widget-container\">\n\t\t\t\t\t\t\t\t\t\t\t\t\t\t\t<img loading=\"lazy\" decoding=\"async\" width=\"1024\" height=\"1024\" src=\"https:\/\/rencontresdecalenzana.fr\/wp-content\/uploads\/2025\/06\/Henri-Tomasi.jpg\" class=\"attachment-large size-large wp-image-9289\" alt=\"\" srcset=\"https:\/\/rencontresdecalenzana.fr\/wp-content\/uploads\/2025\/06\/Henri-Tomasi.jpg 1024w, https:\/\/rencontresdecalenzana.fr\/wp-content\/uploads\/2025\/06\/Henri-Tomasi-300x300.jpg 300w, https:\/\/rencontresdecalenzana.fr\/wp-content\/uploads\/2025\/06\/Henri-Tomasi-150x150.jpg 150w, https:\/\/rencontresdecalenzana.fr\/wp-content\/uploads\/2025\/06\/Henri-Tomasi-768x768.jpg 768w, https:\/\/rencontresdecalenzana.fr\/wp-content\/uploads\/2025\/06\/Henri-Tomasi-200x200.jpg 200w, https:\/\/rencontresdecalenzana.fr\/wp-content\/uploads\/2025\/06\/Henri-Tomasi-80x80.jpg 80w, https:\/\/rencontresdecalenzana.fr\/wp-content\/uploads\/2025\/06\/Henri-Tomasi-570x570.jpg 570w, https:\/\/rencontresdecalenzana.fr\/wp-content\/uploads\/2025\/06\/Henri-Tomasi-500x500.jpg 500w, https:\/\/rencontresdecalenzana.fr\/wp-content\/uploads\/2025\/06\/Henri-Tomasi-1000x1000.jpg 1000w, https:\/\/rencontresdecalenzana.fr\/wp-content\/uploads\/2025\/06\/Henri-Tomasi-700x700.jpg 700w\" sizes=\"(max-width: 1024px) 100vw, 1024px\" \/>\t\t\t\t\t\t\t\t\t\t\t\t\t\t\t<\/div>\n\t\t\t\t<\/div>\n\t\t\t\t\t<\/div>\n\t\t<\/div>\n\t\t\t\t<div class=\"elementor-column elementor-col-50 elementor-top-column elementor-element elementor-element-f6a3481\" data-id=\"f6a3481\" data-element_type=\"column\" data-e-type=\"column\">\n\t\t\t<div class=\"elementor-widget-wrap elementor-element-populated\">\n\t\t\t\t\t\t<div class=\"elementor-element elementor-element-5e73032 elementor-widget elementor-widget-text-editor\" data-id=\"5e73032\" data-element_type=\"widget\" data-e-type=\"widget\" data-widget_type=\"text-editor.default\">\n\t\t\t\t<div class=\"elementor-widget-container\">\n\t\t\t\t\t\t\t\t\t<h5 id=\"-15\">\u00a0<\/h5><h5 id=\"18h00-eglise-belgude\" style=\"text-align: center;\">18h00 &#8211; Eglise, Belgud\u00e8<\/h5><h4 id=\"-16\">\u00a0<\/h4><h4 id=\"souffles-croises\" style=\"text-align: center;\"><strong>\u00ab\u00a0Souffles crois\u00e9s\u00a0\u00bb<br \/><\/strong><\/h4><p style=\"text-align: center;\"><strong>(Mozart, Tomasi, Beethoven) <\/strong><\/p><p style=\"text-align: center;\"><em><strong>quintette \u00e0 vents et piano<\/strong><\/em><\/p><p>\u00a0<\/p><p style=\"margin-bottom: 0cm;\">Trois \u0153uvres, trois regards port\u00e9s sur la musique de chambre pour vents, entre classicisme, m\u00e9moire insulaire et modernit\u00e9.<\/p><p>\u00a0<\/p><p style=\"margin-bottom: 0cm;\">Compos\u00e9 en 1796 soit 12 ans apr\u00e8s celui de son illustre ain\u00e9, le grand <b>quintette op.16 de Beethoven <\/b>est le direct miroir du quintette KV.452 de Mozart, que celui-ci consid\u00e9rait comme l\u2019une de ses plus grandes r\u00e9ussites.<\/p><p>\u00a0<\/p><p style=\"margin-bottom: 0cm;\">\u00a0Les <b>Variations sur un th\u00e8me corse<\/b> du compositeur <b>Henri Tomasi<\/b>, sont un hommage vibrant \u00e0 ses racines insulaires \u2014 dont on c\u00e9l\u00e8bre le centenaire de la composition en 2025 \u2014 ce programme explore les multiples couleurs du souffle.<\/p><p style=\"margin-bottom: 0cm;\">Un moment suspendu entre classicisme viennois, accents m\u00e9diterran\u00e9ens et po\u00e9sie instrumentale.<\/p><p>\u00a0<\/p><p>\u00a0<\/p><p style=\"margin-bottom: 0cm;\"><strong>Denis Pascal (piano), Jo\u00eb Christophe (clarinette), Gabriel Pidoux (hautbois), Eva-Nina Kozmus (fl\u00fbte), Marceau Lef\u00e8vre (basson), Manuel Escauriaza (cor) <\/strong><\/p>\t\t\t\t\t\t\t\t<\/div>\n\t\t\t\t<\/div>\n\t\t\t\t\t<\/div>\n\t\t<\/div>\n\t\t\t\t\t<\/div>\n\t\t<\/section>\n\t\t\t\t<section class=\"elementor-section elementor-top-section elementor-element elementor-element-df40c01 elementor-section-boxed elementor-section-height-default elementor-section-height-default parallax_section_no qode_elementor_container_no\" data-id=\"df40c01\" data-element_type=\"section\" data-e-type=\"section\">\n\t\t\t\t\t\t<div class=\"elementor-container elementor-column-gap-default\">\n\t\t\t\t\t<div class=\"elementor-column elementor-col-100 elementor-top-column elementor-element elementor-element-8e5133c\" data-id=\"8e5133c\" data-element_type=\"column\" data-e-type=\"column\">\n\t\t\t<div class=\"elementor-widget-wrap elementor-element-populated\">\n\t\t\t\t\t\t<div class=\"elementor-element elementor-element-aeb0f00 elementor-widget-divider--view-line elementor-widget elementor-widget-divider\" data-id=\"aeb0f00\" data-element_type=\"widget\" data-e-type=\"widget\" data-widget_type=\"divider.default\">\n\t\t\t\t<div class=\"elementor-widget-container\">\n\t\t\t\t\t\t\t<div class=\"elementor-divider\">\n\t\t\t<span class=\"elementor-divider-separator\">\n\t\t\t\t\t\t<\/span>\n\t\t<\/div>\n\t\t\t\t\t\t<\/div>\n\t\t\t\t<\/div>\n\t\t\t\t\t<\/div>\n\t\t<\/div>\n\t\t\t\t\t<\/div>\n\t\t<\/section>\n\t\t\t\t<section class=\"elementor-section elementor-top-section elementor-element elementor-element-6748f36 elementor-section-boxed elementor-section-height-default elementor-section-height-default parallax_section_no qode_elementor_container_no\" data-id=\"6748f36\" data-element_type=\"section\" data-e-type=\"section\">\n\t\t\t\t\t\t<div class=\"elementor-container elementor-column-gap-default\">\n\t\t\t\t\t<div class=\"elementor-column elementor-col-50 elementor-top-column elementor-element elementor-element-a0a6c28\" data-id=\"a0a6c28\" data-element_type=\"column\" data-e-type=\"column\">\n\t\t\t<div class=\"elementor-widget-wrap elementor-element-populated\">\n\t\t\t\t\t\t<div class=\"elementor-element elementor-element-65d99ea elementor-widget elementor-widget-text-editor\" data-id=\"65d99ea\" data-element_type=\"widget\" data-e-type=\"widget\" data-widget_type=\"text-editor.default\">\n\t\t\t\t<div class=\"elementor-widget-container\">\n\t\t\t\t\t\t\t\t\t<h5 id=\"-17\">\u00a0<\/h5><h5 id=\"-18\">\u00a0<\/h5><h5 id=\"19h30-eglise-e-ville-di-parasu\" style=\"text-align: center;\">19h30 &#8211; Eglise,\u00a0 E Ville di Parasu<\/h5><h4 id=\"-19\">\u00a0<\/h4><p>\u00a0<\/p><h4 id=\"impressions-dargentine\" style=\"text-align: center;\"><strong>\u00ab\u00a0Impressions d&rsquo;argentine\u00a0\u00bb<\/strong><\/h4><p>\u00a0<\/p><p>\u00a0<\/p><p>\u00ab Impressions d\u2019Argentine \u00bb, le premier album du Quatuor L&rsquo;Esquisse, met en lumi\u00e8re l\u2019\u0153uvre du compositeur et fl\u00fbtiste argentin Enzo Gieco \u00e0 travers une version pour fl\u00fbtes en ut, alto, basse et piccolo.<\/p><p>Il s\u2019agit d\u2019une invitation dans l\u2019univers des danses folkloriques. Les rythmes \u00ab Porte\u00f1os \u00bb de la ville de Buenos Aires sont \u00e9galement illustr\u00e9s parmi les \u0153uvres de Carlos Gardel, Angel Villoldo, Pablo Aguirre et les nouvelles compositions de Martin Kutnowski. L\u2019\u00e9vocation de Piazzolla est incontournable avec son c\u00e9l\u00e8bre \u00ab Oblivion \u00bb. Reste \u00e0 esp\u00e9rer que m\u00eame dans l\u2019oubli, on trouvera toujours une \u00ab R\u00e9miniscence \u00bb.<\/p><p>\u00a0<\/p><p style=\"text-align: center;\"><strong>Quatuor l&rsquo;Esquisse<\/strong><\/p><p>\u00a0<\/p><p style=\"text-align: center;\"><strong>Esther Tissot-Yoon, Florencia Jorena,\u00a0<\/strong><\/p><p style=\"text-align: center;\"><strong>Johanna Bier,\u00a0<\/strong><strong>Elodie Roux-Arago\u00a0<\/strong><\/p>\t\t\t\t\t\t\t\t<\/div>\n\t\t\t\t<\/div>\n\t\t\t\t<div class=\"elementor-element elementor-element-ac62b5a elementor-widget elementor-widget-button\" data-id=\"ac62b5a\" data-element_type=\"widget\" data-e-type=\"widget\" data-widget_type=\"button.default\">\n\t\t\t\t<div class=\"elementor-widget-container\">\n\t\t\t\t\t\t\t\t\t<div class=\"elementor-button-wrapper\">\n\t\t\t\t\t<a class=\"elementor-button elementor-button-link elementor-size-sm\" href=\"https:\/\/billetterie-corsebillet.tickandlive.com\/reserver\/25deg-scontri-di-calinzana-20-08-quatuor-lesquisse\/127334\" target=\"_blank\">\n\t\t\t\t\t\t<span class=\"elementor-button-content-wrapper\">\n\t\t\t\t\t\t\t\t\t<span class=\"elementor-button-text\">Acheter vos places<\/span>\n\t\t\t\t\t<\/span>\n\t\t\t\t\t<\/a>\n\t\t\t\t<\/div>\n\t\t\t\t\t\t\t\t<\/div>\n\t\t\t\t<\/div>\n\t\t\t\t\t<\/div>\n\t\t<\/div>\n\t\t\t\t<div class=\"elementor-column elementor-col-50 elementor-top-column elementor-element elementor-element-723d7f3\" data-id=\"723d7f3\" data-element_type=\"column\" data-e-type=\"column\">\n\t\t\t<div class=\"elementor-widget-wrap elementor-element-populated\">\n\t\t\t\t\t\t<div class=\"elementor-element elementor-element-9162c70 elementor-widget elementor-widget-image\" data-id=\"9162c70\" data-element_type=\"widget\" data-e-type=\"widget\" data-widget_type=\"image.default\">\n\t\t\t\t<div class=\"elementor-widget-container\">\n\t\t\t\t\t\t\t\t\t\t\t\t\t\t\t<img loading=\"lazy\" decoding=\"async\" width=\"1024\" height=\"1024\" src=\"https:\/\/rencontresdecalenzana.fr\/wp-content\/uploads\/2025\/06\/Quatuor-LEsquisse11-1.jpg\" class=\"attachment-large size-large wp-image-9291\" alt=\"\" srcset=\"https:\/\/rencontresdecalenzana.fr\/wp-content\/uploads\/2025\/06\/Quatuor-LEsquisse11-1.jpg 1024w, https:\/\/rencontresdecalenzana.fr\/wp-content\/uploads\/2025\/06\/Quatuor-LEsquisse11-1-300x300.jpg 300w, https:\/\/rencontresdecalenzana.fr\/wp-content\/uploads\/2025\/06\/Quatuor-LEsquisse11-1-150x150.jpg 150w, https:\/\/rencontresdecalenzana.fr\/wp-content\/uploads\/2025\/06\/Quatuor-LEsquisse11-1-768x768.jpg 768w, https:\/\/rencontresdecalenzana.fr\/wp-content\/uploads\/2025\/06\/Quatuor-LEsquisse11-1-200x200.jpg 200w, https:\/\/rencontresdecalenzana.fr\/wp-content\/uploads\/2025\/06\/Quatuor-LEsquisse11-1-80x80.jpg 80w, https:\/\/rencontresdecalenzana.fr\/wp-content\/uploads\/2025\/06\/Quatuor-LEsquisse11-1-570x570.jpg 570w, https:\/\/rencontresdecalenzana.fr\/wp-content\/uploads\/2025\/06\/Quatuor-LEsquisse11-1-500x500.jpg 500w, https:\/\/rencontresdecalenzana.fr\/wp-content\/uploads\/2025\/06\/Quatuor-LEsquisse11-1-1000x1000.jpg 1000w, https:\/\/rencontresdecalenzana.fr\/wp-content\/uploads\/2025\/06\/Quatuor-LEsquisse11-1-700x700.jpg 700w\" sizes=\"(max-width: 1024px) 100vw, 1024px\" \/>\t\t\t\t\t\t\t\t\t\t\t\t\t\t\t<\/div>\n\t\t\t\t<\/div>\n\t\t\t\t\t<\/div>\n\t\t<\/div>\n\t\t\t\t\t<\/div>\n\t\t<\/section>\n\t\t\t\t<section class=\"elementor-section elementor-top-section elementor-element elementor-element-16fb3c5 elementor-section-boxed elementor-section-height-default elementor-section-height-default parallax_section_no qode_elementor_container_no\" data-id=\"16fb3c5\" data-element_type=\"section\" data-e-type=\"section\">\n\t\t\t\t\t\t<div class=\"elementor-container elementor-column-gap-default\">\n\t\t\t\t\t<div class=\"elementor-column elementor-col-100 elementor-top-column elementor-element elementor-element-f1278cf\" data-id=\"f1278cf\" data-element_type=\"column\" data-e-type=\"column\">\n\t\t\t<div class=\"elementor-widget-wrap elementor-element-populated\">\n\t\t\t\t\t\t<div class=\"elementor-element elementor-element-78520a6 elementor-widget-divider--view-line elementor-widget elementor-widget-divider\" data-id=\"78520a6\" data-element_type=\"widget\" data-e-type=\"widget\" data-widget_type=\"divider.default\">\n\t\t\t\t<div class=\"elementor-widget-container\">\n\t\t\t\t\t\t\t<div class=\"elementor-divider\">\n\t\t\t<span class=\"elementor-divider-separator\">\n\t\t\t\t\t\t<\/span>\n\t\t<\/div>\n\t\t\t\t\t\t<\/div>\n\t\t\t\t<\/div>\n\t\t\t\t\t<\/div>\n\t\t<\/div>\n\t\t\t\t\t<\/div>\n\t\t<\/section>\n\t\t\t\t<section class=\"elementor-section elementor-top-section elementor-element elementor-element-f85abc4 elementor-section-boxed elementor-section-height-default elementor-section-height-default parallax_section_no qode_elementor_container_no\" data-id=\"f85abc4\" data-element_type=\"section\" data-e-type=\"section\">\n\t\t\t\t\t\t<div class=\"elementor-container elementor-column-gap-default\">\n\t\t\t\t\t<div class=\"elementor-column elementor-col-50 elementor-top-column elementor-element elementor-element-7c8eb0e\" data-id=\"7c8eb0e\" data-element_type=\"column\" data-e-type=\"column\">\n\t\t\t<div class=\"elementor-widget-wrap elementor-element-populated\">\n\t\t\t\t\t\t<div class=\"elementor-element elementor-element-77a013e elementor-widget elementor-widget-image\" data-id=\"77a013e\" data-element_type=\"widget\" data-e-type=\"widget\" data-widget_type=\"image.default\">\n\t\t\t\t<div class=\"elementor-widget-container\">\n\t\t\t\t\t\t\t\t\t\t\t\t\t\t\t<img loading=\"lazy\" decoding=\"async\" width=\"1024\" height=\"1024\" src=\"https:\/\/rencontresdecalenzana.fr\/wp-content\/uploads\/2021\/07\/carre-10-1024x1024.png\" class=\"attachment-large size-large wp-image-2801\" alt=\"\" srcset=\"https:\/\/rencontresdecalenzana.fr\/wp-content\/uploads\/2021\/07\/carre-10-1024x1024.png 1024w, https:\/\/rencontresdecalenzana.fr\/wp-content\/uploads\/2021\/07\/carre-10-300x300.png 300w, https:\/\/rencontresdecalenzana.fr\/wp-content\/uploads\/2021\/07\/carre-10-150x150.png 150w, https:\/\/rencontresdecalenzana.fr\/wp-content\/uploads\/2021\/07\/carre-10-768x768.png 768w, https:\/\/rencontresdecalenzana.fr\/wp-content\/uploads\/2021\/07\/carre-10-80x80.png 80w, https:\/\/rencontresdecalenzana.fr\/wp-content\/uploads\/2021\/07\/carre-10-570x570.png 570w, https:\/\/rencontresdecalenzana.fr\/wp-content\/uploads\/2021\/07\/carre-10-500x500.png 500w, https:\/\/rencontresdecalenzana.fr\/wp-content\/uploads\/2021\/07\/elementor\/thumbs\/carre-10-p9rpfulh39zsvr5isaupchfts2fugg9oon8ll3d1qo.png 1000w, https:\/\/rencontresdecalenzana.fr\/wp-content\/uploads\/2021\/07\/carre-10-700x700.png 700w, https:\/\/rencontresdecalenzana.fr\/wp-content\/uploads\/2021\/07\/carre-10.png 1080w\" sizes=\"(max-width: 1024px) 100vw, 1024px\" \/>\t\t\t\t\t\t\t\t\t\t\t\t\t\t\t<\/div>\n\t\t\t\t<\/div>\n\t\t\t\t\t<\/div>\n\t\t<\/div>\n\t\t\t\t<div class=\"elementor-column elementor-col-50 elementor-top-column elementor-element elementor-element-72cebaf\" data-id=\"72cebaf\" data-element_type=\"column\" data-e-type=\"column\">\n\t\t\t<div class=\"elementor-widget-wrap elementor-element-populated\">\n\t\t\t\t\t\t<div class=\"elementor-element elementor-element-0a0b921 elementor-widget elementor-widget-text-editor\" data-id=\"0a0b921\" data-element_type=\"widget\" data-e-type=\"widget\" data-widget_type=\"text-editor.default\">\n\t\t\t\t<div class=\"elementor-widget-container\">\n\t\t\t\t\t\t\t\t\t<h4 id=\"-20\">\u00a0<\/h4><h5 id=\"-21\">\u00a0<\/h5><h5 id=\"21h30-piazza-da-ghjesgia-costa\" style=\"text-align: center;\">21h30 &#8211; Piazza d&rsquo;a ghjesgia, Costa<\/h5><p>\u00a0<\/p><h4 id=\"cantabile\" style=\"text-align: center;\"><strong>\u00ab\u00a0Cantabile\u00a0\u00bb<\/strong><\/h4><p style=\"text-align: center;\"><strong>(Mozart, Schubert, Porpora, Beethoven)<\/strong><\/p><p style=\"text-align: center;\"><strong>\u00a0<\/strong><\/p><p>\u00a0<\/p><p>Sous le signe de la ligne chantante, ce programme traverse les si\u00e8cles avec \u00e9l\u00e9gance et lyrisme, mettant en lumi\u00e8re la voix int\u00e9rieure des instruments.<\/p><p>\u00a0<\/p><p>De la sonate en duo de Porpora, cisel\u00e9e comme une miniature vocale, au trio op.11 de Beethoven, qui se termine sur un th\u00e8me d\u2019op\u00e9ra l\u00e9ger, chaque \u0153uvre c\u00e9l\u00e8bre la musicalit\u00e9 pure. L\u2019Adagio K.414 de Mozart d\u00e9ploie une tendresse suspendue, avant que Schubert ne cl\u00f4ture le concert avec son c\u00e9l\u00e8bre Quintette \u00ab La Truite \u00bb, bijou de fra\u00eecheur, de charme et de po\u00e9sie.<\/p><p>\u00a0<\/p><p>Un moment d\u2019\u00e9quilibre et de gr\u00e2ce, o\u00f9 chaque phrase respire et chante.<\/p><p>\u00a0<\/p><p><strong>Guillaume Latour (violon), Shuichi Okada (violon), Jo\u00eb\u00a0Christophe (clarinette), Denis Pascal (piano), No\u00e9 Natorp (violoncelle), Yume Fujise (alto), Marie-Paule Milone (violoncelle), Jeanne Bonnet (contrebasse), Alexandre Pascal (violon), Marceau Lef\u00e8vre (basson)<\/strong><\/p>\t\t\t\t\t\t\t\t<\/div>\n\t\t\t\t<\/div>\n\t\t\t\t\t<\/div>\n\t\t<\/div>\n\t\t\t\t\t<\/div>\n\t\t<\/section>\n\t\t\t\t<section class=\"elementor-section elementor-top-section elementor-element elementor-element-0b955f2 elementor-section-boxed elementor-section-height-default elementor-section-height-default parallax_section_no qode_elementor_container_no\" data-id=\"0b955f2\" data-element_type=\"section\" data-e-type=\"section\">\n\t\t\t\t\t\t<div class=\"elementor-container elementor-column-gap-default\">\n\t\t\t\t\t<div class=\"elementor-column elementor-col-100 elementor-top-column elementor-element elementor-element-aabdc8f\" data-id=\"aabdc8f\" data-element_type=\"column\" data-e-type=\"column\">\n\t\t\t<div class=\"elementor-widget-wrap elementor-element-populated\">\n\t\t\t\t\t\t<div class=\"elementor-element elementor-element-f2ecef5 elementor-widget elementor-widget-text-editor\" data-id=\"f2ecef5\" data-element_type=\"widget\" data-e-type=\"widget\" data-widget_type=\"text-editor.default\">\n\t\t\t\t<div class=\"elementor-widget-container\">\n\t\t\t\t\t\t\t\t\t<h1 id=\"mercredi-20-aout\" style=\"text-align: center;\">MERCREDI 20 Ao\u00fbt\u00a0<\/h1>\t\t\t\t\t\t\t\t<\/div>\n\t\t\t\t<\/div>\n\t\t\t\t\t<\/div>\n\t\t<\/div>\n\t\t\t\t\t<\/div>\n\t\t<\/section>\n\t\t\t\t<section class=\"elementor-section elementor-top-section elementor-element elementor-element-eba825f elementor-section-boxed elementor-section-height-default elementor-section-height-default parallax_section_no qode_elementor_container_no\" data-id=\"eba825f\" data-element_type=\"section\" data-e-type=\"section\">\n\t\t\t\t\t\t<div class=\"elementor-container elementor-column-gap-default\">\n\t\t\t\t\t<div class=\"elementor-column elementor-col-50 elementor-top-column elementor-element elementor-element-9b81f44\" data-id=\"9b81f44\" data-element_type=\"column\" data-e-type=\"column\">\n\t\t\t<div class=\"elementor-widget-wrap elementor-element-populated\">\n\t\t\t\t\t\t<div class=\"elementor-element elementor-element-d4097d2 elementor-widget elementor-widget-text-editor\" data-id=\"d4097d2\" data-element_type=\"widget\" data-e-type=\"widget\" data-widget_type=\"text-editor.default\">\n\t\t\t\t<div class=\"elementor-widget-container\">\n\t\t\t\t\t\t\t\t\t<h5 id=\"11h00-cathedrale-st-jean-baptiste-citadelle-calvi\" style=\"text-align: center;\"><strong>11h00 &#8211; <\/strong><strong>Cath\u00e9drale St Jean Baptiste \u2013 Citadelle,\u00a0 Calvi<\/strong><\/h5><h5 id=\"-22\" style=\"text-align: center;\">\u00a0<\/h5><h4 id=\"-23\">\u00a0<\/h4><h4 id=\"couleurs-damerique-latine\" style=\"text-align: center;\"><strong>\u00ab\u00a0Couleurs d\u2019Am\u00e9rique latine\u00a0\u00bb<\/strong><\/h4><p>\u00a0<\/p><p>\u00a0<\/p><p>\u00c0 travers un programme de musique latino-am\u00e9ricaine le quatuor vous fera voyager \u00e0 Cuba, au Mexique, en Argentine ou encore au Br\u00e9sil.<\/p><p>\u00a0<\/p><p>Un rendez-vous intime pour re \u00e9couter des c\u00e9l\u00e8bres tubes revisit\u00e9s \u00e0 la fl\u00fbte ou d\u00e9couvrir des compositions inspir\u00e9es de l&rsquo;Am\u00e9rique Latine.\u00a0L&rsquo;Esquisse vous promet un concert haut en couleurs !<\/p><p>\u00a0<\/p><p>Mozart est certainement celui qui aura port\u00e9 en gloire ces instruments en leur offrant de r\u00e9els chefs d\u2019\u0153uvres qui \u00e9blouissent et \u00e9meuvent toujours l&rsquo;auditoire.<\/p><p>\u00a0<\/p><p>\u00a0<\/p><p><strong>Quatuor l&rsquo;Esquisse,\u00a0<\/strong><\/p><p><strong>Esther Tissot-Yoon, Florencia Jorena,\u00a0<\/strong><\/p><p><strong>Johanna Bier,\u00a0<\/strong><strong>Elodie Roux-Arago\u00a0<\/strong><\/p>\t\t\t\t\t\t\t\t<\/div>\n\t\t\t\t<\/div>\n\t\t\t\t\t<\/div>\n\t\t<\/div>\n\t\t\t\t<div class=\"elementor-column elementor-col-50 elementor-top-column elementor-element elementor-element-6e9f09b\" data-id=\"6e9f09b\" data-element_type=\"column\" data-e-type=\"column\">\n\t\t\t<div class=\"elementor-widget-wrap elementor-element-populated\">\n\t\t\t\t\t\t<div class=\"elementor-element elementor-element-2d2308b elementor-widget elementor-widget-image\" data-id=\"2d2308b\" data-element_type=\"widget\" data-e-type=\"widget\" data-widget_type=\"image.default\">\n\t\t\t\t<div class=\"elementor-widget-container\">\n\t\t\t\t\t\t\t\t\t\t\t\t\t\t\t<img loading=\"lazy\" decoding=\"async\" width=\"1024\" height=\"1024\" src=\"https:\/\/rencontresdecalenzana.fr\/wp-content\/uploads\/2025\/05\/Quatuor-LEsquisse25.jpg\" class=\"attachment-large size-large wp-image-9044\" alt=\"\" srcset=\"https:\/\/rencontresdecalenzana.fr\/wp-content\/uploads\/2025\/05\/Quatuor-LEsquisse25.jpg 1024w, https:\/\/rencontresdecalenzana.fr\/wp-content\/uploads\/2025\/05\/Quatuor-LEsquisse25-300x300.jpg 300w, https:\/\/rencontresdecalenzana.fr\/wp-content\/uploads\/2025\/05\/Quatuor-LEsquisse25-150x150.jpg 150w, https:\/\/rencontresdecalenzana.fr\/wp-content\/uploads\/2025\/05\/Quatuor-LEsquisse25-768x768.jpg 768w, https:\/\/rencontresdecalenzana.fr\/wp-content\/uploads\/2025\/05\/Quatuor-LEsquisse25-200x200.jpg 200w, https:\/\/rencontresdecalenzana.fr\/wp-content\/uploads\/2025\/05\/Quatuor-LEsquisse25-80x80.jpg 80w, https:\/\/rencontresdecalenzana.fr\/wp-content\/uploads\/2025\/05\/Quatuor-LEsquisse25-570x570.jpg 570w, https:\/\/rencontresdecalenzana.fr\/wp-content\/uploads\/2025\/05\/Quatuor-LEsquisse25-500x500.jpg 500w, https:\/\/rencontresdecalenzana.fr\/wp-content\/uploads\/2025\/05\/Quatuor-LEsquisse25-1000x1000.jpg 1000w, https:\/\/rencontresdecalenzana.fr\/wp-content\/uploads\/2025\/05\/Quatuor-LEsquisse25-700x700.jpg 700w\" sizes=\"(max-width: 1024px) 100vw, 1024px\" \/>\t\t\t\t\t\t\t\t\t\t\t\t\t\t\t<\/div>\n\t\t\t\t<\/div>\n\t\t\t\t\t<\/div>\n\t\t<\/div>\n\t\t\t\t\t<\/div>\n\t\t<\/section>\n\t\t\t\t<section class=\"elementor-section elementor-top-section elementor-element elementor-element-c5758a9 elementor-section-boxed elementor-section-height-default elementor-section-height-default parallax_section_no qode_elementor_container_no\" data-id=\"c5758a9\" data-element_type=\"section\" data-e-type=\"section\">\n\t\t\t\t\t\t<div class=\"elementor-container elementor-column-gap-default\">\n\t\t\t\t\t<div class=\"elementor-column elementor-col-100 elementor-top-column elementor-element elementor-element-9e4850e\" data-id=\"9e4850e\" data-element_type=\"column\" data-e-type=\"column\">\n\t\t\t<div class=\"elementor-widget-wrap elementor-element-populated\">\n\t\t\t\t\t\t<div class=\"elementor-element elementor-element-04b5f6f elementor-widget-divider--view-line elementor-widget elementor-widget-divider\" data-id=\"04b5f6f\" data-element_type=\"widget\" data-e-type=\"widget\" data-widget_type=\"divider.default\">\n\t\t\t\t<div class=\"elementor-widget-container\">\n\t\t\t\t\t\t\t<div class=\"elementor-divider\">\n\t\t\t<span class=\"elementor-divider-separator\">\n\t\t\t\t\t\t<\/span>\n\t\t<\/div>\n\t\t\t\t\t\t<\/div>\n\t\t\t\t<\/div>\n\t\t\t\t\t<\/div>\n\t\t<\/div>\n\t\t\t\t\t<\/div>\n\t\t<\/section>\n\t\t\t\t<section class=\"elementor-section elementor-top-section elementor-element elementor-element-db946e7 elementor-section-boxed elementor-section-height-default elementor-section-height-default parallax_section_no qode_elementor_container_no\" data-id=\"db946e7\" data-element_type=\"section\" data-e-type=\"section\">\n\t\t\t\t\t\t<div class=\"elementor-container elementor-column-gap-default\">\n\t\t\t\t\t<div class=\"elementor-column elementor-col-50 elementor-top-column elementor-element elementor-element-317eb3c\" data-id=\"317eb3c\" data-element_type=\"column\" data-e-type=\"column\">\n\t\t\t<div class=\"elementor-widget-wrap elementor-element-populated\">\n\t\t\t\t\t\t<div class=\"elementor-element elementor-element-300077b elementor-widget elementor-widget-image\" data-id=\"300077b\" data-element_type=\"widget\" data-e-type=\"widget\" data-widget_type=\"image.default\">\n\t\t\t\t<div class=\"elementor-widget-container\">\n\t\t\t\t\t\t\t\t\t\t\t\t\t\t\t<img loading=\"lazy\" decoding=\"async\" width=\"1024\" height=\"1024\" src=\"https:\/\/rencontresdecalenzana.fr\/wp-content\/uploads\/2025\/06\/alesrencontres13017082017.jpg\" class=\"attachment-large size-large wp-image-9292\" alt=\"\" srcset=\"https:\/\/rencontresdecalenzana.fr\/wp-content\/uploads\/2025\/06\/alesrencontres13017082017.jpg 1024w, https:\/\/rencontresdecalenzana.fr\/wp-content\/uploads\/2025\/06\/alesrencontres13017082017-300x300.jpg 300w, https:\/\/rencontresdecalenzana.fr\/wp-content\/uploads\/2025\/06\/alesrencontres13017082017-150x150.jpg 150w, https:\/\/rencontresdecalenzana.fr\/wp-content\/uploads\/2025\/06\/alesrencontres13017082017-768x768.jpg 768w, https:\/\/rencontresdecalenzana.fr\/wp-content\/uploads\/2025\/06\/alesrencontres13017082017-200x200.jpg 200w, https:\/\/rencontresdecalenzana.fr\/wp-content\/uploads\/2025\/06\/alesrencontres13017082017-80x80.jpg 80w, https:\/\/rencontresdecalenzana.fr\/wp-content\/uploads\/2025\/06\/alesrencontres13017082017-570x570.jpg 570w, https:\/\/rencontresdecalenzana.fr\/wp-content\/uploads\/2025\/06\/alesrencontres13017082017-500x500.jpg 500w, https:\/\/rencontresdecalenzana.fr\/wp-content\/uploads\/2025\/06\/alesrencontres13017082017-1000x1000.jpg 1000w, https:\/\/rencontresdecalenzana.fr\/wp-content\/uploads\/2025\/06\/alesrencontres13017082017-700x700.jpg 700w\" sizes=\"(max-width: 1024px) 100vw, 1024px\" \/>\t\t\t\t\t\t\t\t\t\t\t\t\t\t\t<\/div>\n\t\t\t\t<\/div>\n\t\t\t\t\t<\/div>\n\t\t<\/div>\n\t\t\t\t<div class=\"elementor-column elementor-col-50 elementor-top-column elementor-element elementor-element-441cea8\" data-id=\"441cea8\" data-element_type=\"column\" data-e-type=\"column\">\n\t\t\t<div class=\"elementor-widget-wrap elementor-element-populated\">\n\t\t\t\t\t\t<div class=\"elementor-element elementor-element-dc5ec35 elementor-widget elementor-widget-text-editor\" data-id=\"dc5ec35\" data-element_type=\"widget\" data-e-type=\"widget\" data-widget_type=\"text-editor.default\">\n\t\t\t\t<div class=\"elementor-widget-container\">\n\t\t\t\t\t\t\t\t\t<h5 id=\"-24\">\u00a0<\/h5><h5 id=\"-25\">\u00a0<\/h5><p>\u00a0<\/p><p>\u00a0<\/p><h5 id=\"18h00-chapelle-st-francois-zilia\" style=\"text-align: center;\">18h00 \u2013 Chapelle St Fran\u00e7ois &#8211; Zilia \u00a0\u00a0<\/h5><div>\u00a0<\/div><div>\u00a0<\/div><h4 id=\"de-vienne-a-berlin\" style=\"text-align: center;\"><strong>\u00ab\u00a0De Vienne \u00e0 Berlin\u00a0\u00bb<\/strong><\/h4><p style=\"text-align: center;\"><strong>(Haydn, Mozart, Schneider)<\/strong><\/p><p style=\"text-align: center;\"><strong>\u00a0<\/strong><\/p><p style=\"text-align: center;\"><strong>\u00a0<\/strong><\/p><p>\u00a0<\/p><p>Un voyage musical au c\u0153ur de l\u2019Europe du XVIIIe si\u00e8cle, port\u00e9 par cinq interpr\u00e8tes d\u2019exception. De la gr\u00e2ce viennoise de Mozart \u00e0 l\u2019\u00e9l\u00e9gance classique de Haydn, en passant par le souffle expressif du Berlinois G.A. Schneider, ce programme met en lumi\u00e8re la richesse et la diversit\u00e9 du r\u00e9pertoire pour fl\u00fbte et cordes. Une travers\u00e9e sensible entre raffinement, clart\u00e9 formelle et dialogues intimes.<\/p><p>\u00a0<\/p><p><strong>Eva-Nina Kozmus (fl\u00fbte), Guillaume Latour (violon), Juliette Roos (violon), Ad\u00e8le Ginestet (alto), Marie-Paule Milone (violoncelle)<\/strong><\/p><p><strong>\u00a0<\/strong><\/p><p><strong>\u00a0<\/strong><\/p>\t\t\t\t\t\t\t\t<\/div>\n\t\t\t\t<\/div>\n\t\t\t\t<div class=\"elementor-element elementor-element-74f1556 elementor-widget elementor-widget-button\" data-id=\"74f1556\" data-element_type=\"widget\" data-e-type=\"widget\" data-widget_type=\"button.default\">\n\t\t\t\t<div class=\"elementor-widget-container\">\n\t\t\t\t\t\t\t\t\t<div class=\"elementor-button-wrapper\">\n\t\t\t\t\t<a class=\"elementor-button elementor-button-link elementor-size-sm\" href=\"https:\/\/billetterie-corsebillet.tickandlive.com\/reserver\/25deg-scontri-di-calinzana-20-08-de-vienne-a-berlin\/127333\" target=\"_blank\">\n\t\t\t\t\t\t<span class=\"elementor-button-content-wrapper\">\n\t\t\t\t\t\t\t\t\t<span class=\"elementor-button-text\">Acheter vos places<\/span>\n\t\t\t\t\t<\/span>\n\t\t\t\t\t<\/a>\n\t\t\t\t<\/div>\n\t\t\t\t\t\t\t\t<\/div>\n\t\t\t\t<\/div>\n\t\t\t\t\t<\/div>\n\t\t<\/div>\n\t\t\t\t\t<\/div>\n\t\t<\/section>\n\t\t\t\t<section class=\"elementor-section elementor-top-section elementor-element elementor-element-d881a92 elementor-section-boxed elementor-section-height-default elementor-section-height-default parallax_section_no qode_elementor_container_no\" data-id=\"d881a92\" data-element_type=\"section\" data-e-type=\"section\">\n\t\t\t\t\t\t<div class=\"elementor-container elementor-column-gap-default\">\n\t\t\t\t\t<div class=\"elementor-column elementor-col-100 elementor-top-column elementor-element elementor-element-8e5426b\" data-id=\"8e5426b\" data-element_type=\"column\" data-e-type=\"column\">\n\t\t\t<div class=\"elementor-widget-wrap elementor-element-populated\">\n\t\t\t\t\t\t<div class=\"elementor-element elementor-element-81511bb elementor-widget-divider--view-line elementor-widget elementor-widget-divider\" data-id=\"81511bb\" data-element_type=\"widget\" data-e-type=\"widget\" data-widget_type=\"divider.default\">\n\t\t\t\t<div class=\"elementor-widget-container\">\n\t\t\t\t\t\t\t<div class=\"elementor-divider\">\n\t\t\t<span class=\"elementor-divider-separator\">\n\t\t\t\t\t\t<\/span>\n\t\t<\/div>\n\t\t\t\t\t\t<\/div>\n\t\t\t\t<\/div>\n\t\t\t\t\t<\/div>\n\t\t<\/div>\n\t\t\t\t\t<\/div>\n\t\t<\/section>\n\t\t\t\t<section class=\"elementor-section elementor-top-section elementor-element elementor-element-09c360b elementor-section-boxed elementor-section-height-default elementor-section-height-default parallax_section_no qode_elementor_container_no\" data-id=\"09c360b\" data-element_type=\"section\" data-e-type=\"section\">\n\t\t\t\t\t\t<div class=\"elementor-container elementor-column-gap-default\">\n\t\t\t\t\t<div class=\"elementor-column elementor-col-50 elementor-top-column elementor-element elementor-element-39c483a\" data-id=\"39c483a\" data-element_type=\"column\" data-e-type=\"column\">\n\t\t\t<div class=\"elementor-widget-wrap elementor-element-populated\">\n\t\t\t\t\t\t<div class=\"elementor-element elementor-element-23b8a5e elementor-widget elementor-widget-text-editor\" data-id=\"23b8a5e\" data-element_type=\"widget\" data-e-type=\"widget\" data-widget_type=\"text-editor.default\">\n\t\t\t\t<div class=\"elementor-widget-container\">\n\t\t\t\t\t\t\t\t\t<h5 id=\"-26\">\u00a0<\/h5><h5 id=\"-27\">\u00a0<\/h5><h5 id=\"-28\">\u00a0<\/h5><h5 id=\"-29\">\u00a0<\/h5><h5 id=\"19h30-auditorium-pigna\" style=\"text-align: center;\"><strong>19h30 &#8211; Auditorium, Pigna<\/strong><\/h5><p>\u00a0<\/p><p>\u00a0<\/p><h4 id=\"octuor\" style=\"text-align: center;\"><strong>\u00ab\u00a0Octuor\u00a0\u00bb<\/strong><\/h4><p style=\"text-align: center;\"><strong>(Schubert\u00a0)<\/strong><\/p><p>\u00a0<\/p><p style=\"text-align: center;\"><strong>\u00a0<\/strong><\/p><p>\u0152uvre monumentale de la musique de chambre, l\u2019Octuor D.803 de Franz Schubert d\u00e9ploie sur six mouvements une fresque sonore d\u2019une richesse inou\u00efe.<\/p><p>Compos\u00e9 \u00e0 la demande d\u2019un m\u00e9c\u00e8ne admirateur de Beethoven, cet octuor pour vents et cordes navigue entre tendresse lyrique, \u00e9clats de vivacit\u00e9 et m\u00e9ditations profondes \u2014 v\u00e9ritable th\u00e9\u00e2tre d\u2019\u00e9motions o\u00f9 la clart\u00e9 classique flirte avec les premiers \u00e9lans du romantisme.<\/p><p>\u00a0<\/p><p>R\u00e9unis autour de cette partition exigeante, huit interpr\u00e8tes d\u2019exception font vibrer l\u2019\u00e9criture chambriste de Schubert avec intensit\u00e9, pr\u00e9cision et sens du dialogue.<\/p><p>\u00a0<\/p><p><strong>Joe Christophe (clarinette), Manuel Escauriaza (cor), Marceau Lef\u00e8vre (basson), Alexandre Pascal (violon), Shuichi Okada (violon), Yume\u00a0Fujise (alto), No\u00e9 Natorp (violoncelle), Jeanne Bonnet (contrebasse)<\/strong><\/p>\t\t\t\t\t\t\t\t<\/div>\n\t\t\t\t<\/div>\n\t\t\t\t\t<\/div>\n\t\t<\/div>\n\t\t\t\t<div class=\"elementor-column elementor-col-50 elementor-top-column elementor-element elementor-element-0790c95\" data-id=\"0790c95\" data-element_type=\"column\" data-e-type=\"column\">\n\t\t\t<div class=\"elementor-widget-wrap elementor-element-populated\">\n\t\t\t\t\t\t<div class=\"elementor-element elementor-element-ec4ea7c elementor-widget elementor-widget-image\" data-id=\"ec4ea7c\" data-element_type=\"widget\" data-e-type=\"widget\" data-widget_type=\"image.default\">\n\t\t\t\t<div class=\"elementor-widget-container\">\n\t\t\t\t\t\t\t\t\t\t\t\t\t\t\t<img loading=\"lazy\" decoding=\"async\" width=\"1024\" height=\"1024\" src=\"https:\/\/rencontresdecalenzana.fr\/wp-content\/uploads\/2025\/06\/schubert-22-06-23-tt-width-1200-.jpg\" class=\"attachment-large size-large wp-image-9293\" alt=\"\" srcset=\"https:\/\/rencontresdecalenzana.fr\/wp-content\/uploads\/2025\/06\/schubert-22-06-23-tt-width-1200-.jpg 1024w, https:\/\/rencontresdecalenzana.fr\/wp-content\/uploads\/2025\/06\/schubert-22-06-23-tt-width-1200--300x300.jpg 300w, https:\/\/rencontresdecalenzana.fr\/wp-content\/uploads\/2025\/06\/schubert-22-06-23-tt-width-1200--150x150.jpg 150w, https:\/\/rencontresdecalenzana.fr\/wp-content\/uploads\/2025\/06\/schubert-22-06-23-tt-width-1200--768x768.jpg 768w, https:\/\/rencontresdecalenzana.fr\/wp-content\/uploads\/2025\/06\/schubert-22-06-23-tt-width-1200--200x200.jpg 200w, https:\/\/rencontresdecalenzana.fr\/wp-content\/uploads\/2025\/06\/schubert-22-06-23-tt-width-1200--80x80.jpg 80w, https:\/\/rencontresdecalenzana.fr\/wp-content\/uploads\/2025\/06\/schubert-22-06-23-tt-width-1200--570x570.jpg 570w, https:\/\/rencontresdecalenzana.fr\/wp-content\/uploads\/2025\/06\/schubert-22-06-23-tt-width-1200--500x500.jpg 500w, https:\/\/rencontresdecalenzana.fr\/wp-content\/uploads\/2025\/06\/schubert-22-06-23-tt-width-1200--1000x1000.jpg 1000w, https:\/\/rencontresdecalenzana.fr\/wp-content\/uploads\/2025\/06\/schubert-22-06-23-tt-width-1200--700x700.jpg 700w\" sizes=\"(max-width: 1024px) 100vw, 1024px\" \/>\t\t\t\t\t\t\t\t\t\t\t\t\t\t\t<\/div>\n\t\t\t\t<\/div>\n\t\t\t\t\t<\/div>\n\t\t<\/div>\n\t\t\t\t\t<\/div>\n\t\t<\/section>\n\t\t\t\t<section class=\"elementor-section elementor-top-section elementor-element elementor-element-b86ab82 elementor-section-boxed elementor-section-height-default elementor-section-height-default parallax_section_no qode_elementor_container_no\" data-id=\"b86ab82\" data-element_type=\"section\" data-e-type=\"section\">\n\t\t\t\t\t\t<div class=\"elementor-container elementor-column-gap-default\">\n\t\t\t\t\t<div class=\"elementor-column elementor-col-100 elementor-top-column elementor-element elementor-element-eca25b0\" data-id=\"eca25b0\" data-element_type=\"column\" data-e-type=\"column\">\n\t\t\t<div class=\"elementor-widget-wrap elementor-element-populated\">\n\t\t\t\t\t\t<div class=\"elementor-element elementor-element-9053c16 elementor-widget-divider--view-line elementor-widget elementor-widget-divider\" data-id=\"9053c16\" data-element_type=\"widget\" data-e-type=\"widget\" data-widget_type=\"divider.default\">\n\t\t\t\t<div class=\"elementor-widget-container\">\n\t\t\t\t\t\t\t<div class=\"elementor-divider\">\n\t\t\t<span class=\"elementor-divider-separator\">\n\t\t\t\t\t\t<\/span>\n\t\t<\/div>\n\t\t\t\t\t\t<\/div>\n\t\t\t\t<\/div>\n\t\t\t\t\t<\/div>\n\t\t<\/div>\n\t\t\t\t\t<\/div>\n\t\t<\/section>\n\t\t\t\t<section class=\"elementor-section elementor-top-section elementor-element elementor-element-f083f63 elementor-section-boxed elementor-section-height-default elementor-section-height-default parallax_section_no qode_elementor_container_no\" data-id=\"f083f63\" data-element_type=\"section\" data-e-type=\"section\">\n\t\t\t\t\t\t<div class=\"elementor-container elementor-column-gap-default\">\n\t\t\t\t\t<div class=\"elementor-column elementor-col-50 elementor-top-column elementor-element elementor-element-c71f2b2\" data-id=\"c71f2b2\" data-element_type=\"column\" data-e-type=\"column\">\n\t\t\t<div class=\"elementor-widget-wrap elementor-element-populated\">\n\t\t\t\t\t\t<div class=\"elementor-element elementor-element-ffd27b9 elementor-widget elementor-widget-image\" data-id=\"ffd27b9\" data-element_type=\"widget\" data-e-type=\"widget\" data-widget_type=\"image.default\">\n\t\t\t\t<div class=\"elementor-widget-container\">\n\t\t\t\t\t\t\t\t\t\t\t\t\t\t\t<img loading=\"lazy\" decoding=\"async\" width=\"1024\" height=\"1024\" src=\"https:\/\/rencontresdecalenzana.fr\/wp-content\/uploads\/2025\/06\/duo-pancrazi-alineri.png\" class=\"attachment-large size-large wp-image-9294\" alt=\"\" srcset=\"https:\/\/rencontresdecalenzana.fr\/wp-content\/uploads\/2025\/06\/duo-pancrazi-alineri.png 1024w, https:\/\/rencontresdecalenzana.fr\/wp-content\/uploads\/2025\/06\/duo-pancrazi-alineri-300x300.png 300w, https:\/\/rencontresdecalenzana.fr\/wp-content\/uploads\/2025\/06\/duo-pancrazi-alineri-150x150.png 150w, https:\/\/rencontresdecalenzana.fr\/wp-content\/uploads\/2025\/06\/duo-pancrazi-alineri-768x768.png 768w, https:\/\/rencontresdecalenzana.fr\/wp-content\/uploads\/2025\/06\/duo-pancrazi-alineri-200x200.png 200w, https:\/\/rencontresdecalenzana.fr\/wp-content\/uploads\/2025\/06\/duo-pancrazi-alineri-80x80.png 80w, https:\/\/rencontresdecalenzana.fr\/wp-content\/uploads\/2025\/06\/duo-pancrazi-alineri-570x570.png 570w, https:\/\/rencontresdecalenzana.fr\/wp-content\/uploads\/2025\/06\/duo-pancrazi-alineri-500x500.png 500w, https:\/\/rencontresdecalenzana.fr\/wp-content\/uploads\/2025\/06\/duo-pancrazi-alineri-1000x1000.png 1000w, https:\/\/rencontresdecalenzana.fr\/wp-content\/uploads\/2025\/06\/duo-pancrazi-alineri-700x700.png 700w\" sizes=\"(max-width: 1024px) 100vw, 1024px\" \/>\t\t\t\t\t\t\t\t\t\t\t\t\t\t\t<\/div>\n\t\t\t\t<\/div>\n\t\t\t\t\t<\/div>\n\t\t<\/div>\n\t\t\t\t<div class=\"elementor-column elementor-col-50 elementor-top-column elementor-element elementor-element-56ae38d\" data-id=\"56ae38d\" data-element_type=\"column\" data-e-type=\"column\">\n\t\t\t<div class=\"elementor-widget-wrap elementor-element-populated\">\n\t\t\t\t\t\t<div class=\"elementor-element elementor-element-8bc0e04 elementor-widget elementor-widget-text-editor\" data-id=\"8bc0e04\" data-element_type=\"widget\" data-e-type=\"widget\" data-widget_type=\"text-editor.default\">\n\t\t\t\t<div class=\"elementor-widget-container\">\n\t\t\t\t\t\t\t\t\t<h5 id=\"-30\" style=\"text-align: center;\"><strong>\u00a0<\/strong><\/h5><h5 id=\"21h30-cappella-santa-restituta-calinzana\" style=\"text-align: center;\"><strong>21h30\u00a0 &#8211; <\/strong><strong>Cappella Santa Restituta, Calinzana<\/strong><\/h5><p>\u00a0<\/p><p>\u00a0<\/p><h4 id=\"le-genie-populaire-de-la-corse-a-seville\" style=\"text-align: center;\"><strong>\u00ab Le G\u00e9nie Populaire, de la Corse \u00e0 S\u00e9ville\u00a0 \u00bb\u00a0<\/strong><\/h4><p style=\"text-align: center;\"><strong>(Tomasi, Ravel, Rossini, De Falla, Bizet)<\/strong><\/p><p>\u00a0<\/p><p data-start=\"84\" data-end=\"536\">Ce r\u00e9cital tisse un lien entre les musiques populaires corses et espagnoles, et les grands op\u00e9ras inspir\u00e9s de S\u00e9ville. En premi\u00e8re partie, il met en lumi\u00e8re trois compositeurs du XXe si\u00e8cle qui ont su sublimer la tradition : Henri Tomasi et Maurice Ravel r\u00e9v\u00e8lent l\u2019\u00e9motion brute des chants corses, tandis que Manuel de Falla r\u00e9invente le folklore espagnol dans ses <em data-start=\"450\" data-end=\"487\">Siete Canciones Populares Espa\u00f1olas<\/em>, m\u00ealant modernit\u00e9 et fid\u00e9lit\u00e9 \u00e0 l\u2019\u00e2me andalouse.<\/p><p data-start=\"538\" data-end=\"638\">Tous trois illustrent avec sensibilit\u00e9 comment la musique populaire peut nourrir la musique savante.<\/p><p data-start=\"640\" data-end=\"895\">La seconde partie nous plonge dans deux chefs-d\u2019\u0153uvre de l\u2019op\u00e9ra qui ont immortalis\u00e9 S\u00e9ville : <em data-start=\"735\" data-end=\"758\">Le Barbier de S\u00e9ville<\/em> de Rossini, com\u00e9die p\u00e9tillante aux intrigues amoureuses virevoltantes, et <em data-start=\"833\" data-end=\"841\">Carmen<\/em> de Bizet, drame passionnel devenu symbole de libert\u00e9.<\/p><p data-start=\"897\" data-end=\"1015\">Entre tradition et op\u00e9ra, ce programme c\u00e9l\u00e8bre la richesse des \u00e9changes entre musique populaire et r\u00e9pertoire lyrique.<\/p><p data-start=\"897\" data-end=\"1015\">\u00a0<\/p><p data-start=\"897\" data-end=\"1015\">\u00a0<\/p><p><strong>El\u00e9onore Pancrazi et Antoine Alerini<\/strong><\/p>\t\t\t\t\t\t\t\t<\/div>\n\t\t\t\t<\/div>\n\t\t\t\t<div class=\"elementor-element elementor-element-64c632a elementor-widget elementor-widget-button\" data-id=\"64c632a\" data-element_type=\"widget\" data-e-type=\"widget\" data-widget_type=\"button.default\">\n\t\t\t\t<div class=\"elementor-widget-container\">\n\t\t\t\t\t\t\t\t\t<div class=\"elementor-button-wrapper\">\n\t\t\t\t\t<a class=\"elementor-button elementor-button-link elementor-size-sm\" href=\"https:\/\/billetterie-corsebillet.tickandlive.com\/reserver\/25deg-scontri-di-calinzana-20-08-a-sera\/127332\" target=\"_blank\">\n\t\t\t\t\t\t<span class=\"elementor-button-content-wrapper\">\n\t\t\t\t\t\t\t\t\t<span class=\"elementor-button-text\">Acheter vos places<\/span>\n\t\t\t\t\t<\/span>\n\t\t\t\t\t<\/a>\n\t\t\t\t<\/div>\n\t\t\t\t\t\t\t\t<\/div>\n\t\t\t\t<\/div>\n\t\t\t\t\t<\/div>\n\t\t<\/div>\n\t\t\t\t\t<\/div>\n\t\t<\/section>\n\t\t\t\t<section class=\"elementor-section elementor-top-section elementor-element elementor-element-43a76dc elementor-section-boxed elementor-section-height-default elementor-section-height-default parallax_section_no qode_elementor_container_no\" data-id=\"43a76dc\" data-element_type=\"section\" data-e-type=\"section\">\n\t\t\t\t\t\t<div class=\"elementor-container elementor-column-gap-default\">\n\t\t\t\t\t<div class=\"elementor-column elementor-col-100 elementor-top-column elementor-element elementor-element-99f6e99\" data-id=\"99f6e99\" data-element_type=\"column\" data-e-type=\"column\">\n\t\t\t<div class=\"elementor-widget-wrap elementor-element-populated\">\n\t\t\t\t\t\t<div class=\"elementor-element elementor-element-1c4f094 elementor-widget elementor-widget-text-editor\" data-id=\"1c4f094\" data-element_type=\"widget\" data-e-type=\"widget\" data-widget_type=\"text-editor.default\">\n\t\t\t\t<div class=\"elementor-widget-container\">\n\t\t\t\t\t\t\t\t\t<h1 id=\"jeudi-21-aout\" style=\"text-align: center;\">JEUDI 21 Ao\u00fbt\u00a0<\/h1>\t\t\t\t\t\t\t\t<\/div>\n\t\t\t\t<\/div>\n\t\t\t\t\t<\/div>\n\t\t<\/div>\n\t\t\t\t\t<\/div>\n\t\t<\/section>\n\t\t\t\t<section class=\"elementor-section elementor-top-section elementor-element elementor-element-e828382 elementor-section-boxed elementor-section-height-default elementor-section-height-default parallax_section_no qode_elementor_container_no\" data-id=\"e828382\" data-element_type=\"section\" data-e-type=\"section\">\n\t\t\t\t\t\t<div class=\"elementor-container elementor-column-gap-default\">\n\t\t\t\t\t<div class=\"elementor-column elementor-col-50 elementor-top-column elementor-element elementor-element-cdca3e9\" data-id=\"cdca3e9\" data-element_type=\"column\" data-e-type=\"column\">\n\t\t\t<div class=\"elementor-widget-wrap elementor-element-populated\">\n\t\t\t\t\t\t<div class=\"elementor-element elementor-element-0bdaa59 elementor-widget elementor-widget-text-editor\" data-id=\"0bdaa59\" data-element_type=\"widget\" data-e-type=\"widget\" data-widget_type=\"text-editor.default\">\n\t\t\t\t<div class=\"elementor-widget-container\">\n\t\t\t\t\t\t\t\t\t<h5 id=\"11h00-eglise-lumiu\" style=\"text-align: center;\"><strong>11h00 \u2013 Eglise, Lumiu<\/strong><\/h5><p>\u00a0<\/p><h4 id=\"u-cantu-di-i-canti\" style=\"text-align: center;\"><strong>\u00a0\u00ab\u00a0<\/strong><strong>\u00a0U cantu di i Canti \u00a0\u00bb\u00a0<br \/><\/strong><\/h4><p>\u00a0<\/p><p data-start=\"84\" data-end=\"427\"><strong data-start=\"84\" data-end=\"106\">U Cantu di i Canti<\/strong> est une cr\u00e9ation port\u00e9e par Patrizia Gattaceca, inspir\u00e9e du <em data-start=\"167\" data-end=\"191\">Cantique des Cantiques<\/em>, chef-d\u2019\u0153uvre biblique et po\u00e8me universel c\u00e9l\u00e9brant l\u2019amour. \u00c0 travers ce texte ancien, attribu\u00e9 au roi Salomon, se dessine un dialogue sensuel et po\u00e9tique entre un homme et une femme, dans un jardin symbolique \u00e9veillant tous les sens.<\/p><p data-start=\"84\" data-end=\"427\">\u00a0<\/p><p data-start=\"429\" data-end=\"759\">Cette \u0153uvre, \u00e0 la dramaturgie singuli\u00e8re, r\u00e9unit deux solistes, un ch\u0153ur divis\u00e9, et plusieurs duos. Patrizia Gattaceca incarne \u00e0 tour de r\u00f4le les diff\u00e9rentes voix du po\u00e8me : le bien-aim\u00e9, la Sulamite, les filles de J\u00e9rusalem, les sentinelles. Elle y explore les multiples facettes de l\u2019amour, de la passion \u00e0 la qu\u00eate spirituelle.<\/p><p data-start=\"429\" data-end=\"759\">\u00a0<\/p><p data-start=\"761\" data-end=\"932\">Le projet se d\u00e9cline en deux versions : l\u2019une orchestr\u00e9e avec ch\u0153urs vocaux et instrumentaux, l\u2019autre piano\/voix, plus \u00e9pur\u00e9e, comme un t\u00eate-\u00e0-t\u00eate entre texte et musique.<\/p><p data-start=\"761\" data-end=\"932\">\u00a0<\/p><p data-start=\"934\" data-end=\"1096\">Entre mystique et sensualit\u00e9, <strong data-start=\"964\" data-end=\"986\">U Cantu di i Canti<\/strong> rend hommage aux racines m\u00e9diterran\u00e9ennes et affirme une vision \u00e9galitaire et libre de la relation amoureuse.<\/p><p data-start=\"934\" data-end=\"1096\">\u00a0<\/p><p><strong>Patrizia Gattaceca : auteur-compositeur, interpr\u00e8te,<\/strong><\/p><p><strong>Marina Luciani : Pianiste<\/strong><\/p>\t\t\t\t\t\t\t\t<\/div>\n\t\t\t\t<\/div>\n\t\t\t\t<div class=\"elementor-element elementor-element-1008a95 elementor-widget elementor-widget-button\" data-id=\"1008a95\" data-element_type=\"widget\" data-e-type=\"widget\" data-widget_type=\"button.default\">\n\t\t\t\t<div class=\"elementor-widget-container\">\n\t\t\t\t\t\t\t\t\t<div class=\"elementor-button-wrapper\">\n\t\t\t\t\t<a class=\"elementor-button elementor-button-link elementor-size-sm\" href=\"https:\/\/billetterie-corsebillet.tickandlive.com\/reserver\/25deg-scontri-di-calinzana-21-08-lumiu\/127336\" target=\"_blank\">\n\t\t\t\t\t\t<span class=\"elementor-button-content-wrapper\">\n\t\t\t\t\t\t\t\t\t<span class=\"elementor-button-text\">Acheter vos places<\/span>\n\t\t\t\t\t<\/span>\n\t\t\t\t\t<\/a>\n\t\t\t\t<\/div>\n\t\t\t\t\t\t\t\t<\/div>\n\t\t\t\t<\/div>\n\t\t\t\t\t<\/div>\n\t\t<\/div>\n\t\t\t\t<div class=\"elementor-column elementor-col-50 elementor-top-column elementor-element elementor-element-88f554c\" data-id=\"88f554c\" data-element_type=\"column\" data-e-type=\"column\">\n\t\t\t<div class=\"elementor-widget-wrap elementor-element-populated\">\n\t\t\t\t\t\t<div class=\"elementor-element elementor-element-0df990d elementor-widget elementor-widget-image\" data-id=\"0df990d\" data-element_type=\"widget\" data-e-type=\"widget\" data-widget_type=\"image.default\">\n\t\t\t\t<div class=\"elementor-widget-container\">\n\t\t\t\t\t\t\t\t\t\t\t\t\t\t\t<img loading=\"lazy\" decoding=\"async\" width=\"636\" height=\"636\" src=\"https:\/\/rencontresdecalenzana.fr\/wp-content\/uploads\/2025\/04\/Portrait-Patricia-Gattaceca-\u00a9Rit.jpg\" class=\"attachment-large size-large wp-image-8790\" alt=\"\" srcset=\"https:\/\/rencontresdecalenzana.fr\/wp-content\/uploads\/2025\/04\/Portrait-Patricia-Gattaceca-\u00a9Rit.jpg 636w, https:\/\/rencontresdecalenzana.fr\/wp-content\/uploads\/2025\/04\/Portrait-Patricia-Gattaceca-\u00a9Rit-300x300.jpg 300w, https:\/\/rencontresdecalenzana.fr\/wp-content\/uploads\/2025\/04\/Portrait-Patricia-Gattaceca-\u00a9Rit-150x150.jpg 150w, https:\/\/rencontresdecalenzana.fr\/wp-content\/uploads\/2025\/04\/Portrait-Patricia-Gattaceca-\u00a9Rit-200x200.jpg 200w, https:\/\/rencontresdecalenzana.fr\/wp-content\/uploads\/2025\/04\/Portrait-Patricia-Gattaceca-\u00a9Rit-80x80.jpg 80w, https:\/\/rencontresdecalenzana.fr\/wp-content\/uploads\/2025\/04\/Portrait-Patricia-Gattaceca-\u00a9Rit-570x570.jpg 570w, https:\/\/rencontresdecalenzana.fr\/wp-content\/uploads\/2025\/04\/Portrait-Patricia-Gattaceca-\u00a9Rit-500x500.jpg 500w\" sizes=\"(max-width: 636px) 100vw, 636px\" \/>\t\t\t\t\t\t\t\t\t\t\t\t\t\t\t<\/div>\n\t\t\t\t<\/div>\n\t\t\t\t\t<\/div>\n\t\t<\/div>\n\t\t\t\t\t<\/div>\n\t\t<\/section>\n\t\t\t\t<section class=\"elementor-section elementor-top-section elementor-element elementor-element-dbd8d30 elementor-section-boxed elementor-section-height-default elementor-section-height-default parallax_section_no qode_elementor_container_no\" data-id=\"dbd8d30\" data-element_type=\"section\" data-e-type=\"section\">\n\t\t\t\t\t\t<div class=\"elementor-container elementor-column-gap-default\">\n\t\t\t\t\t<div class=\"elementor-column elementor-col-100 elementor-top-column elementor-element elementor-element-401d312\" data-id=\"401d312\" data-element_type=\"column\" data-e-type=\"column\">\n\t\t\t<div class=\"elementor-widget-wrap elementor-element-populated\">\n\t\t\t\t\t\t<div class=\"elementor-element elementor-element-09e5d76 elementor-widget-divider--view-line elementor-widget elementor-widget-divider\" data-id=\"09e5d76\" data-element_type=\"widget\" data-e-type=\"widget\" data-widget_type=\"divider.default\">\n\t\t\t\t<div class=\"elementor-widget-container\">\n\t\t\t\t\t\t\t<div class=\"elementor-divider\">\n\t\t\t<span class=\"elementor-divider-separator\">\n\t\t\t\t\t\t<\/span>\n\t\t<\/div>\n\t\t\t\t\t\t<\/div>\n\t\t\t\t<\/div>\n\t\t\t\t\t<\/div>\n\t\t<\/div>\n\t\t\t\t\t<\/div>\n\t\t<\/section>\n\t\t\t\t<section class=\"elementor-section elementor-top-section elementor-element elementor-element-e5c2c1f elementor-section-boxed elementor-section-height-default elementor-section-height-default parallax_section_no qode_elementor_container_no\" data-id=\"e5c2c1f\" data-element_type=\"section\" data-e-type=\"section\">\n\t\t\t\t\t\t<div class=\"elementor-container elementor-column-gap-default\">\n\t\t\t\t\t<div class=\"elementor-column elementor-col-50 elementor-top-column elementor-element elementor-element-faf1e40\" data-id=\"faf1e40\" data-element_type=\"column\" data-e-type=\"column\">\n\t\t\t<div class=\"elementor-widget-wrap elementor-element-populated\">\n\t\t\t\t\t\t<div class=\"elementor-element elementor-element-6543fe9 elementor-widget elementor-widget-image\" data-id=\"6543fe9\" data-element_type=\"widget\" data-e-type=\"widget\" data-widget_type=\"image.default\">\n\t\t\t\t<div class=\"elementor-widget-container\">\n\t\t\t\t\t\t\t\t\t\t\t\t\t\t\t<img loading=\"lazy\" decoding=\"async\" width=\"1024\" height=\"1024\" src=\"https:\/\/rencontresdecalenzana.fr\/wp-content\/uploads\/2025\/06\/Slide-2020-RMCC.jpg\" class=\"attachment-large size-large wp-image-9299\" alt=\"\" srcset=\"https:\/\/rencontresdecalenzana.fr\/wp-content\/uploads\/2025\/06\/Slide-2020-RMCC.jpg 1024w, https:\/\/rencontresdecalenzana.fr\/wp-content\/uploads\/2025\/06\/Slide-2020-RMCC-300x300.jpg 300w, https:\/\/rencontresdecalenzana.fr\/wp-content\/uploads\/2025\/06\/Slide-2020-RMCC-150x150.jpg 150w, https:\/\/rencontresdecalenzana.fr\/wp-content\/uploads\/2025\/06\/Slide-2020-RMCC-768x768.jpg 768w, https:\/\/rencontresdecalenzana.fr\/wp-content\/uploads\/2025\/06\/Slide-2020-RMCC-200x200.jpg 200w, https:\/\/rencontresdecalenzana.fr\/wp-content\/uploads\/2025\/06\/Slide-2020-RMCC-80x80.jpg 80w, https:\/\/rencontresdecalenzana.fr\/wp-content\/uploads\/2025\/06\/Slide-2020-RMCC-570x570.jpg 570w, https:\/\/rencontresdecalenzana.fr\/wp-content\/uploads\/2025\/06\/Slide-2020-RMCC-500x500.jpg 500w, https:\/\/rencontresdecalenzana.fr\/wp-content\/uploads\/2025\/06\/Slide-2020-RMCC-1000x1000.jpg 1000w, https:\/\/rencontresdecalenzana.fr\/wp-content\/uploads\/2025\/06\/Slide-2020-RMCC-700x700.jpg 700w\" sizes=\"(max-width: 1024px) 100vw, 1024px\" \/>\t\t\t\t\t\t\t\t\t\t\t\t\t\t\t<\/div>\n\t\t\t\t<\/div>\n\t\t\t\t\t<\/div>\n\t\t<\/div>\n\t\t\t\t<div class=\"elementor-column elementor-col-50 elementor-top-column elementor-element elementor-element-84596da\" data-id=\"84596da\" data-element_type=\"column\" data-e-type=\"column\">\n\t\t\t<div class=\"elementor-widget-wrap elementor-element-populated\">\n\t\t\t\t\t\t<div class=\"elementor-element elementor-element-aef74f6 elementor-widget elementor-widget-text-editor\" data-id=\"aef74f6\" data-element_type=\"widget\" data-e-type=\"widget\" data-widget_type=\"text-editor.default\">\n\t\t\t\t<div class=\"elementor-widget-container\">\n\t\t\t\t\t\t\t\t\t<h5 id=\"-31\">\u00a0<\/h5><h5 id=\"-32\">\u00a0<\/h5><h5 id=\"-33\">\u00a0<\/h5><h5 id=\"-34\">\u00a0<\/h5><h5 id=\"18h00-couvent-de-marcassu\" style=\"text-align: center;\"><strong>18h00 \u2013 Couvent de Marcassu<\/strong><\/h5><p>\u00a0<\/p><p>\u00a0<\/p><h4 id=\"eclats-et-contrastes\" style=\"text-align: center;\"><strong>\u00a0\u00ab \u00c9clats et contrastes\u00a0 \u00bb<\/strong><\/h4><p style=\"text-align: center;\"><strong>(<\/strong><strong>Bach,<\/strong><strong> Telemann, <\/strong><strong>Haendel, Halvorsen<\/strong>, <strong>\u00a0Beethoven<\/strong><strong>)<\/strong><\/p><p>\u00a0<\/p><p>\u00a0<\/p><p>Ce programme resserr\u00e9 mais dense traverse un si\u00e8cle de musique europ\u00e9enne, entre \u00e9loquence baroque et tension classique.<\/p><p>\u00a0<\/p><p>Le <strong>Rondo espressivo<\/strong> de <strong>Carl Philipp Emmanuel \u00a0Bach<\/strong> ouvre le concert avec ses \u00e9lans impr\u00e9visibles et sa libert\u00e9 de ton, suivi par la po\u00e9sie solitaire de la <strong>Fantaisie pour violon<\/strong> de <strong>Telemann<\/strong>. La c\u00e9l\u00e8bre <strong>Passacaille de Haendel<\/strong>, revisit\u00e9e par <strong>Halvorsen<\/strong> pour violon et violoncelle, offre un moment de virtuosit\u00e9 incandescente.<\/p><p>\u00a0<\/p><p>Enfin, le <strong>trio \u00e0 cordes en do mineur op.9 n\u00b03<\/strong> de <strong>Beethoven<\/strong> cl\u00f4ture ce voyage en concentrant toute la fougue de la jeunesse du compositeur dans une \u0153uvre puissante, tendue et d\u2019une grande richesse expressive.<\/p><p>Trois interpr\u00e8tes, un fil tendu entre tradition et invention.<\/p><p>\u00a0<\/p><p><strong>Shuichi Okada (violon), No\u00e9 Natorp (violoncelle), Ad\u00e8le Ginestet (alto)<\/strong><\/p>\t\t\t\t\t\t\t\t<\/div>\n\t\t\t\t<\/div>\n\t\t\t\t\t<\/div>\n\t\t<\/div>\n\t\t\t\t\t<\/div>\n\t\t<\/section>\n\t\t\t\t<section class=\"elementor-section elementor-top-section elementor-element elementor-element-bf0b352 elementor-section-boxed elementor-section-height-default elementor-section-height-default parallax_section_no qode_elementor_container_no\" data-id=\"bf0b352\" data-element_type=\"section\" data-e-type=\"section\">\n\t\t\t\t\t\t<div class=\"elementor-container elementor-column-gap-default\">\n\t\t\t\t\t<div class=\"elementor-column elementor-col-100 elementor-top-column elementor-element elementor-element-1dfd73c\" data-id=\"1dfd73c\" data-element_type=\"column\" data-e-type=\"column\">\n\t\t\t<div class=\"elementor-widget-wrap elementor-element-populated\">\n\t\t\t\t\t\t<div class=\"elementor-element elementor-element-b7ab349 elementor-widget-divider--view-line elementor-widget elementor-widget-divider\" data-id=\"b7ab349\" data-element_type=\"widget\" data-e-type=\"widget\" data-widget_type=\"divider.default\">\n\t\t\t\t<div class=\"elementor-widget-container\">\n\t\t\t\t\t\t\t<div class=\"elementor-divider\">\n\t\t\t<span class=\"elementor-divider-separator\">\n\t\t\t\t\t\t<\/span>\n\t\t<\/div>\n\t\t\t\t\t\t<\/div>\n\t\t\t\t<\/div>\n\t\t\t\t\t<\/div>\n\t\t<\/div>\n\t\t\t\t\t<\/div>\n\t\t<\/section>\n\t\t\t\t<section class=\"elementor-section elementor-top-section elementor-element elementor-element-8a7454b elementor-section-boxed elementor-section-height-default elementor-section-height-default parallax_section_no qode_elementor_container_no\" data-id=\"8a7454b\" data-element_type=\"section\" data-e-type=\"section\">\n\t\t\t\t\t\t<div class=\"elementor-container elementor-column-gap-default\">\n\t\t\t\t\t<div class=\"elementor-column elementor-col-50 elementor-top-column elementor-element elementor-element-1001c54\" data-id=\"1001c54\" data-element_type=\"column\" data-e-type=\"column\">\n\t\t\t<div class=\"elementor-widget-wrap elementor-element-populated\">\n\t\t\t\t\t\t<div class=\"elementor-element elementor-element-1c9d661 elementor-widget elementor-widget-text-editor\" data-id=\"1c9d661\" data-element_type=\"widget\" data-e-type=\"widget\" data-widget_type=\"text-editor.default\">\n\t\t\t\t<div class=\"elementor-widget-container\">\n\t\t\t\t\t\t\t\t\t<h5 id=\"-35\">\u00a0<\/h5><h5 id=\"19h00-aghja-u-mucale\" style=\"text-align: center;\"><strong>19h00 \u2013 Aghja \u2013 U Mucale\u00a0 <\/strong><\/h5><h5 id=\"aire-a-ble-15-min-de-marche\" style=\"text-align: center;\">(Aire \u00e0 bl\u00e9 &#8211; 15 min de marche)<\/h5><div>\u00a0<\/div><h4 id=\"les-elements\" style=\"text-align: center;\"><strong>\u00a0 \u00a0\u00a0\u00ab Les\u00a0\u00c9l\u00e9ments \u00bb<\/strong><\/h4><p style=\"text-align: center;\"><strong>(Rebel, Rameau, Mozart, Villa Lobos)<\/strong><\/p><p style=\"text-align: center;\"><strong>\u00a0<\/strong><\/p><p style=\"text-align: center;\"><strong>\u00a0<\/strong><\/p><p>Entre d\u00e9cha\u00eenements naturels, c\u00e9l\u00e9brations festives et paysages oniriques, ce programme dessine une fresque musicale en mouvement, travers\u00e9e par les forces de la nature et de l\u2019imaginaire.<\/p><p>\u00a0<\/p><p>Du saisissant <em>Chaos<\/em> de Jean-F\u00e9ry Rebel, pr\u00e9lude visionnaire \u00e0 sa <em>Symphonie Nouvelle<\/em>, aux \u00e9l\u00e9gances dans\u00e9es de Rameau, l&rsquo;esprit baroque s\u2019y exprime avec \u00e9clat. L\u2019Orage de <em>Plat\u00e9e<\/em> fait gronder les cieux, avant que L\u00e9opold Mozart ne c\u00e9l\u00e8bre le monde paysan dans sa p\u00e9tillante <em>Symphonie des Noces villageoises<\/em>.<\/p><p>En \u00e9cho lointain, Villa-Lobos et ses <em>Bachianas Brasileiras n\u00b04<\/em> offrent un pr\u00e9lude au lyrisme suspendu, comme une respiration venue d\u2019un autre continent.<\/p><p>Un programme riche en contrastes, port\u00e9 par l\u2019invention, l\u2019humour et la puissance \u00e9vocatrice des compositeurs.<\/p><p>\u00a0<\/p><p><strong>Marie-Paule Milone (violoncelle), Alexandre Pascal (violon), Guillaume Latour (violon), Juliette Roos (violon), Yume Fujise (alto), Jo\u00eb Christophe (clarinette), Manuel Escauriaza (cor), Marceau Lef\u00e8vre (basson), Gabriel Pidoux (hautbois), Eva-Nina Kozmus (fl\u00fbte), Jeanne Bonnet (contrebasse)<\/strong><\/p>\t\t\t\t\t\t\t\t<\/div>\n\t\t\t\t<\/div>\n\t\t\t\t\t<\/div>\n\t\t<\/div>\n\t\t\t\t<div class=\"elementor-column elementor-col-50 elementor-top-column elementor-element elementor-element-b0c3a50\" data-id=\"b0c3a50\" data-element_type=\"column\" data-e-type=\"column\">\n\t\t\t<div class=\"elementor-widget-wrap elementor-element-populated\">\n\t\t\t\t\t\t<div class=\"elementor-element elementor-element-028b5a7 elementor-widget elementor-widget-image\" data-id=\"028b5a7\" data-element_type=\"widget\" data-e-type=\"widget\" data-widget_type=\"image.default\">\n\t\t\t\t<div class=\"elementor-widget-container\">\n\t\t\t\t\t\t\t\t\t\t\t\t\t\t\t<img loading=\"lazy\" decoding=\"async\" width=\"1024\" height=\"1024\" src=\"https:\/\/rencontresdecalenzana.fr\/wp-content\/uploads\/2025\/06\/PUBLICAGHJA.jpg\" class=\"attachment-large size-large wp-image-9300\" alt=\"\" srcset=\"https:\/\/rencontresdecalenzana.fr\/wp-content\/uploads\/2025\/06\/PUBLICAGHJA.jpg 1024w, https:\/\/rencontresdecalenzana.fr\/wp-content\/uploads\/2025\/06\/PUBLICAGHJA-300x300.jpg 300w, https:\/\/rencontresdecalenzana.fr\/wp-content\/uploads\/2025\/06\/PUBLICAGHJA-150x150.jpg 150w, https:\/\/rencontresdecalenzana.fr\/wp-content\/uploads\/2025\/06\/PUBLICAGHJA-768x768.jpg 768w, https:\/\/rencontresdecalenzana.fr\/wp-content\/uploads\/2025\/06\/PUBLICAGHJA-200x200.jpg 200w, https:\/\/rencontresdecalenzana.fr\/wp-content\/uploads\/2025\/06\/PUBLICAGHJA-80x80.jpg 80w, https:\/\/rencontresdecalenzana.fr\/wp-content\/uploads\/2025\/06\/PUBLICAGHJA-570x570.jpg 570w, https:\/\/rencontresdecalenzana.fr\/wp-content\/uploads\/2025\/06\/PUBLICAGHJA-500x500.jpg 500w, https:\/\/rencontresdecalenzana.fr\/wp-content\/uploads\/2025\/06\/PUBLICAGHJA-1000x1000.jpg 1000w, https:\/\/rencontresdecalenzana.fr\/wp-content\/uploads\/2025\/06\/PUBLICAGHJA-700x700.jpg 700w\" sizes=\"(max-width: 1024px) 100vw, 1024px\" \/>\t\t\t\t\t\t\t\t\t\t\t\t\t\t\t<\/div>\n\t\t\t\t<\/div>\n\t\t\t\t\t<\/div>\n\t\t<\/div>\n\t\t\t\t\t<\/div>\n\t\t<\/section>\n\t\t\t\t<section class=\"elementor-section elementor-top-section elementor-element elementor-element-bb6e48a elementor-section-boxed elementor-section-height-default elementor-section-height-default parallax_section_no qode_elementor_container_no\" data-id=\"bb6e48a\" data-element_type=\"section\" data-e-type=\"section\">\n\t\t\t\t\t\t<div class=\"elementor-container elementor-column-gap-default\">\n\t\t\t\t\t<div class=\"elementor-column elementor-col-100 elementor-top-column elementor-element elementor-element-7070512\" data-id=\"7070512\" data-element_type=\"column\" data-e-type=\"column\">\n\t\t\t<div class=\"elementor-widget-wrap elementor-element-populated\">\n\t\t\t\t\t\t<div class=\"elementor-element elementor-element-1c404e5 elementor-widget-divider--view-line elementor-widget elementor-widget-divider\" data-id=\"1c404e5\" data-element_type=\"widget\" data-e-type=\"widget\" data-widget_type=\"divider.default\">\n\t\t\t\t<div class=\"elementor-widget-container\">\n\t\t\t\t\t\t\t<div class=\"elementor-divider\">\n\t\t\t<span class=\"elementor-divider-separator\">\n\t\t\t\t\t\t<\/span>\n\t\t<\/div>\n\t\t\t\t\t\t<\/div>\n\t\t\t\t<\/div>\n\t\t\t\t\t<\/div>\n\t\t<\/div>\n\t\t\t\t\t<\/div>\n\t\t<\/section>\n\t\t\t\t<section class=\"elementor-section elementor-top-section elementor-element elementor-element-312fe59 elementor-section-boxed elementor-section-height-default elementor-section-height-default parallax_section_no qode_elementor_container_no\" data-id=\"312fe59\" data-element_type=\"section\" data-e-type=\"section\">\n\t\t\t\t\t\t<div class=\"elementor-container elementor-column-gap-default\">\n\t\t\t\t\t<div class=\"elementor-column elementor-col-50 elementor-top-column elementor-element elementor-element-df06675\" data-id=\"df06675\" data-element_type=\"column\" data-e-type=\"column\">\n\t\t\t<div class=\"elementor-widget-wrap elementor-element-populated\">\n\t\t\t\t\t\t<div class=\"elementor-element elementor-element-ebff000 elementor-widget elementor-widget-image\" data-id=\"ebff000\" data-element_type=\"widget\" data-e-type=\"widget\" data-widget_type=\"image.default\">\n\t\t\t\t<div class=\"elementor-widget-container\">\n\t\t\t\t\t\t\t\t\t\t\t\t\t\t\t<img loading=\"lazy\" decoding=\"async\" width=\"768\" height=\"768\" src=\"https:\/\/rencontresdecalenzana.fr\/wp-content\/uploads\/2025\/04\/DessayCassard1-credit-Lyodoh-.webp\" class=\"attachment-large size-large wp-image-8789\" alt=\"\" srcset=\"https:\/\/rencontresdecalenzana.fr\/wp-content\/uploads\/2025\/04\/DessayCassard1-credit-Lyodoh-.webp 768w, https:\/\/rencontresdecalenzana.fr\/wp-content\/uploads\/2025\/04\/DessayCassard1-credit-Lyodoh--300x300.webp 300w, https:\/\/rencontresdecalenzana.fr\/wp-content\/uploads\/2025\/04\/DessayCassard1-credit-Lyodoh--150x150.webp 150w, https:\/\/rencontresdecalenzana.fr\/wp-content\/uploads\/2025\/04\/DessayCassard1-credit-Lyodoh--200x200.webp 200w, https:\/\/rencontresdecalenzana.fr\/wp-content\/uploads\/2025\/04\/DessayCassard1-credit-Lyodoh--80x80.webp 80w, https:\/\/rencontresdecalenzana.fr\/wp-content\/uploads\/2025\/04\/DessayCassard1-credit-Lyodoh--570x570.webp 570w, https:\/\/rencontresdecalenzana.fr\/wp-content\/uploads\/2025\/04\/DessayCassard1-credit-Lyodoh--500x500.webp 500w, https:\/\/rencontresdecalenzana.fr\/wp-content\/uploads\/2025\/04\/DessayCassard1-credit-Lyodoh--700x700.webp 700w\" sizes=\"(max-width: 768px) 100vw, 768px\" \/>\t\t\t\t\t\t\t\t\t\t\t\t\t\t\t<\/div>\n\t\t\t\t<\/div>\n\t\t\t\t\t<\/div>\n\t\t<\/div>\n\t\t\t\t<div class=\"elementor-column elementor-col-50 elementor-top-column elementor-element elementor-element-6e19acb\" data-id=\"6e19acb\" data-element_type=\"column\" data-e-type=\"column\">\n\t\t\t<div class=\"elementor-widget-wrap elementor-element-populated\">\n\t\t\t\t\t\t<div class=\"elementor-element elementor-element-919aea2 elementor-widget elementor-widget-text-editor\" data-id=\"919aea2\" data-element_type=\"widget\" data-e-type=\"widget\" data-widget_type=\"text-editor.default\">\n\t\t\t\t<div class=\"elementor-widget-container\">\n\t\t\t\t\t\t\t\t\t<h5 id=\"-36\">\u00a0<\/h5><h5 id=\"-37\">\u00a0<\/h5><h5 id=\"21h30-a-casazza-calinzana\" style=\"text-align: center;\">21h30 <strong>&#8211; <\/strong>A Casazza\u2013 Calinzana<\/h5><h4 id=\"le-chant-des-ailes\" style=\"text-align: center;\"><strong><br \/>\u00ab\u00a0Le chant des ailes\u00a0\u00bb<\/strong><\/h4><h4 id=\"natalie-dessay-philippe-cassard\" style=\"text-align: center;\"><strong> Natalie dessay &amp; philippe cassard<\/strong><\/h4><p>\u00a0<\/p><p>Soprano colorature adul\u00e9e durant ses ann\u00e9es \u00e0 l&rsquo;op\u00e9ra, et \u201coiseau de passage\u201d tel qu\u2019elle se d\u00e9finit elle-m\u00eame, Natalie Dessay a \u00e9t\u00e9 souvent compar\u00e9e aux rossignols, aux colibris etc\u2026 \u00c0 travers un floril\u00e8ge de m\u00e9lodies fran\u00e7aises, petit clin d\u2019oeil \u00e0 quelques volatiles. Quelques m\u00e9lodies de Samuel Barber sur des po\u00e9sies en fran\u00e7ais de Rainer-Maria Rilke tendent une passerelle entre la France et l\u2019Am\u00e9rique.<\/p><p>\u00a0<\/p><p>Hommage ensuite \u00e0 des compositeurs qui ont magnifiquement servi la voix, Menotti (Le Medium, La vieille dame et le voleur), Previn (Un tramway nomm\u00e9 d\u00e9sir), Barber (Knoxville, \u00e9t\u00e9 1915), puisant aux sources des musiques et des rythmes du Nouveau Monde sans renier les influences de Stravinsky, Ravel, Debussy ou encore Puccini.\u00a0<\/p><p>\u00a0<\/p><p><strong>Natahalie Dessay (chant) &amp; Philippe Cassard (piano)<\/strong><\/p>\t\t\t\t\t\t\t\t<\/div>\n\t\t\t\t<\/div>\n\t\t\t\t<div class=\"elementor-element elementor-element-8903fdb elementor-widget elementor-widget-button\" data-id=\"8903fdb\" data-element_type=\"widget\" data-e-type=\"widget\" data-widget_type=\"button.default\">\n\t\t\t\t<div class=\"elementor-widget-container\">\n\t\t\t\t\t\t\t\t\t<div class=\"elementor-button-wrapper\">\n\t\t\t\t\t<a class=\"elementor-button elementor-button-link elementor-size-sm\" href=\"https:\/\/billetterie-corsebillet.tickandlive.com\/reserver\/25deg-scontri-di-calinzana-21-08-a-sera\/127335\" target=\"_blank\">\n\t\t\t\t\t\t<span class=\"elementor-button-content-wrapper\">\n\t\t\t\t\t\t\t\t\t<span class=\"elementor-button-text\">Acheter vos places<\/span>\n\t\t\t\t\t<\/span>\n\t\t\t\t\t<\/a>\n\t\t\t\t<\/div>\n\t\t\t\t\t\t\t\t<\/div>\n\t\t\t\t<\/div>\n\t\t\t\t\t<\/div>\n\t\t<\/div>\n\t\t\t\t\t<\/div>\n\t\t<\/section>\n\t\t\t\t<section class=\"elementor-section elementor-top-section elementor-element elementor-element-e82fbcf elementor-section-boxed elementor-section-height-default elementor-section-height-default parallax_section_no qode_elementor_container_no\" data-id=\"e82fbcf\" data-element_type=\"section\" data-e-type=\"section\">\n\t\t\t\t\t\t<div class=\"elementor-container elementor-column-gap-default\">\n\t\t\t\t\t<div class=\"elementor-column elementor-col-100 elementor-top-column elementor-element elementor-element-cca21a7\" data-id=\"cca21a7\" data-element_type=\"column\" data-e-type=\"column\">\n\t\t\t<div class=\"elementor-widget-wrap elementor-element-populated\">\n\t\t\t\t\t\t<div class=\"elementor-element elementor-element-cf89a71 elementor-widget elementor-widget-text-editor\" data-id=\"cf89a71\" data-element_type=\"widget\" data-e-type=\"widget\" data-widget_type=\"text-editor.default\">\n\t\t\t\t<div class=\"elementor-widget-container\">\n\t\t\t\t\t\t\t\t\t<h1 id=\"vendredi-22-aout\" style=\"text-align: center;\">VENDREDI 22 Ao\u00fbt\u00a0<\/h1>\t\t\t\t\t\t\t\t<\/div>\n\t\t\t\t<\/div>\n\t\t\t\t\t<\/div>\n\t\t<\/div>\n\t\t\t\t\t<\/div>\n\t\t<\/section>\n\t\t\t\t<section class=\"elementor-section elementor-top-section elementor-element elementor-element-84c302b elementor-section-boxed elementor-section-height-default elementor-section-height-default parallax_section_no qode_elementor_container_no\" data-id=\"84c302b\" data-element_type=\"section\" data-e-type=\"section\">\n\t\t\t\t\t\t<div class=\"elementor-container elementor-column-gap-default\">\n\t\t\t\t\t<div class=\"elementor-column elementor-col-50 elementor-top-column elementor-element elementor-element-217fc8d\" data-id=\"217fc8d\" data-element_type=\"column\" data-e-type=\"column\">\n\t\t\t<div class=\"elementor-widget-wrap elementor-element-populated\">\n\t\t\t\t\t\t<div class=\"elementor-element elementor-element-d640a08 elementor-widget elementor-widget-text-editor\" data-id=\"d640a08\" data-element_type=\"widget\" data-e-type=\"widget\" data-widget_type=\"text-editor.default\">\n\t\t\t\t<div class=\"elementor-widget-container\">\n\t\t\t\t\t\t\t\t\t<h5 id=\"-38\" style=\"text-align: center;\"><strong>\u00a0<\/strong><\/h5><h5 id=\"-39\">\u00a0<\/h5><h5 id=\"11h00-eglise-de-curbara\" style=\"text-align: center;\"><strong>11h00 \u2013 \u00c9glise de Curbara<\/strong><\/h5><p>\u00a0<\/p><h4 id=\"cantate\" style=\"text-align: center;\"><strong>\u00a0 \u00a0\u00ab Cantate \u00bb<\/strong><\/h4><p style=\"text-align: center;\"><strong>(Bach, Porpora, Vivaldi, Haendel)<\/strong><\/p><p><strong>\u00a0<\/strong><\/p><p>\u00a0<\/p><p>Un voyage au c\u0153ur de l\u2019\u00e9motion sacr\u00e9e et lyrique, entre ferveur baroque et expressivit\u00e9 th\u00e9\u00e2trale.<\/p><p>Les pages les plus intimes de Bach \u2014 extraites de ses cantates et passions \u2014 se m\u00ealent \u00e0 l\u2019\u00e9lan op\u00e9ratique de Vivaldi, Porpora et Haendel, dans un programme o\u00f9 la voix devient pri\u00e8re, plainte ou extase. De <em>\u00ab\u00a0Erbarme Dich\u00a0\u00bb<\/em> \u00e0 <em>\u00ab\u00a0Alto Giove\u00a0\u00bb<\/em>, chaque air r\u00e9v\u00e8le une palette d\u2019\u00e9motions profondes, servies par la beaut\u00e9 du timbre et la richesse de l\u2019accompagnement instrumental.<\/p><p>\u00a0<\/p><p>Une parenth\u00e8se spirituelle et dramatique, \u00e0 la crois\u00e9e du sacr\u00e9 et du sublime.<\/p><p>\u00a0<\/p><p>\u00a0<\/p><p><strong>Juliette Roos (violon), Alexandre Pascal (violon), Yume Fujise (alto), No\u00e9 Natorp (violoncelle), Jeanne Bonnet (contrebasse), Marie-Paule Milone (mezzo- soprano), Gabriel Pidoux (hautbois)<\/strong><\/p>\t\t\t\t\t\t\t\t<\/div>\n\t\t\t\t<\/div>\n\t\t\t\t\t<\/div>\n\t\t<\/div>\n\t\t\t\t<div class=\"elementor-column elementor-col-50 elementor-top-column elementor-element elementor-element-fe0ff14\" data-id=\"fe0ff14\" data-element_type=\"column\" data-e-type=\"column\">\n\t\t\t<div class=\"elementor-widget-wrap elementor-element-populated\">\n\t\t\t\t\t\t<div class=\"elementor-element elementor-element-b61a359 elementor-widget elementor-widget-image\" data-id=\"b61a359\" data-element_type=\"widget\" data-e-type=\"widget\" data-widget_type=\"image.default\">\n\t\t\t\t<div class=\"elementor-widget-container\">\n\t\t\t\t\t\t\t\t\t\t\t\t\t\t\t<img loading=\"lazy\" decoding=\"async\" width=\"1024\" height=\"1024\" src=\"https:\/\/rencontresdecalenzana.fr\/wp-content\/uploads\/2025\/06\/2560px-Leglise_de_Corbara.jpg\" class=\"attachment-large size-large wp-image-9304\" alt=\"\" srcset=\"https:\/\/rencontresdecalenzana.fr\/wp-content\/uploads\/2025\/06\/2560px-Leglise_de_Corbara.jpg 1024w, https:\/\/rencontresdecalenzana.fr\/wp-content\/uploads\/2025\/06\/2560px-Leglise_de_Corbara-300x300.jpg 300w, https:\/\/rencontresdecalenzana.fr\/wp-content\/uploads\/2025\/06\/2560px-Leglise_de_Corbara-150x150.jpg 150w, https:\/\/rencontresdecalenzana.fr\/wp-content\/uploads\/2025\/06\/2560px-Leglise_de_Corbara-768x768.jpg 768w, https:\/\/rencontresdecalenzana.fr\/wp-content\/uploads\/2025\/06\/2560px-Leglise_de_Corbara-200x200.jpg 200w, https:\/\/rencontresdecalenzana.fr\/wp-content\/uploads\/2025\/06\/2560px-Leglise_de_Corbara-80x80.jpg 80w, https:\/\/rencontresdecalenzana.fr\/wp-content\/uploads\/2025\/06\/2560px-Leglise_de_Corbara-570x570.jpg 570w, https:\/\/rencontresdecalenzana.fr\/wp-content\/uploads\/2025\/06\/2560px-Leglise_de_Corbara-500x500.jpg 500w, https:\/\/rencontresdecalenzana.fr\/wp-content\/uploads\/2025\/06\/2560px-Leglise_de_Corbara-1000x1000.jpg 1000w, https:\/\/rencontresdecalenzana.fr\/wp-content\/uploads\/2025\/06\/2560px-Leglise_de_Corbara-700x700.jpg 700w\" sizes=\"(max-width: 1024px) 100vw, 1024px\" \/>\t\t\t\t\t\t\t\t\t\t\t\t\t\t\t<\/div>\n\t\t\t\t<\/div>\n\t\t\t\t\t<\/div>\n\t\t<\/div>\n\t\t\t\t\t<\/div>\n\t\t<\/section>\n\t\t\t\t<section class=\"elementor-section elementor-top-section elementor-element elementor-element-7d5430c elementor-section-boxed elementor-section-height-default elementor-section-height-default parallax_section_no qode_elementor_container_no\" data-id=\"7d5430c\" data-element_type=\"section\" data-e-type=\"section\">\n\t\t\t\t\t\t<div class=\"elementor-container elementor-column-gap-default\">\n\t\t\t\t\t<div class=\"elementor-column elementor-col-100 elementor-top-column elementor-element elementor-element-0af1bb7\" data-id=\"0af1bb7\" data-element_type=\"column\" data-e-type=\"column\">\n\t\t\t<div class=\"elementor-widget-wrap elementor-element-populated\">\n\t\t\t\t\t\t<div class=\"elementor-element elementor-element-25d4540 elementor-widget-divider--view-line elementor-widget elementor-widget-divider\" data-id=\"25d4540\" data-element_type=\"widget\" data-e-type=\"widget\" data-widget_type=\"divider.default\">\n\t\t\t\t<div class=\"elementor-widget-container\">\n\t\t\t\t\t\t\t<div class=\"elementor-divider\">\n\t\t\t<span class=\"elementor-divider-separator\">\n\t\t\t\t\t\t<\/span>\n\t\t<\/div>\n\t\t\t\t\t\t<\/div>\n\t\t\t\t<\/div>\n\t\t\t\t\t<\/div>\n\t\t<\/div>\n\t\t\t\t\t<\/div>\n\t\t<\/section>\n\t\t\t\t<section class=\"elementor-section elementor-top-section elementor-element elementor-element-2b97bec elementor-section-boxed elementor-section-height-default elementor-section-height-default parallax_section_no qode_elementor_container_no\" data-id=\"2b97bec\" data-element_type=\"section\" data-e-type=\"section\">\n\t\t\t\t\t\t<div class=\"elementor-container elementor-column-gap-default\">\n\t\t\t\t\t<div class=\"elementor-column elementor-col-50 elementor-top-column elementor-element elementor-element-abda703\" data-id=\"abda703\" data-element_type=\"column\" data-e-type=\"column\">\n\t\t\t<div class=\"elementor-widget-wrap elementor-element-populated\">\n\t\t\t\t\t\t<div class=\"elementor-element elementor-element-4dc5d99 elementor-widget elementor-widget-image\" data-id=\"4dc5d99\" data-element_type=\"widget\" data-e-type=\"widget\" data-widget_type=\"image.default\">\n\t\t\t\t<div class=\"elementor-widget-container\">\n\t\t\t\t\t\t\t\t\t\t\t\t\t\t\t<img loading=\"lazy\" decoding=\"async\" width=\"1024\" height=\"1024\" src=\"https:\/\/rencontresdecalenzana.fr\/wp-content\/uploads\/2025\/06\/aLRDCocchiatana-14-19082022.jpg\" class=\"attachment-large size-large wp-image-9306\" alt=\"\" srcset=\"https:\/\/rencontresdecalenzana.fr\/wp-content\/uploads\/2025\/06\/aLRDCocchiatana-14-19082022.jpg 1024w, https:\/\/rencontresdecalenzana.fr\/wp-content\/uploads\/2025\/06\/aLRDCocchiatana-14-19082022-300x300.jpg 300w, https:\/\/rencontresdecalenzana.fr\/wp-content\/uploads\/2025\/06\/aLRDCocchiatana-14-19082022-150x150.jpg 150w, https:\/\/rencontresdecalenzana.fr\/wp-content\/uploads\/2025\/06\/aLRDCocchiatana-14-19082022-768x768.jpg 768w, https:\/\/rencontresdecalenzana.fr\/wp-content\/uploads\/2025\/06\/aLRDCocchiatana-14-19082022-200x200.jpg 200w, https:\/\/rencontresdecalenzana.fr\/wp-content\/uploads\/2025\/06\/aLRDCocchiatana-14-19082022-80x80.jpg 80w, https:\/\/rencontresdecalenzana.fr\/wp-content\/uploads\/2025\/06\/aLRDCocchiatana-14-19082022-570x570.jpg 570w, https:\/\/rencontresdecalenzana.fr\/wp-content\/uploads\/2025\/06\/aLRDCocchiatana-14-19082022-500x500.jpg 500w, https:\/\/rencontresdecalenzana.fr\/wp-content\/uploads\/2025\/06\/aLRDCocchiatana-14-19082022-1000x1000.jpg 1000w, https:\/\/rencontresdecalenzana.fr\/wp-content\/uploads\/2025\/06\/aLRDCocchiatana-14-19082022-700x700.jpg 700w\" sizes=\"(max-width: 1024px) 100vw, 1024px\" \/>\t\t\t\t\t\t\t\t\t\t\t\t\t\t\t<\/div>\n\t\t\t\t<\/div>\n\t\t\t\t\t<\/div>\n\t\t<\/div>\n\t\t\t\t<div class=\"elementor-column elementor-col-50 elementor-top-column elementor-element elementor-element-30c9cda\" data-id=\"30c9cda\" data-element_type=\"column\" data-e-type=\"column\">\n\t\t\t<div class=\"elementor-widget-wrap elementor-element-populated\">\n\t\t\t\t\t\t<div class=\"elementor-element elementor-element-5761fc5 elementor-widget elementor-widget-text-editor\" data-id=\"5761fc5\" data-element_type=\"widget\" data-e-type=\"widget\" data-widget_type=\"text-editor.default\">\n\t\t\t\t<div class=\"elementor-widget-container\">\n\t\t\t\t\t\t\t\t\t<h5 id=\"-40\">\u00a0<\/h5><h5 id=\"-41\">\u00a0<\/h5><h5 id=\"-42\">\u00a0<\/h5><h5 id=\"-43\">\u00a0<\/h5><h5 id=\"18h00-chapelle-st-joseph-exterieur-montemaio\" style=\"text-align: center;\"><strong>18h00 &#8211;<\/strong> Chapelle St Joseph (ext\u00e9rieur), <strong>Montemai\u00f2<\/strong><\/h5><p>\u00a0<\/p><p>\u00a0<\/p><p>\u00a0<\/p><h4 id=\"eclats-baroques\" style=\"text-align: center;\">\u00a0<strong> \u00a0\u00ab \u00c9clats baroques\u00a0 \u00bb<\/strong><\/h4><p style=\"text-align: center;\"><strong>(Rameau, Albinoni, Haendel ,Mozart)<\/strong><\/p><p>\u00a0<\/p><p>\u00a0<\/p><p>\u00a0<\/p><p>Le hautbois, \u00e0 la crois\u00e9e des styles et des \u00e9poques, se fait ici le fil conducteur d\u2019un programme lumineux et vari\u00e9. De la virtuosit\u00e9 mozartienne au lyrisme de Haendel, en passant par les \u00e9l\u00e9gances baroques d\u2019Albinoni et Rameau, ce concert met en valeur toutes les couleurs de l\u2019instrument. Une travers\u00e9e musicale o\u00f9 le souffle devient voix, port\u00e9 par l\u2019\u00e9lan complice des cordes.<\/p><p>\u00a0<\/p><p>\u00a0<\/p><p>\u00a0<\/p><p><strong>Gabriel Pidoux (hautbois), Eva-Nina Kozmus (fl\u00fbte), Shuichi Okada (violon), Guillaume Latour (violon),\u00a0Ad\u00e8le Ginestet (alto), Marie-Paule Milone (violoncelle)<\/strong><\/p>\t\t\t\t\t\t\t\t<\/div>\n\t\t\t\t<\/div>\n\t\t\t\t<div class=\"elementor-element elementor-element-59e4ebb elementor-widget elementor-widget-button\" data-id=\"59e4ebb\" data-element_type=\"widget\" data-e-type=\"widget\" data-widget_type=\"button.default\">\n\t\t\t\t<div class=\"elementor-widget-container\">\n\t\t\t\t\t\t\t\t\t<div class=\"elementor-button-wrapper\">\n\t\t\t\t\t<a class=\"elementor-button elementor-button-link elementor-size-sm\" href=\"https:\/\/billetterie-corsebillet.tickandlive.com\/reserver\/25deg-scontri-di-calinzana-22-08-eclats-baroques\/127338\" target=\"_blank\">\n\t\t\t\t\t\t<span class=\"elementor-button-content-wrapper\">\n\t\t\t\t\t\t\t\t\t<span class=\"elementor-button-text\">Acheter vos places<\/span>\n\t\t\t\t\t<\/span>\n\t\t\t\t\t<\/a>\n\t\t\t\t<\/div>\n\t\t\t\t\t\t\t\t<\/div>\n\t\t\t\t<\/div>\n\t\t\t\t\t<\/div>\n\t\t<\/div>\n\t\t\t\t\t<\/div>\n\t\t<\/section>\n\t\t\t\t<section class=\"elementor-section elementor-top-section elementor-element elementor-element-84fe4fa elementor-section-boxed elementor-section-height-default elementor-section-height-default parallax_section_no qode_elementor_container_no\" data-id=\"84fe4fa\" data-element_type=\"section\" data-e-type=\"section\">\n\t\t\t\t\t\t<div class=\"elementor-container elementor-column-gap-default\">\n\t\t\t\t\t<div class=\"elementor-column elementor-col-100 elementor-top-column elementor-element elementor-element-19b5898\" data-id=\"19b5898\" data-element_type=\"column\" data-e-type=\"column\">\n\t\t\t<div class=\"elementor-widget-wrap elementor-element-populated\">\n\t\t\t\t\t\t<div class=\"elementor-element elementor-element-c64c9a2 elementor-widget-divider--view-line elementor-widget elementor-widget-divider\" data-id=\"c64c9a2\" data-element_type=\"widget\" data-e-type=\"widget\" data-widget_type=\"divider.default\">\n\t\t\t\t<div class=\"elementor-widget-container\">\n\t\t\t\t\t\t\t<div class=\"elementor-divider\">\n\t\t\t<span class=\"elementor-divider-separator\">\n\t\t\t\t\t\t<\/span>\n\t\t<\/div>\n\t\t\t\t\t\t<\/div>\n\t\t\t\t<\/div>\n\t\t\t\t\t<\/div>\n\t\t<\/div>\n\t\t\t\t\t<\/div>\n\t\t<\/section>\n\t\t\t\t<section class=\"elementor-section elementor-top-section elementor-element elementor-element-c4cbb21 elementor-section-boxed elementor-section-height-default elementor-section-height-default parallax_section_no qode_elementor_container_no\" data-id=\"c4cbb21\" data-element_type=\"section\" data-e-type=\"section\">\n\t\t\t\t\t\t<div class=\"elementor-container elementor-column-gap-default\">\n\t\t\t\t\t<div class=\"elementor-column elementor-col-50 elementor-top-column elementor-element elementor-element-4b8d34f\" data-id=\"4b8d34f\" data-element_type=\"column\" data-e-type=\"column\">\n\t\t\t<div class=\"elementor-widget-wrap elementor-element-populated\">\n\t\t\t\t\t\t<div class=\"elementor-element elementor-element-2815705 elementor-widget elementor-widget-text-editor\" data-id=\"2815705\" data-element_type=\"widget\" data-e-type=\"widget\" data-widget_type=\"text-editor.default\">\n\t\t\t\t<div class=\"elementor-widget-container\">\n\t\t\t\t\t\t\t\t\t<h5 id=\"-44\">\u00a0<\/h5><h5 id=\"-45\">\u00a0<\/h5><h5 id=\"19h30-place-du-village-cassanu\" style=\"text-align: center;\"><strong>19h30 &#8211; Place du village, Cassanu<\/strong>\u00a0<\/h5><p>\u00a0<\/p><p>\u00a0<\/p><p>\u00a0<\/p><h4 id=\"vers-la-lumiere\" style=\"text-align: center;\"><strong>\u00ab Vers la lumi\u00e8re\u00a0 \u00bb<\/strong><\/h4><p style=\"text-align: center;\"><strong>(Barber, Mendelssohn)<\/strong><\/p><p>\u00a0<\/p><p style=\"text-align: center;\"><strong><br \/><\/strong>\u00a0<\/p><p>Il n\u2019y pas plus lumineux et heureux que le sublime chef-d\u2019\u0153uvre de Mendelssohn compos\u00e9 \u00e0 l\u2019\u00e2ge de 17 ans\u00a0! V\u00e9ritable ode \u00e0 la vie il sera pr\u00e9c\u00e9d\u00e9 de la plus d\u00e9chirante d\u00e9ploration de l\u2019histoire de la musique, une sourde pri\u00e8re qui \u00e9voque les bouleversements de l\u2019histoire du XX\u00e8me si\u00e8cle.<\/p><p>\u00a0<\/p><p>Une des enchainements les plus \u00e9mouvants des rencontres 2025.<\/p><p>\u00a0<\/p><p>\u00a0<\/p><p>\u00a0<\/p><p><strong>Shuichi Okada (violon), Alexandre Pascal (violon), Juliette Roos (violon), Guillaume Latour (violon),Yume Fujise (alto), Ad\u00e8le Ginestet (alto), Marie-Paule Milone (violoncelle) No\u00e9 Natorp (violoncelle)<\/strong><\/p>\t\t\t\t\t\t\t\t<\/div>\n\t\t\t\t<\/div>\n\t\t\t\t\t<\/div>\n\t\t<\/div>\n\t\t\t\t<div class=\"elementor-column elementor-col-50 elementor-top-column elementor-element elementor-element-7c33e6e\" data-id=\"7c33e6e\" data-element_type=\"column\" data-e-type=\"column\">\n\t\t\t<div class=\"elementor-widget-wrap elementor-element-populated\">\n\t\t\t\t\t\t<div class=\"elementor-element elementor-element-14de955 elementor-widget elementor-widget-image\" data-id=\"14de955\" data-element_type=\"widget\" data-e-type=\"widget\" data-widget_type=\"image.default\">\n\t\t\t\t<div class=\"elementor-widget-container\">\n\t\t\t\t\t\t\t\t\t\t\t\t\t\t\t<img loading=\"lazy\" decoding=\"async\" width=\"1024\" height=\"1024\" src=\"https:\/\/rencontresdecalenzana.fr\/wp-content\/uploads\/2025\/06\/clesrencontresstblaise21h3041908.jpg\" class=\"attachment-large size-large wp-image-9311\" alt=\"\" srcset=\"https:\/\/rencontresdecalenzana.fr\/wp-content\/uploads\/2025\/06\/clesrencontresstblaise21h3041908.jpg 1024w, https:\/\/rencontresdecalenzana.fr\/wp-content\/uploads\/2025\/06\/clesrencontresstblaise21h3041908-300x300.jpg 300w, https:\/\/rencontresdecalenzana.fr\/wp-content\/uploads\/2025\/06\/clesrencontresstblaise21h3041908-150x150.jpg 150w, https:\/\/rencontresdecalenzana.fr\/wp-content\/uploads\/2025\/06\/clesrencontresstblaise21h3041908-768x768.jpg 768w, https:\/\/rencontresdecalenzana.fr\/wp-content\/uploads\/2025\/06\/clesrencontresstblaise21h3041908-200x200.jpg 200w, https:\/\/rencontresdecalenzana.fr\/wp-content\/uploads\/2025\/06\/clesrencontresstblaise21h3041908-80x80.jpg 80w, https:\/\/rencontresdecalenzana.fr\/wp-content\/uploads\/2025\/06\/clesrencontresstblaise21h3041908-570x570.jpg 570w, https:\/\/rencontresdecalenzana.fr\/wp-content\/uploads\/2025\/06\/clesrencontresstblaise21h3041908-500x500.jpg 500w, https:\/\/rencontresdecalenzana.fr\/wp-content\/uploads\/2025\/06\/clesrencontresstblaise21h3041908-1000x1000.jpg 1000w, https:\/\/rencontresdecalenzana.fr\/wp-content\/uploads\/2025\/06\/clesrencontresstblaise21h3041908-700x700.jpg 700w\" sizes=\"(max-width: 1024px) 100vw, 1024px\" \/>\t\t\t\t\t\t\t\t\t\t\t\t\t\t\t<\/div>\n\t\t\t\t<\/div>\n\t\t\t\t\t<\/div>\n\t\t<\/div>\n\t\t\t\t\t<\/div>\n\t\t<\/section>\n\t\t\t\t<section class=\"elementor-section elementor-top-section elementor-element elementor-element-746a3db elementor-section-boxed elementor-section-height-default elementor-section-height-default parallax_section_no qode_elementor_container_no\" data-id=\"746a3db\" data-element_type=\"section\" data-e-type=\"section\">\n\t\t\t\t\t\t<div class=\"elementor-container elementor-column-gap-default\">\n\t\t\t\t\t<div class=\"elementor-column elementor-col-100 elementor-top-column elementor-element elementor-element-ee253df\" data-id=\"ee253df\" data-element_type=\"column\" data-e-type=\"column\">\n\t\t\t<div class=\"elementor-widget-wrap elementor-element-populated\">\n\t\t\t\t\t\t<div class=\"elementor-element elementor-element-a20e717 elementor-widget-divider--view-line elementor-widget elementor-widget-divider\" data-id=\"a20e717\" data-element_type=\"widget\" data-e-type=\"widget\" data-widget_type=\"divider.default\">\n\t\t\t\t<div class=\"elementor-widget-container\">\n\t\t\t\t\t\t\t<div class=\"elementor-divider\">\n\t\t\t<span class=\"elementor-divider-separator\">\n\t\t\t\t\t\t<\/span>\n\t\t<\/div>\n\t\t\t\t\t\t<\/div>\n\t\t\t\t<\/div>\n\t\t\t\t\t<\/div>\n\t\t<\/div>\n\t\t\t\t\t<\/div>\n\t\t<\/section>\n\t\t\t\t<section class=\"elementor-section elementor-top-section elementor-element elementor-element-20b3e8b elementor-section-boxed elementor-section-height-default elementor-section-height-default parallax_section_no qode_elementor_container_no\" data-id=\"20b3e8b\" data-element_type=\"section\" data-e-type=\"section\">\n\t\t\t\t\t\t<div class=\"elementor-container elementor-column-gap-default\">\n\t\t\t\t\t<div class=\"elementor-column elementor-col-50 elementor-top-column elementor-element elementor-element-035d575\" data-id=\"035d575\" data-element_type=\"column\" data-e-type=\"column\">\n\t\t\t<div class=\"elementor-widget-wrap elementor-element-populated\">\n\t\t\t\t\t\t<div class=\"elementor-element elementor-element-4a06e6d elementor-widget elementor-widget-image\" data-id=\"4a06e6d\" data-element_type=\"widget\" data-e-type=\"widget\" data-widget_type=\"image.default\">\n\t\t\t\t<div class=\"elementor-widget-container\">\n\t\t\t\t\t\t\t\t\t\t\t\t\t\t\t<img loading=\"lazy\" decoding=\"async\" width=\"1024\" height=\"1024\" src=\"https:\/\/rencontresdecalenzana.fr\/wp-content\/uploads\/2025\/07\/4-1024x1024.png\" class=\"attachment-large size-large wp-image-9506\" alt=\"\" srcset=\"https:\/\/rencontresdecalenzana.fr\/wp-content\/uploads\/2025\/07\/4-1024x1024.png 1024w, https:\/\/rencontresdecalenzana.fr\/wp-content\/uploads\/2025\/07\/4-300x300.png 300w, https:\/\/rencontresdecalenzana.fr\/wp-content\/uploads\/2025\/07\/4-150x150.png 150w, https:\/\/rencontresdecalenzana.fr\/wp-content\/uploads\/2025\/07\/4-768x768.png 768w, https:\/\/rencontresdecalenzana.fr\/wp-content\/uploads\/2025\/07\/4-200x200.png 200w, https:\/\/rencontresdecalenzana.fr\/wp-content\/uploads\/2025\/07\/4-80x80.png 80w, https:\/\/rencontresdecalenzana.fr\/wp-content\/uploads\/2025\/07\/4-570x570.png 570w, https:\/\/rencontresdecalenzana.fr\/wp-content\/uploads\/2025\/07\/4-500x500.png 500w, https:\/\/rencontresdecalenzana.fr\/wp-content\/uploads\/2025\/07\/4-1000x1000.png 1000w, https:\/\/rencontresdecalenzana.fr\/wp-content\/uploads\/2025\/07\/4-700x700.png 700w, https:\/\/rencontresdecalenzana.fr\/wp-content\/uploads\/2025\/07\/4.png 1080w\" sizes=\"(max-width: 1024px) 100vw, 1024px\" \/>\t\t\t\t\t\t\t\t\t\t\t\t\t\t\t<\/div>\n\t\t\t\t<\/div>\n\t\t\t\t\t<\/div>\n\t\t<\/div>\n\t\t\t\t<div class=\"elementor-column elementor-col-50 elementor-top-column elementor-element elementor-element-75f4867\" data-id=\"75f4867\" data-element_type=\"column\" data-e-type=\"column\">\n\t\t\t<div class=\"elementor-widget-wrap elementor-element-populated\">\n\t\t\t\t\t\t<div class=\"elementor-element elementor-element-e7b1e7b elementor-widget elementor-widget-text-editor\" data-id=\"e7b1e7b\" data-element_type=\"widget\" data-e-type=\"widget\" data-widget_type=\"text-editor.default\">\n\t\t\t\t<div class=\"elementor-widget-container\">\n\t\t\t\t\t\t\t\t\t<p style=\"text-align: center;\">\u00a0<\/p><p>\u00a0<\/p><p>\u00a0<\/p><h5 id=\"21h30-cappella-santa-restituta-calinzana-2\" style=\"text-align: center;\"><strong>21h30\u00a0 &#8211; <\/strong><strong>Cappella Santa Restituta, Calinzana<\/strong><\/h5><p>\u00a0<\/p><p>\u00a0<\/p><h4 id=\"cine-musica\" style=\"text-align: center;\"><strong>\u00ab\u00a0Cine Musica\u00a0\u00bb<\/strong><\/h4><p>\u00a0<\/p><p>\u00a0<\/p><p>\u00ab Cine Musica \u00bb est un spectacle original o\u00f9 se m\u00ealent \u0153uvres instrumentales, textes, images et vid\u00e9os. C\u2019est un voyage musical \u00e0 travers le temps et l\u2019espace o\u00f9 s\u2019entrecroisent une grande diversit\u00e9 de genre allant de la musique classique au jazz, de la com\u00e9die musicale \u00e0 la musique corse.<\/p><p>\u00a0<\/p><p>C\u2019est un duo instrumental in\u00e9dit o\u00f9 la guitare et le piano se r\u00e9pondent et s\u2019entrecroisent pour faire r\u00e9sonner les plus belles musiques de film dans un programme plein de douceur et de po\u00e9sie.<\/p><p>\u00a0<\/p><p>Il s\u2019agit \u00e9galement d\u2019un spectacle interactif avec le public. Des places de cin\u00e9ma, offertes \u00e0 chaque concert par les diff\u00e9rents partenaires (R\u00e9gent, Studio, \u2026 cin\u00e9ma le plus proche du lieu de prestation), sont \u00e0 gagner gr\u00e2ce \u00e0 un quiz.<\/p><p>\u00a0<\/p><p><strong>Sandrine Luigi (guitare) &amp; Emmanuelle Mariini (piano)<\/strong><\/p>\t\t\t\t\t\t\t\t<\/div>\n\t\t\t\t<\/div>\n\t\t\t\t<div class=\"elementor-element elementor-element-35f37b4 elementor-widget elementor-widget-button\" data-id=\"35f37b4\" data-element_type=\"widget\" data-e-type=\"widget\" data-widget_type=\"button.default\">\n\t\t\t\t<div class=\"elementor-widget-container\">\n\t\t\t\t\t\t\t\t\t<div class=\"elementor-button-wrapper\">\n\t\t\t\t\t<a class=\"elementor-button elementor-button-link elementor-size-sm\" href=\"https:\/\/billetterie-corsebillet.tickandlive.com\/reserver\/25deg-scontri-di-calinzana-22-08-cine-musica\/127337\" target=\"_blank\">\n\t\t\t\t\t\t<span class=\"elementor-button-content-wrapper\">\n\t\t\t\t\t\t\t\t\t<span class=\"elementor-button-text\">Acheter vos places<\/span>\n\t\t\t\t\t<\/span>\n\t\t\t\t\t<\/a>\n\t\t\t\t<\/div>\n\t\t\t\t\t\t\t\t<\/div>\n\t\t\t\t<\/div>\n\t\t\t\t\t<\/div>\n\t\t<\/div>\n\t\t\t\t\t<\/div>\n\t\t<\/section>\n\t\t\t\t<section class=\"elementor-section elementor-top-section elementor-element elementor-element-aea558d elementor-section-boxed elementor-section-height-default elementor-section-height-default parallax_section_no qode_elementor_container_no\" data-id=\"aea558d\" data-element_type=\"section\" data-e-type=\"section\">\n\t\t\t\t\t\t<div class=\"elementor-container elementor-column-gap-default\">\n\t\t\t\t\t<div class=\"elementor-column elementor-col-100 elementor-top-column elementor-element elementor-element-e17c3e2\" data-id=\"e17c3e2\" data-element_type=\"column\" data-e-type=\"column\">\n\t\t\t<div class=\"elementor-widget-wrap elementor-element-populated\">\n\t\t\t\t\t\t<div class=\"elementor-element elementor-element-93953c5 elementor-widget elementor-widget-text-editor\" data-id=\"93953c5\" data-element_type=\"widget\" data-e-type=\"widget\" data-widget_type=\"text-editor.default\">\n\t\t\t\t<div class=\"elementor-widget-container\">\n\t\t\t\t\t\t\t\t\t<h1 id=\"samedi-23-aout\" style=\"text-align: center;\">SAMEDI 23 Ao\u00fbt\u00a0<\/h1>\t\t\t\t\t\t\t\t<\/div>\n\t\t\t\t<\/div>\n\t\t\t\t\t<\/div>\n\t\t<\/div>\n\t\t\t\t\t<\/div>\n\t\t<\/section>\n\t\t\t\t<section class=\"elementor-section elementor-top-section elementor-element elementor-element-0436993 elementor-section-boxed elementor-section-height-default elementor-section-height-default parallax_section_no qode_elementor_container_no\" data-id=\"0436993\" data-element_type=\"section\" data-e-type=\"section\">\n\t\t\t\t\t\t<div class=\"elementor-container elementor-column-gap-default\">\n\t\t\t\t\t<div class=\"elementor-column elementor-col-50 elementor-top-column elementor-element elementor-element-57a4a33\" data-id=\"57a4a33\" data-element_type=\"column\" data-e-type=\"column\">\n\t\t\t<div class=\"elementor-widget-wrap elementor-element-populated\">\n\t\t\t\t\t\t<div class=\"elementor-element elementor-element-1c9e67b elementor-widget elementor-widget-text-editor\" data-id=\"1c9e67b\" data-element_type=\"widget\" data-e-type=\"widget\" data-widget_type=\"text-editor.default\">\n\t\t\t\t<div class=\"elementor-widget-container\">\n\t\t\t\t\t\t\t\t\t<h5 id=\"-46\">\u00a0<\/h5><h5 id=\"-47\">\u00a0<\/h5><h5 id=\"11h00-place-de-la-mairie-isula-rossa\" style=\"text-align: center;\">11h00 &#8211; Place de la mairie, Isula-Rossa<\/h5><p>\u00a0<\/p><h4 id=\"sinfonia\" style=\"text-align: center;\"><strong>\u00ab\u00a0Sinfonia\u00a0\u00bb<\/strong><\/h4><p style=\"text-align: center;\"><strong>(Bach, Cimarosa, Albinoni)<\/strong><\/p><p>\u00a0<\/p><p>Ce programme c\u00e9l\u00e8bre l\u2019\u00e9l\u00e9gance et la richesse expressive du XVIIIe si\u00e8cle, entre exub\u00e9rance italienne, raffinement allemand et lyrisme intemporel.<\/p><p>\u00a0<\/p><p>La Sinfonia <strong>\u201cIl Matrimonio Segreto\u201d<\/strong> de <strong>Domenico Cimarosa<\/strong>, pleine de vivacit\u00e9 et d\u2019humour, ouvre le concert avec tout le charme de l\u2019op\u00e9ra napolitain. Elle est suivie de la somptueuse <strong>Suite en si mineur BWV 1067<\/strong> de <strong>Jean-S\u00e9bastien Bach<\/strong>, chef-d&rsquo;\u0153uvre du r\u00e9pertoire pour fl\u00fbte traversi\u00e8re, m\u00ealant danses stylis\u00e9es et contrastes d\u2019atmosph\u00e8res \u2014 jusqu&rsquo;\u00e0 la c\u00e9l\u00e8bre <strong>Badinerie<\/strong>, fulgurante et virtuose. Enfin, l\u2019<strong>Adagio<\/strong> attribu\u00e9 \u00e0 <strong>Albinoni<\/strong>, devenu embl\u00e8me du baroque m\u00e9ditatif, offre un moment de recueillement et d\u2019intensit\u00e9 suspendue.<\/p><p>Un concert entre gr\u00e2ce, \u00e9nergie et profondeur, au c\u0153ur du baroque europ\u00e9en.<\/p><p>\u00a0<\/p><p><strong>Marie-Paule Milone (violoncelle), No\u00e9 Natorp (violoncelle), Alexandre Pascal (violon), Guillaume Latour (violon), Juliette Roos (violon), Shuichi Okada (violon) Yume Fujise (alto), Ad\u00e8le Ginestet (alto) Manuel Escauriaza (cor), Marceau Lef\u00e8vre (basson), Gabriel Pidoux (hautbois), Eva-Nina Kozmus (fl\u00fbte)<\/strong><\/p>\t\t\t\t\t\t\t\t<\/div>\n\t\t\t\t<\/div>\n\t\t\t\t\t<\/div>\n\t\t<\/div>\n\t\t\t\t<div class=\"elementor-column elementor-col-50 elementor-top-column elementor-element elementor-element-6b8c99b\" data-id=\"6b8c99b\" data-element_type=\"column\" data-e-type=\"column\">\n\t\t\t<div class=\"elementor-widget-wrap elementor-element-populated\">\n\t\t\t\t\t\t<div class=\"elementor-element elementor-element-a78a839 elementor-widget elementor-widget-image\" data-id=\"a78a839\" data-element_type=\"widget\" data-e-type=\"widget\" data-widget_type=\"image.default\">\n\t\t\t\t<div class=\"elementor-widget-container\">\n\t\t\t\t\t\t\t\t\t\t\t\t\t\t\t<img loading=\"lazy\" decoding=\"async\" width=\"1024\" height=\"1024\" src=\"https:\/\/rencontresdecalenzana.fr\/wp-content\/uploads\/2025\/06\/alesrencontresdecalenzanaconcert.jpg\" class=\"attachment-large size-large wp-image-9316\" alt=\"\" srcset=\"https:\/\/rencontresdecalenzana.fr\/wp-content\/uploads\/2025\/06\/alesrencontresdecalenzanaconcert.jpg 1024w, https:\/\/rencontresdecalenzana.fr\/wp-content\/uploads\/2025\/06\/alesrencontresdecalenzanaconcert-300x300.jpg 300w, https:\/\/rencontresdecalenzana.fr\/wp-content\/uploads\/2025\/06\/alesrencontresdecalenzanaconcert-150x150.jpg 150w, https:\/\/rencontresdecalenzana.fr\/wp-content\/uploads\/2025\/06\/alesrencontresdecalenzanaconcert-768x768.jpg 768w, https:\/\/rencontresdecalenzana.fr\/wp-content\/uploads\/2025\/06\/alesrencontresdecalenzanaconcert-200x200.jpg 200w, https:\/\/rencontresdecalenzana.fr\/wp-content\/uploads\/2025\/06\/alesrencontresdecalenzanaconcert-80x80.jpg 80w, https:\/\/rencontresdecalenzana.fr\/wp-content\/uploads\/2025\/06\/alesrencontresdecalenzanaconcert-570x570.jpg 570w, https:\/\/rencontresdecalenzana.fr\/wp-content\/uploads\/2025\/06\/alesrencontresdecalenzanaconcert-500x500.jpg 500w, https:\/\/rencontresdecalenzana.fr\/wp-content\/uploads\/2025\/06\/alesrencontresdecalenzanaconcert-1000x1000.jpg 1000w, https:\/\/rencontresdecalenzana.fr\/wp-content\/uploads\/2025\/06\/alesrencontresdecalenzanaconcert-700x700.jpg 700w\" sizes=\"(max-width: 1024px) 100vw, 1024px\" \/>\t\t\t\t\t\t\t\t\t\t\t\t\t\t\t<\/div>\n\t\t\t\t<\/div>\n\t\t\t\t\t<\/div>\n\t\t<\/div>\n\t\t\t\t\t<\/div>\n\t\t<\/section>\n\t\t\t\t<section class=\"elementor-section elementor-top-section elementor-element elementor-element-7ba9320 elementor-section-boxed elementor-section-height-default elementor-section-height-default parallax_section_no qode_elementor_container_no\" data-id=\"7ba9320\" data-element_type=\"section\" data-e-type=\"section\">\n\t\t\t\t\t\t<div class=\"elementor-container elementor-column-gap-default\">\n\t\t\t\t\t<div class=\"elementor-column elementor-col-100 elementor-top-column elementor-element elementor-element-5e4a798\" data-id=\"5e4a798\" data-element_type=\"column\" data-e-type=\"column\">\n\t\t\t<div class=\"elementor-widget-wrap elementor-element-populated\">\n\t\t\t\t\t\t<div class=\"elementor-element elementor-element-6091087 elementor-widget-divider--view-line elementor-widget elementor-widget-divider\" data-id=\"6091087\" data-element_type=\"widget\" data-e-type=\"widget\" data-widget_type=\"divider.default\">\n\t\t\t\t<div class=\"elementor-widget-container\">\n\t\t\t\t\t\t\t<div class=\"elementor-divider\">\n\t\t\t<span class=\"elementor-divider-separator\">\n\t\t\t\t\t\t<\/span>\n\t\t<\/div>\n\t\t\t\t\t\t<\/div>\n\t\t\t\t<\/div>\n\t\t\t\t\t<\/div>\n\t\t<\/div>\n\t\t\t\t\t<\/div>\n\t\t<\/section>\n\t\t\t\t<section class=\"elementor-section elementor-top-section elementor-element elementor-element-4f9eff3 elementor-section-boxed elementor-section-height-default elementor-section-height-default parallax_section_no qode_elementor_container_no\" data-id=\"4f9eff3\" data-element_type=\"section\" data-e-type=\"section\">\n\t\t\t\t\t\t<div class=\"elementor-container elementor-column-gap-default\">\n\t\t\t\t\t<div class=\"elementor-column elementor-col-50 elementor-top-column elementor-element elementor-element-5c4492a\" data-id=\"5c4492a\" data-element_type=\"column\" data-e-type=\"column\">\n\t\t\t<div class=\"elementor-widget-wrap elementor-element-populated\">\n\t\t\t\t\t\t<div class=\"elementor-element elementor-element-02d5142 elementor-widget elementor-widget-image\" data-id=\"02d5142\" data-element_type=\"widget\" data-e-type=\"widget\" data-widget_type=\"image.default\">\n\t\t\t\t<div class=\"elementor-widget-container\">\n\t\t\t\t\t\t\t\t\t\t\t\t\t\t\t<img loading=\"lazy\" decoding=\"async\" width=\"1024\" height=\"1024\" src=\"https:\/\/rencontresdecalenzana.fr\/wp-content\/uploads\/2025\/08\/Com-jour-par-jour-pics-1-1024x1024.png\" class=\"attachment-large size-large wp-image-9636\" alt=\"\" srcset=\"https:\/\/rencontresdecalenzana.fr\/wp-content\/uploads\/2025\/08\/Com-jour-par-jour-pics-1-1024x1024.png 1024w, https:\/\/rencontresdecalenzana.fr\/wp-content\/uploads\/2025\/08\/Com-jour-par-jour-pics-1-300x300.png 300w, https:\/\/rencontresdecalenzana.fr\/wp-content\/uploads\/2025\/08\/Com-jour-par-jour-pics-1-150x150.png 150w, https:\/\/rencontresdecalenzana.fr\/wp-content\/uploads\/2025\/08\/Com-jour-par-jour-pics-1-768x768.png 768w, https:\/\/rencontresdecalenzana.fr\/wp-content\/uploads\/2025\/08\/Com-jour-par-jour-pics-1-200x200.png 200w, https:\/\/rencontresdecalenzana.fr\/wp-content\/uploads\/2025\/08\/Com-jour-par-jour-pics-1-80x80.png 80w, https:\/\/rencontresdecalenzana.fr\/wp-content\/uploads\/2025\/08\/Com-jour-par-jour-pics-1-570x570.png 570w, https:\/\/rencontresdecalenzana.fr\/wp-content\/uploads\/2025\/08\/Com-jour-par-jour-pics-1-500x500.png 500w, https:\/\/rencontresdecalenzana.fr\/wp-content\/uploads\/2025\/08\/Com-jour-par-jour-pics-1-1000x1000.png 1000w, https:\/\/rencontresdecalenzana.fr\/wp-content\/uploads\/2025\/08\/Com-jour-par-jour-pics-1-700x700.png 700w, https:\/\/rencontresdecalenzana.fr\/wp-content\/uploads\/2025\/08\/Com-jour-par-jour-pics-1.png 1080w\" sizes=\"(max-width: 1024px) 100vw, 1024px\" \/>\t\t\t\t\t\t\t\t\t\t\t\t\t\t\t<\/div>\n\t\t\t\t<\/div>\n\t\t\t\t\t<\/div>\n\t\t<\/div>\n\t\t\t\t<div class=\"elementor-column elementor-col-50 elementor-top-column elementor-element elementor-element-7f64d24\" data-id=\"7f64d24\" data-element_type=\"column\" data-e-type=\"column\">\n\t\t\t<div class=\"elementor-widget-wrap elementor-element-populated\">\n\t\t\t\t\t\t<div class=\"elementor-element elementor-element-3775009 elementor-widget elementor-widget-text-editor\" data-id=\"3775009\" data-element_type=\"widget\" data-e-type=\"widget\" data-widget_type=\"text-editor.default\">\n\t\t\t\t<div class=\"elementor-widget-container\">\n\t\t\t\t\t\t\t\t\t<h4 id=\"pour-une-raison-independante-de-notre-volonte-nous-sommes-contraints-dannuler-le-concert-prevu-a-ochjatana-le-23-08-a-18h-nous-vous-prions-de-nous-excuser-pour-ce-contretemps-et-vous-remercion\" dir=\"auto\"><br \/><br \/><br \/>Pour une raison ind\u00e9pendante de notre volont\u00e9, nous sommes contraints d&rsquo;annuler le concert pr\u00e9vu \u00e0 Ochjatana le 23\/08 \u00e0 18h.<br \/><br \/>Nous vous prions de nous excuser pour ce contretemps et vous remercions de votre compr\u00e9hension.<\/h4>\t\t\t\t\t\t\t\t<\/div>\n\t\t\t\t<\/div>\n\t\t\t\t\t<\/div>\n\t\t<\/div>\n\t\t\t\t\t<\/div>\n\t\t<\/section>\n\t\t\t\t<section class=\"elementor-section elementor-top-section elementor-element elementor-element-e45b000 elementor-section-boxed elementor-section-height-default elementor-section-height-default parallax_section_no qode_elementor_container_no\" data-id=\"e45b000\" data-element_type=\"section\" data-e-type=\"section\">\n\t\t\t\t\t\t<div class=\"elementor-container elementor-column-gap-default\">\n\t\t\t\t\t<div class=\"elementor-column elementor-col-100 elementor-top-column elementor-element elementor-element-c6af6b9\" data-id=\"c6af6b9\" data-element_type=\"column\" data-e-type=\"column\">\n\t\t\t<div class=\"elementor-widget-wrap elementor-element-populated\">\n\t\t\t\t\t\t<div class=\"elementor-element elementor-element-7d9c016 elementor-widget-divider--view-line elementor-widget elementor-widget-divider\" data-id=\"7d9c016\" data-element_type=\"widget\" data-e-type=\"widget\" data-widget_type=\"divider.default\">\n\t\t\t\t<div class=\"elementor-widget-container\">\n\t\t\t\t\t\t\t<div class=\"elementor-divider\">\n\t\t\t<span class=\"elementor-divider-separator\">\n\t\t\t\t\t\t<\/span>\n\t\t<\/div>\n\t\t\t\t\t\t<\/div>\n\t\t\t\t<\/div>\n\t\t\t\t\t<\/div>\n\t\t<\/div>\n\t\t\t\t\t<\/div>\n\t\t<\/section>\n\t\t\t\t<section class=\"elementor-section elementor-top-section elementor-element elementor-element-49ebabd elementor-section-boxed elementor-section-height-default elementor-section-height-default parallax_section_no qode_elementor_container_no\" data-id=\"49ebabd\" data-element_type=\"section\" data-e-type=\"section\">\n\t\t\t\t\t\t<div class=\"elementor-container elementor-column-gap-default\">\n\t\t\t\t\t<div class=\"elementor-column elementor-col-50 elementor-top-column elementor-element elementor-element-03be4d9\" data-id=\"03be4d9\" data-element_type=\"column\" data-e-type=\"column\">\n\t\t\t<div class=\"elementor-widget-wrap elementor-element-populated\">\n\t\t\t\t\t\t<div class=\"elementor-element elementor-element-a70e4fa elementor-widget elementor-widget-text-editor\" data-id=\"a70e4fa\" data-element_type=\"widget\" data-e-type=\"widget\" data-widget_type=\"text-editor.default\">\n\t\t\t\t<div class=\"elementor-widget-container\">\n\t\t\t\t\t\t\t\t\t<h5 id=\"-48\">\u00a0<\/h5><h5 id=\"-49\">\u00a0<\/h5><h5 id=\"-50\">\u00a0<\/h5><h5 id=\"19h30-eglise-de-limmaculee-conception-isula-rossa\" style=\"text-align: center;\">19h30 &#8211; \u00c9glise de l\u2019immacul\u00e9e conception, Isula Rossa<\/h5><p>\u00a0<\/p><h4 id=\"concerts-en-dialogue\" style=\"text-align: center;\"><strong>\u00ab\u00a0Concerts en dialogue \u00ab\u00a0<\/strong><\/h4><p style=\"text-align: center;\"><strong>\u00a0<\/strong><strong>(J.C Bach, Vivaldi, Haendel, Borghi)<\/strong><\/p><p>\u00a0<\/p><p>\u00a0<\/p><p>Ce programme met en lumi\u00e8re l\u2019art du concerto au XVIIIe si\u00e8cle, entre conversation raffin\u00e9e et virtuosit\u00e9 assum\u00e9e.<\/p><p>Du souffle collectif du <strong>Concerto grosso HWV 312<\/strong> de <strong>Haendel<\/strong> \u00e0 l\u2019\u00e9l\u00e9gance italienne de la <strong>Sonate op.1 n\u00b04<\/strong> de <strong>Luigi Borghi<\/strong>, chaque \u0153uvre explore une forme de dialogue musical. Le <strong>Concerto pour basson RV 484<\/strong> d\u2019<strong>Antonio Vivaldi<\/strong>, rare et expressif, offre un moment de bravoure et de profondeur, avant le <strong>Concerto en ut mineur<\/strong> de <strong>Jean-Chr\u00e9tien Bach<\/strong>, o\u00f9 le violoncelle s\u2019impose avec lyrisme et noblesse.<\/p><p>Un concert aux teintes vari\u00e9es, entre \u00e9nergie baroque et d\u00e9licatesse classique.<\/p><p>\u00a0<\/p><p>\u00a0<\/p><p><strong>Marie-Paule Milone (violoncelle), No\u00e9 Natorp (violoncelle), Alexandre Pascal (violon), Guillaume Latour (violon), Juliette Roos (violon), Shuichi Okada (violon) Yume Fujise (alto), Ad\u00e8le Ginestet (alto) Manuel Escauriaza (cor), Marceau Lef\u00e8vre (basson), Gabriel Pidoux (hautbois)<\/strong><\/p>\t\t\t\t\t\t\t\t<\/div>\n\t\t\t\t<\/div>\n\t\t\t\t\t<\/div>\n\t\t<\/div>\n\t\t\t\t<div class=\"elementor-column elementor-col-50 elementor-top-column elementor-element elementor-element-88b0097\" data-id=\"88b0097\" data-element_type=\"column\" data-e-type=\"column\">\n\t\t\t<div class=\"elementor-widget-wrap elementor-element-populated\">\n\t\t\t\t\t\t<div class=\"elementor-element elementor-element-7075e95 elementor-widget elementor-widget-image\" data-id=\"7075e95\" data-element_type=\"widget\" data-e-type=\"widget\" data-widget_type=\"image.default\">\n\t\t\t\t<div class=\"elementor-widget-container\">\n\t\t\t\t\t\t\t\t\t\t\t\t\t\t\t<img loading=\"lazy\" decoding=\"async\" width=\"1024\" height=\"1024\" src=\"https:\/\/rencontresdecalenzana.fr\/wp-content\/uploads\/2025\/06\/2-RMCC_18_\u00a9Anaelle-Reitan.jpg-1.jpg\" class=\"attachment-large size-large wp-image-9317\" alt=\"\" srcset=\"https:\/\/rencontresdecalenzana.fr\/wp-content\/uploads\/2025\/06\/2-RMCC_18_\u00a9Anaelle-Reitan.jpg-1.jpg 1024w, https:\/\/rencontresdecalenzana.fr\/wp-content\/uploads\/2025\/06\/2-RMCC_18_\u00a9Anaelle-Reitan.jpg-1-300x300.jpg 300w, https:\/\/rencontresdecalenzana.fr\/wp-content\/uploads\/2025\/06\/2-RMCC_18_\u00a9Anaelle-Reitan.jpg-1-150x150.jpg 150w, https:\/\/rencontresdecalenzana.fr\/wp-content\/uploads\/2025\/06\/2-RMCC_18_\u00a9Anaelle-Reitan.jpg-1-768x768.jpg 768w, https:\/\/rencontresdecalenzana.fr\/wp-content\/uploads\/2025\/06\/2-RMCC_18_\u00a9Anaelle-Reitan.jpg-1-200x200.jpg 200w, https:\/\/rencontresdecalenzana.fr\/wp-content\/uploads\/2025\/06\/2-RMCC_18_\u00a9Anaelle-Reitan.jpg-1-80x80.jpg 80w, https:\/\/rencontresdecalenzana.fr\/wp-content\/uploads\/2025\/06\/2-RMCC_18_\u00a9Anaelle-Reitan.jpg-1-570x570.jpg 570w, https:\/\/rencontresdecalenzana.fr\/wp-content\/uploads\/2025\/06\/2-RMCC_18_\u00a9Anaelle-Reitan.jpg-1-500x500.jpg 500w, https:\/\/rencontresdecalenzana.fr\/wp-content\/uploads\/2025\/06\/2-RMCC_18_\u00a9Anaelle-Reitan.jpg-1-1000x1000.jpg 1000w, https:\/\/rencontresdecalenzana.fr\/wp-content\/uploads\/2025\/06\/2-RMCC_18_\u00a9Anaelle-Reitan.jpg-1-700x700.jpg 700w\" sizes=\"(max-width: 1024px) 100vw, 1024px\" \/>\t\t\t\t\t\t\t\t\t\t\t\t\t\t\t<\/div>\n\t\t\t\t<\/div>\n\t\t\t\t\t<\/div>\n\t\t<\/div>\n\t\t\t\t\t<\/div>\n\t\t<\/section>\n\t\t\t\t<section class=\"elementor-section elementor-top-section elementor-element elementor-element-317d5d8 elementor-section-boxed elementor-section-height-default elementor-section-height-default parallax_section_no qode_elementor_container_no\" data-id=\"317d5d8\" data-element_type=\"section\" data-e-type=\"section\">\n\t\t\t\t\t\t<div class=\"elementor-container elementor-column-gap-default\">\n\t\t\t\t\t<div class=\"elementor-column elementor-col-100 elementor-top-column elementor-element elementor-element-661bc03\" data-id=\"661bc03\" data-element_type=\"column\" data-e-type=\"column\">\n\t\t\t<div class=\"elementor-widget-wrap elementor-element-populated\">\n\t\t\t\t\t\t<div class=\"elementor-element elementor-element-d0dbd42 elementor-widget-divider--view-line elementor-widget elementor-widget-divider\" data-id=\"d0dbd42\" data-element_type=\"widget\" data-e-type=\"widget\" data-widget_type=\"divider.default\">\n\t\t\t\t<div class=\"elementor-widget-container\">\n\t\t\t\t\t\t\t<div class=\"elementor-divider\">\n\t\t\t<span class=\"elementor-divider-separator\">\n\t\t\t\t\t\t<\/span>\n\t\t<\/div>\n\t\t\t\t\t\t<\/div>\n\t\t\t\t<\/div>\n\t\t\t\t\t<\/div>\n\t\t<\/div>\n\t\t\t\t\t<\/div>\n\t\t<\/section>\n\t\t\t\t<section class=\"elementor-section elementor-top-section elementor-element elementor-element-81aea50 elementor-section-boxed elementor-section-height-default elementor-section-height-default parallax_section_no qode_elementor_container_no\" data-id=\"81aea50\" data-element_type=\"section\" data-e-type=\"section\">\n\t\t\t\t\t\t<div class=\"elementor-container elementor-column-gap-default\">\n\t\t\t\t\t<div class=\"elementor-column elementor-col-50 elementor-top-column elementor-element elementor-element-f782d9d\" data-id=\"f782d9d\" data-element_type=\"column\" data-e-type=\"column\">\n\t\t\t<div class=\"elementor-widget-wrap elementor-element-populated\">\n\t\t\t\t\t\t<div class=\"elementor-element elementor-element-dc47155 elementor-widget elementor-widget-image\" data-id=\"dc47155\" data-element_type=\"widget\" data-e-type=\"widget\" data-widget_type=\"image.default\">\n\t\t\t\t<div class=\"elementor-widget-container\">\n\t\t\t\t\t\t\t\t\t\t\t\t\t\t\t<img loading=\"lazy\" decoding=\"async\" width=\"1024\" height=\"1024\" src=\"https:\/\/rencontresdecalenzana.fr\/wp-content\/uploads\/2025\/06\/BLRDCJULIA-1-24082022-1.jpg\" class=\"attachment-large size-large wp-image-9318\" alt=\"\" srcset=\"https:\/\/rencontresdecalenzana.fr\/wp-content\/uploads\/2025\/06\/BLRDCJULIA-1-24082022-1.jpg 1024w, https:\/\/rencontresdecalenzana.fr\/wp-content\/uploads\/2025\/06\/BLRDCJULIA-1-24082022-1-300x300.jpg 300w, https:\/\/rencontresdecalenzana.fr\/wp-content\/uploads\/2025\/06\/BLRDCJULIA-1-24082022-1-150x150.jpg 150w, https:\/\/rencontresdecalenzana.fr\/wp-content\/uploads\/2025\/06\/BLRDCJULIA-1-24082022-1-768x768.jpg 768w, https:\/\/rencontresdecalenzana.fr\/wp-content\/uploads\/2025\/06\/BLRDCJULIA-1-24082022-1-200x200.jpg 200w, https:\/\/rencontresdecalenzana.fr\/wp-content\/uploads\/2025\/06\/BLRDCJULIA-1-24082022-1-80x80.jpg 80w, https:\/\/rencontresdecalenzana.fr\/wp-content\/uploads\/2025\/06\/BLRDCJULIA-1-24082022-1-570x570.jpg 570w, https:\/\/rencontresdecalenzana.fr\/wp-content\/uploads\/2025\/06\/BLRDCJULIA-1-24082022-1-500x500.jpg 500w, https:\/\/rencontresdecalenzana.fr\/wp-content\/uploads\/2025\/06\/BLRDCJULIA-1-24082022-1-1000x1000.jpg 1000w, https:\/\/rencontresdecalenzana.fr\/wp-content\/uploads\/2025\/06\/BLRDCJULIA-1-24082022-1-700x700.jpg 700w\" sizes=\"(max-width: 1024px) 100vw, 1024px\" \/>\t\t\t\t\t\t\t\t\t\t\t\t\t\t\t<\/div>\n\t\t\t\t<\/div>\n\t\t\t\t\t<\/div>\n\t\t<\/div>\n\t\t\t\t<div class=\"elementor-column elementor-col-50 elementor-top-column elementor-element elementor-element-0d3b084\" data-id=\"0d3b084\" data-element_type=\"column\" data-e-type=\"column\">\n\t\t\t<div class=\"elementor-widget-wrap elementor-element-populated\">\n\t\t\t\t\t\t<div class=\"elementor-element elementor-element-d79d7e0 elementor-widget elementor-widget-text-editor\" data-id=\"d79d7e0\" data-element_type=\"widget\" data-e-type=\"widget\" data-widget_type=\"text-editor.default\">\n\t\t\t\t<div class=\"elementor-widget-container\">\n\t\t\t\t\t\t\t\t\t<h5 id=\"-51\">\u00a0<\/h5><h5 id=\"-52\">\u00a0<\/h5><h5 id=\"-53\">\u00a0<\/h5><h5 id=\"21h30-eglise-santa-riparata\" style=\"text-align: center;\">21h30 -Eglise, Santa Riparata<\/h5><h4 id=\"-54\">\u00a0<\/h4><h4 id=\"desir-dorient\" style=\"text-align: center;\"><strong>\u00ab D\u00e9sir d\u2019Orient\u00a0 \u00bb<\/strong><\/h4><p>\u00a0<\/p><p>\u00a0<\/p><p>Avec ce programme, D\u00e9sir d\u2019Orient, nous rendrons hommage cette ann\u00e9e \u00e0 Maurice Ravel \u00e0 l\u2019occasion du 150\u00e8me anniversaire de sa naissance.\u00a0<\/p><p>\u00a0<\/p><p>Le duo \u00ab Colla Parte \u00bb, compos\u00e9 de la soprano Julia Knecht et du pianiste Olivier Cangelosi, fid\u00e8les au Festival des Rencontres de Calenzana, attache beaucoup d\u2019importance \u00e0 apporter le r\u00e9pertoire de l\u2019art lyrique \u00e9crit en particulier pour voix et piano de mani\u00e8re ludique et p\u00e9dagogique.<\/p><p>\u00a0<\/p><p>Le programme \u00ab D\u00e9sir d\u2019Orient \u00bb s\u2019articule autour de m\u00e9lodies fran\u00e7aises de M. Ravel \u00ab Sh\u00e9h\u00e9razade \u00bb et d\u2019airs d\u2019op\u00e9ras sur le th\u00e8me de l\u2019Orient, de G. Bizet, G. faur\u00e9, C.Saint-Saens mais aussi W.A Mozart.<\/p><p>\u00a0<\/p><p>\u00a0<\/p><p>\u00a0<\/p><p><strong>Duo \u00ab\u00a0Colla Parte\u00a0\u00bb\u00a0: Julia Knecht (soprano) &amp; Olivier Cangelosi (piano)<\/strong><\/p>\t\t\t\t\t\t\t\t<\/div>\n\t\t\t\t<\/div>\n\t\t\t\t\t<\/div>\n\t\t<\/div>\n\t\t\t\t\t<\/div>\n\t\t<\/section>\n\t\t\t\t<section class=\"elementor-section elementor-top-section elementor-element elementor-element-fca94e0 elementor-section-boxed elementor-section-height-default elementor-section-height-default parallax_section_no qode_elementor_container_no\" data-id=\"fca94e0\" data-element_type=\"section\" data-e-type=\"section\">\n\t\t\t\t\t\t<div class=\"elementor-container elementor-column-gap-default\">\n\t\t\t\t\t<div class=\"elementor-column elementor-col-100 elementor-top-column elementor-element elementor-element-46c9beb\" data-id=\"46c9beb\" data-element_type=\"column\" data-e-type=\"column\">\n\t\t\t<div class=\"elementor-widget-wrap elementor-element-populated\">\n\t\t\t\t\t\t<div class=\"elementor-element elementor-element-8b44cef elementor-widget elementor-widget-text-editor\" data-id=\"8b44cef\" data-element_type=\"widget\" data-e-type=\"widget\" data-widget_type=\"text-editor.default\">\n\t\t\t\t<div class=\"elementor-widget-container\">\n\t\t\t\t\t\t\t\t\t<h1 id=\"dimanche-24-aout\" style=\"text-align: center;\">DIMANCHE 24 Ao\u00fbt\u00a0<\/h1>\t\t\t\t\t\t\t\t<\/div>\n\t\t\t\t<\/div>\n\t\t\t\t\t<\/div>\n\t\t<\/div>\n\t\t\t\t\t<\/div>\n\t\t<\/section>\n\t\t\t\t<section class=\"elementor-section elementor-top-section elementor-element elementor-element-1b1af15 elementor-section-boxed elementor-section-height-default elementor-section-height-default parallax_section_no qode_elementor_container_no\" data-id=\"1b1af15\" data-element_type=\"section\" data-e-type=\"section\">\n\t\t\t\t\t\t<div class=\"elementor-container elementor-column-gap-default\">\n\t\t\t\t\t<div class=\"elementor-column elementor-col-50 elementor-top-column elementor-element elementor-element-6759f16\" data-id=\"6759f16\" data-element_type=\"column\" data-e-type=\"column\">\n\t\t\t<div class=\"elementor-widget-wrap elementor-element-populated\">\n\t\t\t\t\t\t<div class=\"elementor-element elementor-element-dca043b elementor-widget elementor-widget-text-editor\" data-id=\"dca043b\" data-element_type=\"widget\" data-e-type=\"widget\" data-widget_type=\"text-editor.default\">\n\t\t\t\t<div class=\"elementor-widget-container\">\n\t\t\t\t\t\t\t\t\t<h5 id=\"-55\">\u00a0<\/h5><h5 id=\"-56\">\u00a0<\/h5><h5 id=\"11h00-lieu-dit-bartasca-route-de-calenzana\" style=\"text-align: center;\">11h00 &#8211; Lieu-dit Bartasca (route de Calenzana)<\/h5><h5 id=\"calinzana\" style=\"text-align: center;\">Calinzana<\/h5><p>\u00a0<\/p><p>\u00a0<\/p><h4 id=\"alla-rustica\" style=\"text-align: center;\"><strong>\u00ab\u00a0Alla rustica\u00a0\u00bb\u00a0<\/strong><\/h4><p style=\"text-align: center;\"><strong>(Telemann, Holiger, Bartok, Vivaldi, Cimarosa)<\/strong><\/p><p>\u00a0<\/p><p>\u00a0<\/p><p>Un concert plac\u00e9 sous le signe de la vivacit\u00e9 populaire, du dialogue instrumental et de l\u2019inventivit\u00e9 baroque \u00e0 contemporaine.<\/p><p>Ce programme met \u00e0 l\u2019honneur le hautbois et les cordes \u00e0 travers un parcours riche et contrast\u00e9. De l\u2019\u00e9l\u00e9gance baroque de <strong>Telemann<\/strong> et <strong>Vivaldi<\/strong> \u00e0 la gr\u00e2ce classique de <strong>Cimarosa<\/strong>, l\u2019instrument dialogue avec vivacit\u00e9 et lyrisme. L\u2019<strong>\u00c9tude pour hautbois solo<\/strong> de <strong>Holliger<\/strong> explore des territoires sonores contemporains et intimes. Les <strong>Duos pour violons<\/strong> de <strong>Bart\u00f3k<\/strong>, inspir\u00e9s des musiques populaires d\u2019Europe de l\u2019Est, ajoutent une touche rythmique et color\u00e9e.<\/p><p>Un programme vivant et contrast\u00e9, \u00e0 la crois\u00e9e des styles et des \u00e9poques, entre folklore stylis\u00e9 et raffinement.<\/p><p>\u00a0<\/p><p><strong>Gabriel Pidoux (hautbois), Marie-Paule Milone (violoncelle), No\u00e9 Natorp (violoncelle), Yume Fujise (alto), Juliette Roos (violon), Guillaume Latour (violon), Ad\u00e8le Ginestet (alto)<\/strong><\/p>\t\t\t\t\t\t\t\t<\/div>\n\t\t\t\t<\/div>\n\t\t\t\t\t<\/div>\n\t\t<\/div>\n\t\t\t\t<div class=\"elementor-column elementor-col-50 elementor-top-column elementor-element elementor-element-b6d46c0\" data-id=\"b6d46c0\" data-element_type=\"column\" data-e-type=\"column\">\n\t\t\t<div class=\"elementor-widget-wrap elementor-element-populated\">\n\t\t\t\t\t\t<div class=\"elementor-element elementor-element-60b1f79 elementor-widget elementor-widget-image\" data-id=\"60b1f79\" data-element_type=\"widget\" data-e-type=\"widget\" data-widget_type=\"image.default\">\n\t\t\t\t<div class=\"elementor-widget-container\">\n\t\t\t\t\t\t\t\t\t\t\t\t\t\t\t<img loading=\"lazy\" decoding=\"async\" width=\"1024\" height=\"1024\" src=\"https:\/\/rencontresdecalenzana.fr\/wp-content\/uploads\/2025\/06\/alesrencontresdecalenzanaumulinu.jpg\" class=\"attachment-large size-large wp-image-9319\" alt=\"\" srcset=\"https:\/\/rencontresdecalenzana.fr\/wp-content\/uploads\/2025\/06\/alesrencontresdecalenzanaumulinu.jpg 1024w, https:\/\/rencontresdecalenzana.fr\/wp-content\/uploads\/2025\/06\/alesrencontresdecalenzanaumulinu-300x300.jpg 300w, https:\/\/rencontresdecalenzana.fr\/wp-content\/uploads\/2025\/06\/alesrencontresdecalenzanaumulinu-150x150.jpg 150w, https:\/\/rencontresdecalenzana.fr\/wp-content\/uploads\/2025\/06\/alesrencontresdecalenzanaumulinu-768x768.jpg 768w, https:\/\/rencontresdecalenzana.fr\/wp-content\/uploads\/2025\/06\/alesrencontresdecalenzanaumulinu-200x200.jpg 200w, https:\/\/rencontresdecalenzana.fr\/wp-content\/uploads\/2025\/06\/alesrencontresdecalenzanaumulinu-80x80.jpg 80w, https:\/\/rencontresdecalenzana.fr\/wp-content\/uploads\/2025\/06\/alesrencontresdecalenzanaumulinu-570x570.jpg 570w, https:\/\/rencontresdecalenzana.fr\/wp-content\/uploads\/2025\/06\/alesrencontresdecalenzanaumulinu-500x500.jpg 500w, https:\/\/rencontresdecalenzana.fr\/wp-content\/uploads\/2025\/06\/alesrencontresdecalenzanaumulinu-1000x1000.jpg 1000w, https:\/\/rencontresdecalenzana.fr\/wp-content\/uploads\/2025\/06\/alesrencontresdecalenzanaumulinu-700x700.jpg 700w\" sizes=\"(max-width: 1024px) 100vw, 1024px\" \/>\t\t\t\t\t\t\t\t\t\t\t\t\t\t\t<\/div>\n\t\t\t\t<\/div>\n\t\t\t\t\t<\/div>\n\t\t<\/div>\n\t\t\t\t\t<\/div>\n\t\t<\/section>\n\t\t\t\t<section class=\"elementor-section elementor-top-section elementor-element elementor-element-8b426af elementor-section-boxed elementor-section-height-default elementor-section-height-default parallax_section_no qode_elementor_container_no\" data-id=\"8b426af\" data-element_type=\"section\" data-e-type=\"section\">\n\t\t\t\t\t\t<div class=\"elementor-container elementor-column-gap-default\">\n\t\t\t\t\t<div class=\"elementor-column elementor-col-100 elementor-top-column elementor-element elementor-element-76f92f0\" data-id=\"76f92f0\" data-element_type=\"column\" data-e-type=\"column\">\n\t\t\t<div class=\"elementor-widget-wrap elementor-element-populated\">\n\t\t\t\t\t\t<div class=\"elementor-element elementor-element-c71c15a elementor-widget-divider--view-line elementor-widget elementor-widget-divider\" data-id=\"c71c15a\" data-element_type=\"widget\" data-e-type=\"widget\" data-widget_type=\"divider.default\">\n\t\t\t\t<div class=\"elementor-widget-container\">\n\t\t\t\t\t\t\t<div class=\"elementor-divider\">\n\t\t\t<span class=\"elementor-divider-separator\">\n\t\t\t\t\t\t<\/span>\n\t\t<\/div>\n\t\t\t\t\t\t<\/div>\n\t\t\t\t<\/div>\n\t\t\t\t\t<\/div>\n\t\t<\/div>\n\t\t\t\t\t<\/div>\n\t\t<\/section>\n\t\t\t\t<section class=\"elementor-section elementor-top-section elementor-element elementor-element-f4e1989 elementor-section-boxed elementor-section-height-default elementor-section-height-default parallax_section_no qode_elementor_container_no\" data-id=\"f4e1989\" data-element_type=\"section\" data-e-type=\"section\">\n\t\t\t\t\t\t<div class=\"elementor-container elementor-column-gap-default\">\n\t\t\t\t\t<div class=\"elementor-column elementor-col-50 elementor-top-column elementor-element elementor-element-0ec4725\" data-id=\"0ec4725\" data-element_type=\"column\" data-e-type=\"column\">\n\t\t\t<div class=\"elementor-widget-wrap elementor-element-populated\">\n\t\t\t\t\t\t<div class=\"elementor-element elementor-element-823fb4f elementor-widget elementor-widget-image\" data-id=\"823fb4f\" data-element_type=\"widget\" data-e-type=\"widget\" data-widget_type=\"image.default\">\n\t\t\t\t<div class=\"elementor-widget-container\">\n\t\t\t\t\t\t\t\t\t\t\t\t\t\t\t<img loading=\"lazy\" decoding=\"async\" width=\"1024\" height=\"1024\" src=\"https:\/\/rencontresdecalenzana.fr\/wp-content\/uploads\/2025\/05\/lavvinta.jpg\" class=\"attachment-large size-large wp-image-9080\" alt=\"\" srcset=\"https:\/\/rencontresdecalenzana.fr\/wp-content\/uploads\/2025\/05\/lavvinta.jpg 1024w, https:\/\/rencontresdecalenzana.fr\/wp-content\/uploads\/2025\/05\/lavvinta-300x300.jpg 300w, https:\/\/rencontresdecalenzana.fr\/wp-content\/uploads\/2025\/05\/lavvinta-150x150.jpg 150w, https:\/\/rencontresdecalenzana.fr\/wp-content\/uploads\/2025\/05\/lavvinta-768x768.jpg 768w, https:\/\/rencontresdecalenzana.fr\/wp-content\/uploads\/2025\/05\/lavvinta-200x200.jpg 200w, https:\/\/rencontresdecalenzana.fr\/wp-content\/uploads\/2025\/05\/lavvinta-80x80.jpg 80w, https:\/\/rencontresdecalenzana.fr\/wp-content\/uploads\/2025\/05\/lavvinta-570x570.jpg 570w, https:\/\/rencontresdecalenzana.fr\/wp-content\/uploads\/2025\/05\/lavvinta-500x500.jpg 500w, https:\/\/rencontresdecalenzana.fr\/wp-content\/uploads\/2025\/05\/lavvinta-1000x1000.jpg 1000w, https:\/\/rencontresdecalenzana.fr\/wp-content\/uploads\/2025\/05\/lavvinta-700x700.jpg 700w\" sizes=\"(max-width: 1024px) 100vw, 1024px\" \/>\t\t\t\t\t\t\t\t\t\t\t\t\t\t\t<\/div>\n\t\t\t\t<\/div>\n\t\t\t\t\t<\/div>\n\t\t<\/div>\n\t\t\t\t<div class=\"elementor-column elementor-col-50 elementor-top-column elementor-element elementor-element-2188c55\" data-id=\"2188c55\" data-element_type=\"column\" data-e-type=\"column\">\n\t\t\t<div class=\"elementor-widget-wrap elementor-element-populated\">\n\t\t\t\t\t\t<div class=\"elementor-element elementor-element-a844c01 elementor-widget elementor-widget-text-editor\" data-id=\"a844c01\" data-element_type=\"widget\" data-e-type=\"widget\" data-widget_type=\"text-editor.default\">\n\t\t\t\t<div class=\"elementor-widget-container\">\n\t\t\t\t\t\t\t\t\t<h5 id=\"-57\">\u00a0<\/h5><h5 id=\"-58\">\u00a0<\/h5><h5 id=\"-59\">\u00a0<\/h5><h5 id=\"-60\">\u00a0<\/h5><h5 id=\"18h00-confrerie-a-casazza-calinzana\" style=\"text-align: center;\">18h00 &#8211; Confr\u00e9rie, A Casazza &#8211; Calinzana<\/h5><p>\u00a0<\/p><p>\u00a0<\/p><h4 id=\"lavvinta\" style=\"text-align: center;\"><strong>\u00ab\u00a0L\u2019Avvinta\u00a0\u00bb<\/strong><\/h4><p style=\"text-align: center;\"><strong>(musica corsa)<\/strong><\/p><p>\u00a0<\/p><p>\u00a0<\/p><p>En toute libert\u00e9, l\u2019Avvinta exprime sa vision d\u2019une Corse plurielle et moderne \u00e0 travers le regard de po\u00e8tes et compositeurs anim\u00e9s par la m\u00eame volont\u00e9 de capturer des \u00e9motions individuelles et collectives pour les partager. La diversit\u00e9 des rythmes, des textes et des sonorit\u00e9s refl\u00e8te la recherche musicale de cette formation, h\u00e9rit\u00e9e de la tradition vocale et linguistique insulaire mais traduisant des sentiments actuels et profond\u00e9ment intemporels.<\/p><p>\u00a0<\/p><p>\u00a0<\/p><p>\u00a0<\/p><p><strong>Fran\u00e7ois Muraccioli (chant), Lisandru Bonini (chant), Don Louis Castola-Luccioni (chant), Laurent Matteaccioli (chant, guitare), Antoine Parodin (chant, guitare), Pierre-Fran\u00e7ois Ucciani (violon, bonjo), Niculaiu Giovannetti (guitare, clavier), Th\u00e9o Poli (guitare), Alexis Garibaldi (batterie)\u00a0\u00a0<\/strong><\/p>\t\t\t\t\t\t\t\t<\/div>\n\t\t\t\t<\/div>\n\t\t\t\t<div class=\"elementor-element elementor-element-3e9ff70 elementor-widget elementor-widget-button\" data-id=\"3e9ff70\" data-element_type=\"widget\" data-e-type=\"widget\" data-widget_type=\"button.default\">\n\t\t\t\t<div class=\"elementor-widget-container\">\n\t\t\t\t\t\t\t\t\t<div class=\"elementor-button-wrapper\">\n\t\t\t\t\t<a class=\"elementor-button elementor-button-link elementor-size-sm\" href=\"https:\/\/billetterie-corsebillet.tickandlive.com\/reserver\/25deg-scontri-di-calinzana-24-08-lavvinta\/127340\" target=\"_blank\">\n\t\t\t\t\t\t<span class=\"elementor-button-content-wrapper\">\n\t\t\t\t\t\t\t\t\t<span class=\"elementor-button-text\">Acheter vos places<\/span>\n\t\t\t\t\t<\/span>\n\t\t\t\t\t<\/a>\n\t\t\t\t<\/div>\n\t\t\t\t\t\t\t\t<\/div>\n\t\t\t\t<\/div>\n\t\t\t\t\t<\/div>\n\t\t<\/div>\n\t\t\t\t\t<\/div>\n\t\t<\/section>\n\t\t\t\t<section class=\"elementor-section elementor-top-section elementor-element elementor-element-5cbf023 elementor-section-boxed elementor-section-height-default elementor-section-height-default parallax_section_no qode_elementor_container_no\" data-id=\"5cbf023\" data-element_type=\"section\" data-e-type=\"section\">\n\t\t\t\t\t\t<div class=\"elementor-container elementor-column-gap-default\">\n\t\t\t\t\t<div class=\"elementor-column elementor-col-100 elementor-top-column elementor-element elementor-element-b5b0c84\" data-id=\"b5b0c84\" data-element_type=\"column\" data-e-type=\"column\">\n\t\t\t<div class=\"elementor-widget-wrap elementor-element-populated\">\n\t\t\t\t\t\t<div class=\"elementor-element elementor-element-0e98ab9 elementor-widget-divider--view-line elementor-widget elementor-widget-divider\" data-id=\"0e98ab9\" data-element_type=\"widget\" data-e-type=\"widget\" data-widget_type=\"divider.default\">\n\t\t\t\t<div class=\"elementor-widget-container\">\n\t\t\t\t\t\t\t<div class=\"elementor-divider\">\n\t\t\t<span class=\"elementor-divider-separator\">\n\t\t\t\t\t\t<\/span>\n\t\t<\/div>\n\t\t\t\t\t\t<\/div>\n\t\t\t\t<\/div>\n\t\t\t\t\t<\/div>\n\t\t<\/div>\n\t\t\t\t\t<\/div>\n\t\t<\/section>\n\t\t\t\t<section class=\"elementor-section elementor-top-section elementor-element elementor-element-e1c954a elementor-section-boxed elementor-section-height-default elementor-section-height-default parallax_section_no qode_elementor_container_no\" data-id=\"e1c954a\" data-element_type=\"section\" data-e-type=\"section\">\n\t\t\t\t\t\t<div class=\"elementor-container elementor-column-gap-default\">\n\t\t\t\t\t<div class=\"elementor-column elementor-col-50 elementor-top-column elementor-element elementor-element-852c076\" data-id=\"852c076\" data-element_type=\"column\" data-e-type=\"column\">\n\t\t\t<div class=\"elementor-widget-wrap elementor-element-populated\">\n\t\t\t\t\t\t<div class=\"elementor-element elementor-element-6dd8ec2 elementor-widget elementor-widget-text-editor\" data-id=\"6dd8ec2\" data-element_type=\"widget\" data-e-type=\"widget\" data-widget_type=\"text-editor.default\">\n\t\t\t\t<div class=\"elementor-widget-container\">\n\t\t\t\t\t\t\t\t\t<h5 id=\"-61\">\u00a0<\/h5><h5 id=\"-62\">\u00a0<\/h5><h5 id=\"-63\">\u00a0<\/h5><h5 id=\"19h30-a-casazza-calinzana\" style=\"text-align: center;\">19h30 &#8211; A Casazza, Calinzana<\/h5><p>\u00a0<\/p><h4 id=\"ode-a-la-nature\" style=\"text-align: center;\"><strong>\u00ab\u00a0Ode \u00e0 la nature\u00a0\u00bb<\/strong><\/h4><p style=\"text-align: center;\"><strong>(Beethoven, Brahms)<\/strong><\/p><p>\u00a0<\/p><p>Entre contemplation po\u00e9tique et \u00e9lan vital, ce programme c\u00e9l\u00e8bre la nature comme source d\u2019inspiration musicale.<\/p><p>\u00a0<\/p><p>La fameuse Sonate \u00ab Clair de Lune \u00bb de Beethoven ouvre la soir\u00e9e sur des paysages nocturnes empreints de myst\u00e8re. On retrouve ensuite le compositeur dans sa lumineuse Sonate \u00ab Le Printemps \u00bb pour violon et piano, pleine de fra\u00eecheur et d\u2019\u00e9lan pastoral. Enfin, le Trio op.40 de Brahms, r\u00e9unissant cor, violon et piano, d\u00e9ploie une ample respiration romantique, \u00e9voquant for\u00eats profondes, \u00e9chos lointains et m\u00e9lancolies intimes.<\/p><p>\u00a0<\/p><p>\u00a0<\/p><p>Un hommage vibrant \u00e0 la nature, entre silence, lumi\u00e8re et puissance \u00e9vocatrice.<\/p><p>\u00a0<\/p><p>\u00a0<\/p><p><strong>Denis Pascal (piano), Shuichi Okada (violon), Alexandre Pascal (violon), Manuel Escauriaza (cor)<\/strong><\/p>\t\t\t\t\t\t\t\t<\/div>\n\t\t\t\t<\/div>\n\t\t\t\t\t<\/div>\n\t\t<\/div>\n\t\t\t\t<div class=\"elementor-column elementor-col-50 elementor-top-column elementor-element elementor-element-cbe61d9\" data-id=\"cbe61d9\" data-element_type=\"column\" data-e-type=\"column\">\n\t\t\t<div class=\"elementor-widget-wrap elementor-element-populated\">\n\t\t\t\t\t\t<div class=\"elementor-element elementor-element-fd61b9a elementor-widget elementor-widget-image\" data-id=\"fd61b9a\" data-element_type=\"widget\" data-e-type=\"widget\" data-widget_type=\"image.default\">\n\t\t\t\t<div class=\"elementor-widget-container\">\n\t\t\t\t\t\t\t\t\t\t\t\t\t\t\t<img loading=\"lazy\" decoding=\"async\" width=\"1024\" height=\"1024\" src=\"https:\/\/rencontresdecalenzana.fr\/wp-content\/uploads\/2022\/06\/18.08-19h30-Casazza-1024x1024.png\" class=\"attachment-large size-large wp-image-5150\" alt=\"\" srcset=\"https:\/\/rencontresdecalenzana.fr\/wp-content\/uploads\/2022\/06\/18.08-19h30-Casazza-1024x1024.png 1024w, https:\/\/rencontresdecalenzana.fr\/wp-content\/uploads\/2022\/06\/18.08-19h30-Casazza-300x300.png 300w, https:\/\/rencontresdecalenzana.fr\/wp-content\/uploads\/2022\/06\/18.08-19h30-Casazza-150x150.png 150w, https:\/\/rencontresdecalenzana.fr\/wp-content\/uploads\/2022\/06\/18.08-19h30-Casazza-768x768.png 768w, https:\/\/rencontresdecalenzana.fr\/wp-content\/uploads\/2022\/06\/18.08-19h30-Casazza-80x80.png 80w, https:\/\/rencontresdecalenzana.fr\/wp-content\/uploads\/2022\/06\/18.08-19h30-Casazza-570x570.png 570w, https:\/\/rencontresdecalenzana.fr\/wp-content\/uploads\/2022\/06\/18.08-19h30-Casazza-500x500.png 500w, https:\/\/rencontresdecalenzana.fr\/wp-content\/uploads\/2022\/06\/18.08-19h30-Casazza-1000x1000.png 1000w, https:\/\/rencontresdecalenzana.fr\/wp-content\/uploads\/2022\/06\/18.08-19h30-Casazza-700x700.png 700w, https:\/\/rencontresdecalenzana.fr\/wp-content\/uploads\/2022\/06\/18.08-19h30-Casazza.png 1080w\" sizes=\"(max-width: 1024px) 100vw, 1024px\" \/>\t\t\t\t\t\t\t\t\t\t\t\t\t\t\t<\/div>\n\t\t\t\t<\/div>\n\t\t\t\t\t<\/div>\n\t\t<\/div>\n\t\t\t\t\t<\/div>\n\t\t<\/section>\n\t\t\t\t<section class=\"elementor-section elementor-top-section elementor-element elementor-element-8751367 elementor-section-boxed elementor-section-height-default elementor-section-height-default parallax_section_no qode_elementor_container_no\" data-id=\"8751367\" data-element_type=\"section\" data-e-type=\"section\">\n\t\t\t\t\t\t<div class=\"elementor-container elementor-column-gap-default\">\n\t\t\t\t\t<div class=\"elementor-column elementor-col-100 elementor-top-column elementor-element elementor-element-6d96f11\" data-id=\"6d96f11\" data-element_type=\"column\" data-e-type=\"column\">\n\t\t\t<div class=\"elementor-widget-wrap elementor-element-populated\">\n\t\t\t\t\t\t<div class=\"elementor-element elementor-element-579c706 elementor-widget-divider--view-line elementor-widget elementor-widget-divider\" data-id=\"579c706\" data-element_type=\"widget\" data-e-type=\"widget\" data-widget_type=\"divider.default\">\n\t\t\t\t<div class=\"elementor-widget-container\">\n\t\t\t\t\t\t\t<div class=\"elementor-divider\">\n\t\t\t<span class=\"elementor-divider-separator\">\n\t\t\t\t\t\t<\/span>\n\t\t<\/div>\n\t\t\t\t\t\t<\/div>\n\t\t\t\t<\/div>\n\t\t\t\t\t<\/div>\n\t\t<\/div>\n\t\t\t\t\t<\/div>\n\t\t<\/section>\n\t\t\t\t<section class=\"elementor-section elementor-top-section elementor-element elementor-element-360148a elementor-section-boxed elementor-section-height-default elementor-section-height-default parallax_section_no qode_elementor_container_no\" data-id=\"360148a\" data-element_type=\"section\" data-e-type=\"section\">\n\t\t\t\t\t\t<div class=\"elementor-container elementor-column-gap-default\">\n\t\t\t\t\t<div class=\"elementor-column elementor-col-50 elementor-top-column elementor-element elementor-element-56b7fce\" data-id=\"56b7fce\" data-element_type=\"column\" data-e-type=\"column\">\n\t\t\t<div class=\"elementor-widget-wrap elementor-element-populated\">\n\t\t\t\t\t\t<div class=\"elementor-element elementor-element-b0247ba elementor-widget elementor-widget-image\" data-id=\"b0247ba\" data-element_type=\"widget\" data-e-type=\"widget\" data-widget_type=\"image.default\">\n\t\t\t\t<div class=\"elementor-widget-container\">\n\t\t\t\t\t\t\t\t\t\t\t\t\t\t\t<img loading=\"lazy\" decoding=\"async\" width=\"1024\" height=\"1024\" src=\"https:\/\/rencontresdecalenzana.fr\/wp-content\/uploads\/2025\/05\/Chants-de-lest-2-1.png\" class=\"attachment-large size-large wp-image-9192\" alt=\"\" srcset=\"https:\/\/rencontresdecalenzana.fr\/wp-content\/uploads\/2025\/05\/Chants-de-lest-2-1.png 1024w, https:\/\/rencontresdecalenzana.fr\/wp-content\/uploads\/2025\/05\/Chants-de-lest-2-1-300x300.png 300w, https:\/\/rencontresdecalenzana.fr\/wp-content\/uploads\/2025\/05\/Chants-de-lest-2-1-150x150.png 150w, https:\/\/rencontresdecalenzana.fr\/wp-content\/uploads\/2025\/05\/Chants-de-lest-2-1-768x768.png 768w, https:\/\/rencontresdecalenzana.fr\/wp-content\/uploads\/2025\/05\/Chants-de-lest-2-1-200x200.png 200w, https:\/\/rencontresdecalenzana.fr\/wp-content\/uploads\/2025\/05\/Chants-de-lest-2-1-80x80.png 80w, https:\/\/rencontresdecalenzana.fr\/wp-content\/uploads\/2025\/05\/Chants-de-lest-2-1-570x570.png 570w, https:\/\/rencontresdecalenzana.fr\/wp-content\/uploads\/2025\/05\/Chants-de-lest-2-1-500x500.png 500w, https:\/\/rencontresdecalenzana.fr\/wp-content\/uploads\/2025\/05\/Chants-de-lest-2-1-1000x1000.png 1000w, https:\/\/rencontresdecalenzana.fr\/wp-content\/uploads\/2025\/05\/Chants-de-lest-2-1-700x700.png 700w\" sizes=\"(max-width: 1024px) 100vw, 1024px\" \/>\t\t\t\t\t\t\t\t\t\t\t\t\t\t\t<\/div>\n\t\t\t\t<\/div>\n\t\t\t\t\t<\/div>\n\t\t<\/div>\n\t\t\t\t<div class=\"elementor-column elementor-col-50 elementor-top-column elementor-element elementor-element-845262c\" data-id=\"845262c\" data-element_type=\"column\" data-e-type=\"column\">\n\t\t\t<div class=\"elementor-widget-wrap elementor-element-populated\">\n\t\t\t\t\t\t<div class=\"elementor-element elementor-element-d201f9c elementor-widget elementor-widget-text-editor\" data-id=\"d201f9c\" data-element_type=\"widget\" data-e-type=\"widget\" data-widget_type=\"text-editor.default\">\n\t\t\t\t<div class=\"elementor-widget-container\">\n\t\t\t\t\t\t\t\t\t<h5 id=\"-64\">\u00a0<\/h5><h5 id=\"21h30-jardini-di-santa-restituta-calinzana-3\" style=\"text-align: center;\">21h30 &#8211; Jardini di Santa Restituta, Calinzana<\/h5><p>\u00a0<\/p><p>\u00a0<\/p><h4 id=\"le-chant-de-lest\" style=\"text-align: center;\"><strong>\u00ab Le Chant de l\u2019Est \u00bb<\/strong><\/h4><p style=\"text-align: center;\"><strong>(Bartok, Szandai)<\/strong><\/p><p>\u00a0<\/p><p>Plongez au c\u0153ur de l\u2019Europe pour une exp\u00e9rience musicale envo\u00fbtante avec Vincent Peirani, virtuose de l\u2019accord\u00e9on, Paul Lay, talentueux pianiste de jazz, Bijan Chemirani, percussionniste expert du zarb, Simon Tailleu, contrebassiste \u00e9m\u00e9rite. Ensemble, ces musiciens nous emm\u00e8nent dans un voyage transmusical fusionnant jazz, musiques traditionnelles et improvisations !<\/p><p>Ils dialoguent avec leurs instruments, parfois dans une atmosph\u00e8re de joute, mais toujours avec po\u00e9sie. La rhapsodie, cette forme de composition libre et inspir\u00e9e des folklores europ\u00e9ens de l\u2019Est, est le fil conducteur de ce programme. Ces artistes de renom, dont certains ont d\u00e9j\u00e0 charm\u00e9 le public balanin, offriront sans aucun doute un voyage musical inoubliable pour cl\u00f4turer les 25 ans du festival de la plus belle des mani\u00e8res.<\/p><p>\u00a0<\/p><p style=\"text-align: center;\"><strong>Paul Lay (piano), Vincent Peirani (accord\u00e9on), Bijan Chemirani (percussions) Simon Tailleu (contrebasse)<\/strong><\/p>\t\t\t\t\t\t\t\t<\/div>\n\t\t\t\t<\/div>\n\t\t\t\t<div class=\"elementor-element elementor-element-0a87694 elementor-widget elementor-widget-button\" data-id=\"0a87694\" data-element_type=\"widget\" data-e-type=\"widget\" data-widget_type=\"button.default\">\n\t\t\t\t<div class=\"elementor-widget-container\">\n\t\t\t\t\t\t\t\t\t<div class=\"elementor-button-wrapper\">\n\t\t\t\t\t<a class=\"elementor-button elementor-button-link elementor-size-sm\" href=\"https:\/\/billetterie-corsebillet.tickandlive.com\/reserver\/25deg-scontri-di-calinzana-24-08-cloture\/127339\" target=\"_blank\">\n\t\t\t\t\t\t<span class=\"elementor-button-content-wrapper\">\n\t\t\t\t\t\t\t\t\t<span class=\"elementor-button-text\">Acheter vos places<\/span>\n\t\t\t\t\t<\/span>\n\t\t\t\t\t<\/a>\n\t\t\t\t<\/div>\n\t\t\t\t\t\t\t\t<\/div>\n\t\t\t\t<\/div>\n\t\t\t\t\t<\/div>\n\t\t<\/div>\n\t\t\t\t\t<\/div>\n\t\t<\/section>\n\t\t\t\t<\/div>\n\t\t","protected":false},"excerpt":{"rendered":"<p>A Pugrammazione 17 \u00e0 u 24 d&rsquo;Aostu 2025 Lien vers la billetterie 21h30 &#8211; Jardini di Santa Restituta, Calinzana\u00a0 \u00ab\u00a0Concert d&rsquo;ouverture les 4 saisons\u00a0\u00bb (Vivaldi, Marcello, Rebel) Pour ses 25 ans, le festival Les Rencontres de Calenzana ouvre son \u00e9dition par un concert exceptionnel port\u00e9&#8230;<\/p>\n","protected":false},"author":2,"featured_media":0,"parent":0,"menu_order":0,"comment_status":"closed","ping_status":"closed","template":"full_width.php","meta":{"_eb_attr":"","_monsterinsights_skip_tracking":false,"_monsterinsights_sitenote_active":false,"_monsterinsights_sitenote_note":"","_monsterinsights_sitenote_category":0,"footnotes":""},"class_list":["post-9199","page","type-page","status-publish","hentry"],"yoast_head":"<!-- This site is optimized with the Yoast SEO plugin v27.5 - https:\/\/yoast.com\/product\/yoast-seo-wordpress\/ -->\n<title>Les rencontres de calenzana 2025 Programmation - Rencontres de Calenzana<\/title>\n<meta name=\"robots\" content=\"index, follow, max-snippet:-1, max-image-preview:large, max-video-preview:-1\" \/>\n<link rel=\"canonical\" href=\"https:\/\/rencontresdecalenzana.fr\/index.php\/les-rencontres-de-calenzana-2025-programmation\/\" \/>\n<meta property=\"og:locale\" content=\"fr_FR\" \/>\n<meta property=\"og:type\" content=\"article\" \/>\n<meta property=\"og:title\" content=\"Les rencontres de calenzana 2025 Programmation - Rencontres de Calenzana\" \/>\n<meta property=\"og:description\" content=\"A Pugrammazione 17 \u00e0 u 24 d&rsquo;Aostu 2025 Lien vers la billetterie 21h30 &#8211; Jardini di Santa Restituta, Calinzana\u00a0 \u00ab\u00a0Concert d&rsquo;ouverture les 4 saisons\u00a0\u00bb (Vivaldi, Marcello, Rebel) Pour ses 25 ans, le festival Les Rencontres de Calenzana ouvre son \u00e9dition par un concert exceptionnel port\u00e9...\" \/>\n<meta property=\"og:url\" content=\"https:\/\/rencontresdecalenzana.fr\/index.php\/les-rencontres-de-calenzana-2025-programmation\/\" \/>\n<meta property=\"og:site_name\" content=\"Rencontres de Calenzana\" \/>\n<meta property=\"article:modified_time\" content=\"2025-08-22T14:20:05+00:00\" \/>\n<meta property=\"og:image\" content=\"https:\/\/rencontresdecalenzana.fr\/wp-content\/uploads\/2025\/05\/arencontresdecalenzanaconcertstb.jpg\" \/>\n\t<meta property=\"og:image:width\" content=\"1024\" \/>\n\t<meta property=\"og:image:height\" content=\"1024\" \/>\n\t<meta property=\"og:image:type\" content=\"image\/jpeg\" \/>\n<meta name=\"twitter:card\" content=\"summary_large_image\" \/>\n<meta name=\"twitter:label1\" content=\"Dur\u00e9e de lecture estim\u00e9e\" \/>\n\t<meta name=\"twitter:data1\" content=\"25 minutes\" \/>\n<script type=\"application\/ld+json\" class=\"yoast-schema-graph\">{\"@context\":\"https:\\\/\\\/schema.org\",\"@graph\":[{\"@type\":\"WebPage\",\"@id\":\"https:\\\/\\\/rencontresdecalenzana.fr\\\/index.php\\\/les-rencontres-de-calenzana-2025-programmation\\\/\",\"url\":\"https:\\\/\\\/rencontresdecalenzana.fr\\\/index.php\\\/les-rencontres-de-calenzana-2025-programmation\\\/\",\"name\":\"Les rencontres de calenzana 2025 Programmation - Rencontres de Calenzana\",\"isPartOf\":{\"@id\":\"https:\\\/\\\/rencontresdecalenzana.fr\\\/#website\"},\"primaryImageOfPage\":{\"@id\":\"https:\\\/\\\/rencontresdecalenzana.fr\\\/index.php\\\/les-rencontres-de-calenzana-2025-programmation\\\/#primaryimage\"},\"image\":{\"@id\":\"https:\\\/\\\/rencontresdecalenzana.fr\\\/index.php\\\/les-rencontres-de-calenzana-2025-programmation\\\/#primaryimage\"},\"thumbnailUrl\":\"https:\\\/\\\/rencontresdecalenzana.fr\\\/wp-content\\\/uploads\\\/2025\\\/05\\\/arencontresdecalenzanaconcertstb.jpg\",\"datePublished\":\"2025-05-15T10:43:18+00:00\",\"dateModified\":\"2025-08-22T14:20:05+00:00\",\"breadcrumb\":{\"@id\":\"https:\\\/\\\/rencontresdecalenzana.fr\\\/index.php\\\/les-rencontres-de-calenzana-2025-programmation\\\/#breadcrumb\"},\"inLanguage\":\"fr-FR\",\"potentialAction\":[{\"@type\":\"ReadAction\",\"target\":[\"https:\\\/\\\/rencontresdecalenzana.fr\\\/index.php\\\/les-rencontres-de-calenzana-2025-programmation\\\/\"]}]},{\"@type\":\"ImageObject\",\"inLanguage\":\"fr-FR\",\"@id\":\"https:\\\/\\\/rencontresdecalenzana.fr\\\/index.php\\\/les-rencontres-de-calenzana-2025-programmation\\\/#primaryimage\",\"url\":\"https:\\\/\\\/rencontresdecalenzana.fr\\\/wp-content\\\/uploads\\\/2025\\\/05\\\/arencontresdecalenzanaconcertstb.jpg\",\"contentUrl\":\"https:\\\/\\\/rencontresdecalenzana.fr\\\/wp-content\\\/uploads\\\/2025\\\/05\\\/arencontresdecalenzanaconcertstb.jpg\",\"width\":1024,\"height\":1024},{\"@type\":\"BreadcrumbList\",\"@id\":\"https:\\\/\\\/rencontresdecalenzana.fr\\\/index.php\\\/les-rencontres-de-calenzana-2025-programmation\\\/#breadcrumb\",\"itemListElement\":[{\"@type\":\"ListItem\",\"position\":1,\"name\":\"Accueil\",\"item\":\"https:\\\/\\\/rencontresdecalenzana.fr\\\/\"},{\"@type\":\"ListItem\",\"position\":2,\"name\":\"Les rencontres de calenzana 2025 Programmation\"}]},{\"@type\":\"WebSite\",\"@id\":\"https:\\\/\\\/rencontresdecalenzana.fr\\\/#website\",\"url\":\"https:\\\/\\\/rencontresdecalenzana.fr\\\/\",\"name\":\"Rencontres de Calenzana\",\"description\":\"Musique classiques et contemporaine\",\"publisher\":{\"@id\":\"https:\\\/\\\/rencontresdecalenzana.fr\\\/#organization\"},\"potentialAction\":[{\"@type\":\"SearchAction\",\"target\":{\"@type\":\"EntryPoint\",\"urlTemplate\":\"https:\\\/\\\/rencontresdecalenzana.fr\\\/?s={search_term_string}\"},\"query-input\":{\"@type\":\"PropertyValueSpecification\",\"valueRequired\":true,\"valueName\":\"search_term_string\"}}],\"inLanguage\":\"fr-FR\"},{\"@type\":\"Organization\",\"@id\":\"https:\\\/\\\/rencontresdecalenzana.fr\\\/#organization\",\"name\":\"Musical RMCC\",\"url\":\"https:\\\/\\\/rencontresdecalenzana.fr\\\/\",\"logo\":{\"@type\":\"ImageObject\",\"inLanguage\":\"fr-FR\",\"@id\":\"https:\\\/\\\/rencontresdecalenzana.fr\\\/#\\\/schema\\\/logo\\\/image\\\/\",\"url\":\"https:\\\/\\\/rencontresdecalenzana.fr\\\/wp-content\\\/uploads\\\/2020\\\/10\\\/Logo_RMCC_black.png\",\"contentUrl\":\"https:\\\/\\\/rencontresdecalenzana.fr\\\/wp-content\\\/uploads\\\/2020\\\/10\\\/Logo_RMCC_black.png\",\"width\":526,\"height\":178,\"caption\":\"Musical RMCC\"},\"image\":{\"@id\":\"https:\\\/\\\/rencontresdecalenzana.fr\\\/#\\\/schema\\\/logo\\\/image\\\/\"}}]}<\/script>\n<!-- \/ Yoast SEO plugin. -->","yoast_head_json":{"title":"Les rencontres de calenzana 2025 Programmation - Rencontres de Calenzana","robots":{"index":"index","follow":"follow","max-snippet":"max-snippet:-1","max-image-preview":"max-image-preview:large","max-video-preview":"max-video-preview:-1"},"canonical":"https:\/\/rencontresdecalenzana.fr\/index.php\/les-rencontres-de-calenzana-2025-programmation\/","og_locale":"fr_FR","og_type":"article","og_title":"Les rencontres de calenzana 2025 Programmation - Rencontres de Calenzana","og_description":"A Pugrammazione 17 \u00e0 u 24 d&rsquo;Aostu 2025 Lien vers la billetterie 21h30 &#8211; Jardini di Santa Restituta, Calinzana\u00a0 \u00ab\u00a0Concert d&rsquo;ouverture les 4 saisons\u00a0\u00bb (Vivaldi, Marcello, Rebel) Pour ses 25 ans, le festival Les Rencontres de Calenzana ouvre son \u00e9dition par un concert exceptionnel port\u00e9...","og_url":"https:\/\/rencontresdecalenzana.fr\/index.php\/les-rencontres-de-calenzana-2025-programmation\/","og_site_name":"Rencontres de Calenzana","article_modified_time":"2025-08-22T14:20:05+00:00","og_image":[{"width":1024,"height":1024,"url":"https:\/\/rencontresdecalenzana.fr\/wp-content\/uploads\/2025\/05\/arencontresdecalenzanaconcertstb.jpg","type":"image\/jpeg"}],"twitter_card":"summary_large_image","twitter_misc":{"Dur\u00e9e de lecture estim\u00e9e":"25 minutes"},"schema":{"@context":"https:\/\/schema.org","@graph":[{"@type":"WebPage","@id":"https:\/\/rencontresdecalenzana.fr\/index.php\/les-rencontres-de-calenzana-2025-programmation\/","url":"https:\/\/rencontresdecalenzana.fr\/index.php\/les-rencontres-de-calenzana-2025-programmation\/","name":"Les rencontres de calenzana 2025 Programmation - Rencontres de Calenzana","isPartOf":{"@id":"https:\/\/rencontresdecalenzana.fr\/#website"},"primaryImageOfPage":{"@id":"https:\/\/rencontresdecalenzana.fr\/index.php\/les-rencontres-de-calenzana-2025-programmation\/#primaryimage"},"image":{"@id":"https:\/\/rencontresdecalenzana.fr\/index.php\/les-rencontres-de-calenzana-2025-programmation\/#primaryimage"},"thumbnailUrl":"https:\/\/rencontresdecalenzana.fr\/wp-content\/uploads\/2025\/05\/arencontresdecalenzanaconcertstb.jpg","datePublished":"2025-05-15T10:43:18+00:00","dateModified":"2025-08-22T14:20:05+00:00","breadcrumb":{"@id":"https:\/\/rencontresdecalenzana.fr\/index.php\/les-rencontres-de-calenzana-2025-programmation\/#breadcrumb"},"inLanguage":"fr-FR","potentialAction":[{"@type":"ReadAction","target":["https:\/\/rencontresdecalenzana.fr\/index.php\/les-rencontres-de-calenzana-2025-programmation\/"]}]},{"@type":"ImageObject","inLanguage":"fr-FR","@id":"https:\/\/rencontresdecalenzana.fr\/index.php\/les-rencontres-de-calenzana-2025-programmation\/#primaryimage","url":"https:\/\/rencontresdecalenzana.fr\/wp-content\/uploads\/2025\/05\/arencontresdecalenzanaconcertstb.jpg","contentUrl":"https:\/\/rencontresdecalenzana.fr\/wp-content\/uploads\/2025\/05\/arencontresdecalenzanaconcertstb.jpg","width":1024,"height":1024},{"@type":"BreadcrumbList","@id":"https:\/\/rencontresdecalenzana.fr\/index.php\/les-rencontres-de-calenzana-2025-programmation\/#breadcrumb","itemListElement":[{"@type":"ListItem","position":1,"name":"Accueil","item":"https:\/\/rencontresdecalenzana.fr\/"},{"@type":"ListItem","position":2,"name":"Les rencontres de calenzana 2025 Programmation"}]},{"@type":"WebSite","@id":"https:\/\/rencontresdecalenzana.fr\/#website","url":"https:\/\/rencontresdecalenzana.fr\/","name":"Rencontres de Calenzana","description":"Musique classiques et contemporaine","publisher":{"@id":"https:\/\/rencontresdecalenzana.fr\/#organization"},"potentialAction":[{"@type":"SearchAction","target":{"@type":"EntryPoint","urlTemplate":"https:\/\/rencontresdecalenzana.fr\/?s={search_term_string}"},"query-input":{"@type":"PropertyValueSpecification","valueRequired":true,"valueName":"search_term_string"}}],"inLanguage":"fr-FR"},{"@type":"Organization","@id":"https:\/\/rencontresdecalenzana.fr\/#organization","name":"Musical RMCC","url":"https:\/\/rencontresdecalenzana.fr\/","logo":{"@type":"ImageObject","inLanguage":"fr-FR","@id":"https:\/\/rencontresdecalenzana.fr\/#\/schema\/logo\/image\/","url":"https:\/\/rencontresdecalenzana.fr\/wp-content\/uploads\/2020\/10\/Logo_RMCC_black.png","contentUrl":"https:\/\/rencontresdecalenzana.fr\/wp-content\/uploads\/2020\/10\/Logo_RMCC_black.png","width":526,"height":178,"caption":"Musical RMCC"},"image":{"@id":"https:\/\/rencontresdecalenzana.fr\/#\/schema\/logo\/image\/"}}]}},"_links":{"self":[{"href":"https:\/\/rencontresdecalenzana.fr\/index.php\/wp-json\/wp\/v2\/pages\/9199","targetHints":{"allow":["GET"]}}],"collection":[{"href":"https:\/\/rencontresdecalenzana.fr\/index.php\/wp-json\/wp\/v2\/pages"}],"about":[{"href":"https:\/\/rencontresdecalenzana.fr\/index.php\/wp-json\/wp\/v2\/types\/page"}],"author":[{"embeddable":true,"href":"https:\/\/rencontresdecalenzana.fr\/index.php\/wp-json\/wp\/v2\/users\/2"}],"replies":[{"embeddable":true,"href":"https:\/\/rencontresdecalenzana.fr\/index.php\/wp-json\/wp\/v2\/comments?post=9199"}],"version-history":[{"count":121,"href":"https:\/\/rencontresdecalenzana.fr\/index.php\/wp-json\/wp\/v2\/pages\/9199\/revisions"}],"predecessor-version":[{"id":9639,"href":"https:\/\/rencontresdecalenzana.fr\/index.php\/wp-json\/wp\/v2\/pages\/9199\/revisions\/9639"}],"wp:attachment":[{"href":"https:\/\/rencontresdecalenzana.fr\/index.php\/wp-json\/wp\/v2\/media?parent=9199"}],"curies":[{"name":"wp","href":"https:\/\/api.w.org\/{rel}","templated":true}]}}